{"id":608,"date":"2023-06-07T10:09:03","date_gmt":"2023-06-07T10:09:03","guid":{"rendered":"https:\/\/www.les-grands-moulins.fr\/V4\/?page_id=608"},"modified":"2026-04-19T09:49:58","modified_gmt":"2026-04-19T09:49:58","slug":"evenement-a-venir","status":"publish","type":"page","link":"https:\/\/www.les-grands-moulins.fr\/V4\/evenement-a-venir\/","title":{"rendered":"Agenda &#8211; Ev\u00e9nement \u00e0 venir"},"content":{"rendered":"<p>[et_pb_section fb_built=\u00a0\u00bb1&Prime; padding_top_1=\u00a0\u00bb120px\u00a0\u00bb padding_top_bottom_link_1=\u00a0\u00bbfalse\u00a0\u00bb padding_left_right_link_1=\u00a0\u00bbfalse\u00a0\u00bb _builder_version=\u00a0\u00bb4.16&Prime; _module_preset=\u00a0\u00bbdefault\u00a0\u00bb background_color=\u00a0\u00bb#f5f3ee\u00a0\u00bb custom_margin=\u00a0\u00bb||0px|||\u00a0\u00bb global_colors_info=\u00a0\u00bb{}\u00a0\u00bb][et_pb_row column_structure=\u00a0\u00bb1_4,1_4,1_2&Prime; _builder_version=\u00a0\u00bb4.27.6&Prime; _module_preset=\u00a0\u00bbdefault\u00a0\u00bb global_colors_info=\u00a0\u00bb{}\u00a0\u00bb][et_pb_column type=\u00a0\u00bb1_4&Prime; _builder_version=\u00a0\u00bb4.16&Prime; _module_preset=\u00a0\u00bbdefault\u00a0\u00bb global_colors_info=\u00a0\u00bb{}\u00a0\u00bb][et_pb_blurb title=\u00a0\u00bb29&Prime; _builder_version=\u00a0\u00bb4.27.6&Prime; _module_preset=\u00a0\u00bbdab8ae77-843d-4934-a7b3-8e57f832b52c\u00a0\u00bb header_font=\u00a0\u00bbDM Sans|700|||||||\u00a0\u00bb header_text_color=\u00a0\u00bb#0F393B\u00a0\u00bb header_font_size=\u00a0\u00bb56px\u00a0\u00bb body_font=\u00a0\u00bbDM Sans|700||on|||||\u00a0\u00bb body_text_color=\u00a0\u00bb#EF8451&Prime; body_letter_spacing=\u00a0\u00bb1px\u00a0\u00bb background_color=\u00a0\u00bb#FFFFFF\u00a0\u00bb text_orientation=\u00a0\u00bbcenter\u00a0\u00bb custom_padding=\u00a0\u00bb40px|20px|40px|20px|true|true\u00a0\u00bb border_radii=\u00a0\u00bbon|20px|20px|20px|20px\u00a0\u00bb global_colors_info=\u00a0\u00bb{}\u00a0\u00bb]<\/p>\n<p><strong>Avril<\/strong><br \/>2026<\/p>\n<p>[\/et_pb_blurb][et_pb_blurb title=\u00a0\u00bb14h-15h\u00a0\u00bb _builder_version=\u00a0\u00bb4.27.6&Prime; _module_preset=\u00a0\u00bbdab8ae77-843d-4934-a7b3-8e57f832b52c\u00a0\u00bb header_font=\u00a0\u00bbDM Sans|700|||||||\u00a0\u00bb header_text_color=\u00a0\u00bb#0F393B\u00a0\u00bb header_font_size=\u00a0\u00bb36px\u00a0\u00bb body_font=\u00a0\u00bbDM Sans|700||on|||||\u00a0\u00bb body_text_color=\u00a0\u00bb#EF8451&Prime; body_letter_spacing=\u00a0\u00bb1px\u00a0\u00bb background_color=\u00a0\u00bb#FFFFFF\u00a0\u00bb text_orientation=\u00a0\u00bbcenter\u00a0\u00bb width=\u00a0\u00bb100%\u00a0\u00bb custom_padding=\u00a0\u00bb40px|20px|40px|20px|true|true\u00a0\u00bb hover_enabled=\u00a0\u00bb0&Prime; border_radii=\u00a0\u00bbon|20px|20px|20px|20px\u00a0\u00bb global_colors_info=\u00a0\u00bb{}\u00a0\u00bb sticky_enabled=\u00a0\u00bb0&Prime;][\/et_pb_blurb][\/et_pb_column][et_pb_column type=\u00a0\u00bb1_4&Prime; _builder_version=\u00a0\u00bb4.16&Prime; _module_preset=\u00a0\u00bbdefault\u00a0\u00bb global_colors_info=\u00a0\u00bb{}\u00a0\u00bb][et_pb_image src=\u00a0\u00bbhttps:\/\/www.les-grands-moulins.fr\/V4\/wp-content\/uploads\/2026\/04\/ATELIER-CUISINE-29-avril.jpg\u00a0\u00bb title_text=\u00a0\u00bbATELIER CUISINE 29 avril\u00a0\u00bb show_in_lightbox=\u00a0\u00bbon\u00a0\u00bb _builder_version=\u00a0\u00bb4.27.6&Prime; _module_preset=\u00a0\u00bbdefault\u00a0\u00bb min_height=\u00a0\u00bb336.2px\u00a0\u00bb custom_padding=\u00a0\u00bb|0px||||\u00a0\u00bb hover_enabled=\u00a0\u00bb0&Prime; locked=\u00a0\u00bboff\u00a0\u00bb global_colors_info=\u00a0\u00bb{}\u00a0\u00bb sticky_enabled=\u00a0\u00bb0&Prime;][\/et_pb_image][\/et_pb_column][et_pb_column type=\u00a0\u00bb1_2&Prime; _builder_version=\u00a0\u00bb4.16&Prime; _module_preset=\u00a0\u00bbdefault\u00a0\u00bb global_colors_info=\u00a0\u00bb{}\u00a0\u00bb][et_pb_text _builder_version=\u00a0\u00bb4.27.6&Prime; _module_preset=\u00a0\u00bb03ed4834-a81a-41ec-bfd6-98a6a9949751&Prime; header_font=\u00a0\u00bb||||||||\u00a0\u00bb header_3_font=\u00a0\u00bbDM Sans||||||||\u00a0\u00bb header_3_text_color=\u00a0\u00bb#093532&Prime; header_3_font_size=\u00a0\u00bb36px\u00a0\u00bb header_3_letter_spacing=\u00a0\u00bb-0.02em\u00a0\u00bb header_3_line_height=\u00a0\u00bb1.2em\u00a0\u00bb custom_margin=\u00a0\u00bb||10px||false|false\u00a0\u00bb header_3_font_size_tablet=\u00a0\u00bb20px\u00a0\u00bb header_3_font_size_phone=\u00a0\u00bb16px\u00a0\u00bb header_3_font_size_last_edited=\u00a0\u00bbon|phone\u00a0\u00bb locked=\u00a0\u00bboff\u00a0\u00bb global_colors_info=\u00a0\u00bb{}\u00a0\u00bb]<\/p>\n<h3><strong>Atelier cuisine : l&rsquo;Asie en sucr\u00e9-sal\u00e9<\/strong><\/h3>\n<p>[\/et_pb_text][et_pb_text _builder_version=\u00a0\u00bb4.27.6&Prime; _module_preset=\u00a0\u00bb41d5859c-fbaa-458a-88e4-5d886857f235&Prime; text_font=\u00a0\u00bb||||||||\u00a0\u00bb text_text_color=\u00a0\u00bb#0F393B\u00a0\u00bb text_font_size=\u00a0\u00bb18px\u00a0\u00bb text_line_height=\u00a0\u00bb1.8em\u00a0\u00bb custom_margin=\u00a0\u00bb|-10px||||\u00a0\u00bb custom_padding=\u00a0\u00bb|2px|0px|||\u00a0\u00bb hover_enabled=\u00a0\u00bb0&Prime; text_font_size_tablet=\u00a0\u00bb16px\u00a0\u00bb text_font_size_phone=\u00a0\u00bb14px\u00a0\u00bb text_font_size_last_edited=\u00a0\u00bbon|phone\u00a0\u00bb locked=\u00a0\u00bboff\u00a0\u00bb global_colors_info=\u00a0\u00bb{}\u00a0\u00bb sticky_enabled=\u00a0\u00bb0&Prime;]Chaque mois, on se retrouve aux Grands Moulins pour cuisiner ensemble, apprendre de nouvelles techniques et surtout&#8230; passer un bon moment !<br \/>\nAu programme : des recettes originales \u00e0 d\u00e9couvrir, des astuces de cuisine \u00e0 emporter chez soi, et une belle ambiance partag\u00e9e entre passionn\u00e9s. Que vous soyez d\u00e9butant ou d\u00e9j\u00e0 \u00e0 l&rsquo;aise aux fourneaux, ces ateliers sont faits pour vous. Cette rencontre culinaire se termine par un repas et un moment convivial.<\/p>\n<p><span style=\"text-decoration: underline;\"><strong>Informations pratiques :<\/strong><\/span><br \/>\n* Prochaine date : mercredi 29 avril 2026, de 9h \u00e0 12h.<br \/>\n* Lieu : Les Grands Moulins. B\u00e2timent n\u00b01, au r\u00e9fectoire.<\/p>\n<p><strong><span style=\"text-decoration: underline;\">Modalit\u00e9s d&rsquo;inscription :<\/span><\/strong><br \/>\n* Ouvert \u00e0 tous<br \/>\n* L&rsquo;inscription est obligatoire par t\u00e9l\u00e9phone au 06 34 64 02 92<br \/>\n* Compte tenu du nombre limit\u00e9 de participants, les inscriptions seront retenues selon l\u2019ordre d\u2019arriv\u00e9e.[\/et_pb_text][\/et_pb_column][\/et_pb_row][et_pb_row column_structure=\u00a0\u00bb1_4,1_4,1_2&Prime; _builder_version=\u00a0\u00bb4.27.6&Prime; _module_preset=\u00a0\u00bbdefault\u00a0\u00bb global_colors_info=\u00a0\u00bb{}\u00a0\u00bb][et_pb_column type=\u00a0\u00bb1_4&Prime; _builder_version=\u00a0\u00bb4.16&Prime; _module_preset=\u00a0\u00bbdefault\u00a0\u00bb global_colors_info=\u00a0\u00bb{}\u00a0\u00bb][et_pb_blurb title=\u00a0\u00bb29&Prime; _builder_version=\u00a0\u00bb4.27.6&Prime; _module_preset=\u00a0\u00bbdab8ae77-843d-4934-a7b3-8e57f832b52c\u00a0\u00bb header_font=\u00a0\u00bbDM Sans|700|||||||\u00a0\u00bb header_text_color=\u00a0\u00bb#0F393B\u00a0\u00bb header_font_size=\u00a0\u00bb56px\u00a0\u00bb body_font=\u00a0\u00bbDM Sans|700||on|||||\u00a0\u00bb body_text_color=\u00a0\u00bb#EF8451&Prime; body_letter_spacing=\u00a0\u00bb1px\u00a0\u00bb background_color=\u00a0\u00bb#FFFFFF\u00a0\u00bb text_orientation=\u00a0\u00bbcenter\u00a0\u00bb custom_padding=\u00a0\u00bb40px|20px|40px|20px|true|true\u00a0\u00bb border_radii=\u00a0\u00bbon|20px|20px|20px|20px\u00a0\u00bb global_colors_info=\u00a0\u00bb{}\u00a0\u00bb]<\/p>\n<p><strong>Avril<\/strong><br \/>2026<\/p>\n<p>[\/et_pb_blurb][et_pb_blurb title=\u00a0\u00bb14h-15h\u00a0\u00bb _builder_version=\u00a0\u00bb4.27.6&Prime; _module_preset=\u00a0\u00bbdab8ae77-843d-4934-a7b3-8e57f832b52c\u00a0\u00bb header_font=\u00a0\u00bbDM Sans|700|||||||\u00a0\u00bb header_text_color=\u00a0\u00bb#0F393B\u00a0\u00bb header_font_size=\u00a0\u00bb36px\u00a0\u00bb body_font=\u00a0\u00bbDM Sans|700||on|||||\u00a0\u00bb body_text_color=\u00a0\u00bb#EF8451&Prime; body_letter_spacing=\u00a0\u00bb1px\u00a0\u00bb background_color=\u00a0\u00bb#FFFFFF\u00a0\u00bb text_orientation=\u00a0\u00bbcenter\u00a0\u00bb width=\u00a0\u00bb100%\u00a0\u00bb custom_padding=\u00a0\u00bb40px|20px|40px|20px|true|true\u00a0\u00bb hover_enabled=\u00a0\u00bb0&Prime; border_radii=\u00a0\u00bbon|20px|20px|20px|20px\u00a0\u00bb global_colors_info=\u00a0\u00bb{}\u00a0\u00bb sticky_enabled=\u00a0\u00bb0&Prime;][\/et_pb_blurb][\/et_pb_column][et_pb_column type=\u00a0\u00bb1_4&Prime; _builder_version=\u00a0\u00bb4.16&Prime; _module_preset=\u00a0\u00bbdefault\u00a0\u00bb global_colors_info=\u00a0\u00bb{}\u00a0\u00bb][et_pb_image src=\u00a0\u00bbhttps:\/\/www.les-grands-moulins.fr\/V4\/wp-content\/uploads\/2026\/04\/atelier-relaxation-sophrologie_29avr2026_.jpg\u00a0\u00bb title_text=\u00a0\u00bbatelier-relaxation-sophrologie_29avr2026_\u00a0\u00bb show_in_lightbox=\u00a0\u00bbon\u00a0\u00bb _builder_version=\u00a0\u00bb4.27.6&Prime; _module_preset=\u00a0\u00bbdefault\u00a0\u00bb min_height=\u00a0\u00bb336.2px\u00a0\u00bb custom_padding=\u00a0\u00bb|0px||||\u00a0\u00bb hover_enabled=\u00a0\u00bb0&Prime; locked=\u00a0\u00bboff\u00a0\u00bb global_colors_info=\u00a0\u00bb{}\u00a0\u00bb sticky_enabled=\u00a0\u00bb0&Prime;][\/et_pb_image][\/et_pb_column][et_pb_column type=\u00a0\u00bb1_2&Prime; _builder_version=\u00a0\u00bb4.16&Prime; _module_preset=\u00a0\u00bbdefault\u00a0\u00bb global_colors_info=\u00a0\u00bb{}\u00a0\u00bb][et_pb_text _builder_version=\u00a0\u00bb4.27.6&Prime; _module_preset=\u00a0\u00bb03ed4834-a81a-41ec-bfd6-98a6a9949751&Prime; header_font=\u00a0\u00bb||||||||\u00a0\u00bb header_3_font=\u00a0\u00bbDM Sans||||||||\u00a0\u00bb header_3_text_color=\u00a0\u00bb#093532&Prime; header_3_font_size=\u00a0\u00bb36px\u00a0\u00bb header_3_letter_spacing=\u00a0\u00bb-0.02em\u00a0\u00bb header_3_line_height=\u00a0\u00bb1.2em\u00a0\u00bb custom_margin=\u00a0\u00bb||10px||false|false\u00a0\u00bb header_3_font_size_tablet=\u00a0\u00bb20px\u00a0\u00bb header_3_font_size_phone=\u00a0\u00bb16px\u00a0\u00bb header_3_font_size_last_edited=\u00a0\u00bbon|phone\u00a0\u00bb locked=\u00a0\u00bboff\u00a0\u00bb global_colors_info=\u00a0\u00bb{}\u00a0\u00bb]<\/p>\n<h3><strong><span class=\"x193iq5w xeuugli x13faqbe x1vvkbs x1xmvt09 x1lliihq x1s928wv xhkezso x1gmr53x x1cpjm7i x1fgarty x1943h6x xudqn12 x3x7a5m x6prxxf xvq8zen xo1l8bm xzsf02u x1yc453h\" dir=\"auto\">Atelier autonomie et bien-\u00eatre II : Relaxation &#8211; Sophrologie<\/span><\/strong><strong><\/strong><\/h3>\n<p>[\/et_pb_text][et_pb_text _builder_version=\u00a0\u00bb4.27.6&Prime; _module_preset=\u00a0\u00bb41d5859c-fbaa-458a-88e4-5d886857f235&Prime; text_font=\u00a0\u00bb||||||||\u00a0\u00bb text_text_color=\u00a0\u00bb#0F393B\u00a0\u00bb text_font_size=\u00a0\u00bb18px\u00a0\u00bb text_line_height=\u00a0\u00bb1.8em\u00a0\u00bb custom_margin=\u00a0\u00bb|-10px||||\u00a0\u00bb custom_padding=\u00a0\u00bb|2px|0px|||\u00a0\u00bb hover_enabled=\u00a0\u00bb0&Prime; text_font_size_tablet=\u00a0\u00bb16px\u00a0\u00bb text_font_size_phone=\u00a0\u00bb14px\u00a0\u00bb text_font_size_last_edited=\u00a0\u00bbon|phone\u00a0\u00bb locked=\u00a0\u00bboff\u00a0\u00bb global_colors_info=\u00a0\u00bb{}\u00a0\u00bb sticky_enabled=\u00a0\u00bb0&Prime;]Vous souhaitez retrouver la s\u00e9r\u00e9nit\u00e9 et de profiter d&rsquo;un moment agr\u00e9able d&rsquo;apaisement et de douceur pour mettre le stress et le tumulte de la vie quotidienne \u00e0 distance ? Rejoignez-nous pour une s\u00e9ance de relaxation ressour\u00e7ante.<\/p>\n<p>Red\u00e9couvrez le calme et la s\u00e9r\u00e9nit\u00e9 gr\u00e2ce \u00e0 des exercices de respiration, de relaxation dynamique et de visualisation.<\/p>\n<p><span style=\"text-decoration: underline;\"><strong>Informations pratiques :<\/strong><\/span><br \/>\n* Date : Mercredi 29 avril de 14h \u00e0 15h.<br \/>\n* Lieu : Les Grands Moulins, Salle d&rsquo;activit\u00e9, B\u00e2timent n\u00b02.<\/p>\n<p><strong><span style=\"text-decoration: underline;\">Modalit\u00e9s d&rsquo;inscription :<\/span><\/strong><br \/>\n* Ouvert aux personnes \u00e2g\u00e9es de 60 ans et plus<br \/>\n* L&rsquo;inscription est obligatoire au : 06 34 64 02 92<br \/>\n* Compte tenu du nombre limit\u00e9 de participants, les inscriptions seront retenues selon l\u2019ordre d\u2019arriv\u00e9e.[\/et_pb_text][\/et_pb_column][\/et_pb_row][et_pb_row column_structure=\u00a0\u00bb1_4,1_4,1_2&Prime; _builder_version=\u00a0\u00bb4.27.6&Prime; _module_preset=\u00a0\u00bbdefault\u00a0\u00bb global_colors_info=\u00a0\u00bb{}\u00a0\u00bb][et_pb_column type=\u00a0\u00bb1_4&Prime; _builder_version=\u00a0\u00bb4.16&Prime; _module_preset=\u00a0\u00bbdefault\u00a0\u00bb global_colors_info=\u00a0\u00bb{}\u00a0\u00bb][et_pb_blurb title=\u00a0\u00bb30&Prime; _builder_version=\u00a0\u00bb4.27.6&Prime; _module_preset=\u00a0\u00bbdab8ae77-843d-4934-a7b3-8e57f832b52c\u00a0\u00bb header_font=\u00a0\u00bbDM Sans|700|||||||\u00a0\u00bb header_text_color=\u00a0\u00bb#0F393B\u00a0\u00bb header_font_size=\u00a0\u00bb56px\u00a0\u00bb body_font=\u00a0\u00bbDM Sans|700||on|||||\u00a0\u00bb body_text_color=\u00a0\u00bb#EF8451&Prime; body_letter_spacing=\u00a0\u00bb1px\u00a0\u00bb background_color=\u00a0\u00bb#FFFFFF\u00a0\u00bb text_orientation=\u00a0\u00bbcenter\u00a0\u00bb custom_padding=\u00a0\u00bb40px|20px|40px|20px|true|true\u00a0\u00bb border_radii=\u00a0\u00bbon|20px|20px|20px|20px\u00a0\u00bb global_colors_info=\u00a0\u00bb{}\u00a0\u00bb]<\/p>\n<p><strong>Avril<\/strong><br \/>2026<\/p>\n<p>[\/et_pb_blurb][et_pb_blurb title=\u00a0\u00bb14h-15h\u00a0\u00bb _builder_version=\u00a0\u00bb4.27.6&Prime; _module_preset=\u00a0\u00bbdab8ae77-843d-4934-a7b3-8e57f832b52c\u00a0\u00bb header_font=\u00a0\u00bbDM Sans|700|||||||\u00a0\u00bb header_text_color=\u00a0\u00bb#0F393B\u00a0\u00bb header_font_size=\u00a0\u00bb36px\u00a0\u00bb body_font=\u00a0\u00bbDM Sans|700||on|||||\u00a0\u00bb body_text_color=\u00a0\u00bb#EF8451&Prime; body_letter_spacing=\u00a0\u00bb1px\u00a0\u00bb background_color=\u00a0\u00bb#FFFFFF\u00a0\u00bb text_orientation=\u00a0\u00bbcenter\u00a0\u00bb width=\u00a0\u00bb100%\u00a0\u00bb custom_padding=\u00a0\u00bb40px|20px|40px|20px|true|true\u00a0\u00bb hover_enabled=\u00a0\u00bb0&Prime; border_radii=\u00a0\u00bbon|20px|20px|20px|20px\u00a0\u00bb global_colors_info=\u00a0\u00bb{}\u00a0\u00bb sticky_enabled=\u00a0\u00bb0&Prime;][\/et_pb_blurb][\/et_pb_column][et_pb_column type=\u00a0\u00bb1_4&Prime; _builder_version=\u00a0\u00bb4.16&Prime; _module_preset=\u00a0\u00bbdefault\u00a0\u00bb global_colors_info=\u00a0\u00bb{}\u00a0\u00bb][et_pb_image src=\u00a0\u00bbhttps:\/\/www.les-grands-moulins.fr\/V4\/wp-content\/uploads\/2026\/04\/Atelier-Canne-Exercices-specifiques-physiques-adaptes_30avr2026.jpg\u00a0\u00bb title_text=\u00a0\u00bbAtelier-Canne-Exercices-sp\u00e9cifiques-physiques-adapt\u00e9s_30avr2026&Prime; show_in_lightbox=\u00a0\u00bbon\u00a0\u00bb _builder_version=\u00a0\u00bb4.27.6&Prime; _module_preset=\u00a0\u00bbdefault\u00a0\u00bb min_height=\u00a0\u00bb336.2px\u00a0\u00bb custom_padding=\u00a0\u00bb|0px||||\u00a0\u00bb hover_enabled=\u00a0\u00bb0&Prime; locked=\u00a0\u00bboff\u00a0\u00bb global_colors_info=\u00a0\u00bb{}\u00a0\u00bb sticky_enabled=\u00a0\u00bb0&Prime;][\/et_pb_image][\/et_pb_column][et_pb_column type=\u00a0\u00bb1_2&Prime; _builder_version=\u00a0\u00bb4.16&Prime; _module_preset=\u00a0\u00bbdefault\u00a0\u00bb global_colors_info=\u00a0\u00bb{}\u00a0\u00bb][et_pb_text _builder_version=\u00a0\u00bb4.27.6&Prime; _module_preset=\u00a0\u00bb03ed4834-a81a-41ec-bfd6-98a6a9949751&Prime; header_font=\u00a0\u00bb||||||||\u00a0\u00bb header_3_font=\u00a0\u00bbDM Sans||||||||\u00a0\u00bb header_3_text_color=\u00a0\u00bb#093532&Prime; header_3_font_size=\u00a0\u00bb36px\u00a0\u00bb header_3_letter_spacing=\u00a0\u00bb-0.02em\u00a0\u00bb header_3_line_height=\u00a0\u00bb1.2em\u00a0\u00bb custom_margin=\u00a0\u00bb||10px||false|false\u00a0\u00bb header_3_font_size_tablet=\u00a0\u00bb20px\u00a0\u00bb header_3_font_size_phone=\u00a0\u00bb16px\u00a0\u00bb header_3_font_size_last_edited=\u00a0\u00bbon|phone\u00a0\u00bb locked=\u00a0\u00bboff\u00a0\u00bb global_colors_info=\u00a0\u00bb{}\u00a0\u00bb]<\/p>\n<h3><strong><span class=\"x193iq5w xeuugli x13faqbe x1vvkbs x1xmvt09 x1lliihq x1s928wv xhkezso x1gmr53x x1cpjm7i x1fgarty x1943h6x xudqn12 x3x7a5m x6prxxf xvq8zen xo1l8bm xzsf02u x1yc453h\" dir=\"auto\">Atelier autonomie et bien-\u00eatre IV : Exercices physiques avec la canne<\/span><\/strong><strong><\/strong><\/h3>\n<p>[\/et_pb_text][et_pb_text _builder_version=\u00a0\u00bb4.27.6&Prime; _module_preset=\u00a0\u00bb41d5859c-fbaa-458a-88e4-5d886857f235&Prime; text_font=\u00a0\u00bb||||||||\u00a0\u00bb text_text_color=\u00a0\u00bb#0F393B\u00a0\u00bb text_font_size=\u00a0\u00bb18px\u00a0\u00bb text_line_height=\u00a0\u00bb1.8em\u00a0\u00bb custom_margin=\u00a0\u00bb|-10px||||\u00a0\u00bb custom_padding=\u00a0\u00bb|2px|0px|||\u00a0\u00bb hover_enabled=\u00a0\u00bb0&Prime; text_font_size_tablet=\u00a0\u00bb16px\u00a0\u00bb text_font_size_phone=\u00a0\u00bb14px\u00a0\u00bb text_font_size_last_edited=\u00a0\u00bbon|phone\u00a0\u00bb locked=\u00a0\u00bboff\u00a0\u00bb global_colors_info=\u00a0\u00bb{}\u00a0\u00bb sticky_enabled=\u00a0\u00bb0&Prime;]Bien plus qu&rsquo;un simple accessoire de mobilit\u00e9, la canne est une v\u00e9ritable alli\u00e9e au quotidien. Cet atelier vous propose de d\u00e9couvrir des exercices physiques adapt\u00e9s et b\u00e9n\u00e9fiques, con\u00e7us pour am\u00e9liorer votre \u00e9quilibre, votre posture et votre confiance en vous.<br \/>\nC&rsquo;est un moment convivial pour apprendre en bonne compagnie, \u00e9changer avec l&rsquo;intervenant et d\u00e9couvrir comment cette pratique peut s&rsquo;int\u00e9grer naturellement dans votre quotidien.<\/p>\n<p><span style=\"text-decoration: underline;\"><strong>Informations pratiques :<\/strong><\/span><br \/>\n* Date : jeudi 30 avril 2026 &#8211; de 14h \u00e0 15h<br \/>\n* Lieu : aux Grands Moulins . Salle d&rsquo;activit\u00e9s. B\u00e2timent n\u00b02. <\/p>\n<p><strong><span style=\"text-decoration: underline;\">Modalit\u00e9s d&rsquo;inscription :<\/span><\/strong><br \/>\n* Gratuit et ouvert aux personnes \u00e2g\u00e9es de 60 ans et plus.<br \/>\n* L&rsquo;inscription est obligatoire au : 06 34 64 02 92<br \/>\n* Compte tenu du nombre limit\u00e9 de participants, les inscriptions seront retenues selon l\u2019ordre d\u2019arriv\u00e9e.[\/et_pb_text][\/et_pb_column][\/et_pb_row][et_pb_row column_structure=\u00a0\u00bb1_4,1_4,1_2&Prime; _builder_version=\u00a0\u00bb4.27.6&Prime; _module_preset=\u00a0\u00bbdefault\u00a0\u00bb global_colors_info=\u00a0\u00bb{}\u00a0\u00bb][et_pb_column type=\u00a0\u00bb1_4&Prime; _builder_version=\u00a0\u00bb4.16&Prime; _module_preset=\u00a0\u00bbdefault\u00a0\u00bb global_colors_info=\u00a0\u00bb{}\u00a0\u00bb][et_pb_blurb _builder_version=\u00a0\u00bb4.27.6&Prime; _module_preset=\u00a0\u00bbdab8ae77-843d-4934-a7b3-8e57f832b52c\u00a0\u00bb header_font=\u00a0\u00bbDM Sans|700|||||||\u00a0\u00bb header_text_color=\u00a0\u00bb#0F393B\u00a0\u00bb header_font_size=\u00a0\u00bb56px\u00a0\u00bb body_font=\u00a0\u00bbDM Sans|700||on|||||\u00a0\u00bb body_text_color=\u00a0\u00bb#EF8451&Prime; body_letter_spacing=\u00a0\u00bb1px\u00a0\u00bb background_color=\u00a0\u00bb#FFFFFF\u00a0\u00bb text_orientation=\u00a0\u00bbcenter\u00a0\u00bb custom_padding=\u00a0\u00bb40px|20px|40px|20px|true|true\u00a0\u00bb border_radii=\u00a0\u00bbon|20px|20px|20px|20px\u00a0\u00bb global_colors_info=\u00a0\u00bb{}\u00a0\u00bb]<\/p>\n<p><strong>Avril<\/strong><br \/>2026<\/p>\n<p>[\/et_pb_blurb][\/et_pb_column][et_pb_column type=\u00a0\u00bb1_4&Prime; _builder_version=\u00a0\u00bb4.16&Prime; _module_preset=\u00a0\u00bbdefault\u00a0\u00bb global_colors_info=\u00a0\u00bb{}\u00a0\u00bb][et_pb_image src=\u00a0\u00bbhttps:\/\/www.les-grands-moulins.fr\/V4\/wp-content\/uploads\/2026\/04\/Les-Grands-Moulins_Programme-avril-2026_evs-tiers-lieu_1-2.jpg\u00a0\u00bb title_text=\u00a0\u00bbLes-Grands-Moulins_Programme-avril-2026_evs-tiers-lieu_1-2&Prime; show_in_lightbox=\u00a0\u00bbon\u00a0\u00bb _builder_version=\u00a0\u00bb4.27.6&Prime; _module_preset=\u00a0\u00bbdefault\u00a0\u00bb min_height=\u00a0\u00bb336.2px\u00a0\u00bb custom_padding=\u00a0\u00bb|0px||||\u00a0\u00bb locked=\u00a0\u00bboff\u00a0\u00bb global_colors_info=\u00a0\u00bb{}\u00a0\u00bb][\/et_pb_image][et_pb_image src=\u00a0\u00bbhttps:\/\/www.les-grands-moulins.fr\/V4\/wp-content\/uploads\/2026\/04\/Les-Grands-Moulins_Programme-avril-2026_evs-tiers-lieu_2-2.jpg\u00a0\u00bb title_text=\u00a0\u00bbLes-Grands-Moulins_Programme-avril-2026_evs-tiers-lieu_2-2&Prime; show_in_lightbox=\u00a0\u00bbon\u00a0\u00bb _builder_version=\u00a0\u00bb4.27.6&Prime; _module_preset=\u00a0\u00bbdefault\u00a0\u00bb min_height=\u00a0\u00bb336.2px\u00a0\u00bb custom_padding=\u00a0\u00bb|0px||||\u00a0\u00bb locked=\u00a0\u00bboff\u00a0\u00bb global_colors_info=\u00a0\u00bb{}\u00a0\u00bb][\/et_pb_image][\/et_pb_column][et_pb_column type=\u00a0\u00bb1_2&Prime; _builder_version=\u00a0\u00bb4.16&Prime; _module_preset=\u00a0\u00bbdefault\u00a0\u00bb global_colors_info=\u00a0\u00bb{}\u00a0\u00bb][et_pb_text _builder_version=\u00a0\u00bb4.27.6&Prime; _module_preset=\u00a0\u00bb03ed4834-a81a-41ec-bfd6-98a6a9949751&Prime; header_font=\u00a0\u00bb||||||||\u00a0\u00bb header_3_font=\u00a0\u00bbDM Sans||||||||\u00a0\u00bb header_3_text_color=\u00a0\u00bb#093532&Prime; header_3_font_size=\u00a0\u00bb36px\u00a0\u00bb header_3_letter_spacing=\u00a0\u00bb-0.02em\u00a0\u00bb header_3_line_height=\u00a0\u00bb1.2em\u00a0\u00bb custom_margin=\u00a0\u00bb||10px||false|false\u00a0\u00bb header_3_font_size_tablet=\u00a0\u00bb20px\u00a0\u00bb header_3_font_size_phone=\u00a0\u00bb16px\u00a0\u00bb header_3_font_size_last_edited=\u00a0\u00bbon|phone\u00a0\u00bb locked=\u00a0\u00bboff\u00a0\u00bb global_colors_info=\u00a0\u00bb{}\u00a0\u00bb]<\/p>\n<h3><strong><span class=\"x193iq5w xeuugli x13faqbe x1vvkbs x1xmvt09 x1lliihq x1s928wv xhkezso x1gmr53x x1cpjm7i x1fgarty x1943h6x xudqn12 x3x7a5m x6prxxf xvq8zen xo1l8bm xzsf02u x1yc453h\" dir=\"auto\">Programme d&rsquo;animation\u00a0 &#8211; Avril 2026<\/span><\/strong><strong><\/strong><\/h3>\n<p>[\/et_pb_text][et_pb_text _builder_version=\u00a0\u00bb4.27.6&Prime; _module_preset=\u00a0\u00bb41d5859c-fbaa-458a-88e4-5d886857f235&Prime; text_font=\u00a0\u00bb||||||||\u00a0\u00bb text_text_color=\u00a0\u00bb#0F393B\u00a0\u00bb text_font_size=\u00a0\u00bb18px\u00a0\u00bb text_line_height=\u00a0\u00bb1.8em\u00a0\u00bb custom_margin=\u00a0\u00bb|-10px||||\u00a0\u00bb custom_padding=\u00a0\u00bb|2px|0px|||\u00a0\u00bb text_font_size_tablet=\u00a0\u00bb16px\u00a0\u00bb text_font_size_phone=\u00a0\u00bb14px\u00a0\u00bb text_font_size_last_edited=\u00a0\u00bbon|phone\u00a0\u00bb locked=\u00a0\u00bboff\u00a0\u00bb global_colors_info=\u00a0\u00bb{}\u00a0\u00bb]<\/p>\n<p>L\u2019\u00e9quipe des Grands Moulins est ravie de vous pr\u00e9senter le programme d&rsquo;animation du mois d&rsquo;avril 2026 !<\/p>\n<p>Au c\u0153ur de ce mois printanier, nous avons concoct\u00e9 une s\u00e9lection d&rsquo;activit\u00e9s vari\u00e9es pens\u00e9es pour tous les \u00e2ges et tous les envies. Des moments de partage, de cr\u00e9ativit\u00e9, de d\u00e9tente et de convivialit\u00e9 vous attendent chaque mois aux Grands Moulins.<\/p>\n<p>N&rsquo;attendez plus pour r\u00e9server votre place \u2013 les places sont limit\u00e9es et nous souhaitons que tout le monde puisse participer !<\/p>\n<p>Nous vous invitons chaleureusement \u00e0 partager ce programme autour de vous. Parlons-en \u00e0 nos proches, nos voisins, nos amis et connaissances.\ud83d\ude0a<\/p>\n<p>\u00c0 tr\u00e8s bient\u00f4t aux Grands Moulins !<\/p>\n<p><strong><span style=\"text-decoration: underline;\">Modalit\u00e9s d&rsquo;inscription :<\/span><\/strong><br \/>* L&rsquo;inscription est obligatoire au : 06 34 64 02 92 ou par mail : <span class=\"a_GcMg font-feature-liga-off font-feature-clig-off font-feature-calt-off text-decoration-none text-strikethrough-none\" style=\"color: rgba(24,65,56,var(--o42jjq,1)); caret-color: #184138; --ys-xuq: none; font-style: normal; font-kerning: none;\">evs.gracay@ligue18.org<\/span><br \/>* Compte tenu du nombre limit\u00e9 de participants, les inscriptions seront retenues selon l\u2019ordre d\u2019arriv\u00e9e.<\/p>\n<p>[\/et_pb_text][\/et_pb_column][\/et_pb_row][et_pb_row column_structure=\u00a0\u00bb1_4,1_4,1_2&Prime; _builder_version=\u00a0\u00bb4.27.6&Prime; _module_preset=\u00a0\u00bbdefault\u00a0\u00bb global_colors_info=\u00a0\u00bb{}\u00a0\u00bb][et_pb_column type=\u00a0\u00bb1_4&Prime; _builder_version=\u00a0\u00bb4.16&Prime; _module_preset=\u00a0\u00bbdefault\u00a0\u00bb global_colors_info=\u00a0\u00bb{}\u00a0\u00bb][et_pb_blurb _builder_version=\u00a0\u00bb4.27.6&Prime; _module_preset=\u00a0\u00bbdab8ae77-843d-4934-a7b3-8e57f832b52c\u00a0\u00bb header_font=\u00a0\u00bbDM Sans|700|||||||\u00a0\u00bb header_text_color=\u00a0\u00bb#0F393B\u00a0\u00bb header_font_size=\u00a0\u00bb56px\u00a0\u00bb body_font=\u00a0\u00bbDM Sans|700||on|||||\u00a0\u00bb body_text_color=\u00a0\u00bb#EF8451&Prime; body_letter_spacing=\u00a0\u00bb1px\u00a0\u00bb background_color=\u00a0\u00bb#FFFFFF\u00a0\u00bb text_orientation=\u00a0\u00bbcenter\u00a0\u00bb custom_padding=\u00a0\u00bb40px|20px|40px|20px|true|true\u00a0\u00bb border_radii=\u00a0\u00bbon|20px|20px|20px|20px\u00a0\u00bb global_colors_info=\u00a0\u00bb{}\u00a0\u00bb]<\/p>\n<p><strong>Tous les mois<\/strong><br \/>2026<\/p>\n<p>[\/et_pb_blurb][et_pb_blurb title=\u00a0\u00bb9h-12h30&Prime; _builder_version=\u00a0\u00bb4.27.6&Prime; _module_preset=\u00a0\u00bbdab8ae77-843d-4934-a7b3-8e57f832b52c\u00a0\u00bb header_font=\u00a0\u00bbDM Sans|700|||||||\u00a0\u00bb header_text_color=\u00a0\u00bb#0F393B\u00a0\u00bb header_font_size=\u00a0\u00bb36px\u00a0\u00bb body_font=\u00a0\u00bbDM Sans|700||on|||||\u00a0\u00bb body_text_color=\u00a0\u00bb#EF8451&Prime; body_letter_spacing=\u00a0\u00bb1px\u00a0\u00bb background_color=\u00a0\u00bb#FFFFFF\u00a0\u00bb text_orientation=\u00a0\u00bbcenter\u00a0\u00bb width=\u00a0\u00bb100%\u00a0\u00bb custom_padding=\u00a0\u00bb40px|20px|40px|20px|true|true\u00a0\u00bb border_radii=\u00a0\u00bbon|20px|20px|20px|20px\u00a0\u00bb global_colors_info=\u00a0\u00bb{}\u00a0\u00bb][\/et_pb_blurb][\/et_pb_column][et_pb_column type=\u00a0\u00bb1_4&Prime; _builder_version=\u00a0\u00bb4.16&Prime; _module_preset=\u00a0\u00bbdefault\u00a0\u00bb global_colors_info=\u00a0\u00bb{}\u00a0\u00bb][et_pb_image src=\u00a0\u00bbhttps:\/\/www.les-grands-moulins.fr\/V4\/wp-content\/uploads\/2026\/03\/ATELIER-CUISINE-2026.jpg\u00a0\u00bb title_text=\u00a0\u00bbATELIER CUISINE 2026&Prime; show_in_lightbox=\u00a0\u00bbon\u00a0\u00bb _builder_version=\u00a0\u00bb4.27.6&Prime; _module_preset=\u00a0\u00bbdefault\u00a0\u00bb min_height=\u00a0\u00bb336.2px\u00a0\u00bb custom_padding=\u00a0\u00bb|0px||||\u00a0\u00bb locked=\u00a0\u00bboff\u00a0\u00bb global_colors_info=\u00a0\u00bb{}\u00a0\u00bb][\/et_pb_image][\/et_pb_column][et_pb_column type=\u00a0\u00bb1_2&Prime; _builder_version=\u00a0\u00bb4.16&Prime; _module_preset=\u00a0\u00bbdefault\u00a0\u00bb global_colors_info=\u00a0\u00bb{}\u00a0\u00bb][et_pb_text _builder_version=\u00a0\u00bb4.27.6&Prime; _module_preset=\u00a0\u00bb03ed4834-a81a-41ec-bfd6-98a6a9949751&Prime; header_font=\u00a0\u00bb||||||||\u00a0\u00bb header_3_font=\u00a0\u00bbDM Sans||||||||\u00a0\u00bb header_3_text_color=\u00a0\u00bb#093532&Prime; header_3_font_size=\u00a0\u00bb36px\u00a0\u00bb header_3_letter_spacing=\u00a0\u00bb-0.02em\u00a0\u00bb header_3_line_height=\u00a0\u00bb1.2em\u00a0\u00bb custom_margin=\u00a0\u00bb||10px||false|false\u00a0\u00bb header_3_font_size_tablet=\u00a0\u00bb20px\u00a0\u00bb header_3_font_size_phone=\u00a0\u00bb16px\u00a0\u00bb header_3_font_size_last_edited=\u00a0\u00bbon|phone\u00a0\u00bb locked=\u00a0\u00bboff\u00a0\u00bb global_colors_info=\u00a0\u00bb{}\u00a0\u00bb]<\/p>\n<h3><strong>Ateliers cuisine<\/strong><strong><\/strong><\/h3>\n<p>[\/et_pb_text][et_pb_text _builder_version=\u00a0\u00bb4.27.6&Prime; _module_preset=\u00a0\u00bb41d5859c-fbaa-458a-88e4-5d886857f235&Prime; text_font=\u00a0\u00bb||||||||\u00a0\u00bb text_text_color=\u00a0\u00bb#0F393B\u00a0\u00bb text_font_size=\u00a0\u00bb18px\u00a0\u00bb text_line_height=\u00a0\u00bb1.8em\u00a0\u00bb custom_margin=\u00a0\u00bb|-10px||||\u00a0\u00bb custom_padding=\u00a0\u00bb|2px|0px|||\u00a0\u00bb text_font_size_tablet=\u00a0\u00bb16px\u00a0\u00bb text_font_size_phone=\u00a0\u00bb14px\u00a0\u00bb text_font_size_last_edited=\u00a0\u00bbon|phone\u00a0\u00bb locked=\u00a0\u00bboff\u00a0\u00bb global_colors_info=\u00a0\u00bb{}\u00a0\u00bb]<\/p>\n<p class=\"font-claude-response-body break-words whitespace-normal leading-[1.7]\">Chaque mois, on se retrouve aux Grands Moulins pour cuisiner ensemble, apprendre de nouvelles techniques et surtout&#8230; passer un bon moment !<br \/>Au programme : des recettes originales \u00e0 d\u00e9couvrir, des astuces de cuisine \u00e0 emporter chez soi, et une belle ambiance partag\u00e9e entre passionn\u00e9s. Que vous soyez d\u00e9butant ou d\u00e9j\u00e0 \u00e0 l&rsquo;aise aux fourneaux, ces ateliers sont faits pour vous. Cette rencontre culinaire se termine par un repas et un moment convivial.<\/p>\n<p class=\"font-claude-response-body break-words whitespace-normal leading-[1.7]\">Rendez-vous chaque mois. On vous attend avec tablier et bonne humeur !<\/p>\n<p>Dates : Les mercredis 9h-12h30 : <span style=\"color: #999999;\">18 f\u00e9vrier<\/span> &#8211; <span style=\"color: #999999;\">4 mars<\/span> &#8211; 29 avril &#8211; 13 mai &#8211; 17 juin<br \/>Lieu : Les Grands Moulins, B\u00e2timent n\u00b01<\/p>\n<p>Ouvert \u00e0 tous<\/p>\n<p><strong><span style=\"text-decoration: underline;\">Modalit\u00e9s d&rsquo;inscription :<\/span><\/strong><br \/>* L&rsquo;inscription est obligatoire au : 06 34 64 02 92 ou via le formulaire en ligne : https:\/\/forms.cloud.microsoft\/e\/38KCdCt4VJ<\/p>\n<p>* <span style=\"color: #800000;\">Les inscriptions seront ouvertes 15 jours avant la date de chaque s\u00e9ance.<\/span><\/p>\n<p>* Compte tenu du nombre limit\u00e9 de participants, les inscriptions seront retenues selon l\u2019ordre d\u2019arriv\u00e9e. Un second cr\u00e9neau pourra \u00eatre ouvert si le nombre de demandes le justifie. Vous recevrez un SMS confirmant votre inscription.<\/p>\n<p>[\/et_pb_text][\/et_pb_column][\/et_pb_row][et_pb_row column_structure=\u00a0\u00bb1_4,1_4,1_2&Prime; _builder_version=\u00a0\u00bb4.27.4&Prime; _module_preset=\u00a0\u00bbdefault\u00a0\u00bb global_colors_info=\u00a0\u00bb{}\u00a0\u00bb][et_pb_column type=\u00a0\u00bb1_4&Prime; _builder_version=\u00a0\u00bb4.16&Prime; _module_preset=\u00a0\u00bbdefault\u00a0\u00bb global_colors_info=\u00a0\u00bb{}\u00a0\u00bb][et_pb_blurb _builder_version=\u00a0\u00bb4.27.5&Prime; _module_preset=\u00a0\u00bbdab8ae77-843d-4934-a7b3-8e57f832b52c\u00a0\u00bb header_font=\u00a0\u00bbDM Sans|700|||||||\u00a0\u00bb header_text_color=\u00a0\u00bb#0F393B\u00a0\u00bb header_font_size=\u00a0\u00bb56px\u00a0\u00bb body_font=\u00a0\u00bbDM Sans|700||on|||||\u00a0\u00bb body_text_color=\u00a0\u00bb#EF8451&Prime; body_letter_spacing=\u00a0\u00bb1px\u00a0\u00bb background_color=\u00a0\u00bb#FFFFFF\u00a0\u00bb text_orientation=\u00a0\u00bbcenter\u00a0\u00bb custom_padding=\u00a0\u00bb40px|20px|40px|20px|true|true\u00a0\u00bb border_radii=\u00a0\u00bbon|20px|20px|20px|20px\u00a0\u00bb global_colors_info=\u00a0\u00bb{}\u00a0\u00bb]<\/p>\n<p>Le deuxi\u00e8me samedi<\/p>\n<p>du mois<\/p>\n<p>[\/et_pb_blurb][et_pb_blurb title=\u00a0\u00bb10h-12h\u00a0\u00bb _builder_version=\u00a0\u00bb4.27.4&Prime; _module_preset=\u00a0\u00bbdab8ae77-843d-4934-a7b3-8e57f832b52c\u00a0\u00bb header_font=\u00a0\u00bbDM Sans|700|||||||\u00a0\u00bb header_text_color=\u00a0\u00bb#0F393B\u00a0\u00bb header_font_size=\u00a0\u00bb40px\u00a0\u00bb body_font=\u00a0\u00bbDM Sans|700||on|||||\u00a0\u00bb body_text_color=\u00a0\u00bb#EF8451&Prime; body_letter_spacing=\u00a0\u00bb1px\u00a0\u00bb background_color=\u00a0\u00bb#FFFFFF\u00a0\u00bb text_orientation=\u00a0\u00bbcenter\u00a0\u00bb custom_padding=\u00a0\u00bb40px|20px|40px|20px|true|true\u00a0\u00bb border_radii=\u00a0\u00bbon|20px|20px|20px|20px\u00a0\u00bb global_colors_info=\u00a0\u00bb{}\u00a0\u00bb][\/et_pb_blurb][\/et_pb_column][et_pb_column type=\u00a0\u00bb1_4&Prime; _builder_version=\u00a0\u00bb4.16&Prime; _module_preset=\u00a0\u00bbdefault\u00a0\u00bb global_colors_info=\u00a0\u00bb{}\u00a0\u00bb][et_pb_image src=\u00a0\u00bbhttps:\/\/www.les-grands-moulins.fr\/V4\/wp-content\/uploads\/2026\/02\/ateliers-soudage-2026.jpg\u00a0\u00bb title_text=\u00a0\u00bbateliers-soudage-2026&Prime; show_in_lightbox=\u00a0\u00bbon\u00a0\u00bb _builder_version=\u00a0\u00bb4.27.5&Prime; _module_preset=\u00a0\u00bbdefault\u00a0\u00bb min_height=\u00a0\u00bb336.2px\u00a0\u00bb custom_padding=\u00a0\u00bb|0px||||\u00a0\u00bb locked=\u00a0\u00bboff\u00a0\u00bb global_colors_info=\u00a0\u00bb{}\u00a0\u00bb][\/et_pb_image][\/et_pb_column][et_pb_column type=\u00a0\u00bb1_2&Prime; _builder_version=\u00a0\u00bb4.16&Prime; _module_preset=\u00a0\u00bbdefault\u00a0\u00bb global_colors_info=\u00a0\u00bb{}\u00a0\u00bb][et_pb_text _builder_version=\u00a0\u00bb4.27.4&Prime; _module_preset=\u00a0\u00bb03ed4834-a81a-41ec-bfd6-98a6a9949751&Prime; header_font=\u00a0\u00bb||||||||\u00a0\u00bb header_3_font=\u00a0\u00bbDM Sans||||||||\u00a0\u00bb header_3_text_color=\u00a0\u00bb#093532&Prime; header_3_font_size=\u00a0\u00bb36px\u00a0\u00bb header_3_letter_spacing=\u00a0\u00bb-0.02em\u00a0\u00bb header_3_line_height=\u00a0\u00bb1.2em\u00a0\u00bb custom_margin=\u00a0\u00bb||10px||false|false\u00a0\u00bb header_3_font_size_tablet=\u00a0\u00bb20px\u00a0\u00bb header_3_font_size_phone=\u00a0\u00bb16px\u00a0\u00bb header_3_font_size_last_edited=\u00a0\u00bbon|phone\u00a0\u00bb locked=\u00a0\u00bboff\u00a0\u00bb global_colors_info=\u00a0\u00bb{}\u00a0\u00bb]<\/p>\n<h3><strong>Atelier Soudage \u00e0 l&rsquo;arc<\/strong><strong><\/strong><\/h3>\n<p>[\/et_pb_text][et_pb_text _builder_version=\u00a0\u00bb4.27.5&Prime; _module_preset=\u00a0\u00bb41d5859c-fbaa-458a-88e4-5d886857f235&Prime; text_font=\u00a0\u00bb||||||||\u00a0\u00bb text_text_color=\u00a0\u00bb#0F393B\u00a0\u00bb text_font_size=\u00a0\u00bb18px\u00a0\u00bb text_line_height=\u00a0\u00bb1.8em\u00a0\u00bb custom_margin=\u00a0\u00bb|-10px||||\u00a0\u00bb custom_padding=\u00a0\u00bb|2px|0px|||\u00a0\u00bb text_font_size_tablet=\u00a0\u00bb16px\u00a0\u00bb text_font_size_phone=\u00a0\u00bb14px\u00a0\u00bb text_font_size_last_edited=\u00a0\u00bbon|phone\u00a0\u00bb locked=\u00a0\u00bboff\u00a0\u00bb global_colors_info=\u00a0\u00bb{}\u00a0\u00bb]<\/p>\n<p>Notre recyclerie relance les ateliers de soudage \u00e0 l&rsquo;arc pour 2026.<br \/>Un moment d&rsquo;initiation et de partage de connaissances entre habitants.<br \/>Le deuxi\u00e8me samedi de chaque mois, de 10h \u00e0 12h.<br \/>Lieu : La recyclerie \u00ab Espace Bricol&rsquo;Tout \u00bb, place Jean Chaudron (\u00e0 c\u00f4t\u00e9 de la pharmacie)<\/p>\n<p>Cet atelier vous permettra d&rsquo;acqu\u00e9rir les bases essentielles pour utiliser un poste de soudage et d\u00e9velopper votre autonomie dans le travail manuel des m\u00e9taux.<\/p>\n<p>&#8211; Dates :<br \/><strong>* 21 f\u00e9vrier * 14 mars * 11 avril * 9 mai * 13 juin * 11 juillet * 8 ao\u00fbt * 12 septembre * 10 octobre<\/strong><br \/>&#8211; Lieu : la recyclerie \u00ab\u00a0Espace Bricol&rsquo;Tout\u00a0\u00bb, place Jean Chaudron. (\u00e0 cot\u00e9 de la pharmacie)<br \/>&#8211; Inscription au 06 34 64 02 92 ou par e-mail : evs.gracay@ligue18.org<\/p>\n<p>&#8212;-<\/p>\n<p>[\/et_pb_text][et_pb_button button_url=\u00a0\u00bbhttps:\/\/www.les-grands-moulins.fr\/V4\/wp-content\/uploads\/2026\/02\/ateliers-soudage-2026.jpg\u00a0\u00bb url_new_window=\u00a0\u00bbon\u00a0\u00bb button_text=\u00a0\u00bb+ D\u00e9tails\u00a0\u00bb _builder_version=\u00a0\u00bb4.27.5&Prime; _module_preset=\u00a0\u00bb6414ef9f-e386-4555-a7b7-4544a239078b\u00a0\u00bb custom_button=\u00a0\u00bbon\u00a0\u00bb button_text_size=\u00a0\u00bb14px\u00a0\u00bb button_text_color=\u00a0\u00bb#ef8451&Prime; button_border_width=\u00a0\u00bb1px\u00a0\u00bb button_border_color=\u00a0\u00bb#ef8451&Prime; button_border_radius=\u00a0\u00bb37px\u00a0\u00bb button_letter_spacing=\u00a0\u00bb1px\u00a0\u00bb button_font=\u00a0\u00bbDM Sans|700||on|||||\u00a0\u00bb custom_padding=\u00a0\u00bb15px|24px|12px|24px|false|true\u00a0\u00bb locked=\u00a0\u00bboff\u00a0\u00bb global_colors_info=\u00a0\u00bb{}\u00a0\u00bb button_text_color__hover_enabled=\u00a0\u00bbon|hover\u00a0\u00bb button_text_color__hover=\u00a0\u00bb#FFFFFF\u00a0\u00bb button_bg_color__hover_enabled=\u00a0\u00bbon|hover\u00a0\u00bb button_bg_color__hover=\u00a0\u00bb#ef8451&Prime; button_bg_enable_color__hover=\u00a0\u00bbon\u00a0\u00bb][\/et_pb_button][\/et_pb_column][\/et_pb_row][et_pb_row column_structure=\u00a0\u00bb1_4,1_4,1_2&Prime; _builder_version=\u00a0\u00bb4.16&Prime; _module_preset=\u00a0\u00bbdefault\u00a0\u00bb custom_margin=\u00a0\u00bb|auto|6px|auto||\u00a0\u00bb global_colors_info=\u00a0\u00bb{}\u00a0\u00bb][et_pb_column type=\u00a0\u00bb1_4&Prime; _builder_version=\u00a0\u00bb4.16&Prime; _module_preset=\u00a0\u00bbdefault\u00a0\u00bb global_colors_info=\u00a0\u00bb{}\u00a0\u00bb][et_pb_blurb _builder_version=\u00a0\u00bb4.27.3&Prime; _module_preset=\u00a0\u00bbdab8ae77-843d-4934-a7b3-8e57f832b52c\u00a0\u00bb header_font=\u00a0\u00bbDM Sans|700|||||||\u00a0\u00bb header_text_color=\u00a0\u00bb#0F393B\u00a0\u00bb header_font_size=\u00a0\u00bb56px\u00a0\u00bb body_font=\u00a0\u00bbDM Sans|700||on|||||\u00a0\u00bb body_text_color=\u00a0\u00bb#EF8451&Prime; body_letter_spacing=\u00a0\u00bb1px\u00a0\u00bb background_color=\u00a0\u00bb#FFFFFF\u00a0\u00bb text_orientation=\u00a0\u00bbcenter\u00a0\u00bb custom_padding=\u00a0\u00bb40px|20px|40px|20px|true|true\u00a0\u00bb border_radii=\u00a0\u00bbon|20px|20px|20px|20px\u00a0\u00bb global_colors_info=\u00a0\u00bb{}\u00a0\u00bb]<\/p>\n<p><strong>Saison 2025-2026<\/strong><\/p>\n<p>[\/et_pb_blurb][\/et_pb_column][et_pb_column type=\u00a0\u00bb1_4&Prime; _builder_version=\u00a0\u00bb4.16&Prime; _module_preset=\u00a0\u00bbdefault\u00a0\u00bb global_colors_info=\u00a0\u00bb{}\u00a0\u00bb][et_pb_image src=\u00a0\u00bbhttps:\/\/www.les-grands-moulins.fr\/V4\/wp-content\/uploads\/2026\/02\/affiche-ateliers-numeriques-_2026-scaled.jpg\u00a0\u00bb title_text=\u00a0\u00bbaffiche ateliers num\u00e9riques _2026&Prime; show_in_lightbox=\u00a0\u00bbon\u00a0\u00bb _builder_version=\u00a0\u00bb4.27.5&Prime; _module_preset=\u00a0\u00bbdefault\u00a0\u00bb min_height=\u00a0\u00bb336.2px\u00a0\u00bb custom_padding=\u00a0\u00bb|0px||||\u00a0\u00bb locked=\u00a0\u00bboff\u00a0\u00bb global_colors_info=\u00a0\u00bb{}\u00a0\u00bb][\/et_pb_image][\/et_pb_column][et_pb_column type=\u00a0\u00bb1_2&Prime; _builder_version=\u00a0\u00bb4.16&Prime; _module_preset=\u00a0\u00bbdefault\u00a0\u00bb global_colors_info=\u00a0\u00bb{}\u00a0\u00bb][et_pb_text _builder_version=\u00a0\u00bb4.16&Prime; _module_preset=\u00a0\u00bb03ed4834-a81a-41ec-bfd6-98a6a9949751&Prime; header_font=\u00a0\u00bb||||||||\u00a0\u00bb header_3_font=\u00a0\u00bbDM Sans||||||||\u00a0\u00bb header_3_text_color=\u00a0\u00bb#093532&Prime; header_3_font_size=\u00a0\u00bb36px\u00a0\u00bb header_3_letter_spacing=\u00a0\u00bb-0.02em\u00a0\u00bb header_3_line_height=\u00a0\u00bb1.2em\u00a0\u00bb custom_margin=\u00a0\u00bb||10px||false|false\u00a0\u00bb header_3_font_size_tablet=\u00a0\u00bb20px\u00a0\u00bb header_3_font_size_phone=\u00a0\u00bb16px\u00a0\u00bb header_3_font_size_last_edited=\u00a0\u00bbon|phone\u00a0\u00bb locked=\u00a0\u00bboff\u00a0\u00bb global_colors_info=\u00a0\u00bb{}\u00a0\u00bb]<\/p>\n<h3><strong><span class=\"x193iq5w xeuugli x13faqbe x1vvkbs x1xmvt09 x1lliihq x1s928wv xhkezso x1gmr53x x1cpjm7i x1fgarty x1943h6x xudqn12 x3x7a5m x6prxxf xvq8zen xo1l8bm xzsf02u x1yc453h\" dir=\"auto\">Les ateliers num\u00e9riques<br \/><\/span><\/strong><\/h3>\n<p>[\/et_pb_text][et_pb_text _builder_version=\u00a0\u00bb4.27.5&Prime; _module_preset=\u00a0\u00bb41d5859c-fbaa-458a-88e4-5d886857f235&Prime; text_font=\u00a0\u00bb||||||||\u00a0\u00bb text_text_color=\u00a0\u00bb#0F393B\u00a0\u00bb text_font_size=\u00a0\u00bb18px\u00a0\u00bb text_line_height=\u00a0\u00bb1.8em\u00a0\u00bb custom_margin=\u00a0\u00bb|-10px||||\u00a0\u00bb custom_padding=\u00a0\u00bb0px|2px|0px|||\u00a0\u00bb text_font_size_tablet=\u00a0\u00bb16px\u00a0\u00bb text_font_size_phone=\u00a0\u00bb14px\u00a0\u00bb text_font_size_last_edited=\u00a0\u00bbon|phone\u00a0\u00bb locked=\u00a0\u00bboff\u00a0\u00bb global_colors_info=\u00a0\u00bb{}\u00a0\u00bb]<\/p>\n<p>Souhaitez vous sentir plus \u00e0 l&rsquo;aise avec votre ordinateur, votre smartphone ou les outils du quotidien ? Ne restez plus seul(e) face \u00e0 l&rsquo;\u00e9cran. venez partager, apprendre et progresser ensemble. L&rsquo;Espace Public Num\u00e9rique des Grands Moulins est fait pour vous !<\/p>\n<p>Que vous soyez d\u00e9butant ou simplement curieux, notre conseiller num\u00e9rique est l\u00e0 pour vous accompagner et r\u00e9pondre \u00e0 toutes vos questions !<\/p>\n<p><span class=\"x193iq5w xeuugli x13faqbe x1vvkbs x1xmvt09 x1lliihq x1s928wv xhkezso x1gmr53x x1cpjm7i x1fgarty x1943h6x xudqn12 x3x7a5m x6prxxf xvq8zen xo1l8bm xzsf02u\" dir=\"auto\">Un vaste choix d&rsquo;ateliers num\u00e9riques, ouverts \u00e0 tous. Ces ateliers ont lieu \u00e0 l&rsquo;espace public num\u00e9rique au centre des Grands Moulins.<\/span><\/p>\n<p>&#8211; Accompagnement individuel ( toute la semaine sur rendez-vous)<br \/>&#8211; Ateliers d\u2019initiation \u00e0 l\u2019outil informatique<br \/>&#8211; Ateliers d\u2019appropriation des bases utiles de la bureautique (traitement de texte, tableur, \u2026).<br \/>&#8211; D\u00e9couverte des nouvelles astuces et pratiques<br \/>&#8211; Tourn\u00e9es du conseiller num\u00e9rique dans les communes avoisinantes<br \/>&#8211; Support t\u00e9l\u00e9phonique<\/p>\n<p>Venez \u00e9changer avec notre conseiller num\u00e9rique afin d&rsquo;am\u00e9liorer et partager vos connaissances en informatique et pour toute utilisation quotidienne du num\u00e9rique ! <span class=\"x3nfvp2 x1j61x8r x1fcty0u xdj266r xhhsvwb xat24cr xgzva0m xxymvpz xlup9mm x1kky2od\"><img loading=\"lazy\" decoding=\"async\" alt=\"\ud83d\udcbb\" referrerpolicy=\"origin-when-cross-origin\" src=\"https:\/\/static.xx.fbcdn.net\/images\/emoji.php\/v9\/te5\/1.5\/16\/1f4bb.png\" width=\"16\" height=\"16\" \/><\/span><span class=\"x3nfvp2 x1j61x8r x1fcty0u xdj266r xhhsvwb xat24cr xgzva0m xxymvpz xlup9mm x1kky2od\"><img loading=\"lazy\" decoding=\"async\" alt=\"\ud83d\udcf1\" referrerpolicy=\"origin-when-cross-origin\" src=\"https:\/\/static.xx.fbcdn.net\/images\/emoji.php\/v9\/tb0\/1.5\/16\/1f4f1.png\" width=\"16\" height=\"16\" \/><\/span><span class=\"x3nfvp2 x1j61x8r x1fcty0u xdj266r xhhsvwb xat24cr xgzva0m xxymvpz xlup9mm x1kky2od\"><img loading=\"lazy\" decoding=\"async\" alt=\"\ud83d\udda8\" referrerpolicy=\"origin-when-cross-origin\" src=\"https:\/\/static.xx.fbcdn.net\/images\/emoji.php\/v9\/t5d\/1.5\/16\/1f5a8.png\" width=\"16\" height=\"16\" \/><\/span><span class=\"x3nfvp2 x1j61x8r x1fcty0u xdj266r xhhsvwb xat24cr xgzva0m xxymvpz xlup9mm x1kky2od\"><img loading=\"lazy\" decoding=\"async\" alt=\"\ud83d\udd79\" referrerpolicy=\"origin-when-cross-origin\" src=\"https:\/\/static.xx.fbcdn.net\/images\/emoji.php\/v9\/tc8\/1.5\/16\/1f579.png\" width=\"16\" height=\"16\" \/><\/span><span class=\"x3nfvp2 x1j61x8r x1fcty0u xdj266r xhhsvwb xat24cr xgzva0m xxymvpz xlup9mm x1kky2od\"><img loading=\"lazy\" decoding=\"async\" alt=\"\ud83d\udee1\" referrerpolicy=\"origin-when-cross-origin\" src=\"https:\/\/static.xx.fbcdn.net\/images\/emoji.php\/v9\/t93\/1.5\/16\/1f6e1.png\" width=\"16\" height=\"16\" \/><\/span><span class=\"x3nfvp2 x1j61x8r x1fcty0u xdj266r xhhsvwb xat24cr xgzva0m xxymvpz xlup9mm x1kky2od\"><img loading=\"lazy\" decoding=\"async\" alt=\"\u2699\ufe0f\" referrerpolicy=\"origin-when-cross-origin\" src=\"https:\/\/static.xx.fbcdn.net\/images\/emoji.php\/v9\/t14\/1.5\/16\/2699.png\" width=\"16\" height=\"16\" \/><\/span><\/p>\n<p>&#8211; Lieu : Les Grands Moulins de Gracay &#8211; B\u00e2timent n\u00b03, 5 rue Jean Jaur\u00e8s. Acc\u00e8s par le parking place Jean Chaudron (c\u00f4t\u00e9 pharmacie).<br \/>&#8211; Inscription et renseignement au : 06 83 89 84 90<br \/>&#8211; Horaires : du lundi au vendredi (9h \u2013 18h30). Ouvert pendant les vacances scolaires<\/p>\n<p>[\/et_pb_text][et_pb_button button_url=\u00a0\u00bbhttps:\/\/www.les-grands-moulins.fr\/V4\/espace-public-numerique\/\u00a0\u00bb url_new_window=\u00a0\u00bbon\u00a0\u00bb button_text=\u00a0\u00bbInscription + D\u00e9tails\u00a0\u00bb _builder_version=\u00a0\u00bb4.27.5&Prime; _module_preset=\u00a0\u00bb6414ef9f-e386-4555-a7b7-4544a239078b\u00a0\u00bb custom_button=\u00a0\u00bbon\u00a0\u00bb button_text_size=\u00a0\u00bb14px\u00a0\u00bb button_text_color=\u00a0\u00bb#ef8451&Prime; button_border_width=\u00a0\u00bb1px\u00a0\u00bb button_border_color=\u00a0\u00bb#ef8451&Prime; button_border_radius=\u00a0\u00bb37px\u00a0\u00bb button_letter_spacing=\u00a0\u00bb1px\u00a0\u00bb button_font=\u00a0\u00bbDM Sans|700||on|||||\u00a0\u00bb custom_padding=\u00a0\u00bb15px|24px|12px|24px|false|true\u00a0\u00bb locked=\u00a0\u00bboff\u00a0\u00bb global_colors_info=\u00a0\u00bb{}\u00a0\u00bb button_text_color__hover_enabled=\u00a0\u00bbon|hover\u00a0\u00bb button_text_color__hover=\u00a0\u00bb#FFFFFF\u00a0\u00bb button_bg_color__hover_enabled=\u00a0\u00bbon|hover\u00a0\u00bb button_bg_color__hover=\u00a0\u00bb#ef8451&Prime; button_bg_enable_color__hover=\u00a0\u00bbon\u00a0\u00bb][\/et_pb_button][\/et_pb_column][\/et_pb_row][et_pb_row column_structure=\u00a0\u00bb1_4,1_4,1_2&Prime; _builder_version=\u00a0\u00bb4.27.4&Prime; _module_preset=\u00a0\u00bbdefault\u00a0\u00bb global_colors_info=\u00a0\u00bb{}\u00a0\u00bb][et_pb_column type=\u00a0\u00bb1_4&Prime; _builder_version=\u00a0\u00bb4.16&Prime; _module_preset=\u00a0\u00bbdefault\u00a0\u00bb global_colors_info=\u00a0\u00bb{}\u00a0\u00bb][et_pb_blurb _builder_version=\u00a0\u00bb4.27.4&Prime; _module_preset=\u00a0\u00bbdab8ae77-843d-4934-a7b3-8e57f832b52c\u00a0\u00bb header_font=\u00a0\u00bbDM Sans|700|||||||\u00a0\u00bb header_text_color=\u00a0\u00bb#0F393B\u00a0\u00bb header_font_size=\u00a0\u00bb56px\u00a0\u00bb body_font=\u00a0\u00bbDM Sans|700||on|||||\u00a0\u00bb body_text_color=\u00a0\u00bb#EF8451&Prime; body_letter_spacing=\u00a0\u00bb1px\u00a0\u00bb background_color=\u00a0\u00bb#FFFFFF\u00a0\u00bb text_orientation=\u00a0\u00bbcenter\u00a0\u00bb custom_padding=\u00a0\u00bb40px|20px|40px|20px|true|true\u00a0\u00bb border_radii=\u00a0\u00bbon|20px|20px|20px|20px\u00a0\u00bb global_colors_info=\u00a0\u00bb{}\u00a0\u00bb]<\/p>\n<p><strong>Tous<\/strong><br \/>LES SAMEDIS<\/p>\n<p>[\/et_pb_blurb][et_pb_blurb title=\u00a0\u00bb11h-12h\u00a0\u00bb _builder_version=\u00a0\u00bb4.27.4&Prime; _module_preset=\u00a0\u00bbdab8ae77-843d-4934-a7b3-8e57f832b52c\u00a0\u00bb header_font=\u00a0\u00bbDM Sans|700|||||||\u00a0\u00bb header_text_color=\u00a0\u00bb#0F393B\u00a0\u00bb header_font_size=\u00a0\u00bb40px\u00a0\u00bb body_font=\u00a0\u00bbDM Sans|700||on|||||\u00a0\u00bb body_text_color=\u00a0\u00bb#EF8451&Prime; body_letter_spacing=\u00a0\u00bb1px\u00a0\u00bb background_color=\u00a0\u00bb#FFFFFF\u00a0\u00bb text_orientation=\u00a0\u00bbcenter\u00a0\u00bb custom_padding=\u00a0\u00bb40px|20px|40px|20px|true|true\u00a0\u00bb border_radii=\u00a0\u00bbon|20px|20px|20px|20px\u00a0\u00bb global_colors_info=\u00a0\u00bb{}\u00a0\u00bb][\/et_pb_blurb][\/et_pb_column][et_pb_column type=\u00a0\u00bb1_4&Prime; _builder_version=\u00a0\u00bb4.16&Prime; _module_preset=\u00a0\u00bbdefault\u00a0\u00bb global_colors_info=\u00a0\u00bb{}\u00a0\u00bb][et_pb_image src=\u00a0\u00bbhttps:\/\/www.les-grands-moulins.fr\/V4\/wp-content\/uploads\/2025\/09\/yoga-assis-sur-chaise_Grands-Moulins.jpg\u00a0\u00bb title_text=\u00a0\u00bbyoga-assis-sur-chaise_Grands Moulins\u00a0\u00bb show_in_lightbox=\u00a0\u00bbon\u00a0\u00bb _builder_version=\u00a0\u00bb4.27.4&Prime; _module_preset=\u00a0\u00bbdefault\u00a0\u00bb min_height=\u00a0\u00bb336.2px\u00a0\u00bb custom_padding=\u00a0\u00bb|0px||||\u00a0\u00bb locked=\u00a0\u00bboff\u00a0\u00bb global_colors_info=\u00a0\u00bb{}\u00a0\u00bb][\/et_pb_image][\/et_pb_column][et_pb_column type=\u00a0\u00bb1_2&Prime; _builder_version=\u00a0\u00bb4.16&Prime; _module_preset=\u00a0\u00bbdefault\u00a0\u00bb global_colors_info=\u00a0\u00bb{}\u00a0\u00bb][et_pb_text _builder_version=\u00a0\u00bb4.27.5&Prime; _module_preset=\u00a0\u00bb03ed4834-a81a-41ec-bfd6-98a6a9949751&Prime; header_font=\u00a0\u00bb||||||||\u00a0\u00bb header_3_font=\u00a0\u00bbDM Sans||||||||\u00a0\u00bb header_3_text_color=\u00a0\u00bb#093532&Prime; header_3_font_size=\u00a0\u00bb36px\u00a0\u00bb header_3_letter_spacing=\u00a0\u00bb-0.02em\u00a0\u00bb header_3_line_height=\u00a0\u00bb1.2em\u00a0\u00bb custom_margin=\u00a0\u00bb||10px||false|false\u00a0\u00bb header_3_font_size_tablet=\u00a0\u00bb20px\u00a0\u00bb header_3_font_size_phone=\u00a0\u00bb16px\u00a0\u00bb header_3_font_size_last_edited=\u00a0\u00bbon|phone\u00a0\u00bb locked=\u00a0\u00bboff\u00a0\u00bb global_colors_info=\u00a0\u00bb{}\u00a0\u00bb]<\/p>\n<h3><strong>Yoga assis sur chaise<\/strong><\/h3>\n<p>[\/et_pb_text][et_pb_text _builder_version=\u00a0\u00bb4.27.4&Prime; _module_preset=\u00a0\u00bb41d5859c-fbaa-458a-88e4-5d886857f235&Prime; text_font=\u00a0\u00bb||||||||\u00a0\u00bb text_text_color=\u00a0\u00bb#0F393B\u00a0\u00bb text_font_size=\u00a0\u00bb18px\u00a0\u00bb text_line_height=\u00a0\u00bb1.8em\u00a0\u00bb custom_margin=\u00a0\u00bb|-10px||||\u00a0\u00bb custom_padding=\u00a0\u00bb|2px|0px|||\u00a0\u00bb text_font_size_tablet=\u00a0\u00bb16px\u00a0\u00bb text_font_size_phone=\u00a0\u00bb14px\u00a0\u00bb text_font_size_last_edited=\u00a0\u00bbon|phone\u00a0\u00bb locked=\u00a0\u00bboff\u00a0\u00bb global_colors_info=\u00a0\u00bb{}\u00a0\u00bb]<\/p>\n<p>St\u00e9phanie Peauze, sophrologue, vous propose un moment de d\u00e9tente, de stimulation d\u2019\u00e9nergie et de bien \u00eatre gr\u00e2ce au yoga sur chaise .<br \/>Le yoga sur chaise peut \u00eatre pratiqu\u00e9 par toute personne souhaitant profiter des bienfaits du yoga en dehors des mouvements habituels.<\/p>\n<p>&#8211; Date : tous les samedis<br \/>&#8211; Lieu : Les Grands Moulins, acc\u00e8s et parking place Jean Chaudron. (\u00e0 cot\u00e9 de la pharmacie)<\/p>\n<p>&#8212;-<\/p>\n<p>[\/et_pb_text][et_pb_button button_text=\u00a0\u00bb+ D\u00e9tails\u00a0\u00bb _builder_version=\u00a0\u00bb4.27.5&Prime; _module_preset=\u00a0\u00bb6414ef9f-e386-4555-a7b7-4544a239078b\u00a0\u00bb custom_button=\u00a0\u00bbon\u00a0\u00bb button_text_size=\u00a0\u00bb14px\u00a0\u00bb button_text_color=\u00a0\u00bb#ef8451&Prime; button_border_width=\u00a0\u00bb1px\u00a0\u00bb button_border_color=\u00a0\u00bb#ef8451&Prime; button_border_radius=\u00a0\u00bb37px\u00a0\u00bb button_letter_spacing=\u00a0\u00bb1px\u00a0\u00bb button_font=\u00a0\u00bbDM Sans|700||on|||||\u00a0\u00bb custom_padding=\u00a0\u00bb15px|24px|12px|24px|false|true\u00a0\u00bb locked=\u00a0\u00bboff\u00a0\u00bb global_colors_info=\u00a0\u00bb{}\u00a0\u00bb button_text_color__hover_enabled=\u00a0\u00bbon|hover\u00a0\u00bb button_text_color__hover=\u00a0\u00bb#FFFFFF\u00a0\u00bb button_bg_color__hover_enabled=\u00a0\u00bbon|hover\u00a0\u00bb button_bg_color__hover=\u00a0\u00bb#ef8451&Prime; button_bg_enable_color__hover=\u00a0\u00bbon\u00a0\u00bb][\/et_pb_button][\/et_pb_column][\/et_pb_row][et_pb_row _builder_version=\u00a0\u00bb4.21.0&Prime; _module_preset=\u00a0\u00bbdefault\u00a0\u00bb global_colors_info=\u00a0\u00bb{}\u00a0\u00bb][et_pb_column type=\u00a0\u00bb4_4&Prime; _builder_version=\u00a0\u00bb4.21.0&Prime; _module_preset=\u00a0\u00bbdefault\u00a0\u00bb global_colors_info=\u00a0\u00bb{}\u00a0\u00bb][et_pb_divider _builder_version=\u00a0\u00bb4.21.0&Prime; _module_preset=\u00a0\u00bbdefault\u00a0\u00bb custom_padding=\u00a0\u00bb||0px|||\u00a0\u00bb global_colors_info=\u00a0\u00bb{}\u00a0\u00bb][\/et_pb_divider][\/et_pb_column][\/et_pb_row][et_pb_row _builder_version=\u00a0\u00bb4.21.0&Prime; _module_preset=\u00a0\u00bbdefault\u00a0\u00bb min_height=\u00a0\u00bb31px\u00a0\u00bb custom_padding=\u00a0\u00bb||0px|||\u00a0\u00bb global_colors_info=\u00a0\u00bb{}\u00a0\u00bb][et_pb_column type=\u00a0\u00bb4_4&Prime; _builder_version=\u00a0\u00bb4.21.0&Prime; _module_preset=\u00a0\u00bbdefault\u00a0\u00bb global_colors_info=\u00a0\u00bb{}\u00a0\u00bb][et_pb_text _builder_version=\u00a0\u00bb4.27.4&Prime; _module_preset=\u00a0\u00bbdefault\u00a0\u00bb text_font=\u00a0\u00bb|||on|||||\u00a0\u00bb text_text_color=\u00a0\u00bb#000000&Prime; text_font_size=\u00a0\u00bb24px\u00a0\u00bb custom_margin=\u00a0\u00bb-70px|||||\u00a0\u00bb custom_padding=\u00a0\u00bb||4px|||\u00a0\u00bb animation_style=\u00a0\u00bbflip\u00a0\u00bb animation_duration=\u00a0\u00bb1350ms\u00a0\u00bb animation_repeat=\u00a0\u00bbloop\u00a0\u00bb global_colors_info=\u00a0\u00bb{}\u00a0\u00bb]<\/p>\n<p><strong>\u00c7a s\u2019est pass\u00e9 aux Grands Moulins<\/strong><\/p>\n<p>[\/et_pb_text][\/et_pb_column][\/et_pb_row][et_pb_row column_structure=\u00a0\u00bb1_4,1_4,1_2&Prime; _builder_version=\u00a0\u00bb4.27.6&Prime; _module_preset=\u00a0\u00bbdefault\u00a0\u00bb hover_enabled=\u00a0\u00bb0&Prime; global_colors_info=\u00a0\u00bb{}\u00a0\u00bb filter_saturate=\u00a0\u00bb0%\u00a0\u00bb sticky_enabled=\u00a0\u00bb0&Prime;][et_pb_column type=\u00a0\u00bb1_4&Prime; _builder_version=\u00a0\u00bb4.16&Prime; _module_preset=\u00a0\u00bbdefault\u00a0\u00bb global_colors_info=\u00a0\u00bb{}\u00a0\u00bb][et_pb_blurb title=\u00a0\u00bb10&Prime; _builder_version=\u00a0\u00bb4.27.6&Prime; _module_preset=\u00a0\u00bbdab8ae77-843d-4934-a7b3-8e57f832b52c\u00a0\u00bb header_font=\u00a0\u00bbDM Sans|700|||||||\u00a0\u00bb header_text_color=\u00a0\u00bb#0F393B\u00a0\u00bb header_font_size=\u00a0\u00bb56px\u00a0\u00bb body_font=\u00a0\u00bbDM Sans|700||on|||||\u00a0\u00bb body_text_color=\u00a0\u00bb#EF8451&Prime; body_letter_spacing=\u00a0\u00bb1px\u00a0\u00bb background_color=\u00a0\u00bb#FFFFFF\u00a0\u00bb text_orientation=\u00a0\u00bbcenter\u00a0\u00bb custom_padding=\u00a0\u00bb40px|20px|40px|20px|true|true\u00a0\u00bb border_radii=\u00a0\u00bbon|20px|20px|20px|20px\u00a0\u00bb global_colors_info=\u00a0\u00bb{}\u00a0\u00bb]<\/p>\n<p><strong>Avril<\/strong><br \/>2026<\/p>\n<p>[\/et_pb_blurb][et_pb_blurb title=\u00a0\u00bb18h\u00a0\u00bb _builder_version=\u00a0\u00bb4.27.6&Prime; _module_preset=\u00a0\u00bbdab8ae77-843d-4934-a7b3-8e57f832b52c\u00a0\u00bb header_font=\u00a0\u00bbDM Sans|700|||||||\u00a0\u00bb header_text_color=\u00a0\u00bb#0F393B\u00a0\u00bb header_font_size=\u00a0\u00bb40px\u00a0\u00bb body_font=\u00a0\u00bbDM Sans|700||on|||||\u00a0\u00bb body_text_color=\u00a0\u00bb#EF8451&Prime; body_letter_spacing=\u00a0\u00bb1px\u00a0\u00bb background_color=\u00a0\u00bb#FFFFFF\u00a0\u00bb text_orientation=\u00a0\u00bbcenter\u00a0\u00bb custom_padding=\u00a0\u00bb40px|20px|40px|20px|true|true\u00a0\u00bb border_radii=\u00a0\u00bbon|20px|20px|20px|20px\u00a0\u00bb global_colors_info=\u00a0\u00bb{}\u00a0\u00bb][\/et_pb_blurb][\/et_pb_column][et_pb_column type=\u00a0\u00bb1_4&Prime; _builder_version=\u00a0\u00bb4.16&Prime; _module_preset=\u00a0\u00bbdefault\u00a0\u00bb global_colors_info=\u00a0\u00bb{}\u00a0\u00bb][et_pb_image src=\u00a0\u00bbhttps:\/\/www.les-grands-moulins.fr\/V4\/wp-content\/uploads\/2026\/03\/soiree-jmp-jouons-mangeons-partageons_gracay_10avril2026.jpg\u00a0\u00bb title_text=\u00a0\u00bbsoir\u00e9e-jmp-jouons-mangeons-partageons_gracay_10avril2026&Prime; show_in_lightbox=\u00a0\u00bbon\u00a0\u00bb _builder_version=\u00a0\u00bb4.27.6&Prime; _module_preset=\u00a0\u00bbdefault\u00a0\u00bb min_height=\u00a0\u00bb336.2px\u00a0\u00bb custom_padding=\u00a0\u00bb|0px||||\u00a0\u00bb locked=\u00a0\u00bboff\u00a0\u00bb global_colors_info=\u00a0\u00bb{}\u00a0\u00bb][\/et_pb_image][\/et_pb_column][et_pb_column type=\u00a0\u00bb1_2&Prime; _builder_version=\u00a0\u00bb4.16&Prime; _module_preset=\u00a0\u00bbdefault\u00a0\u00bb global_colors_info=\u00a0\u00bb{}\u00a0\u00bb][et_pb_text _builder_version=\u00a0\u00bb4.21.0&Prime; _module_preset=\u00a0\u00bb03ed4834-a81a-41ec-bfd6-98a6a9949751&Prime; header_font=\u00a0\u00bb||||||||\u00a0\u00bb header_3_font=\u00a0\u00bbDM Sans||||||||\u00a0\u00bb header_3_text_color=\u00a0\u00bb#093532&Prime; header_3_font_size=\u00a0\u00bb36px\u00a0\u00bb header_3_letter_spacing=\u00a0\u00bb-0.02em\u00a0\u00bb header_3_line_height=\u00a0\u00bb1.2em\u00a0\u00bb custom_margin=\u00a0\u00bb||10px||false|false\u00a0\u00bb header_3_font_size_tablet=\u00a0\u00bb20px\u00a0\u00bb header_3_font_size_phone=\u00a0\u00bb16px\u00a0\u00bb header_3_font_size_last_edited=\u00a0\u00bbon|phone\u00a0\u00bb locked=\u00a0\u00bboff\u00a0\u00bb global_colors_info=\u00a0\u00bb{}\u00a0\u00bb]<\/p>\n<h3><strong>Soir\u00e9e \u00ab\u00a0Jouons, mangeons, partageons\u00a0\u00bb<br \/><\/strong><\/h3>\n<p>[\/et_pb_text][et_pb_text _builder_version=\u00a0\u00bb4.27.6&Prime; _module_preset=\u00a0\u00bb41d5859c-fbaa-458a-88e4-5d886857f235&Prime; text_font=\u00a0\u00bb||||||||\u00a0\u00bb text_text_color=\u00a0\u00bb#0F393B\u00a0\u00bb text_font_size=\u00a0\u00bb18px\u00a0\u00bb text_line_height=\u00a0\u00bb1.8em\u00a0\u00bb custom_margin=\u00a0\u00bb|-10px||||\u00a0\u00bb custom_padding=\u00a0\u00bb|2px|0px|||\u00a0\u00bb text_font_size_tablet=\u00a0\u00bb16px\u00a0\u00bb text_font_size_phone=\u00a0\u00bb14px\u00a0\u00bb text_font_size_last_edited=\u00a0\u00bbon|phone\u00a0\u00bb locked=\u00a0\u00bboff\u00a0\u00bb global_colors_info=\u00a0\u00bb{}\u00a0\u00bb]Vous en avez assez de vos \u00e9crans ? Vous r\u00eavez de passer un moment agr\u00e9able en bonne compagnie ? La soir\u00e9e JMP (Jouons-Mangeons-Partageons) est faite pour vous !. Une soir\u00e9e 100 % gratuite d\u00e9di\u00e9e \u00e0 la d\u00e9tente, aux jeux et \u00e0 la convivialit\u00e9.<\/p>\n<p>Que vous soyez un joueur inv\u00e9t\u00e9r\u00e9 ou un novice, seul(e) ou en famille, tout le monde trouvera sa place.<\/p>\n<p>Date : vendredi 10 avril \u00e0 partir de 18h<br \/>\nLieu : Les Grands Moulins &#8211; B\u00e2timent n\u00b01 . (Acc\u00e8s et parking cot\u00e9 pharmacie)<br \/>\nParking: place Jean Chaudron (c\u00f4t\u00e9 pharmacie).<br \/>\nPlus d\u2019informations au 02 48 51 29 96.[\/et_pb_text][\/et_pb_column][\/et_pb_row][et_pb_row column_structure=\u00a0\u00bb1_4,1_4,1_2&Prime; _builder_version=\u00a0\u00bb4.27.6&Prime; _module_preset=\u00a0\u00bbdefault\u00a0\u00bb hover_enabled=\u00a0\u00bb0&Prime; global_colors_info=\u00a0\u00bb{}\u00a0\u00bb filter_saturate=\u00a0\u00bb0%\u00a0\u00bb sticky_enabled=\u00a0\u00bb0&Prime;][et_pb_column type=\u00a0\u00bb1_4&Prime; _builder_version=\u00a0\u00bb4.16&Prime; _module_preset=\u00a0\u00bbdefault\u00a0\u00bb global_colors_info=\u00a0\u00bb{}\u00a0\u00bb][et_pb_blurb title=\u00a0\u00bb8&Prime; _builder_version=\u00a0\u00bb4.27.6&Prime; _module_preset=\u00a0\u00bbdab8ae77-843d-4934-a7b3-8e57f832b52c\u00a0\u00bb header_font=\u00a0\u00bbDM Sans|700|||||||\u00a0\u00bb header_text_color=\u00a0\u00bb#0F393B\u00a0\u00bb header_font_size=\u00a0\u00bb56px\u00a0\u00bb body_font=\u00a0\u00bbDM Sans|700||on|||||\u00a0\u00bb body_text_color=\u00a0\u00bb#EF8451&Prime; body_letter_spacing=\u00a0\u00bb1px\u00a0\u00bb background_color=\u00a0\u00bb#FFFFFF\u00a0\u00bb text_orientation=\u00a0\u00bbcenter\u00a0\u00bb custom_padding=\u00a0\u00bb40px|20px|40px|20px|true|true\u00a0\u00bb border_radii=\u00a0\u00bbon|20px|20px|20px|20px\u00a0\u00bb global_colors_info=\u00a0\u00bb{}\u00a0\u00bb]<\/p>\n<p><strong>Avril<\/strong><br \/>2026<\/p>\n<p>[\/et_pb_blurb][et_pb_blurb title=\u00a0\u00bb14h-16h\u00a0\u00bb _builder_version=\u00a0\u00bb4.27.6&Prime; _module_preset=\u00a0\u00bbdab8ae77-843d-4934-a7b3-8e57f832b52c\u00a0\u00bb header_font=\u00a0\u00bbDM Sans|700|||||||\u00a0\u00bb header_text_color=\u00a0\u00bb#0F393B\u00a0\u00bb header_font_size=\u00a0\u00bb36px\u00a0\u00bb body_font=\u00a0\u00bbDM Sans|700||on|||||\u00a0\u00bb body_text_color=\u00a0\u00bb#EF8451&Prime; body_letter_spacing=\u00a0\u00bb1px\u00a0\u00bb background_color=\u00a0\u00bb#FFFFFF\u00a0\u00bb text_orientation=\u00a0\u00bbcenter\u00a0\u00bb width=\u00a0\u00bb100%\u00a0\u00bb custom_padding=\u00a0\u00bb40px|20px|40px|20px|true|true\u00a0\u00bb border_radii=\u00a0\u00bbon|20px|20px|20px|20px\u00a0\u00bb global_colors_info=\u00a0\u00bb{}\u00a0\u00bb][\/et_pb_blurb][\/et_pb_column][et_pb_column type=\u00a0\u00bb1_4&Prime; _builder_version=\u00a0\u00bb4.16&Prime; _module_preset=\u00a0\u00bbdefault\u00a0\u00bb global_colors_info=\u00a0\u00bb{}\u00a0\u00bb][et_pb_image src=\u00a0\u00bbhttps:\/\/www.les-grands-moulins.fr\/V4\/wp-content\/uploads\/2026\/03\/atelier-reflexologie-les-petits-gestes-qui-comptent_8avr2026_.jpg\u00a0\u00bb title_text=\u00a0\u00bbatelier-reflexologie-les-petits-gestes-qui-comptent_8avr2026_\u00a0\u00bb show_in_lightbox=\u00a0\u00bbon\u00a0\u00bb _builder_version=\u00a0\u00bb4.27.6&Prime; _module_preset=\u00a0\u00bbdefault\u00a0\u00bb min_height=\u00a0\u00bb336.2px\u00a0\u00bb custom_padding=\u00a0\u00bb|0px||||\u00a0\u00bb locked=\u00a0\u00bboff\u00a0\u00bb global_colors_info=\u00a0\u00bb{}\u00a0\u00bb][\/et_pb_image][\/et_pb_column][et_pb_column type=\u00a0\u00bb1_2&Prime; _builder_version=\u00a0\u00bb4.16&Prime; _module_preset=\u00a0\u00bbdefault\u00a0\u00bb global_colors_info=\u00a0\u00bb{}\u00a0\u00bb][et_pb_text _builder_version=\u00a0\u00bb4.27.6&Prime; _module_preset=\u00a0\u00bb03ed4834-a81a-41ec-bfd6-98a6a9949751&Prime; header_font=\u00a0\u00bb||||||||\u00a0\u00bb header_3_font=\u00a0\u00bbDM Sans||||||||\u00a0\u00bb header_3_text_color=\u00a0\u00bb#093532&Prime; header_3_font_size=\u00a0\u00bb36px\u00a0\u00bb header_3_letter_spacing=\u00a0\u00bb-0.02em\u00a0\u00bb header_3_line_height=\u00a0\u00bb1.2em\u00a0\u00bb custom_margin=\u00a0\u00bb||10px||false|false\u00a0\u00bb header_3_font_size_tablet=\u00a0\u00bb20px\u00a0\u00bb header_3_font_size_phone=\u00a0\u00bb16px\u00a0\u00bb header_3_font_size_last_edited=\u00a0\u00bbon|phone\u00a0\u00bb locked=\u00a0\u00bboff\u00a0\u00bb global_colors_info=\u00a0\u00bb{}\u00a0\u00bb]<\/p>\n<h3><strong><span class=\"x193iq5w xeuugli x13faqbe x1vvkbs x1xmvt09 x1lliihq x1s928wv xhkezso x1gmr53x x1cpjm7i x1fgarty x1943h6x xudqn12 x3x7a5m x6prxxf xvq8zen xo1l8bm xzsf02u x1yc453h\" dir=\"auto\">Atelier autonomie et bien-\u00eatre I : Les petits gestes qui soulagent<\/span><\/strong><strong><\/strong><\/h3>\n<p>[\/et_pb_text][et_pb_text _builder_version=\u00a0\u00bb4.27.6&Prime; _module_preset=\u00a0\u00bb41d5859c-fbaa-458a-88e4-5d886857f235&Prime; text_font=\u00a0\u00bb||||||||\u00a0\u00bb text_text_color=\u00a0\u00bb#0F393B\u00a0\u00bb text_font_size=\u00a0\u00bb18px\u00a0\u00bb text_line_height=\u00a0\u00bb1.8em\u00a0\u00bb custom_margin=\u00a0\u00bb|-10px||||\u00a0\u00bb custom_padding=\u00a0\u00bb|2px|0px|||\u00a0\u00bb text_font_size_tablet=\u00a0\u00bb16px\u00a0\u00bb text_font_size_phone=\u00a0\u00bb14px\u00a0\u00bb text_font_size_last_edited=\u00a0\u00bbon|phone\u00a0\u00bb locked=\u00a0\u00bboff\u00a0\u00bb global_colors_info=\u00a0\u00bb{}\u00a0\u00bb]<\/p>\n<p>Vous souhaitez d\u00e9couvrir les bienfaits de l&rsquo;auto-massage ? Un atelier convivial vous est propos\u00e9 pour apprendre les petits gestes simples qui soulagent et d\u00e9tendent.<\/p>\n<p>Cet atelier pratique vous permettra de ma\u00eetriser des techniques accessibles : auto-massage des mains, d\u00e9couverte des points de d\u00e9tente, massage des pieds et techniques simples de rel\u00e2chement. Autant de m\u00e9thodes douces pour prendre soin de votre bien-\u00eatre au quotidien.<\/p>\n<p>Informations pratiques :<br \/>* Date : Mercredi 8 avril<br \/>* Horaire : 14h \u00e0 16h<br \/>* Lieu : Salle d&rsquo;activit\u00e9, B\u00e2timent n\u00b02 aux Grands Moulins<\/p>\n<p><strong><span style=\"text-decoration: underline;\">Modalit\u00e9s d&rsquo;inscription :<\/span><\/strong><br \/>* L&rsquo;inscription est obligatoire au : 06 34 64 02 92<br \/>* Compte tenu du nombre limit\u00e9 de participants, les inscriptions seront retenues selon l\u2019ordre d\u2019arriv\u00e9e.<\/p>\n<p>[\/et_pb_text][\/et_pb_column][\/et_pb_row][et_pb_row column_structure=\u00a0\u00bb1_4,1_4,1_2&Prime; _builder_version=\u00a0\u00bb4.27.6&Prime; _module_preset=\u00a0\u00bbdefault\u00a0\u00bb filter_saturate=\u00a0\u00bb0%\u00a0\u00bb global_colors_info=\u00a0\u00bb{}\u00a0\u00bb][et_pb_column type=\u00a0\u00bb1_4&Prime; _builder_version=\u00a0\u00bb4.16&Prime; _module_preset=\u00a0\u00bbdefault\u00a0\u00bb global_colors_info=\u00a0\u00bb{}\u00a0\u00bb][et_pb_blurb title=\u00a0\u00bb4&Prime; _builder_version=\u00a0\u00bb4.27.5&Prime; _module_preset=\u00a0\u00bbdab8ae77-843d-4934-a7b3-8e57f832b52c\u00a0\u00bb header_font=\u00a0\u00bbDM Sans|700|||||||\u00a0\u00bb header_text_color=\u00a0\u00bb#0F393B\u00a0\u00bb header_font_size=\u00a0\u00bb56px\u00a0\u00bb body_font=\u00a0\u00bbDM Sans|700||on|||||\u00a0\u00bb body_text_color=\u00a0\u00bb#EF8451&Prime; body_letter_spacing=\u00a0\u00bb1px\u00a0\u00bb background_color=\u00a0\u00bb#FFFFFF\u00a0\u00bb text_orientation=\u00a0\u00bbcenter\u00a0\u00bb custom_padding=\u00a0\u00bb40px|20px|40px|20px|true|true\u00a0\u00bb border_radii=\u00a0\u00bbon|20px|20px|20px|20px\u00a0\u00bb global_colors_info=\u00a0\u00bb{}\u00a0\u00bb]<\/p>\n<p><strong>Mars<\/strong><br \/>2026<\/p>\n<p>[\/et_pb_blurb][et_pb_blurb title=\u00a0\u00bb9h\u00a0\u00bb _builder_version=\u00a0\u00bb4.27.4&Prime; _module_preset=\u00a0\u00bbdab8ae77-843d-4934-a7b3-8e57f832b52c\u00a0\u00bb header_font=\u00a0\u00bbDM Sans|700|||||||\u00a0\u00bb header_text_color=\u00a0\u00bb#0F393B\u00a0\u00bb header_font_size=\u00a0\u00bb40px\u00a0\u00bb body_font=\u00a0\u00bbDM Sans|700||on|||||\u00a0\u00bb body_text_color=\u00a0\u00bb#EF8451&Prime; body_letter_spacing=\u00a0\u00bb1px\u00a0\u00bb background_color=\u00a0\u00bb#FFFFFF\u00a0\u00bb text_orientation=\u00a0\u00bbcenter\u00a0\u00bb custom_padding=\u00a0\u00bb40px|20px|40px|20px|true|true\u00a0\u00bb border_radii=\u00a0\u00bbon|20px|20px|20px|20px\u00a0\u00bb global_colors_info=\u00a0\u00bb{}\u00a0\u00bb][\/et_pb_blurb][\/et_pb_column][et_pb_column type=\u00a0\u00bb1_4&Prime; _builder_version=\u00a0\u00bb4.16&Prime; _module_preset=\u00a0\u00bbdefault\u00a0\u00bb global_colors_info=\u00a0\u00bb{}\u00a0\u00bb][et_pb_image src=\u00a0\u00bbhttps:\/\/www.les-grands-moulins.fr\/V4\/wp-content\/uploads\/2026\/03\/ATELIER-CUISINE-4-mars.jpg\u00a0\u00bb title_text=\u00a0\u00bbATELIER CUISINE 4 mars\u00a0\u00bb show_in_lightbox=\u00a0\u00bbon\u00a0\u00bb _builder_version=\u00a0\u00bb4.27.6&Prime; _module_preset=\u00a0\u00bbdefault\u00a0\u00bb min_height=\u00a0\u00bb336.2px\u00a0\u00bb custom_padding=\u00a0\u00bb|0px||||\u00a0\u00bb locked=\u00a0\u00bboff\u00a0\u00bb global_colors_info=\u00a0\u00bb{}\u00a0\u00bb][\/et_pb_image][\/et_pb_column][et_pb_column type=\u00a0\u00bb1_2&Prime; _builder_version=\u00a0\u00bb4.16&Prime; _module_preset=\u00a0\u00bbdefault\u00a0\u00bb global_colors_info=\u00a0\u00bb{}\u00a0\u00bb][et_pb_text _builder_version=\u00a0\u00bb4.27.6&Prime; _module_preset=\u00a0\u00bb03ed4834-a81a-41ec-bfd6-98a6a9949751&Prime; header_font=\u00a0\u00bb||||||||\u00a0\u00bb header_3_font=\u00a0\u00bbDM Sans||||||||\u00a0\u00bb header_3_text_color=\u00a0\u00bb#093532&Prime; header_3_font_size=\u00a0\u00bb36px\u00a0\u00bb header_3_letter_spacing=\u00a0\u00bb-0.02em\u00a0\u00bb header_3_line_height=\u00a0\u00bb1.2em\u00a0\u00bb custom_margin=\u00a0\u00bb||10px||false|false\u00a0\u00bb header_3_font_size_tablet=\u00a0\u00bb20px\u00a0\u00bb header_3_font_size_phone=\u00a0\u00bb16px\u00a0\u00bb header_3_font_size_last_edited=\u00a0\u00bbon|phone\u00a0\u00bb locked=\u00a0\u00bboff\u00a0\u00bb global_colors_info=\u00a0\u00bb{}\u00a0\u00bb]<\/p>\n<h3><strong>Atelier cuisine : Sur la route des \u00e9pices !<\/strong><strong><\/strong><\/h3>\n<p>[\/et_pb_text][et_pb_text _builder_version=\u00a0\u00bb4.27.4&Prime; _module_preset=\u00a0\u00bb41d5859c-fbaa-458a-88e4-5d886857f235&Prime; text_font=\u00a0\u00bb||||||||\u00a0\u00bb text_text_color=\u00a0\u00bb#0F393B\u00a0\u00bb text_font_size=\u00a0\u00bb18px\u00a0\u00bb text_line_height=\u00a0\u00bb1.8em\u00a0\u00bb custom_margin=\u00a0\u00bb|-10px||||\u00a0\u00bb custom_padding=\u00a0\u00bb|2px|0px|||\u00a0\u00bb text_font_size_tablet=\u00a0\u00bb16px\u00a0\u00bb text_font_size_phone=\u00a0\u00bb14px\u00a0\u00bb text_font_size_last_edited=\u00a0\u00bbon|phone\u00a0\u00bb locked=\u00a0\u00bboff\u00a0\u00bb global_colors_info=\u00a0\u00bb{}\u00a0\u00bb]<\/p>\n<div dir=\"auto\">ATELIER CUISINE <span class=\"html-span xexx8yu x4uap5 x18d9i69 xkhd6sd x1hl2dhg x16tdsg8 x1vvkbs x3nfvp2 x1j61x8r x1fcty0u xdj266r xat24cr xgzva0m xhhsvwb xxymvpz xlup9mm x1kky2od\"><img loading=\"lazy\" decoding=\"async\" height=\"16\" width=\"16\" alt=\"\ud83c\udf72\" class=\"xz74otr x168nmei x13lgxp2 x5pf9jr xo71vjh\" referrerpolicy=\"origin-when-cross-origin\" src=\"https:\/\/static.xx.fbcdn.net\/images\/emoji.php\/v9\/t66\/1\/16\/1f372.png\" \/><\/span><\/div>\n<div dir=\"auto\">Sur la route des \u00e9pices !<\/div>\n<div dir=\"auto\">&#8211; Pr\u00e9paration d&rsquo;un curry indien \u00e0 la fa\u00e7on traditionnelle.<\/div>\n<div dir=\"auto\"><\/div>\n<div dir=\"auto\">Mercredi 4 mars 2026 \u00e0 partir de 9h, au r\u00e9fectoire des Grands Moulins.<\/div>\n<div dir=\"auto\">Sur inscription au : 06 34 64 02 92<\/div>\n<div dir=\"auto\">Places limit\u00e9es<\/div>\n<div dir=\"auto\">Gratuit et ouvert \u00e0 tous<\/div>\n<p>Cet atelier se terminera par une d\u00e9gustation et un moment convivial.<\/p>\n<p>&#8212;-<\/p>\n<p>[\/et_pb_text][\/et_pb_column][\/et_pb_row][et_pb_row column_structure=\u00a0\u00bb1_4,1_4,1_2&Prime; _builder_version=\u00a0\u00bb4.27.5&Prime; _module_preset=\u00a0\u00bbdefault\u00a0\u00bb filter_saturate=\u00a0\u00bb0%\u00a0\u00bb global_colors_info=\u00a0\u00bb{}\u00a0\u00bb][et_pb_column type=\u00a0\u00bb1_4&Prime; _builder_version=\u00a0\u00bb4.16&Prime; _module_preset=\u00a0\u00bbdefault\u00a0\u00bb global_colors_info=\u00a0\u00bb{}\u00a0\u00bb][et_pb_blurb title=\u00a0\u00bb7 &#038; 22&Prime; _builder_version=\u00a0\u00bb4.27.5&Prime; _module_preset=\u00a0\u00bbdab8ae77-843d-4934-a7b3-8e57f832b52c\u00a0\u00bb header_font=\u00a0\u00bbDM Sans|700|||||||\u00a0\u00bb header_text_color=\u00a0\u00bb#0F393B\u00a0\u00bb header_font_size=\u00a0\u00bb56px\u00a0\u00bb body_font=\u00a0\u00bbDM Sans|700||on|||||\u00a0\u00bb body_text_color=\u00a0\u00bb#EF8451&Prime; body_letter_spacing=\u00a0\u00bb1px\u00a0\u00bb background_color=\u00a0\u00bb#FFFFFF\u00a0\u00bb text_orientation=\u00a0\u00bbcenter\u00a0\u00bb custom_padding=\u00a0\u00bb40px|20px|40px|20px|true|true\u00a0\u00bb border_radii=\u00a0\u00bbon|20px|20px|20px|20px\u00a0\u00bb global_colors_info=\u00a0\u00bb{}\u00a0\u00bb]<\/p>\n<p><strong>F\u00e9vrier<\/strong><br \/>2026<\/p>\n<p>[\/et_pb_blurb][et_pb_blurb title=\u00a0\u00bb9h\u00a0\u00bb _builder_version=\u00a0\u00bb4.27.4&Prime; _module_preset=\u00a0\u00bbdab8ae77-843d-4934-a7b3-8e57f832b52c\u00a0\u00bb header_font=\u00a0\u00bbDM Sans|700|||||||\u00a0\u00bb header_text_color=\u00a0\u00bb#0F393B\u00a0\u00bb header_font_size=\u00a0\u00bb40px\u00a0\u00bb body_font=\u00a0\u00bbDM Sans|700||on|||||\u00a0\u00bb body_text_color=\u00a0\u00bb#EF8451&Prime; body_letter_spacing=\u00a0\u00bb1px\u00a0\u00bb background_color=\u00a0\u00bb#FFFFFF\u00a0\u00bb text_orientation=\u00a0\u00bbcenter\u00a0\u00bb custom_padding=\u00a0\u00bb40px|20px|40px|20px|true|true\u00a0\u00bb border_radii=\u00a0\u00bbon|20px|20px|20px|20px\u00a0\u00bb global_colors_info=\u00a0\u00bb{}\u00a0\u00bb][\/et_pb_blurb][\/et_pb_column][et_pb_column type=\u00a0\u00bb1_4&Prime; _builder_version=\u00a0\u00bb4.16&Prime; _module_preset=\u00a0\u00bbdefault\u00a0\u00bb global_colors_info=\u00a0\u00bb{}\u00a0\u00bb][et_pb_image src=\u00a0\u00bbhttps:\/\/www.les-grands-moulins.fr\/V4\/wp-content\/uploads\/2026\/02\/matinee-citoyenne-gracay-2026.jpg\u00a0\u00bb title_text=\u00a0\u00bbmatin\u00e9e-citoyenne-gracay-2026&Prime; show_in_lightbox=\u00a0\u00bbon\u00a0\u00bb _builder_version=\u00a0\u00bb4.27.5&Prime; _module_preset=\u00a0\u00bbdefault\u00a0\u00bb min_height=\u00a0\u00bb336.2px\u00a0\u00bb custom_padding=\u00a0\u00bb|0px||||\u00a0\u00bb locked=\u00a0\u00bboff\u00a0\u00bb global_colors_info=\u00a0\u00bb{}\u00a0\u00bb][\/et_pb_image][\/et_pb_column][et_pb_column type=\u00a0\u00bb1_2&Prime; _builder_version=\u00a0\u00bb4.16&Prime; _module_preset=\u00a0\u00bbdefault\u00a0\u00bb global_colors_info=\u00a0\u00bb{}\u00a0\u00bb][et_pb_text _builder_version=\u00a0\u00bb4.21.0&Prime; _module_preset=\u00a0\u00bb03ed4834-a81a-41ec-bfd6-98a6a9949751&Prime; header_font=\u00a0\u00bb||||||||\u00a0\u00bb header_3_font=\u00a0\u00bbDM Sans||||||||\u00a0\u00bb header_3_text_color=\u00a0\u00bb#093532&Prime; header_3_font_size=\u00a0\u00bb36px\u00a0\u00bb header_3_letter_spacing=\u00a0\u00bb-0.02em\u00a0\u00bb header_3_line_height=\u00a0\u00bb1.2em\u00a0\u00bb custom_margin=\u00a0\u00bb||10px||false|false\u00a0\u00bb header_3_font_size_tablet=\u00a0\u00bb20px\u00a0\u00bb header_3_font_size_phone=\u00a0\u00bb16px\u00a0\u00bb header_3_font_size_last_edited=\u00a0\u00bbon|phone\u00a0\u00bb locked=\u00a0\u00bboff\u00a0\u00bb global_colors_info=\u00a0\u00bb{}\u00a0\u00bb]<\/p>\n<h3><strong>Matin\u00e9e citoyenne<br \/><\/strong><\/h3>\n<p>[\/et_pb_text][et_pb_text _builder_version=\u00a0\u00bb4.27.4&Prime; _module_preset=\u00a0\u00bb41d5859c-fbaa-458a-88e4-5d886857f235&Prime; text_font=\u00a0\u00bb||||||||\u00a0\u00bb text_text_color=\u00a0\u00bb#0F393B\u00a0\u00bb text_font_size=\u00a0\u00bb18px\u00a0\u00bb text_line_height=\u00a0\u00bb1.8em\u00a0\u00bb custom_margin=\u00a0\u00bb|-10px||||\u00a0\u00bb custom_padding=\u00a0\u00bb|2px|0px|||\u00a0\u00bb text_font_size_tablet=\u00a0\u00bb16px\u00a0\u00bb text_font_size_phone=\u00a0\u00bb14px\u00a0\u00bb text_font_size_last_edited=\u00a0\u00bbon|phone\u00a0\u00bb locked=\u00a0\u00bboff\u00a0\u00bb global_colors_info=\u00a0\u00bb{}\u00a0\u00bb]<\/p>\n<p>Participez en famille, entre amis ou coll\u00e8gues \u00e0 <span class=\"x193iq5w xeuugli x13faqbe x1vvkbs x1xmvt09 x1lliihq x1s928wv xhkezso x1gmr53x x1cpjm7i x1fgarty x1943h6x xudqn12 x3x7a5m x6prxxf xvq8zen xo1l8bm xzsf02u x1yc453h\" dir=\"auto\">plantations d&rsquo;une haie arbustive.<\/span><\/p>\n<p>L&rsquo;objectif de cette action est de permettre aux habitants de s\u2019approprier leur cadre de vie, favoriser l\u2019\u00e9change, le partage d\u2019exp\u00e9rience et la participation de chacun.<br \/>Chaque habitant, du plus petit au plus grand, est le bienvenu et peut apporter sa contribution \u00e0 cette journ\u00e9e.<\/p>\n<p>&nbsp;<\/p>\n<p>&#8212;-<\/p>\n<p>[\/et_pb_text][et_pb_button url_new_window=\u00a0\u00bbon\u00a0\u00bb button_text=\u00a0\u00bb+ D\u00e9tails\u00a0\u00bb _builder_version=\u00a0\u00bb4.27.5&Prime; _module_preset=\u00a0\u00bb6414ef9f-e386-4555-a7b7-4544a239078b\u00a0\u00bb custom_button=\u00a0\u00bbon\u00a0\u00bb button_text_size=\u00a0\u00bb14px\u00a0\u00bb button_text_color=\u00a0\u00bb#ef8451&Prime; button_border_width=\u00a0\u00bb1px\u00a0\u00bb button_border_color=\u00a0\u00bb#ef8451&Prime; button_border_radius=\u00a0\u00bb37px\u00a0\u00bb button_letter_spacing=\u00a0\u00bb1px\u00a0\u00bb button_font=\u00a0\u00bbDM Sans|700||on|||||\u00a0\u00bb custom_padding=\u00a0\u00bb15px|24px|12px|24px|false|true\u00a0\u00bb locked=\u00a0\u00bboff\u00a0\u00bb global_colors_info=\u00a0\u00bb{}\u00a0\u00bb button_text_color__hover_enabled=\u00a0\u00bbon|hover\u00a0\u00bb button_text_color__hover=\u00a0\u00bb#FFFFFF\u00a0\u00bb button_bg_color__hover_enabled=\u00a0\u00bbon|hover\u00a0\u00bb button_bg_color__hover=\u00a0\u00bb#ef8451&Prime; button_bg_enable_color__hover=\u00a0\u00bbon\u00a0\u00bb][\/et_pb_button][\/et_pb_column][\/et_pb_row][et_pb_row column_structure=\u00a0\u00bb1_4,1_4,1_2&Prime; _builder_version=\u00a0\u00bb4.27.5&Prime; _module_preset=\u00a0\u00bbdefault\u00a0\u00bb filter_saturate=\u00a0\u00bb0%\u00a0\u00bb global_colors_info=\u00a0\u00bb{}\u00a0\u00bb][et_pb_column type=\u00a0\u00bb1_4&Prime; _builder_version=\u00a0\u00bb4.16&Prime; _module_preset=\u00a0\u00bbdefault\u00a0\u00bb global_colors_info=\u00a0\u00bb{}\u00a0\u00bb][et_pb_blurb title=\u00a0\u00bb13&Prime; _builder_version=\u00a0\u00bb4.27.5&Prime; _module_preset=\u00a0\u00bbdab8ae77-843d-4934-a7b3-8e57f832b52c\u00a0\u00bb header_font=\u00a0\u00bbDM Sans|700|||||||\u00a0\u00bb header_text_color=\u00a0\u00bb#0F393B\u00a0\u00bb header_font_size=\u00a0\u00bb56px\u00a0\u00bb body_font=\u00a0\u00bbDM Sans|700||on|||||\u00a0\u00bb body_text_color=\u00a0\u00bb#EF8451&Prime; body_letter_spacing=\u00a0\u00bb1px\u00a0\u00bb background_color=\u00a0\u00bb#FFFFFF\u00a0\u00bb text_orientation=\u00a0\u00bbcenter\u00a0\u00bb custom_padding=\u00a0\u00bb40px|20px|40px|20px|true|true\u00a0\u00bb border_radii=\u00a0\u00bbon|20px|20px|20px|20px\u00a0\u00bb global_colors_info=\u00a0\u00bb{}\u00a0\u00bb]<\/p>\n<p><strong>decembre<\/strong><br \/>2025<\/p>\n<p>[\/et_pb_blurb][et_pb_blurb title=\u00a0\u00bb10h-12h\u00a0\u00bb _builder_version=\u00a0\u00bb4.27.4&Prime; _module_preset=\u00a0\u00bbdab8ae77-843d-4934-a7b3-8e57f832b52c\u00a0\u00bb header_font=\u00a0\u00bbDM Sans|700|||||||\u00a0\u00bb header_text_color=\u00a0\u00bb#0F393B\u00a0\u00bb header_font_size=\u00a0\u00bb40px\u00a0\u00bb body_font=\u00a0\u00bbDM Sans|700||on|||||\u00a0\u00bb body_text_color=\u00a0\u00bb#EF8451&Prime; body_letter_spacing=\u00a0\u00bb1px\u00a0\u00bb background_color=\u00a0\u00bb#FFFFFF\u00a0\u00bb text_orientation=\u00a0\u00bbcenter\u00a0\u00bb custom_padding=\u00a0\u00bb40px|20px|40px|20px|true|true\u00a0\u00bb border_radii=\u00a0\u00bbon|20px|20px|20px|20px\u00a0\u00bb global_colors_info=\u00a0\u00bb{}\u00a0\u00bb][\/et_pb_blurb][\/et_pb_column][et_pb_column type=\u00a0\u00bb1_4&Prime; _builder_version=\u00a0\u00bb4.16&Prime; _module_preset=\u00a0\u00bbdefault\u00a0\u00bb global_colors_info=\u00a0\u00bb{}\u00a0\u00bb][et_pb_image src=\u00a0\u00bbhttps:\/\/www.les-grands-moulins.fr\/V4\/wp-content\/uploads\/2025\/12\/atelier-soudure-recyclerie-gracay_dec2025.jpg\u00a0\u00bb title_text=\u00a0\u00bbatelier-soudure-recyclerie-gracay_dec2025&Prime; show_in_lightbox=\u00a0\u00bbon\u00a0\u00bb _builder_version=\u00a0\u00bb4.27.5&Prime; _module_preset=\u00a0\u00bbdefault\u00a0\u00bb min_height=\u00a0\u00bb336.2px\u00a0\u00bb custom_padding=\u00a0\u00bb|0px||||\u00a0\u00bb locked=\u00a0\u00bboff\u00a0\u00bb global_colors_info=\u00a0\u00bb{}\u00a0\u00bb][\/et_pb_image][\/et_pb_column][et_pb_column type=\u00a0\u00bb1_2&Prime; _builder_version=\u00a0\u00bb4.16&Prime; _module_preset=\u00a0\u00bbdefault\u00a0\u00bb global_colors_info=\u00a0\u00bb{}\u00a0\u00bb][et_pb_text _builder_version=\u00a0\u00bb4.27.4&Prime; _module_preset=\u00a0\u00bb03ed4834-a81a-41ec-bfd6-98a6a9949751&Prime; header_font=\u00a0\u00bb||||||||\u00a0\u00bb header_3_font=\u00a0\u00bbDM Sans||||||||\u00a0\u00bb header_3_text_color=\u00a0\u00bb#093532&Prime; header_3_font_size=\u00a0\u00bb36px\u00a0\u00bb header_3_letter_spacing=\u00a0\u00bb-0.02em\u00a0\u00bb header_3_line_height=\u00a0\u00bb1.2em\u00a0\u00bb custom_margin=\u00a0\u00bb||10px||false|false\u00a0\u00bb header_3_font_size_tablet=\u00a0\u00bb20px\u00a0\u00bb header_3_font_size_phone=\u00a0\u00bb16px\u00a0\u00bb header_3_font_size_last_edited=\u00a0\u00bbon|phone\u00a0\u00bb locked=\u00a0\u00bboff\u00a0\u00bb global_colors_info=\u00a0\u00bb{}\u00a0\u00bb]<\/p>\n<h3><strong>Atelier Soudage \u00e0 l&rsquo;arc <span style=\"color: #808000;\">J5<\/span><\/strong><strong><\/strong><\/h3>\n<p>[\/et_pb_text][et_pb_text _builder_version=\u00a0\u00bb4.27.4&Prime; _module_preset=\u00a0\u00bb41d5859c-fbaa-458a-88e4-5d886857f235&Prime; text_font=\u00a0\u00bb||||||||\u00a0\u00bb text_text_color=\u00a0\u00bb#0F393B\u00a0\u00bb text_font_size=\u00a0\u00bb18px\u00a0\u00bb text_line_height=\u00a0\u00bb1.8em\u00a0\u00bb custom_margin=\u00a0\u00bb|-10px||||\u00a0\u00bb custom_padding=\u00a0\u00bb|2px|0px|||\u00a0\u00bb text_font_size_tablet=\u00a0\u00bb16px\u00a0\u00bb text_font_size_phone=\u00a0\u00bb14px\u00a0\u00bb text_font_size_last_edited=\u00a0\u00bbon|phone\u00a0\u00bb locked=\u00a0\u00bboff\u00a0\u00bb global_colors_info=\u00a0\u00bb{}\u00a0\u00bb]<\/p>\n<p>Un moment d&rsquo;initiation et de partage de connaissance entre habitants.<\/p>\n<p>Cet atelier permettra d\u2019acqu\u00e9rir les bases n\u00e9cessaires \u00e0 l\u2019utilisation d\u2019un poste de soudage pour d\u00e9velopper votre autonomie dans le travail manuel des m\u00e9taux.<\/p>\n<p>&#8211; Dates :<br \/><strong>* samedi 13 d\u00e9cembre (10h-12h)<\/strong><br \/>&#8211; Lieu : la recyclerie \u00ab\u00a0Espace Bricol&rsquo;Tout\u00a0\u00bb, place Jean Chaudron. (\u00e0 cot\u00e9 de la pharmacie)<br \/>&#8211; Inscription au 06 34 64 02 92 ou par e-mail : evs.gracay@ligue18.org<\/p>\n<p>&#8212;-<\/p>\n<p>[\/et_pb_text][et_pb_button button_url=\u00a0\u00bbhttps:\/\/www.les-grands-moulins.fr\/V4\/wp-content\/uploads\/2025\/11\/atelier-soudure-recyclerie-gracay_affichenov2025.jpg\u00a0\u00bb url_new_window=\u00a0\u00bbon\u00a0\u00bb button_text=\u00a0\u00bb+ D\u00e9tails\u00a0\u00bb _builder_version=\u00a0\u00bb4.27.4&Prime; _module_preset=\u00a0\u00bb6414ef9f-e386-4555-a7b7-4544a239078b\u00a0\u00bb custom_button=\u00a0\u00bbon\u00a0\u00bb button_text_size=\u00a0\u00bb14px\u00a0\u00bb button_text_color=\u00a0\u00bb#ef8451&Prime; button_border_width=\u00a0\u00bb1px\u00a0\u00bb button_border_color=\u00a0\u00bb#ef8451&Prime; button_border_radius=\u00a0\u00bb37px\u00a0\u00bb button_letter_spacing=\u00a0\u00bb1px\u00a0\u00bb button_font=\u00a0\u00bbDM Sans|700||on|||||\u00a0\u00bb custom_padding=\u00a0\u00bb15px|24px|12px|24px|false|true\u00a0\u00bb locked=\u00a0\u00bboff\u00a0\u00bb global_colors_info=\u00a0\u00bb{}\u00a0\u00bb button_text_color__hover_enabled=\u00a0\u00bbon|hover\u00a0\u00bb button_text_color__hover=\u00a0\u00bb#FFFFFF\u00a0\u00bb button_bg_color__hover_enabled=\u00a0\u00bbon|hover\u00a0\u00bb button_bg_color__hover=\u00a0\u00bb#ef8451&Prime; button_bg_enable_color__hover=\u00a0\u00bbon\u00a0\u00bb][\/et_pb_button][\/et_pb_column][\/et_pb_row][et_pb_row column_structure=\u00a0\u00bb1_4,1_4,1_2&Prime; _builder_version=\u00a0\u00bb4.27.4&Prime; _module_preset=\u00a0\u00bbdefault\u00a0\u00bb custom_margin=\u00a0\u00bb|auto|6px|auto||\u00a0\u00bb filter_saturate=\u00a0\u00bb0%\u00a0\u00bb global_colors_info=\u00a0\u00bb{}\u00a0\u00bb][et_pb_column type=\u00a0\u00bb1_4&Prime; _builder_version=\u00a0\u00bb4.16&Prime; _module_preset=\u00a0\u00bbdefault\u00a0\u00bb global_colors_info=\u00a0\u00bb{}\u00a0\u00bb][et_pb_blurb title=\u00a0\u00bb27-28&Prime; _builder_version=\u00a0\u00bb4.27.4&Prime; _module_preset=\u00a0\u00bbdab8ae77-843d-4934-a7b3-8e57f832b52c\u00a0\u00bb header_font=\u00a0\u00bbDM Sans|700|||||||\u00a0\u00bb header_text_color=\u00a0\u00bb#0F393B\u00a0\u00bb header_font_size=\u00a0\u00bb56px\u00a0\u00bb body_font=\u00a0\u00bbDM Sans|700||on|||||\u00a0\u00bb body_text_color=\u00a0\u00bb#EF8451&Prime; body_letter_spacing=\u00a0\u00bb1px\u00a0\u00bb background_color=\u00a0\u00bb#FFFFFF\u00a0\u00bb text_orientation=\u00a0\u00bbcenter\u00a0\u00bb custom_padding=\u00a0\u00bb40px|20px|40px|20px|true|true\u00a0\u00bb border_radii=\u00a0\u00bbon|20px|20px|20px|20px\u00a0\u00bb global_colors_info=\u00a0\u00bb{}\u00a0\u00bb]<\/p>\n<p><strong>Novembre<\/strong><br \/>2025<\/p>\n<p>[\/et_pb_blurb][\/et_pb_column][et_pb_column type=\u00a0\u00bb1_4&Prime; _builder_version=\u00a0\u00bb4.16&Prime; _module_preset=\u00a0\u00bbdefault\u00a0\u00bb global_colors_info=\u00a0\u00bb{}\u00a0\u00bb][et_pb_image src=\u00a0\u00bbhttps:\/\/www.les-grands-moulins.fr\/V4\/wp-content\/uploads\/2025\/11\/Rassemblement-Transiterre-Gracay-_-nov2025_1.jpg\u00a0\u00bb title_text=\u00a0\u00bbRassemblement Transiterre Gra\u00e7ay _ nov2025_1&Prime; show_in_lightbox=\u00a0\u00bbon\u00a0\u00bb _builder_version=\u00a0\u00bb4.27.5&Prime; _module_preset=\u00a0\u00bbdefault\u00a0\u00bb min_height=\u00a0\u00bb336.2px\u00a0\u00bb custom_padding=\u00a0\u00bb|0px||||\u00a0\u00bb locked=\u00a0\u00bboff\u00a0\u00bb global_colors_info=\u00a0\u00bb{}\u00a0\u00bb][\/et_pb_image][\/et_pb_column][et_pb_column type=\u00a0\u00bb1_2&Prime; _builder_version=\u00a0\u00bb4.16&Prime; _module_preset=\u00a0\u00bbdefault\u00a0\u00bb global_colors_info=\u00a0\u00bb{}\u00a0\u00bb][et_pb_text _builder_version=\u00a0\u00bb4.27.4&Prime; _module_preset=\u00a0\u00bb03ed4834-a81a-41ec-bfd6-98a6a9949751&Prime; header_font=\u00a0\u00bb||||||||\u00a0\u00bb header_3_font=\u00a0\u00bbDM Sans||||||||\u00a0\u00bb header_3_text_color=\u00a0\u00bb#093532&Prime; header_3_font_size=\u00a0\u00bb36px\u00a0\u00bb header_3_letter_spacing=\u00a0\u00bb-0.02em\u00a0\u00bb header_3_line_height=\u00a0\u00bb1.2em\u00a0\u00bb custom_margin=\u00a0\u00bb||10px||false|false\u00a0\u00bb header_3_font_size_tablet=\u00a0\u00bb20px\u00a0\u00bb header_3_font_size_phone=\u00a0\u00bb16px\u00a0\u00bb header_3_font_size_last_edited=\u00a0\u00bbon|phone\u00a0\u00bb locked=\u00a0\u00bboff\u00a0\u00bb global_colors_info=\u00a0\u00bb{}\u00a0\u00bb]<\/p>\n<h3><strong><span class=\"x193iq5w xeuugli x13faqbe x1vvkbs x1xmvt09 x1lliihq x1s928wv xhkezso x1gmr53x x1cpjm7i x1fgarty x1943h6x xudqn12 x3x7a5m x6prxxf xvq8zen xo1l8bm xzsf02u x1yc453h\" dir=\"auto\">Regroupement r\u00e9gional Transi&rsquo;Terre<br \/><\/span><\/strong><\/h3>\n<p>[\/et_pb_text][et_pb_text _builder_version=\u00a0\u00bb4.23.1&Prime; _module_preset=\u00a0\u00bb41d5859c-fbaa-458a-88e4-5d886857f235&Prime; text_font=\u00a0\u00bb||||||||\u00a0\u00bb text_text_color=\u00a0\u00bb#0F393B\u00a0\u00bb text_font_size=\u00a0\u00bb18px\u00a0\u00bb text_line_height=\u00a0\u00bb1.8em\u00a0\u00bb custom_margin=\u00a0\u00bb|-10px||||\u00a0\u00bb custom_padding=\u00a0\u00bb|2px|0px|||\u00a0\u00bb text_font_size_tablet=\u00a0\u00bb16px\u00a0\u00bb text_font_size_phone=\u00a0\u00bb14px\u00a0\u00bb text_font_size_last_edited=\u00a0\u00bbon|phone\u00a0\u00bb locked=\u00a0\u00bboff\u00a0\u00bb global_colors_info=\u00a0\u00bb{}\u00a0\u00bb]<\/p>\n<p>Le s\u00e9jour \u00ab\u00a0Transi&rsquo;Terre\u00a0\u00bb est un moments riches de rencontres, d&rsquo;\u00e9changes et de partage autour des enjeux sur la transition \u00e9cologique.<br \/>L&rsquo;objectif de cette action est de r\u00e9unir les acteurs associatifs et les volontaires en service civique qui s\u2019engagent pour la transition \u00e9cologique en menant des actions \u00e0 l\u2019\u00e9chelle locale.<\/p>\n<p>Con\u00e7u pour sensibiliser les citoyens aux enjeux environnementaux et sociaux, Transi\u2019terre est un v\u00e9ritable programme cl\u00e9 en main, coordonn\u00e9 par la Ligue de l&rsquo;enseignement Centre &#8211; Val de Loire, qui s&rsquo;adresse \u00e0 toutes les personnes d\u00e9sirant s\u2019engager comme b\u00e9n\u00e9vole ou volontaire en service civique autour de cette th\u00e9matique et aux associations et collectivit\u00e9s locales menant des activit\u00e9s autour de la transition \u00e9cologique et sociale et de l\u2019\u00e9ducation \u00e0 l\u2019environnement, ou souhaitant d\u00e9velopper des actions de ce type sur leur territoire.<\/p>\n<p>[\/et_pb_text][et_pb_button button_url=\u00a0\u00bbhttps:\/\/www.les-grands-moulins.fr\/V4\/wp-content\/uploads\/2025\/11\/Rassemblement-Transiterre-Gracay-_-nov2025.pdf\u00a0\u00bb url_new_window=\u00a0\u00bbon\u00a0\u00bb button_text=\u00a0\u00bbInscription + D\u00e9tails\u00a0\u00bb _builder_version=\u00a0\u00bb4.27.4&Prime; _module_preset=\u00a0\u00bb6414ef9f-e386-4555-a7b7-4544a239078b\u00a0\u00bb custom_button=\u00a0\u00bbon\u00a0\u00bb button_text_size=\u00a0\u00bb14px\u00a0\u00bb button_text_color=\u00a0\u00bb#ef8451&Prime; button_border_width=\u00a0\u00bb1px\u00a0\u00bb button_border_color=\u00a0\u00bb#ef8451&Prime; button_border_radius=\u00a0\u00bb37px\u00a0\u00bb button_letter_spacing=\u00a0\u00bb1px\u00a0\u00bb button_font=\u00a0\u00bbDM Sans|700||on|||||\u00a0\u00bb custom_padding=\u00a0\u00bb15px|24px|12px|24px|false|true\u00a0\u00bb locked=\u00a0\u00bboff\u00a0\u00bb global_colors_info=\u00a0\u00bb{}\u00a0\u00bb button_text_color__hover_enabled=\u00a0\u00bbon|hover\u00a0\u00bb button_text_color__hover=\u00a0\u00bb#FFFFFF\u00a0\u00bb button_bg_color__hover_enabled=\u00a0\u00bbon|hover\u00a0\u00bb button_bg_color__hover=\u00a0\u00bb#ef8451&Prime; button_bg_enable_color__hover=\u00a0\u00bbon\u00a0\u00bb][\/et_pb_button][\/et_pb_column][\/et_pb_row][et_pb_row column_structure=\u00a0\u00bb1_4,1_4,1_2&Prime; _builder_version=\u00a0\u00bb4.27.4&Prime; _module_preset=\u00a0\u00bbdefault\u00a0\u00bb filter_saturate=\u00a0\u00bb0%\u00a0\u00bb global_colors_info=\u00a0\u00bb{}\u00a0\u00bb][et_pb_column type=\u00a0\u00bb1_4&Prime; _builder_version=\u00a0\u00bb4.16&Prime; _module_preset=\u00a0\u00bbdefault\u00a0\u00bb global_colors_info=\u00a0\u00bb{}\u00a0\u00bb][et_pb_blurb title=\u00a0\u00bb8 &#038; 22&Prime; _builder_version=\u00a0\u00bb4.27.4&Prime; _module_preset=\u00a0\u00bbdab8ae77-843d-4934-a7b3-8e57f832b52c\u00a0\u00bb header_font=\u00a0\u00bbDM Sans|700|||||||\u00a0\u00bb header_text_color=\u00a0\u00bb#0F393B\u00a0\u00bb header_font_size=\u00a0\u00bb56px\u00a0\u00bb body_font=\u00a0\u00bbDM Sans|700||on|||||\u00a0\u00bb body_text_color=\u00a0\u00bb#EF8451&Prime; body_letter_spacing=\u00a0\u00bb1px\u00a0\u00bb background_color=\u00a0\u00bb#FFFFFF\u00a0\u00bb text_orientation=\u00a0\u00bbcenter\u00a0\u00bb custom_padding=\u00a0\u00bb40px|20px|40px|20px|true|true\u00a0\u00bb border_radii=\u00a0\u00bbon|20px|20px|20px|20px\u00a0\u00bb global_colors_info=\u00a0\u00bb{}\u00a0\u00bb]<\/p>\n<p><strong>NOVEMBRE<\/strong><br \/>2025<\/p>\n<p>[\/et_pb_blurb][et_pb_blurb title=\u00a0\u00bb10h-12h\u00a0\u00bb _builder_version=\u00a0\u00bb4.27.4&Prime; _module_preset=\u00a0\u00bbdab8ae77-843d-4934-a7b3-8e57f832b52c\u00a0\u00bb header_font=\u00a0\u00bbDM Sans|700|||||||\u00a0\u00bb header_text_color=\u00a0\u00bb#0F393B\u00a0\u00bb header_font_size=\u00a0\u00bb40px\u00a0\u00bb body_font=\u00a0\u00bbDM Sans|700||on|||||\u00a0\u00bb body_text_color=\u00a0\u00bb#EF8451&Prime; body_letter_spacing=\u00a0\u00bb1px\u00a0\u00bb background_color=\u00a0\u00bb#FFFFFF\u00a0\u00bb text_orientation=\u00a0\u00bbcenter\u00a0\u00bb custom_padding=\u00a0\u00bb40px|20px|40px|20px|true|true\u00a0\u00bb border_radii=\u00a0\u00bbon|20px|20px|20px|20px\u00a0\u00bb global_colors_info=\u00a0\u00bb{}\u00a0\u00bb][\/et_pb_blurb][\/et_pb_column][et_pb_column type=\u00a0\u00bb1_4&Prime; _builder_version=\u00a0\u00bb4.16&Prime; _module_preset=\u00a0\u00bbdefault\u00a0\u00bb global_colors_info=\u00a0\u00bb{}\u00a0\u00bb][et_pb_image src=\u00a0\u00bbhttps:\/\/www.les-grands-moulins.fr\/V4\/wp-content\/uploads\/2025\/11\/atelier-soudure-recyclerie-gracay_affichenov2025.jpg\u00a0\u00bb title_text=\u00a0\u00bbatelier-soudure-recyclerie-gracay_affichenov2025&Prime; show_in_lightbox=\u00a0\u00bbon\u00a0\u00bb _builder_version=\u00a0\u00bb4.27.5&Prime; _module_preset=\u00a0\u00bbdefault\u00a0\u00bb min_height=\u00a0\u00bb336.2px\u00a0\u00bb custom_padding=\u00a0\u00bb|0px||||\u00a0\u00bb locked=\u00a0\u00bboff\u00a0\u00bb global_colors_info=\u00a0\u00bb{}\u00a0\u00bb][\/et_pb_image][\/et_pb_column][et_pb_column type=\u00a0\u00bb1_2&Prime; _builder_version=\u00a0\u00bb4.16&Prime; _module_preset=\u00a0\u00bbdefault\u00a0\u00bb global_colors_info=\u00a0\u00bb{}\u00a0\u00bb][et_pb_text _builder_version=\u00a0\u00bb4.27.4&Prime; _module_preset=\u00a0\u00bb03ed4834-a81a-41ec-bfd6-98a6a9949751&Prime; header_font=\u00a0\u00bb||||||||\u00a0\u00bb header_3_font=\u00a0\u00bbDM Sans||||||||\u00a0\u00bb header_3_text_color=\u00a0\u00bb#093532&Prime; header_3_font_size=\u00a0\u00bb36px\u00a0\u00bb header_3_letter_spacing=\u00a0\u00bb-0.02em\u00a0\u00bb header_3_line_height=\u00a0\u00bb1.2em\u00a0\u00bb custom_margin=\u00a0\u00bb||10px||false|false\u00a0\u00bb header_3_font_size_tablet=\u00a0\u00bb20px\u00a0\u00bb header_3_font_size_phone=\u00a0\u00bb16px\u00a0\u00bb header_3_font_size_last_edited=\u00a0\u00bbon|phone\u00a0\u00bb locked=\u00a0\u00bboff\u00a0\u00bb global_colors_info=\u00a0\u00bb{}\u00a0\u00bb]<\/p>\n<h3><strong>Atelier Soudage \u00e0 l&rsquo;arc <span style=\"color: #808000;\">J4<\/span><\/strong><strong><\/strong><\/h3>\n<p>[\/et_pb_text][et_pb_text _builder_version=\u00a0\u00bb4.27.4&Prime; _module_preset=\u00a0\u00bb41d5859c-fbaa-458a-88e4-5d886857f235&Prime; text_font=\u00a0\u00bb||||||||\u00a0\u00bb text_text_color=\u00a0\u00bb#0F393B\u00a0\u00bb text_font_size=\u00a0\u00bb18px\u00a0\u00bb text_line_height=\u00a0\u00bb1.8em\u00a0\u00bb custom_margin=\u00a0\u00bb|-10px||||\u00a0\u00bb custom_padding=\u00a0\u00bb|2px|0px|||\u00a0\u00bb text_font_size_tablet=\u00a0\u00bb16px\u00a0\u00bb text_font_size_phone=\u00a0\u00bb14px\u00a0\u00bb text_font_size_last_edited=\u00a0\u00bbon|phone\u00a0\u00bb locked=\u00a0\u00bboff\u00a0\u00bb global_colors_info=\u00a0\u00bb{}\u00a0\u00bb]<\/p>\n<p>Un moment d&rsquo;initiation et de partage de connaissance entre habitants.<\/p>\n<p>Cet atelier permettra d\u2019acqu\u00e9rir les bases n\u00e9cessaires \u00e0 l\u2019utilisation d\u2019un poste de soudage pour d\u00e9velopper votre autonomie dans le travail manuel des m\u00e9taux.<\/p>\n<p>&#8211; Dates :<br \/><strong>* samedi 8 novembre 2025 (10h-12h)<\/strong><br \/><strong>* samedi 22 novembre 2025 (10h-12h)<\/strong><br \/>&#8211; Lieu : la recyclerie \u00ab\u00a0Espace Bricol&rsquo;Tout\u00a0\u00bb, place Jean Chaudron. (\u00e0 cot\u00e9 de la pharmacie)<br \/>&#8211; Inscription au 06 34 64 02 92 ou par e-mail : evs.gracay@ligue18.org<\/p>\n<p>&#8212;-<\/p>\n<p>[\/et_pb_text][et_pb_button button_url=\u00a0\u00bbhttps:\/\/www.les-grands-moulins.fr\/V4\/wp-content\/uploads\/2025\/11\/atelier-soudure-recyclerie-gracay_affichenov2025.jpg\u00a0\u00bb url_new_window=\u00a0\u00bbon\u00a0\u00bb button_text=\u00a0\u00bb+ D\u00e9tails\u00a0\u00bb _builder_version=\u00a0\u00bb4.27.4&Prime; _module_preset=\u00a0\u00bb6414ef9f-e386-4555-a7b7-4544a239078b\u00a0\u00bb custom_button=\u00a0\u00bbon\u00a0\u00bb button_text_size=\u00a0\u00bb14px\u00a0\u00bb button_text_color=\u00a0\u00bb#ef8451&Prime; button_border_width=\u00a0\u00bb1px\u00a0\u00bb button_border_color=\u00a0\u00bb#ef8451&Prime; button_border_radius=\u00a0\u00bb37px\u00a0\u00bb button_letter_spacing=\u00a0\u00bb1px\u00a0\u00bb button_font=\u00a0\u00bbDM Sans|700||on|||||\u00a0\u00bb custom_padding=\u00a0\u00bb15px|24px|12px|24px|false|true\u00a0\u00bb locked=\u00a0\u00bboff\u00a0\u00bb global_colors_info=\u00a0\u00bb{}\u00a0\u00bb button_text_color__hover_enabled=\u00a0\u00bbon|hover\u00a0\u00bb button_text_color__hover=\u00a0\u00bb#FFFFFF\u00a0\u00bb button_bg_color__hover_enabled=\u00a0\u00bbon|hover\u00a0\u00bb button_bg_color__hover=\u00a0\u00bb#ef8451&Prime; button_bg_enable_color__hover=\u00a0\u00bbon\u00a0\u00bb][\/et_pb_button][\/et_pb_column][\/et_pb_row][et_pb_row column_structure=\u00a0\u00bb1_4,1_4,1_2&Prime; _builder_version=\u00a0\u00bb4.27.4&Prime; _module_preset=\u00a0\u00bbdefault\u00a0\u00bb filter_saturate=\u00a0\u00bb0%\u00a0\u00bb global_colors_info=\u00a0\u00bb{}\u00a0\u00bb][et_pb_column type=\u00a0\u00bb1_4&Prime; _builder_version=\u00a0\u00bb4.16&Prime; _module_preset=\u00a0\u00bbdefault\u00a0\u00bb global_colors_info=\u00a0\u00bb{}\u00a0\u00bb][et_pb_blurb title=\u00a0\u00bb15 &#8211; 19&Prime; _builder_version=\u00a0\u00bb4.27.4&Prime; _module_preset=\u00a0\u00bbdab8ae77-843d-4934-a7b3-8e57f832b52c\u00a0\u00bb header_font=\u00a0\u00bbDM Sans|700|||||||\u00a0\u00bb header_text_color=\u00a0\u00bb#0F393B\u00a0\u00bb header_font_size=\u00a0\u00bb56px\u00a0\u00bb body_font=\u00a0\u00bbDM Sans|700||on|||||\u00a0\u00bb body_text_color=\u00a0\u00bb#EF8451&Prime; body_letter_spacing=\u00a0\u00bb1px\u00a0\u00bb background_color=\u00a0\u00bb#FFFFFF\u00a0\u00bb text_orientation=\u00a0\u00bbcenter\u00a0\u00bb custom_padding=\u00a0\u00bb40px|20px|40px|20px|true|true\u00a0\u00bb border_radii=\u00a0\u00bbon|20px|20px|20px|20px\u00a0\u00bb global_colors_info=\u00a0\u00bb{}\u00a0\u00bb]<\/p>\n<p><strong>SEPTEMBRE<\/strong><br \/>2025<\/p>\n<p>[\/et_pb_blurb][et_pb_blurb title=\u00a0\u00bb10h &#8211; 12h30&Prime; _builder_version=\u00a0\u00bb4.27.0&Prime; _module_preset=\u00a0\u00bbdab8ae77-843d-4934-a7b3-8e57f832b52c\u00a0\u00bb header_font=\u00a0\u00bbDM Sans|700|||||||\u00a0\u00bb header_text_color=\u00a0\u00bb#0F393B\u00a0\u00bb header_font_size=\u00a0\u00bb40px\u00a0\u00bb body_font=\u00a0\u00bbDM Sans|700||on|||||\u00a0\u00bb body_text_color=\u00a0\u00bb#EF8451&Prime; body_letter_spacing=\u00a0\u00bb1px\u00a0\u00bb background_color=\u00a0\u00bb#FFFFFF\u00a0\u00bb text_orientation=\u00a0\u00bbcenter\u00a0\u00bb custom_padding=\u00a0\u00bb40px|20px|40px|20px|true|true\u00a0\u00bb border_radii=\u00a0\u00bbon|20px|20px|20px|20px\u00a0\u00bb global_colors_info=\u00a0\u00bb{}\u00a0\u00bb]<\/p>\n<h5><\/h5>\n<p>[\/et_pb_blurb][\/et_pb_column][et_pb_column type=\u00a0\u00bb1_4&Prime; _builder_version=\u00a0\u00bb4.16&Prime; _module_preset=\u00a0\u00bbdefault\u00a0\u00bb global_colors_info=\u00a0\u00bb{}\u00a0\u00bb][et_pb_image src=\u00a0\u00bbhttps:\/\/www.les-grands-moulins.fr\/V4\/wp-content\/uploads\/2025\/09\/portes-ouvertes-numerique-gracay-2025.jpg\u00a0\u00bb title_text=\u00a0\u00bbportes-ouvertes-numerique-gracay-2025&Prime; show_in_lightbox=\u00a0\u00bbon\u00a0\u00bb _builder_version=\u00a0\u00bb4.27.5&Prime; _module_preset=\u00a0\u00bbdefault\u00a0\u00bb min_height=\u00a0\u00bb336.2px\u00a0\u00bb custom_padding=\u00a0\u00bb|0px||||\u00a0\u00bb locked=\u00a0\u00bboff\u00a0\u00bb global_colors_info=\u00a0\u00bb{}\u00a0\u00bb][\/et_pb_image][\/et_pb_column][et_pb_column type=\u00a0\u00bb1_2&Prime; _builder_version=\u00a0\u00bb4.16&Prime; _module_preset=\u00a0\u00bbdefault\u00a0\u00bb global_colors_info=\u00a0\u00bb{}\u00a0\u00bb][et_pb_text _builder_version=\u00a0\u00bb4.27.0&Prime; _module_preset=\u00a0\u00bb03ed4834-a81a-41ec-bfd6-98a6a9949751&Prime; header_font=\u00a0\u00bb||||||||\u00a0\u00bb header_3_font=\u00a0\u00bbDM Sans||||||||\u00a0\u00bb header_3_text_color=\u00a0\u00bb#093532&Prime; header_3_font_size=\u00a0\u00bb36px\u00a0\u00bb header_3_letter_spacing=\u00a0\u00bb-0.02em\u00a0\u00bb header_3_line_height=\u00a0\u00bb1.2em\u00a0\u00bb custom_margin=\u00a0\u00bb||10px||false|false\u00a0\u00bb header_3_font_size_tablet=\u00a0\u00bb20px\u00a0\u00bb header_3_font_size_phone=\u00a0\u00bb16px\u00a0\u00bb header_3_font_size_last_edited=\u00a0\u00bbon|phone\u00a0\u00bb locked=\u00a0\u00bboff\u00a0\u00bb global_colors_info=\u00a0\u00bb{}\u00a0\u00bb]<\/p>\n<h3><strong>Journ\u00e9es portes ouvertes \u00e0 l&rsquo;Espace num\u00e9rique<br \/><\/strong><\/h3>\n<p>[\/et_pb_text][et_pb_text _builder_version=\u00a0\u00bb4.27.4&Prime; _module_preset=\u00a0\u00bb41d5859c-fbaa-458a-88e4-5d886857f235&Prime; text_font=\u00a0\u00bb||||||||\u00a0\u00bb text_text_color=\u00a0\u00bb#0F393B\u00a0\u00bb text_font_size=\u00a0\u00bb18px\u00a0\u00bb text_line_height=\u00a0\u00bb1.8em\u00a0\u00bb custom_margin=\u00a0\u00bb|-10px||||\u00a0\u00bb custom_padding=\u00a0\u00bb|2px|0px|||\u00a0\u00bb text_font_size_tablet=\u00a0\u00bb16px\u00a0\u00bb text_font_size_phone=\u00a0\u00bb14px\u00a0\u00bb text_font_size_last_edited=\u00a0\u00bbon|phone\u00a0\u00bb locked=\u00a0\u00bboff\u00a0\u00bb global_colors_info=\u00a0\u00bb{}\u00a0\u00bb]<\/p>\n<p>L&rsquo;Espace Public Num\u00e9rique des Grands Moulins vous ouvre ses portes du 15 au 19 septembre, de 10h \u00e0 12h30.<br \/>Lieu : Les Grands Moulins, B\u00e2timent 3 \u2013 salle informatique<br \/>Acc\u00e8s par la place Jean Chaudron (parking c\u00f4t\u00e9 pharmacie)<\/p>\n<p>Durant toute cette p\u00e9riode, venez rencontrer notre conseiller num\u00e9rique qui vous proposera de visiter les lieux et de d\u00e9couvrir les activit\u00e9s et services offerts aux habitants. Ce sera \u00e9galement l&rsquo;occasion de vous inscrire aux ateliers collectifs ou de fixer un rendez-vous pour des accompagnements individualis\u00e9s.<\/p>\n<p>Les utilisateurs peuvent apporter leur propre mat\u00e9riel ou utiliser les \u00e9quipements num\u00e9riques mis \u00e0 leur disposition.<\/p>\n<p>L&rsquo;objectif principal de nos actions est de favoriser l&rsquo;inclusion num\u00e9rique en rendant les nouvelles technologies accessibles \u00e0 chacun.<\/p>\n<div dir=\"auto\" style=\"text-align: start;\">Le but principal de nos actions est d\u2019agir en faveur de l\u2019inclusion num\u00e9rique en rendant la nouvelle technologie accessible \u00e0 chaque individu.<\/div>\n<div dir=\"auto\" style=\"text-align: start;\"><\/div>\n<div dir=\"auto\" style=\"text-align: start;\">Date : <strong>Du 15 au 19 septembre 2025<\/strong>, de 10h \u00e0 12h30.<\/div>\n<div dir=\"auto\" style=\"text-align: start;\">Lieu : Les Grands Moulins, B\u00e2timent 3 \u2013 salle informatique. Acc\u00e8s par la place Jean Chaudron (parking cot\u00e9 pharmacie).<\/div>\n<p>&#8212;-<\/p>\n<p>[\/et_pb_text][et_pb_button button_url=\u00a0\u00bbhttps:\/\/www.les-grands-moulins.fr\/V4\/wp-content\/uploads\/2025\/09\/portes-ouvertes-numerique-gracay-2025.jpg\u00a0\u00bb url_new_window=\u00a0\u00bbon\u00a0\u00bb button_text=\u00a0\u00bb+ D\u00e9tails\u00a0\u00bb _builder_version=\u00a0\u00bb4.27.4&Prime; _module_preset=\u00a0\u00bb6414ef9f-e386-4555-a7b7-4544a239078b\u00a0\u00bb custom_button=\u00a0\u00bbon\u00a0\u00bb button_text_size=\u00a0\u00bb14px\u00a0\u00bb button_text_color=\u00a0\u00bb#ef8451&Prime; button_border_width=\u00a0\u00bb1px\u00a0\u00bb button_border_color=\u00a0\u00bb#ef8451&Prime; button_border_radius=\u00a0\u00bb37px\u00a0\u00bb button_letter_spacing=\u00a0\u00bb1px\u00a0\u00bb button_font=\u00a0\u00bbDM Sans|700||on|||||\u00a0\u00bb custom_padding=\u00a0\u00bb15px|24px|12px|24px|false|true\u00a0\u00bb locked=\u00a0\u00bboff\u00a0\u00bb global_colors_info=\u00a0\u00bb{}\u00a0\u00bb button_text_color__hover_enabled=\u00a0\u00bbon|hover\u00a0\u00bb button_text_color__hover=\u00a0\u00bb#FFFFFF\u00a0\u00bb button_bg_color__hover_enabled=\u00a0\u00bbon|hover\u00a0\u00bb button_bg_color__hover=\u00a0\u00bb#ef8451&Prime; button_bg_enable_color__hover=\u00a0\u00bbon\u00a0\u00bb][\/et_pb_button][\/et_pb_column][\/et_pb_row][et_pb_row column_structure=\u00a0\u00bb1_4,1_4,1_2&Prime; _builder_version=\u00a0\u00bb4.27.4&Prime; _module_preset=\u00a0\u00bbdefault\u00a0\u00bb filter_saturate=\u00a0\u00bb0%\u00a0\u00bb global_colors_info=\u00a0\u00bb{}\u00a0\u00bb][et_pb_column type=\u00a0\u00bb1_4&Prime; _builder_version=\u00a0\u00bb4.16&Prime; _module_preset=\u00a0\u00bbdefault\u00a0\u00bb global_colors_info=\u00a0\u00bb{}\u00a0\u00bb][et_pb_blurb title=\u00a0\u00bb12&Prime; _builder_version=\u00a0\u00bb4.27.4&Prime; _module_preset=\u00a0\u00bbdab8ae77-843d-4934-a7b3-8e57f832b52c\u00a0\u00bb header_font=\u00a0\u00bbDM Sans|700|||||||\u00a0\u00bb header_text_color=\u00a0\u00bb#0F393B\u00a0\u00bb header_font_size=\u00a0\u00bb56px\u00a0\u00bb body_font=\u00a0\u00bbDM Sans|700||on|||||\u00a0\u00bb body_text_color=\u00a0\u00bb#EF8451&Prime; body_letter_spacing=\u00a0\u00bb1px\u00a0\u00bb background_color=\u00a0\u00bb#FFFFFF\u00a0\u00bb text_orientation=\u00a0\u00bbcenter\u00a0\u00bb custom_padding=\u00a0\u00bb40px|20px|40px|20px|true|true\u00a0\u00bb border_radii=\u00a0\u00bbon|20px|20px|20px|20px\u00a0\u00bb global_colors_info=\u00a0\u00bb{}\u00a0\u00bb]<\/p>\n<p><strong>SEPTEMBRE<\/strong><br \/>2025<\/p>\n<p>[\/et_pb_blurb][et_pb_blurb title=\u00a0\u00bbS1  : 16h30 -17h30  S2 : 18h-19h\u00a0\u00bb _builder_version=\u00a0\u00bb4.27.4&Prime; _module_preset=\u00a0\u00bbdab8ae77-843d-4934-a7b3-8e57f832b52c\u00a0\u00bb header_level=\u00a0\u00bbh1&Prime; header_font=\u00a0\u00bbDM Sans|700|||||||\u00a0\u00bb header_text_align=\u00a0\u00bbleft\u00a0\u00bb header_text_color=\u00a0\u00bb#0F393B\u00a0\u00bb header_font_size=\u00a0\u00bb18px\u00a0\u00bb body_font=\u00a0\u00bbDM Sans|700||on|||||\u00a0\u00bb body_text_color=\u00a0\u00bb#EF8451&Prime; body_letter_spacing=\u00a0\u00bb1px\u00a0\u00bb background_color=\u00a0\u00bb#FFFFFF\u00a0\u00bb text_orientation=\u00a0\u00bbcenter\u00a0\u00bb custom_padding=\u00a0\u00bb40px|20px|40px|20px|true|true\u00a0\u00bb border_radii=\u00a0\u00bbon|20px|20px|20px|20px\u00a0\u00bb global_colors_info=\u00a0\u00bb{}\u00a0\u00bb][\/et_pb_blurb][\/et_pb_column][et_pb_column type=\u00a0\u00bb1_4&Prime; _builder_version=\u00a0\u00bb4.16&Prime; _module_preset=\u00a0\u00bbdefault\u00a0\u00bb global_colors_info=\u00a0\u00bb{}\u00a0\u00bb][et_pb_image src=\u00a0\u00bbhttps:\/\/www.les-grands-moulins.fr\/V4\/wp-content\/uploads\/2025\/09\/formation-compostage-2025-distribution-des-composteurs.jpg\u00a0\u00bb title_text=\u00a0\u00bbformation-compostage-2025-distribution des composteurs\u00a0\u00bb show_in_lightbox=\u00a0\u00bbon\u00a0\u00bb _builder_version=\u00a0\u00bb4.27.5&Prime; _module_preset=\u00a0\u00bbdefault\u00a0\u00bb min_height=\u00a0\u00bb336.2px\u00a0\u00bb custom_padding=\u00a0\u00bb|0px||||\u00a0\u00bb locked=\u00a0\u00bboff\u00a0\u00bb global_colors_info=\u00a0\u00bb{}\u00a0\u00bb][\/et_pb_image][\/et_pb_column][et_pb_column type=\u00a0\u00bb1_2&Prime; _builder_version=\u00a0\u00bb4.16&Prime; _module_preset=\u00a0\u00bbdefault\u00a0\u00bb global_colors_info=\u00a0\u00bb{}\u00a0\u00bb][et_pb_text _builder_version=\u00a0\u00bb4.27.4&Prime; _module_preset=\u00a0\u00bb03ed4834-a81a-41ec-bfd6-98a6a9949751&Prime; header_font=\u00a0\u00bb||||||||\u00a0\u00bb header_3_font=\u00a0\u00bbDM Sans||||||||\u00a0\u00bb header_3_text_color=\u00a0\u00bb#093532&Prime; header_3_font_size=\u00a0\u00bb36px\u00a0\u00bb header_3_letter_spacing=\u00a0\u00bb-0.02em\u00a0\u00bb header_3_line_height=\u00a0\u00bb1.2em\u00a0\u00bb custom_margin=\u00a0\u00bb||10px||false|false\u00a0\u00bb header_3_font_size_tablet=\u00a0\u00bb20px\u00a0\u00bb header_3_font_size_phone=\u00a0\u00bb16px\u00a0\u00bb header_3_font_size_last_edited=\u00a0\u00bbon|phone\u00a0\u00bb locked=\u00a0\u00bboff\u00a0\u00bb global_colors_info=\u00a0\u00bb{}\u00a0\u00bb]<\/p>\n<h3><strong>Formation Compostage<\/strong><\/h3>\n<p>[\/et_pb_text][et_pb_text _builder_version=\u00a0\u00bb4.27.4&Prime; _module_preset=\u00a0\u00bb41d5859c-fbaa-458a-88e4-5d886857f235&Prime; text_font=\u00a0\u00bb||||||||\u00a0\u00bb text_text_color=\u00a0\u00bb#0F393B\u00a0\u00bb text_font_size=\u00a0\u00bb18px\u00a0\u00bb text_line_height=\u00a0\u00bb1.8em\u00a0\u00bb custom_margin=\u00a0\u00bb|-10px||||\u00a0\u00bb custom_padding=\u00a0\u00bb|2px|0px|||\u00a0\u00bb text_font_size_tablet=\u00a0\u00bb16px\u00a0\u00bb text_font_size_phone=\u00a0\u00bb14px\u00a0\u00bb text_font_size_last_edited=\u00a0\u00bbon|phone\u00a0\u00bb locked=\u00a0\u00bboff\u00a0\u00bb global_colors_info=\u00a0\u00bb{}\u00a0\u00bb]<\/p>\n<p>Une formation compostage accompagn\u00e9e d&rsquo;une distribution des composteurs sera organis\u00e9e prochainement.<br \/>Vous pouvez recevoir votre propre composteur, ainsi qu\u2019un bioseau, en participant \u00e0 une session de distribution accompagn\u00e9e d&rsquo;une formation pratique de 45 minute obligatoire.<\/p>\n<p>Prochaines sessions \u00e0 Gra\u00e7ay :<br \/>&#8211; <strong>Vendredi 12 Septembre \u00e0 16h30<\/strong><br \/>&#8211; <strong>Vendredi 12 Septembre \u00e0 18h00<\/strong><br \/>Lieu : Les Grands Moulins &#8211; B\u00e2timent 3 &#8211; Parking et acc\u00e8s par la place Jean Chaudron, \u00e0 c\u00f4t\u00e9 de la pharmacie.<\/p>\n<p>Pour vous inscrire \u00e0 une session de distribution, rendez-vous sur <a href=\"https:\/\/valodev18.fr\/a-la-une\/distribution-gratuite-de-composteurs\/\" target=\"_blank\" rel=\"noopener\">www.valodev18.fr,<\/a> via le <a href=\"https:\/\/docs.google.com\/forms\/d\/e\/1FAIpQLScB5p2GE-cBF-VeTpmZn3CRVxd0PocWo2-RkefFMgLO6Jpo9A\/viewform\" target=\"_blank\" rel=\"noopener\">formulaire d&rsquo;inscription,<\/a> par t\u00e9l\u00e9phone au 02 59 58 44 65 ou en scannant le QR code suivant :<\/p>\n<p><a href=\"https:\/\/www.gracay.info\/wp-content\/uploads\/2025\/06\/QR-CODE_Dotation-composteur-formation-_-Valodev.jpg\"><img decoding=\"async\" loading=\"lazy\" class=\"alignnone wp-image-7218\" src=\"https:\/\/www.gracay.info\/wp-content\/uploads\/2025\/06\/QR-CODE_Dotation-composteur-formation-_-Valodev.jpg\" alt=\"\" width=\"196\" height=\"200\" \/><\/a><\/p>\n<p>&#8211; Date : vendredi 12 septembre 2025 (16h30-17h30 \/ 18h00-19h00)<br \/>&#8211; Lieu : Les Grands Moulins, acc\u00e8s et parking place Jean Chaudron. (\u00e0 cot\u00e9 de la pharmacie)<\/p>\n<p>&#8212;-<\/p>\n<p>[\/et_pb_text][et_pb_button button_url=\u00a0\u00bbhttps:\/\/www.les-grands-moulins.fr\/V4\/wp-content\/uploads\/2025\/06\/atelier-soudure-recyclerie-gracay_21062025.jpg\u00a0\u00bb url_new_window=\u00a0\u00bbon\u00a0\u00bb button_text=\u00a0\u00bb+ D\u00e9tails\u00a0\u00bb _builder_version=\u00a0\u00bb4.27.4&Prime; _module_preset=\u00a0\u00bb6414ef9f-e386-4555-a7b7-4544a239078b\u00a0\u00bb custom_button=\u00a0\u00bbon\u00a0\u00bb button_text_size=\u00a0\u00bb14px\u00a0\u00bb button_text_color=\u00a0\u00bb#ef8451&Prime; button_border_width=\u00a0\u00bb1px\u00a0\u00bb button_border_color=\u00a0\u00bb#ef8451&Prime; button_border_radius=\u00a0\u00bb37px\u00a0\u00bb button_letter_spacing=\u00a0\u00bb1px\u00a0\u00bb button_font=\u00a0\u00bbDM Sans|700||on|||||\u00a0\u00bb custom_padding=\u00a0\u00bb15px|24px|12px|24px|false|true\u00a0\u00bb locked=\u00a0\u00bboff\u00a0\u00bb global_colors_info=\u00a0\u00bb{}\u00a0\u00bb button_text_color__hover_enabled=\u00a0\u00bbon|hover\u00a0\u00bb button_text_color__hover=\u00a0\u00bb#FFFFFF\u00a0\u00bb button_bg_color__hover_enabled=\u00a0\u00bbon|hover\u00a0\u00bb button_bg_color__hover=\u00a0\u00bb#ef8451&Prime; button_bg_enable_color__hover=\u00a0\u00bbon\u00a0\u00bb][\/et_pb_button][\/et_pb_column][\/et_pb_row][et_pb_row column_structure=\u00a0\u00bb1_4,1_4,1_2&Prime; _builder_version=\u00a0\u00bb4.27.4&Prime; _module_preset=\u00a0\u00bbdefault\u00a0\u00bb filter_saturate=\u00a0\u00bb0%\u00a0\u00bb global_colors_info=\u00a0\u00bb{}\u00a0\u00bb][et_pb_column type=\u00a0\u00bb1_4&Prime; _builder_version=\u00a0\u00bb4.16&Prime; _module_preset=\u00a0\u00bbdefault\u00a0\u00bb global_colors_info=\u00a0\u00bb{}\u00a0\u00bb][et_pb_blurb title=\u00a0\u00bb21&Prime; _builder_version=\u00a0\u00bb4.27.4&Prime; _module_preset=\u00a0\u00bbdab8ae77-843d-4934-a7b3-8e57f832b52c\u00a0\u00bb header_font=\u00a0\u00bbDM Sans|700|||||||\u00a0\u00bb header_text_color=\u00a0\u00bb#0F393B\u00a0\u00bb header_font_size=\u00a0\u00bb56px\u00a0\u00bb body_font=\u00a0\u00bbDM Sans|700||on|||||\u00a0\u00bb body_text_color=\u00a0\u00bb#EF8451&Prime; body_letter_spacing=\u00a0\u00bb1px\u00a0\u00bb background_color=\u00a0\u00bb#FFFFFF\u00a0\u00bb text_orientation=\u00a0\u00bbcenter\u00a0\u00bb custom_padding=\u00a0\u00bb40px|20px|40px|20px|true|true\u00a0\u00bb border_radii=\u00a0\u00bbon|20px|20px|20px|20px\u00a0\u00bb global_colors_info=\u00a0\u00bb{}\u00a0\u00bb]<\/p>\n<p><strong>Juin<\/strong><br \/>2025<\/p>\n<p>[\/et_pb_blurb][et_pb_blurb title=\u00a0\u00bb10h-12h\u00a0\u00bb _builder_version=\u00a0\u00bb4.27.4&Prime; _module_preset=\u00a0\u00bbdab8ae77-843d-4934-a7b3-8e57f832b52c\u00a0\u00bb header_font=\u00a0\u00bbDM Sans|700|||||||\u00a0\u00bb header_text_color=\u00a0\u00bb#0F393B\u00a0\u00bb header_font_size=\u00a0\u00bb40px\u00a0\u00bb body_font=\u00a0\u00bbDM Sans|700||on|||||\u00a0\u00bb body_text_color=\u00a0\u00bb#EF8451&Prime; body_letter_spacing=\u00a0\u00bb1px\u00a0\u00bb background_color=\u00a0\u00bb#FFFFFF\u00a0\u00bb text_orientation=\u00a0\u00bbcenter\u00a0\u00bb custom_padding=\u00a0\u00bb40px|20px|40px|20px|true|true\u00a0\u00bb border_radii=\u00a0\u00bbon|20px|20px|20px|20px\u00a0\u00bb global_colors_info=\u00a0\u00bb{}\u00a0\u00bb][\/et_pb_blurb][\/et_pb_column][et_pb_column type=\u00a0\u00bb1_4&Prime; _builder_version=\u00a0\u00bb4.16&Prime; _module_preset=\u00a0\u00bbdefault\u00a0\u00bb global_colors_info=\u00a0\u00bb{}\u00a0\u00bb][et_pb_image src=\u00a0\u00bbhttps:\/\/www.les-grands-moulins.fr\/V4\/wp-content\/uploads\/2025\/06\/atelier-soudure-recyclerie-gracay_21062025.jpg\u00a0\u00bb title_text=\u00a0\u00bbatelier-soudure-recyclerie-gracay_21062025&Prime; show_in_lightbox=\u00a0\u00bbon\u00a0\u00bb _builder_version=\u00a0\u00bb4.27.5&Prime; _module_preset=\u00a0\u00bbdefault\u00a0\u00bb min_height=\u00a0\u00bb336.2px\u00a0\u00bb custom_padding=\u00a0\u00bb|0px||||\u00a0\u00bb locked=\u00a0\u00bboff\u00a0\u00bb global_colors_info=\u00a0\u00bb{}\u00a0\u00bb][\/et_pb_image][\/et_pb_column][et_pb_column type=\u00a0\u00bb1_2&Prime; _builder_version=\u00a0\u00bb4.16&Prime; _module_preset=\u00a0\u00bbdefault\u00a0\u00bb global_colors_info=\u00a0\u00bb{}\u00a0\u00bb][et_pb_text _builder_version=\u00a0\u00bb4.27.4&Prime; _module_preset=\u00a0\u00bb03ed4834-a81a-41ec-bfd6-98a6a9949751&Prime; header_font=\u00a0\u00bb||||||||\u00a0\u00bb header_3_font=\u00a0\u00bbDM Sans||||||||\u00a0\u00bb header_3_text_color=\u00a0\u00bb#093532&Prime; header_3_font_size=\u00a0\u00bb36px\u00a0\u00bb header_3_letter_spacing=\u00a0\u00bb-0.02em\u00a0\u00bb header_3_line_height=\u00a0\u00bb1.2em\u00a0\u00bb custom_margin=\u00a0\u00bb||10px||false|false\u00a0\u00bb header_3_font_size_tablet=\u00a0\u00bb20px\u00a0\u00bb header_3_font_size_phone=\u00a0\u00bb16px\u00a0\u00bb header_3_font_size_last_edited=\u00a0\u00bbon|phone\u00a0\u00bb locked=\u00a0\u00bboff\u00a0\u00bb global_colors_info=\u00a0\u00bb{}\u00a0\u00bb]<\/p>\n<h3><strong>Atelier Soudage \u00e0 l&rsquo;arc <span style=\"color: #808000;\">J2<\/span><\/strong><strong><\/strong><\/h3>\n<p>[\/et_pb_text][et_pb_text _builder_version=\u00a0\u00bb4.27.4&Prime; _module_preset=\u00a0\u00bb41d5859c-fbaa-458a-88e4-5d886857f235&Prime; text_font=\u00a0\u00bb||||||||\u00a0\u00bb text_text_color=\u00a0\u00bb#0F393B\u00a0\u00bb text_font_size=\u00a0\u00bb18px\u00a0\u00bb text_line_height=\u00a0\u00bb1.8em\u00a0\u00bb custom_margin=\u00a0\u00bb|-10px||||\u00a0\u00bb custom_padding=\u00a0\u00bb|2px|0px|||\u00a0\u00bb text_font_size_tablet=\u00a0\u00bb16px\u00a0\u00bb text_font_size_phone=\u00a0\u00bb14px\u00a0\u00bb text_font_size_last_edited=\u00a0\u00bbon|phone\u00a0\u00bb locked=\u00a0\u00bboff\u00a0\u00bb global_colors_info=\u00a0\u00bb{}\u00a0\u00bb]<\/p>\n<p>Un moment d&rsquo;initiation et de partage de connaissance entre habitants.<\/p>\n<p>Cet atelier permettra d\u2019acqu\u00e9rir les bases n\u00e9cessaires \u00e0 l\u2019utilisation d\u2019un poste de soudage pour d\u00e9velopper votre autonomie dans le travail manuel des m\u00e9taux.<\/p>\n<p>&#8211; Date : samedi 21 juin 2025 (10h-12h)<br \/>&#8211; Lieu : la recyclerie \u00ab\u00a0Espace Bricol&rsquo;Tout\u00a0\u00bb, place Jean Chaudron. (\u00e0 cot\u00e9 de la pharmacie)<br \/>&#8211; Inscription au 06 34 64 02 92 ou par e-mail : evs.gracay@ligue18.org<\/p>\n<p>&#8212;-<\/p>\n<p>[\/et_pb_text][et_pb_button button_url=\u00a0\u00bbhttps:\/\/www.les-grands-moulins.fr\/V4\/wp-content\/uploads\/2025\/06\/atelier-soudure-recyclerie-gracay_21062025.jpg\u00a0\u00bb url_new_window=\u00a0\u00bbon\u00a0\u00bb button_text=\u00a0\u00bb+ D\u00e9tails\u00a0\u00bb _builder_version=\u00a0\u00bb4.27.4&Prime; _module_preset=\u00a0\u00bb6414ef9f-e386-4555-a7b7-4544a239078b\u00a0\u00bb custom_button=\u00a0\u00bbon\u00a0\u00bb button_text_size=\u00a0\u00bb14px\u00a0\u00bb button_text_color=\u00a0\u00bb#ef8451&Prime; button_border_width=\u00a0\u00bb1px\u00a0\u00bb button_border_color=\u00a0\u00bb#ef8451&Prime; button_border_radius=\u00a0\u00bb37px\u00a0\u00bb button_letter_spacing=\u00a0\u00bb1px\u00a0\u00bb button_font=\u00a0\u00bbDM Sans|700||on|||||\u00a0\u00bb custom_padding=\u00a0\u00bb15px|24px|12px|24px|false|true\u00a0\u00bb locked=\u00a0\u00bboff\u00a0\u00bb global_colors_info=\u00a0\u00bb{}\u00a0\u00bb button_text_color__hover_enabled=\u00a0\u00bbon|hover\u00a0\u00bb button_text_color__hover=\u00a0\u00bb#FFFFFF\u00a0\u00bb button_bg_color__hover_enabled=\u00a0\u00bbon|hover\u00a0\u00bb button_bg_color__hover=\u00a0\u00bb#ef8451&Prime; button_bg_enable_color__hover=\u00a0\u00bbon\u00a0\u00bb][\/et_pb_button][\/et_pb_column][\/et_pb_row][et_pb_row column_structure=\u00a0\u00bb1_4,1_4,1_2&Prime; _builder_version=\u00a0\u00bb4.27.4&Prime; _module_preset=\u00a0\u00bbdefault\u00a0\u00bb filter_saturate=\u00a0\u00bb0%\u00a0\u00bb global_colors_info=\u00a0\u00bb{}\u00a0\u00bb][et_pb_column type=\u00a0\u00bb1_4&Prime; _builder_version=\u00a0\u00bb4.16&Prime; _module_preset=\u00a0\u00bbdefault\u00a0\u00bb global_colors_info=\u00a0\u00bb{}\u00a0\u00bb][et_pb_blurb title=\u00a0\u00bb23&Prime; _builder_version=\u00a0\u00bb4.27.4&Prime; _module_preset=\u00a0\u00bbdab8ae77-843d-4934-a7b3-8e57f832b52c\u00a0\u00bb header_font=\u00a0\u00bbDM Sans|700|||||||\u00a0\u00bb header_text_color=\u00a0\u00bb#0F393B\u00a0\u00bb header_font_size=\u00a0\u00bb56px\u00a0\u00bb body_font=\u00a0\u00bbDM Sans|700||on|||||\u00a0\u00bb body_text_color=\u00a0\u00bb#EF8451&Prime; body_letter_spacing=\u00a0\u00bb1px\u00a0\u00bb background_color=\u00a0\u00bb#FFFFFF\u00a0\u00bb text_orientation=\u00a0\u00bbcenter\u00a0\u00bb custom_padding=\u00a0\u00bb40px|20px|40px|20px|true|true\u00a0\u00bb border_radii=\u00a0\u00bbon|20px|20px|20px|20px\u00a0\u00bb global_colors_info=\u00a0\u00bb{}\u00a0\u00bb]<\/p>\n<p><strong>Juin<\/strong><br \/>2025<\/p>\n<p>[\/et_pb_blurb][et_pb_blurb title=\u00a0\u00bb12h30&Prime; _builder_version=\u00a0\u00bb4.27.4&Prime; _module_preset=\u00a0\u00bbdab8ae77-843d-4934-a7b3-8e57f832b52c\u00a0\u00bb header_font=\u00a0\u00bbDM Sans|700|||||||\u00a0\u00bb header_text_color=\u00a0\u00bb#0F393B\u00a0\u00bb header_font_size=\u00a0\u00bb40px\u00a0\u00bb body_font=\u00a0\u00bbDM Sans|700||on|||||\u00a0\u00bb body_text_color=\u00a0\u00bb#EF8451&Prime; body_letter_spacing=\u00a0\u00bb1px\u00a0\u00bb background_color=\u00a0\u00bb#FFFFFF\u00a0\u00bb text_orientation=\u00a0\u00bbcenter\u00a0\u00bb custom_padding=\u00a0\u00bb40px|20px|40px|20px|true|true\u00a0\u00bb border_radii=\u00a0\u00bbon|20px|20px|20px|20px\u00a0\u00bb global_colors_info=\u00a0\u00bb{}\u00a0\u00bb][\/et_pb_blurb][\/et_pb_column][et_pb_column type=\u00a0\u00bb1_4&Prime; _builder_version=\u00a0\u00bb4.16&Prime; _module_preset=\u00a0\u00bbdefault\u00a0\u00bb global_colors_info=\u00a0\u00bb{}\u00a0\u00bb][et_pb_image src=\u00a0\u00bbhttps:\/\/www.les-grands-moulins.fr\/V4\/wp-content\/uploads\/2025\/04\/resto-populaire-Les-Grands-Moulins-gracay-23juin2025.jpg\u00a0\u00bb title_text=\u00a0\u00bbresto-populaire-Les-Grands-Moulins-gracay-23juin2025&Prime; show_in_lightbox=\u00a0\u00bbon\u00a0\u00bb _builder_version=\u00a0\u00bb4.27.5&Prime; _module_preset=\u00a0\u00bbdefault\u00a0\u00bb min_height=\u00a0\u00bb336.2px\u00a0\u00bb custom_padding=\u00a0\u00bb|0px||||\u00a0\u00bb locked=\u00a0\u00bboff\u00a0\u00bb global_colors_info=\u00a0\u00bb{}\u00a0\u00bb][\/et_pb_image][\/et_pb_column][et_pb_column type=\u00a0\u00bb1_2&Prime; _builder_version=\u00a0\u00bb4.16&Prime; _module_preset=\u00a0\u00bbdefault\u00a0\u00bb global_colors_info=\u00a0\u00bb{}\u00a0\u00bb][et_pb_text _builder_version=\u00a0\u00bb4.27.4&Prime; _module_preset=\u00a0\u00bb03ed4834-a81a-41ec-bfd6-98a6a9949751&Prime; header_font=\u00a0\u00bb||||||||\u00a0\u00bb header_3_font=\u00a0\u00bbDM Sans||||||||\u00a0\u00bb header_3_text_color=\u00a0\u00bb#093532&Prime; header_3_font_size=\u00a0\u00bb36px\u00a0\u00bb header_3_letter_spacing=\u00a0\u00bb-0.02em\u00a0\u00bb header_3_line_height=\u00a0\u00bb1.2em\u00a0\u00bb custom_margin=\u00a0\u00bb||10px||false|false\u00a0\u00bb header_3_font_size_tablet=\u00a0\u00bb20px\u00a0\u00bb header_3_font_size_phone=\u00a0\u00bb16px\u00a0\u00bb header_3_font_size_last_edited=\u00a0\u00bbon|phone\u00a0\u00bb locked=\u00a0\u00bboff\u00a0\u00bb global_colors_info=\u00a0\u00bb{}\u00a0\u00bb]<\/p>\n<h3><strong>Un d\u00e9jeuner comme au restaurant !<\/strong><strong><\/strong><strong><\/strong><\/h3>\n<p>[\/et_pb_text][et_pb_text _builder_version=\u00a0\u00bb4.27.4&Prime; _module_preset=\u00a0\u00bb41d5859c-fbaa-458a-88e4-5d886857f235&Prime; text_font=\u00a0\u00bb||||||||\u00a0\u00bb text_text_color=\u00a0\u00bb#0F393B\u00a0\u00bb text_font_size=\u00a0\u00bb18px\u00a0\u00bb text_line_height=\u00a0\u00bb1.8em\u00a0\u00bb custom_margin=\u00a0\u00bb|-10px||||\u00a0\u00bb custom_padding=\u00a0\u00bb1px|2px|0px|||\u00a0\u00bb text_font_size_tablet=\u00a0\u00bb16px\u00a0\u00bb text_font_size_phone=\u00a0\u00bb14px\u00a0\u00bb text_font_size_last_edited=\u00a0\u00bbon|phone\u00a0\u00bb locked=\u00a0\u00bboff\u00a0\u00bb global_colors_info=\u00a0\u00bb{}\u00a0\u00bb]<\/p>\n<p>La ligue de l&rsquo;enseignement, en collaboration avec l&rsquo;Ecop\u00f4le Alimentaire la Chaponni\u00e8re, a organis\u00e9 cinq ateliers cuisine depuis d\u00e9cembre 2024.<\/p>\n<p>Pour de cl\u00f4turer ces actions, les habitants sont invit\u00e9s le lundi 23 juin 2025 pour un \u00ab\u00a0Resto Populaire\u00a0\u00bb o\u00f9 l&rsquo;\u00e9quipe de Ecop\u00f4le Alimentaire la Chaponni\u00e8re vous proposent un d\u00e9jeuner comme au restaurant.<span class=\"x193iq5w xeuugli x13faqbe x1vvkbs x1xmvt09 x1lliihq x1s928wv xhkezso x1gmr53x x1cpjm7i x1fgarty x1943h6x xudqn12 x3x7a5m x6prxxf xvq8zen xo1l8bm xzsf02u x1yc453h\" dir=\"auto\"><\/span><\/p>\n<p><span class=\"x193iq5w xeuugli x13faqbe x1vvkbs x1xmvt09 x1lliihq x1s928wv xhkezso x1gmr53x x1cpjm7i x1fgarty x1943h6x xudqn12 x3x7a5m x6prxxf xvq8zen xo1l8bm xzsf02u x1yc453h\" dir=\"auto\">Venez participer \u00e0 de cet evenement, de manger un repas fait maison et passer un moment convivial !<\/span><\/p>\n<div dir=\"auto\"><\/div>\n<div dir=\"auto\">lundi 23 juin \u00e0 12h30, aux Grands Moulins.<\/div>\n<div dir=\"auto\">Sur r\u00e9servation au : 02 48 51 29 96<\/div>\n<div dir=\"auto\">Gratuit et ouvert \u00e0 tous<\/div>\n<p>&#8212;-<\/p>\n<p>[\/et_pb_text][et_pb_button button_url=\u00a0\u00bbhttps:\/\/www.les-grands-moulins.fr\/V4\/wp-content\/uploads\/2025\/04\/resto-populaire-Les-Grands-Moulins-gracay-23juin2025.jpg\u00a0\u00bb url_new_window=\u00a0\u00bbon\u00a0\u00bb button_text=\u00a0\u00bb+ D\u00e9tails\u00a0\u00bb _builder_version=\u00a0\u00bb4.27.4&Prime; _module_preset=\u00a0\u00bb6414ef9f-e386-4555-a7b7-4544a239078b\u00a0\u00bb custom_button=\u00a0\u00bbon\u00a0\u00bb button_text_size=\u00a0\u00bb14px\u00a0\u00bb button_text_color=\u00a0\u00bb#ef8451&Prime; button_border_width=\u00a0\u00bb1px\u00a0\u00bb button_border_color=\u00a0\u00bb#ef8451&Prime; button_border_radius=\u00a0\u00bb37px\u00a0\u00bb button_letter_spacing=\u00a0\u00bb1px\u00a0\u00bb button_font=\u00a0\u00bbDM Sans|700||on|||||\u00a0\u00bb custom_padding=\u00a0\u00bb15px|24px|12px|24px|false|true\u00a0\u00bb locked=\u00a0\u00bboff\u00a0\u00bb global_colors_info=\u00a0\u00bb{}\u00a0\u00bb button_text_color__hover_enabled=\u00a0\u00bbon|hover\u00a0\u00bb button_text_color__hover=\u00a0\u00bb#FFFFFF\u00a0\u00bb button_bg_color__hover_enabled=\u00a0\u00bbon|hover\u00a0\u00bb button_bg_color__hover=\u00a0\u00bb#ef8451&Prime; button_bg_enable_color__hover=\u00a0\u00bbon\u00a0\u00bb][\/et_pb_button][\/et_pb_column][\/et_pb_row][et_pb_row column_structure=\u00a0\u00bb1_4,1_4,1_2&Prime; _builder_version=\u00a0\u00bb4.27.4&Prime; _module_preset=\u00a0\u00bbdefault\u00a0\u00bb filter_saturate=\u00a0\u00bb0%\u00a0\u00bb global_colors_info=\u00a0\u00bb{}\u00a0\u00bb][et_pb_column type=\u00a0\u00bb1_4&Prime; _builder_version=\u00a0\u00bb4.16&Prime; _module_preset=\u00a0\u00bbdefault\u00a0\u00bb global_colors_info=\u00a0\u00bb{}\u00a0\u00bb][et_pb_blurb _builder_version=\u00a0\u00bb4.27.4&Prime; _module_preset=\u00a0\u00bbdab8ae77-843d-4934-a7b3-8e57f832b52c\u00a0\u00bb header_font=\u00a0\u00bbDM Sans|700|||||||\u00a0\u00bb header_text_color=\u00a0\u00bb#0F393B\u00a0\u00bb header_font_size=\u00a0\u00bb56px\u00a0\u00bb body_font=\u00a0\u00bbDM Sans|700||on|||||\u00a0\u00bb body_text_color=\u00a0\u00bb#EF8451&Prime; body_letter_spacing=\u00a0\u00bb1px\u00a0\u00bb background_color=\u00a0\u00bb#FFFFFF\u00a0\u00bb text_orientation=\u00a0\u00bbcenter\u00a0\u00bb custom_padding=\u00a0\u00bb40px|20px|40px|20px|true|true\u00a0\u00bb border_radii=\u00a0\u00bbon|20px|20px|20px|20px\u00a0\u00bb global_colors_info=\u00a0\u00bb{}\u00a0\u00bb]2025[\/et_pb_blurb][et_pb_blurb title=\u00a0\u00bbLes jeudis 14h-16h\u00a0\u00bb _builder_version=\u00a0\u00bb4.25.2&Prime; _module_preset=\u00a0\u00bbdab8ae77-843d-4934-a7b3-8e57f832b52c\u00a0\u00bb header_font=\u00a0\u00bbDM Sans|700|||||||\u00a0\u00bb header_text_color=\u00a0\u00bb#0F393B\u00a0\u00bb header_font_size=\u00a0\u00bb40px\u00a0\u00bb body_font=\u00a0\u00bbDM Sans|700||on|||||\u00a0\u00bb body_text_color=\u00a0\u00bb#EF8451&Prime; body_letter_spacing=\u00a0\u00bb1px\u00a0\u00bb background_color=\u00a0\u00bb#FFFFFF\u00a0\u00bb text_orientation=\u00a0\u00bbcenter\u00a0\u00bb custom_padding=\u00a0\u00bb40px|20px|40px|20px|true|true\u00a0\u00bb border_radii=\u00a0\u00bbon|20px|20px|20px|20px\u00a0\u00bb global_colors_info=\u00a0\u00bb{}\u00a0\u00bb][\/et_pb_blurb][\/et_pb_column][et_pb_column type=\u00a0\u00bb1_4&Prime; _builder_version=\u00a0\u00bb4.16&Prime; _module_preset=\u00a0\u00bbdefault\u00a0\u00bb global_colors_info=\u00a0\u00bb{}\u00a0\u00bb][et_pb_image src=\u00a0\u00bbhttps:\/\/www.les-grands-moulins.fr\/V4\/wp-content\/uploads\/2024\/06\/bien-parametrer-son-smartphone-general.jpg\u00a0\u00bb title_text=\u00a0\u00bbbien-parametrer-son-smartphone-general\u00a0\u00bb show_in_lightbox=\u00a0\u00bbon\u00a0\u00bb _builder_version=\u00a0\u00bb4.27.5&Prime; _module_preset=\u00a0\u00bbdefault\u00a0\u00bb min_height=\u00a0\u00bb336.2px\u00a0\u00bb custom_padding=\u00a0\u00bb|0px||||\u00a0\u00bb locked=\u00a0\u00bboff\u00a0\u00bb global_colors_info=\u00a0\u00bb{}\u00a0\u00bb][\/et_pb_image][\/et_pb_column][et_pb_column type=\u00a0\u00bb1_2&Prime; _builder_version=\u00a0\u00bb4.16&Prime; _module_preset=\u00a0\u00bbdefault\u00a0\u00bb global_colors_info=\u00a0\u00bb{}\u00a0\u00bb][et_pb_text _builder_version=\u00a0\u00bb4.24.2&Prime; _module_preset=\u00a0\u00bb03ed4834-a81a-41ec-bfd6-98a6a9949751&Prime; header_font=\u00a0\u00bb||||||||\u00a0\u00bb header_3_font=\u00a0\u00bbDM Sans||||||||\u00a0\u00bb header_3_text_color=\u00a0\u00bb#093532&Prime; header_3_font_size=\u00a0\u00bb36px\u00a0\u00bb header_3_letter_spacing=\u00a0\u00bb-0.02em\u00a0\u00bb header_3_line_height=\u00a0\u00bb1.2em\u00a0\u00bb custom_margin=\u00a0\u00bb||10px||false|false\u00a0\u00bb header_3_font_size_tablet=\u00a0\u00bb20px\u00a0\u00bb header_3_font_size_phone=\u00a0\u00bb16px\u00a0\u00bb header_3_font_size_last_edited=\u00a0\u00bbon|phone\u00a0\u00bb locked=\u00a0\u00bboff\u00a0\u00bb global_colors_info=\u00a0\u00bb{}\u00a0\u00bb]<\/p>\n<h3><strong>Atelier num\u00e9rique : Bien param\u00e9trer son smartphone<\/strong><strong><\/strong><\/h3>\n<p>[\/et_pb_text][et_pb_text _builder_version=\u00a0\u00bb4.27.4&Prime; _module_preset=\u00a0\u00bb41d5859c-fbaa-458a-88e4-5d886857f235&Prime; text_font=\u00a0\u00bb||||||||\u00a0\u00bb text_text_color=\u00a0\u00bb#0F393B\u00a0\u00bb text_font_size=\u00a0\u00bb18px\u00a0\u00bb text_line_height=\u00a0\u00bb1.8em\u00a0\u00bb custom_margin=\u00a0\u00bb|-10px||||\u00a0\u00bb custom_padding=\u00a0\u00bb|2px|0px|||\u00a0\u00bb text_font_size_tablet=\u00a0\u00bb16px\u00a0\u00bb text_font_size_phone=\u00a0\u00bb14px\u00a0\u00bb text_font_size_last_edited=\u00a0\u00bbon|phone\u00a0\u00bb locked=\u00a0\u00bboff\u00a0\u00bb global_colors_info=\u00a0\u00bb{}\u00a0\u00bb]Un conseiller num\u00e9rique vous propose gratuitement des ateliers num\u00e9riques, ouverts \u00e0 tous.<br \/>\nCes rencontres vous permettent de d\u00e9couvrir les fonctionnalit\u00e9s de votre t\u00e9l\u00e9phone, le param\u00e9trer pour \u00e9conomiser la batterie ou g\u00e9rer les notifications et la confidentialit\u00e9 sur l&rsquo;appareil.<\/p>\n<p>Au programme :<br \/>\n&#8211; Configurer son smartphone<br \/>\n&#8211; Explorer les fonctionnalit\u00e9s<br \/>\n&#8211; G\u00e9rer les connexions r\u00e9seaux<br \/>\n&#8211; Augmenter l\u2019endurance de la batterie<br \/>\n&#8211; Sauvegarder et prot\u00e9ger les donn\u00e9es personnelles<\/p>\n<p>* Commune concern\u00e9es : Gra\u00e7ay, Saint-Outrille, Genouilly, Nohant-en-Gra\u00e7ay, Dampierre-en-Gra\u00e7ay, Massay, Saint-Georges-sur-la-pr\u00e9e.<\/p>\n<p><strong>Prochains rendez-vous :<\/strong><br \/>\n&#8211; Mars 2025 \/ Avril 2025 \/ Mai 2025 \/ Juin 2025 \/ Juillet 2025<\/p>\n<p>&#8212;-[\/et_pb_text][et_pb_button button_url=\u00a0\u00bbhttps:\/\/www.les-grands-moulins.fr\/V4\/wp-content\/uploads\/2024\/06\/bien-parametrer-son-smartphone-general.jpg\u00a0\u00bb url_new_window=\u00a0\u00bbon\u00a0\u00bb button_text=\u00a0\u00bb+ D\u00e9tails\u00a0\u00bb _builder_version=\u00a0\u00bb4.27.3&Prime; _module_preset=\u00a0\u00bb6414ef9f-e386-4555-a7b7-4544a239078b\u00a0\u00bb custom_button=\u00a0\u00bbon\u00a0\u00bb button_text_size=\u00a0\u00bb14px\u00a0\u00bb button_text_color=\u00a0\u00bb#ef8451&Prime; button_border_width=\u00a0\u00bb1px\u00a0\u00bb button_border_color=\u00a0\u00bb#ef8451&Prime; button_border_radius=\u00a0\u00bb37px\u00a0\u00bb button_letter_spacing=\u00a0\u00bb1px\u00a0\u00bb button_font=\u00a0\u00bbDM Sans|700||on|||||\u00a0\u00bb custom_padding=\u00a0\u00bb15px|24px|12px|24px|false|true\u00a0\u00bb locked=\u00a0\u00bboff\u00a0\u00bb global_colors_info=\u00a0\u00bb{}\u00a0\u00bb button_text_color__hover_enabled=\u00a0\u00bbon|hover\u00a0\u00bb button_text_color__hover=\u00a0\u00bb#FFFFFF\u00a0\u00bb button_bg_color__hover_enabled=\u00a0\u00bbon|hover\u00a0\u00bb button_bg_color__hover=\u00a0\u00bb#ef8451&Prime; button_bg_enable_color__hover=\u00a0\u00bbon\u00a0\u00bb][\/et_pb_button][\/et_pb_column][\/et_pb_row][et_pb_row column_structure=\u00a0\u00bb1_4,1_4,1_2&Prime; _builder_version=\u00a0\u00bb4.27.4&Prime; _module_preset=\u00a0\u00bbdefault\u00a0\u00bb filter_saturate=\u00a0\u00bb0%\u00a0\u00bb global_colors_info=\u00a0\u00bb{}\u00a0\u00bb][et_pb_column type=\u00a0\u00bb1_4&Prime; _builder_version=\u00a0\u00bb4.16&Prime; _module_preset=\u00a0\u00bbdefault\u00a0\u00bb global_colors_info=\u00a0\u00bb{}\u00a0\u00bb][et_pb_blurb title=\u00a0\u00bb31&Prime; _builder_version=\u00a0\u00bb4.27.4&Prime; _module_preset=\u00a0\u00bbdab8ae77-843d-4934-a7b3-8e57f832b52c\u00a0\u00bb header_font=\u00a0\u00bbDM Sans|700|||||||\u00a0\u00bb header_text_color=\u00a0\u00bb#0F393B\u00a0\u00bb header_font_size=\u00a0\u00bb56px\u00a0\u00bb body_font=\u00a0\u00bbDM Sans|700||on|||||\u00a0\u00bb body_text_color=\u00a0\u00bb#EF8451&Prime; body_letter_spacing=\u00a0\u00bb1px\u00a0\u00bb background_color=\u00a0\u00bb#FFFFFF\u00a0\u00bb text_orientation=\u00a0\u00bbcenter\u00a0\u00bb custom_padding=\u00a0\u00bb40px|20px|40px|20px|true|true\u00a0\u00bb border_radii=\u00a0\u00bbon|20px|20px|20px|20px\u00a0\u00bb global_colors_info=\u00a0\u00bb{}\u00a0\u00bb]<\/p>\n<p><strong>MAI<\/strong><br \/>2025<\/p>\n<p>[\/et_pb_blurb][et_pb_blurb title=\u00a0\u00bb10h-12h\u00a0\u00bb _builder_version=\u00a0\u00bb4.27.4&Prime; _module_preset=\u00a0\u00bbdab8ae77-843d-4934-a7b3-8e57f832b52c\u00a0\u00bb header_font=\u00a0\u00bbDM Sans|700|||||||\u00a0\u00bb header_text_color=\u00a0\u00bb#0F393B\u00a0\u00bb header_font_size=\u00a0\u00bb40px\u00a0\u00bb body_font=\u00a0\u00bbDM Sans|700||on|||||\u00a0\u00bb body_text_color=\u00a0\u00bb#EF8451&Prime; body_letter_spacing=\u00a0\u00bb1px\u00a0\u00bb background_color=\u00a0\u00bb#FFFFFF\u00a0\u00bb text_orientation=\u00a0\u00bbcenter\u00a0\u00bb custom_padding=\u00a0\u00bb40px|20px|40px|20px|true|true\u00a0\u00bb border_radii=\u00a0\u00bbon|20px|20px|20px|20px\u00a0\u00bb global_colors_info=\u00a0\u00bb{}\u00a0\u00bb][\/et_pb_blurb][\/et_pb_column][et_pb_column type=\u00a0\u00bb1_4&Prime; _builder_version=\u00a0\u00bb4.16&Prime; _module_preset=\u00a0\u00bbdefault\u00a0\u00bb global_colors_info=\u00a0\u00bb{}\u00a0\u00bb][et_pb_image src=\u00a0\u00bbhttps:\/\/www.les-grands-moulins.fr\/V4\/wp-content\/uploads\/2025\/06\/atelier-soudure-recyclerie-gracay_31052025.jpg\u00a0\u00bb title_text=\u00a0\u00bbatelier-soudure-recyclerie-gracay_31052025&Prime; show_in_lightbox=\u00a0\u00bbon\u00a0\u00bb _builder_version=\u00a0\u00bb4.27.5&Prime; _module_preset=\u00a0\u00bbdefault\u00a0\u00bb min_height=\u00a0\u00bb336.2px\u00a0\u00bb custom_padding=\u00a0\u00bb|0px||||\u00a0\u00bb locked=\u00a0\u00bboff\u00a0\u00bb global_colors_info=\u00a0\u00bb{}\u00a0\u00bb][\/et_pb_image][\/et_pb_column][et_pb_column type=\u00a0\u00bb1_2&Prime; _builder_version=\u00a0\u00bb4.16&Prime; _module_preset=\u00a0\u00bbdefault\u00a0\u00bb global_colors_info=\u00a0\u00bb{}\u00a0\u00bb][et_pb_text _builder_version=\u00a0\u00bb4.27.4&Prime; _module_preset=\u00a0\u00bb03ed4834-a81a-41ec-bfd6-98a6a9949751&Prime; header_font=\u00a0\u00bb||||||||\u00a0\u00bb header_3_font=\u00a0\u00bbDM Sans||||||||\u00a0\u00bb header_3_text_color=\u00a0\u00bb#093532&Prime; header_3_font_size=\u00a0\u00bb36px\u00a0\u00bb header_3_letter_spacing=\u00a0\u00bb-0.02em\u00a0\u00bb header_3_line_height=\u00a0\u00bb1.2em\u00a0\u00bb custom_margin=\u00a0\u00bb||10px||false|false\u00a0\u00bb header_3_font_size_tablet=\u00a0\u00bb20px\u00a0\u00bb header_3_font_size_phone=\u00a0\u00bb16px\u00a0\u00bb header_3_font_size_last_edited=\u00a0\u00bbon|phone\u00a0\u00bb locked=\u00a0\u00bboff\u00a0\u00bb global_colors_info=\u00a0\u00bb{}\u00a0\u00bb]<\/p>\n<h3><strong>Atelier Soudage \u00e0 l&rsquo;arc <span style=\"color: #808000;\">J1<\/span><\/strong><strong><\/strong><\/h3>\n<p>[\/et_pb_text][et_pb_text _builder_version=\u00a0\u00bb4.27.4&Prime; _module_preset=\u00a0\u00bb41d5859c-fbaa-458a-88e4-5d886857f235&Prime; text_font=\u00a0\u00bb||||||||\u00a0\u00bb text_text_color=\u00a0\u00bb#0F393B\u00a0\u00bb text_font_size=\u00a0\u00bb18px\u00a0\u00bb text_line_height=\u00a0\u00bb1.8em\u00a0\u00bb custom_margin=\u00a0\u00bb|-10px||||\u00a0\u00bb custom_padding=\u00a0\u00bb|2px|0px|||\u00a0\u00bb text_font_size_tablet=\u00a0\u00bb16px\u00a0\u00bb text_font_size_phone=\u00a0\u00bb14px\u00a0\u00bb text_font_size_last_edited=\u00a0\u00bbon|phone\u00a0\u00bb locked=\u00a0\u00bboff\u00a0\u00bb global_colors_info=\u00a0\u00bb{}\u00a0\u00bb]<\/p>\n<p>Un moment d&rsquo;initiation et de partage de connaissance entre habitants.<\/p>\n<p>Cet atelier permettra d\u2019acqu\u00e9rir les bases n\u00e9cessaires \u00e0 l\u2019utilisation d\u2019un poste de soudage pour d\u00e9velopper votre autonomie dans le travail manuel des m\u00e9taux.<\/p>\n<p>&#8211; Date : samedi 21 juin 2025 (10h-12h)<br \/>&#8211; Lieu : la recyclerie \u00ab\u00a0Espace Bricol&rsquo;Tout\u00a0\u00bb, place Jean Chaudron. (\u00e0 cot\u00e9 de la pharmacie)<br \/>&#8211; Inscription au 06 34 64 02 92 ou par e-mail : evs.gracay@ligue18.org<\/p>\n<p>&#8212;-<\/p>\n<p>[\/et_pb_text][et_pb_button button_url=\u00a0\u00bbhttps:\/\/www.les-grands-moulins.fr\/V4\/wp-content\/uploads\/2025\/06\/atelier-soudure-recyclerie-gracay_31052025.jpg\u00a0\u00bb url_new_window=\u00a0\u00bbon\u00a0\u00bb button_text=\u00a0\u00bb+ D\u00e9tails\u00a0\u00bb _builder_version=\u00a0\u00bb4.27.4&Prime; _module_preset=\u00a0\u00bb6414ef9f-e386-4555-a7b7-4544a239078b\u00a0\u00bb custom_button=\u00a0\u00bbon\u00a0\u00bb button_text_size=\u00a0\u00bb14px\u00a0\u00bb button_text_color=\u00a0\u00bb#ef8451&Prime; button_border_width=\u00a0\u00bb1px\u00a0\u00bb button_border_color=\u00a0\u00bb#ef8451&Prime; button_border_radius=\u00a0\u00bb37px\u00a0\u00bb button_letter_spacing=\u00a0\u00bb1px\u00a0\u00bb button_font=\u00a0\u00bbDM Sans|700||on|||||\u00a0\u00bb custom_padding=\u00a0\u00bb15px|24px|12px|24px|false|true\u00a0\u00bb locked=\u00a0\u00bboff\u00a0\u00bb global_colors_info=\u00a0\u00bb{}\u00a0\u00bb button_text_color__hover_enabled=\u00a0\u00bbon|hover\u00a0\u00bb button_text_color__hover=\u00a0\u00bb#FFFFFF\u00a0\u00bb button_bg_color__hover_enabled=\u00a0\u00bbon|hover\u00a0\u00bb button_bg_color__hover=\u00a0\u00bb#ef8451&Prime; button_bg_enable_color__hover=\u00a0\u00bbon\u00a0\u00bb][\/et_pb_button][\/et_pb_column][\/et_pb_row][et_pb_row column_structure=\u00a0\u00bb1_4,1_4,1_2&Prime; _builder_version=\u00a0\u00bb4.27.4&Prime; _module_preset=\u00a0\u00bbdefault\u00a0\u00bb filter_saturate=\u00a0\u00bb0%\u00a0\u00bb global_colors_info=\u00a0\u00bb{}\u00a0\u00bb][et_pb_column type=\u00a0\u00bb1_4&Prime; _builder_version=\u00a0\u00bb4.16&Prime; _module_preset=\u00a0\u00bbdefault\u00a0\u00bb global_colors_info=\u00a0\u00bb{}\u00a0\u00bb][et_pb_blurb title=\u00a0\u00bb7&Prime; _builder_version=\u00a0\u00bb4.27.4&Prime; _module_preset=\u00a0\u00bbdab8ae77-843d-4934-a7b3-8e57f832b52c\u00a0\u00bb header_font=\u00a0\u00bbDM Sans|700|||||||\u00a0\u00bb header_text_color=\u00a0\u00bb#0F393B\u00a0\u00bb header_font_size=\u00a0\u00bb56px\u00a0\u00bb body_font=\u00a0\u00bbDM Sans|700||on|||||\u00a0\u00bb body_text_color=\u00a0\u00bb#EF8451&Prime; body_letter_spacing=\u00a0\u00bb1px\u00a0\u00bb background_color=\u00a0\u00bb#FFFFFF\u00a0\u00bb text_orientation=\u00a0\u00bbcenter\u00a0\u00bb custom_padding=\u00a0\u00bb40px|20px|40px|20px|true|true\u00a0\u00bb border_radii=\u00a0\u00bbon|20px|20px|20px|20px\u00a0\u00bb global_colors_info=\u00a0\u00bb{}\u00a0\u00bb]<\/p>\n<p><strong>Mai<\/strong><br \/>2025<\/p>\n<p>[\/et_pb_blurb][et_pb_blurb title=\u00a0\u00bb9h\u00a0\u00bb _builder_version=\u00a0\u00bb4.27.4&Prime; _module_preset=\u00a0\u00bbdab8ae77-843d-4934-a7b3-8e57f832b52c\u00a0\u00bb header_font=\u00a0\u00bbDM Sans|700|||||||\u00a0\u00bb header_text_color=\u00a0\u00bb#0F393B\u00a0\u00bb header_font_size=\u00a0\u00bb40px\u00a0\u00bb body_font=\u00a0\u00bbDM Sans|700||on|||||\u00a0\u00bb body_text_color=\u00a0\u00bb#EF8451&Prime; body_letter_spacing=\u00a0\u00bb1px\u00a0\u00bb background_color=\u00a0\u00bb#FFFFFF\u00a0\u00bb text_orientation=\u00a0\u00bbcenter\u00a0\u00bb custom_padding=\u00a0\u00bb40px|20px|40px|20px|true|true\u00a0\u00bb border_radii=\u00a0\u00bbon|20px|20px|20px|20px\u00a0\u00bb global_colors_info=\u00a0\u00bb{}\u00a0\u00bb][\/et_pb_blurb][\/et_pb_column][et_pb_column type=\u00a0\u00bb1_4&Prime; _builder_version=\u00a0\u00bb4.16&Prime; _module_preset=\u00a0\u00bbdefault\u00a0\u00bb global_colors_info=\u00a0\u00bb{}\u00a0\u00bb][et_pb_image src=\u00a0\u00bbhttps:\/\/www.les-grands-moulins.fr\/V4\/wp-content\/uploads\/2025\/04\/Atelier_Cuisine-7mai2025-Les-Grands-Moulins-Gracay.jpg\u00a0\u00bb title_text=\u00a0\u00bbAtelier_Cuisine-7mai2025-Les-Grands-Moulins-Gra\u00e7ay\u00a0\u00bb show_in_lightbox=\u00a0\u00bbon\u00a0\u00bb _builder_version=\u00a0\u00bb4.27.5&Prime; _module_preset=\u00a0\u00bbdefault\u00a0\u00bb min_height=\u00a0\u00bb336.2px\u00a0\u00bb custom_padding=\u00a0\u00bb|0px||||\u00a0\u00bb locked=\u00a0\u00bboff\u00a0\u00bb global_colors_info=\u00a0\u00bb{}\u00a0\u00bb][\/et_pb_image][\/et_pb_column][et_pb_column type=\u00a0\u00bb1_2&Prime; _builder_version=\u00a0\u00bb4.16&Prime; _module_preset=\u00a0\u00bbdefault\u00a0\u00bb global_colors_info=\u00a0\u00bb{}\u00a0\u00bb][et_pb_text _builder_version=\u00a0\u00bb4.27.4&Prime; _module_preset=\u00a0\u00bb03ed4834-a81a-41ec-bfd6-98a6a9949751&Prime; header_font=\u00a0\u00bb||||||||\u00a0\u00bb header_3_font=\u00a0\u00bbDM Sans||||||||\u00a0\u00bb header_3_text_color=\u00a0\u00bb#093532&Prime; header_3_font_size=\u00a0\u00bb36px\u00a0\u00bb header_3_letter_spacing=\u00a0\u00bb-0.02em\u00a0\u00bb header_3_line_height=\u00a0\u00bb1.2em\u00a0\u00bb custom_margin=\u00a0\u00bb||10px||false|false\u00a0\u00bb header_3_font_size_tablet=\u00a0\u00bb20px\u00a0\u00bb header_3_font_size_phone=\u00a0\u00bb16px\u00a0\u00bb header_3_font_size_last_edited=\u00a0\u00bbon|phone\u00a0\u00bb locked=\u00a0\u00bboff\u00a0\u00bb global_colors_info=\u00a0\u00bb{}\u00a0\u00bb]<\/p>\n<h3><strong>Atelier cuisine : La cuisine berrichonne \u00e0 l&rsquo;honneur !<\/strong><strong><\/strong><\/h3>\n<p>[\/et_pb_text][et_pb_text _builder_version=\u00a0\u00bb4.27.4&Prime; _module_preset=\u00a0\u00bb41d5859c-fbaa-458a-88e4-5d886857f235&Prime; text_font=\u00a0\u00bb||||||||\u00a0\u00bb text_text_color=\u00a0\u00bb#0F393B\u00a0\u00bb text_font_size=\u00a0\u00bb18px\u00a0\u00bb text_line_height=\u00a0\u00bb1.8em\u00a0\u00bb custom_margin=\u00a0\u00bb|-10px||||\u00a0\u00bb custom_padding=\u00a0\u00bb|2px|0px|||\u00a0\u00bb text_font_size_tablet=\u00a0\u00bb16px\u00a0\u00bb text_font_size_phone=\u00a0\u00bb14px\u00a0\u00bb text_font_size_last_edited=\u00a0\u00bbon|phone\u00a0\u00bb locked=\u00a0\u00bboff\u00a0\u00bb global_colors_info=\u00a0\u00bb{}\u00a0\u00bb]<\/p>\n<div dir=\"auto\">ATELIER CUISINE <span class=\"html-span xexx8yu x4uap5 x18d9i69 xkhd6sd x1hl2dhg x16tdsg8 x1vvkbs x3nfvp2 x1j61x8r x1fcty0u xdj266r xat24cr xgzva0m xhhsvwb xxymvpz xlup9mm x1kky2od\"><img loading=\"lazy\" decoding=\"async\" height=\"16\" width=\"16\" alt=\"\ud83c\udf72\" class=\"xz74otr x168nmei x13lgxp2 x5pf9jr xo71vjh\" referrerpolicy=\"origin-when-cross-origin\" src=\"https:\/\/static.xx.fbcdn.net\/images\/emoji.php\/v9\/t66\/1\/16\/1f372.png\" \/><\/span><\/div>\n<div dir=\"auto\">La cuisine berrichonne \u00e0 l&rsquo;honneur !<\/div>\n<div dir=\"auto\">&#8211; <span class=\"html-span xdj266r x11i5rnm xat24cr x1mh8g0r xexx8yu x4uap5 x18d9i69 xkhd6sd x1hl2dhg x16tdsg8 x1vvkbs\"><a class=\"html-a xdj266r x11i5rnm xat24cr x1mh8g0r xexx8yu x4uap5 x18d9i69 xkhd6sd x1hl2dhg x16tdsg8 x1vvkbs\" tabindex=\"-1\"><\/a><\/span>Confection traditionnelle de la galette de pomme de terre si ch\u00e8re aux berrichons<\/div>\n<div dir=\"auto\">&#8211; Composition simple d&rsquo;une salade de saison<\/div>\n<div dir=\"auto\"><\/div>\n<div dir=\"auto\">Cet atelier se terminera par une d\u00e9gustation et un moment convivial.<\/div>\n<div dir=\"auto\"><\/div>\n<div dir=\"auto\">Mercredi 7 mai \u00e0 partir de 9h, aux Grands Moulins.<\/div>\n<div dir=\"auto\">Sur inscription au : 06 34 64 02 92 \/ 02 48 51 29 96<\/div>\n<div dir=\"auto\">Places limit\u00e9es<\/div>\n<div dir=\"auto\">Gratuit et ouvert \u00e0 tous<\/div>\n<p>Cet atelier se terminera par une d\u00e9gustation et un moment convivial.<\/p>\n<p>&#8212;-<\/p>\n<p>[\/et_pb_text][et_pb_button button_url=\u00a0\u00bbhttps:\/\/www.les-grands-moulins.fr\/V4\/wp-content\/uploads\/2025\/04\/Atelier_Cuisine-7mai2025-Les-Grands-Moulins-Gracay.jpg\u00a0\u00bb url_new_window=\u00a0\u00bbon\u00a0\u00bb button_text=\u00a0\u00bb+ D\u00e9tails\u00a0\u00bb _builder_version=\u00a0\u00bb4.27.4&Prime; _module_preset=\u00a0\u00bb6414ef9f-e386-4555-a7b7-4544a239078b\u00a0\u00bb custom_button=\u00a0\u00bbon\u00a0\u00bb button_text_size=\u00a0\u00bb14px\u00a0\u00bb button_text_color=\u00a0\u00bb#ef8451&Prime; button_border_width=\u00a0\u00bb1px\u00a0\u00bb button_border_color=\u00a0\u00bb#ef8451&Prime; button_border_radius=\u00a0\u00bb37px\u00a0\u00bb button_letter_spacing=\u00a0\u00bb1px\u00a0\u00bb button_font=\u00a0\u00bbDM Sans|700||on|||||\u00a0\u00bb custom_padding=\u00a0\u00bb15px|24px|12px|24px|false|true\u00a0\u00bb locked=\u00a0\u00bboff\u00a0\u00bb global_colors_info=\u00a0\u00bb{}\u00a0\u00bb button_text_color__hover_enabled=\u00a0\u00bbon|hover\u00a0\u00bb button_text_color__hover=\u00a0\u00bb#FFFFFF\u00a0\u00bb button_bg_color__hover_enabled=\u00a0\u00bbon|hover\u00a0\u00bb button_bg_color__hover=\u00a0\u00bb#ef8451&Prime; button_bg_enable_color__hover=\u00a0\u00bbon\u00a0\u00bb][\/et_pb_button][\/et_pb_column][\/et_pb_row][et_pb_row column_structure=\u00a0\u00bb1_4,1_4,1_2&Prime; _builder_version=\u00a0\u00bb4.27.4&Prime; _module_preset=\u00a0\u00bbdefault\u00a0\u00bb filter_saturate=\u00a0\u00bb0%\u00a0\u00bb global_colors_info=\u00a0\u00bb{}\u00a0\u00bb][et_pb_column type=\u00a0\u00bb1_4&Prime; _builder_version=\u00a0\u00bb4.16&Prime; _module_preset=\u00a0\u00bbdefault\u00a0\u00bb global_colors_info=\u00a0\u00bb{}\u00a0\u00bb][et_pb_blurb title=\u00a0\u00bb2&Prime; _builder_version=\u00a0\u00bb4.27.4&Prime; _module_preset=\u00a0\u00bbdab8ae77-843d-4934-a7b3-8e57f832b52c\u00a0\u00bb header_font=\u00a0\u00bbDM Sans|700|||||||\u00a0\u00bb header_text_color=\u00a0\u00bb#0F393B\u00a0\u00bb header_font_size=\u00a0\u00bb56px\u00a0\u00bb body_font=\u00a0\u00bbDM Sans|700||on|||||\u00a0\u00bb body_text_color=\u00a0\u00bb#EF8451&Prime; body_letter_spacing=\u00a0\u00bb1px\u00a0\u00bb background_color=\u00a0\u00bb#FFFFFF\u00a0\u00bb text_orientation=\u00a0\u00bbcenter\u00a0\u00bb custom_padding=\u00a0\u00bb40px|20px|40px|20px|true|true\u00a0\u00bb border_radii=\u00a0\u00bbon|20px|20px|20px|20px\u00a0\u00bb global_colors_info=\u00a0\u00bb{}\u00a0\u00bb]<\/p>\n<p><strong>Mai<\/strong><br \/>2025<\/p>\n<p>[\/et_pb_blurb][et_pb_blurb title=\u00a0\u00bb19h\u00a0\u00bb _builder_version=\u00a0\u00bb4.22.2&Prime; _module_preset=\u00a0\u00bbdab8ae77-843d-4934-a7b3-8e57f832b52c\u00a0\u00bb header_font=\u00a0\u00bbDM Sans|700|||||||\u00a0\u00bb header_text_color=\u00a0\u00bb#0F393B\u00a0\u00bb header_font_size=\u00a0\u00bb40px\u00a0\u00bb body_font=\u00a0\u00bbDM Sans|700||on|||||\u00a0\u00bb body_text_color=\u00a0\u00bb#EF8451&Prime; body_letter_spacing=\u00a0\u00bb1px\u00a0\u00bb background_color=\u00a0\u00bb#FFFFFF\u00a0\u00bb text_orientation=\u00a0\u00bbcenter\u00a0\u00bb custom_padding=\u00a0\u00bb40px|20px|40px|20px|true|true\u00a0\u00bb border_radii=\u00a0\u00bbon|20px|20px|20px|20px\u00a0\u00bb global_colors_info=\u00a0\u00bb{}\u00a0\u00bb][\/et_pb_blurb][\/et_pb_column][et_pb_column type=\u00a0\u00bb1_4&Prime; _builder_version=\u00a0\u00bb4.16&Prime; _module_preset=\u00a0\u00bbdefault\u00a0\u00bb global_colors_info=\u00a0\u00bb{}\u00a0\u00bb][et_pb_image src=\u00a0\u00bbhttps:\/\/www.les-grands-moulins.fr\/V4\/wp-content\/uploads\/2025\/04\/soiree-JMP-2mai2025-Grands-Moulins.jpg\u00a0\u00bb title_text=\u00a0\u00bbsoir\u00e9e JMP-2mai2025-Grands Moulins\u00a0\u00bb show_in_lightbox=\u00a0\u00bbon\u00a0\u00bb _builder_version=\u00a0\u00bb4.27.5&Prime; _module_preset=\u00a0\u00bbdefault\u00a0\u00bb min_height=\u00a0\u00bb336.2px\u00a0\u00bb custom_padding=\u00a0\u00bb|0px||||\u00a0\u00bb locked=\u00a0\u00bboff\u00a0\u00bb global_colors_info=\u00a0\u00bb{}\u00a0\u00bb][\/et_pb_image][\/et_pb_column][et_pb_column type=\u00a0\u00bb1_2&Prime; _builder_version=\u00a0\u00bb4.16&Prime; _module_preset=\u00a0\u00bbdefault\u00a0\u00bb global_colors_info=\u00a0\u00bb{}\u00a0\u00bb][et_pb_text _builder_version=\u00a0\u00bb4.21.0&Prime; _module_preset=\u00a0\u00bb03ed4834-a81a-41ec-bfd6-98a6a9949751&Prime; header_font=\u00a0\u00bb||||||||\u00a0\u00bb header_3_font=\u00a0\u00bbDM Sans||||||||\u00a0\u00bb header_3_text_color=\u00a0\u00bb#093532&Prime; header_3_font_size=\u00a0\u00bb36px\u00a0\u00bb header_3_letter_spacing=\u00a0\u00bb-0.02em\u00a0\u00bb header_3_line_height=\u00a0\u00bb1.2em\u00a0\u00bb custom_margin=\u00a0\u00bb||10px||false|false\u00a0\u00bb header_3_font_size_tablet=\u00a0\u00bb20px\u00a0\u00bb header_3_font_size_phone=\u00a0\u00bb16px\u00a0\u00bb header_3_font_size_last_edited=\u00a0\u00bbon|phone\u00a0\u00bb locked=\u00a0\u00bboff\u00a0\u00bb global_colors_info=\u00a0\u00bb{}\u00a0\u00bb]<\/p>\n<h3><strong>Soir\u00e9e \u00ab\u00a0Jouons, mangeons, partageons\u00a0\u00bb<br \/><\/strong><\/h3>\n<p>[\/et_pb_text][et_pb_text _builder_version=\u00a0\u00bb4.27.4&Prime; _module_preset=\u00a0\u00bb41d5859c-fbaa-458a-88e4-5d886857f235&Prime; text_font=\u00a0\u00bb||||||||\u00a0\u00bb text_text_color=\u00a0\u00bb#0F393B\u00a0\u00bb text_font_size=\u00a0\u00bb18px\u00a0\u00bb text_line_height=\u00a0\u00bb1.8em\u00a0\u00bb custom_margin=\u00a0\u00bb|-10px||||\u00a0\u00bb custom_padding=\u00a0\u00bb|2px|0px|||\u00a0\u00bb text_font_size_tablet=\u00a0\u00bb16px\u00a0\u00bb text_font_size_phone=\u00a0\u00bb14px\u00a0\u00bb text_font_size_last_edited=\u00a0\u00bbon|phone\u00a0\u00bb locked=\u00a0\u00bboff\u00a0\u00bb global_colors_info=\u00a0\u00bb{}\u00a0\u00bb]La prochaine soir\u00e9e JMP (Jouons-Mangeons-Partageons ) aura lieu vendredi 2 mai \u00e0 partir de 19h.<br \/>\nVenez jouer, manger et partager un moment de convivialit\u00e9 !<br \/>\nGratuit<\/p>\n<p>Date : vendredi 2 mai \u00e0 19h<br \/>\nLieu : Les Grands Moulins &#8211; B\u00e2timent 3. (Acc\u00e8s et parking cot\u00e9 pharmacie)<br \/>\nParking: place Jean Chaudron (c\u00f4t\u00e9 pharmacie).<br \/>\nPlus d\u2019informations au 02 48 51 29 96.[\/et_pb_text][et_pb_button button_url=\u00a0\u00bbhttps:\/\/www.les-grands-moulins.fr\/V4\/wp-content\/uploads\/2025\/04\/soiree-JMP-2mai2025-Grands-Moulins.jpg\u00a0\u00bb url_new_window=\u00a0\u00bbon\u00a0\u00bb button_text=\u00a0\u00bb+ D\u00e9tails\u00a0\u00bb _builder_version=\u00a0\u00bb4.27.4&Prime; _module_preset=\u00a0\u00bb6414ef9f-e386-4555-a7b7-4544a239078b\u00a0\u00bb custom_button=\u00a0\u00bbon\u00a0\u00bb button_text_size=\u00a0\u00bb14px\u00a0\u00bb button_text_color=\u00a0\u00bb#ef8451&Prime; button_border_width=\u00a0\u00bb1px\u00a0\u00bb button_border_color=\u00a0\u00bb#ef8451&Prime; button_border_radius=\u00a0\u00bb37px\u00a0\u00bb button_letter_spacing=\u00a0\u00bb1px\u00a0\u00bb button_font=\u00a0\u00bbDM Sans|700||on|||||\u00a0\u00bb custom_padding=\u00a0\u00bb15px|24px|12px|24px|false|true\u00a0\u00bb locked=\u00a0\u00bboff\u00a0\u00bb global_colors_info=\u00a0\u00bb{}\u00a0\u00bb button_text_color__hover_enabled=\u00a0\u00bbon|hover\u00a0\u00bb button_text_color__hover=\u00a0\u00bb#FFFFFF\u00a0\u00bb button_bg_color__hover_enabled=\u00a0\u00bbon|hover\u00a0\u00bb button_bg_color__hover=\u00a0\u00bb#ef8451&Prime; button_bg_enable_color__hover=\u00a0\u00bbon\u00a0\u00bb][\/et_pb_button][\/et_pb_column][\/et_pb_row][et_pb_row column_structure=\u00a0\u00bb1_4,1_4,1_2&Prime; _builder_version=\u00a0\u00bb4.27.4&Prime; _module_preset=\u00a0\u00bbdefault\u00a0\u00bb filter_saturate=\u00a0\u00bb0%\u00a0\u00bb global_colors_info=\u00a0\u00bb{}\u00a0\u00bb][et_pb_column type=\u00a0\u00bb1_4&Prime; _builder_version=\u00a0\u00bb4.16&Prime; _module_preset=\u00a0\u00bbdefault\u00a0\u00bb global_colors_info=\u00a0\u00bb{}\u00a0\u00bb][et_pb_blurb _builder_version=\u00a0\u00bb4.27.4&Prime; _module_preset=\u00a0\u00bbdab8ae77-843d-4934-a7b3-8e57f832b52c\u00a0\u00bb header_font=\u00a0\u00bbDM Sans|700|||||||\u00a0\u00bb header_text_color=\u00a0\u00bb#0F393B\u00a0\u00bb header_font_size=\u00a0\u00bb56px\u00a0\u00bb body_font=\u00a0\u00bbDM Sans|700||on|||||\u00a0\u00bb body_text_color=\u00a0\u00bb#EF8451&Prime; body_letter_spacing=\u00a0\u00bb1px\u00a0\u00bb background_color=\u00a0\u00bb#FFFFFF\u00a0\u00bb text_orientation=\u00a0\u00bbcenter\u00a0\u00bb custom_padding=\u00a0\u00bb40px|20px|40px|20px|true|true\u00a0\u00bb border_radii=\u00a0\u00bbon|20px|20px|20px|20px\u00a0\u00bb global_colors_info=\u00a0\u00bb{}\u00a0\u00bb]<\/p>\n<p><strong>MARS<\/strong><br \/>2025<\/p>\n<p>[\/et_pb_blurb][et_pb_blurb title=\u00a0\u00bbSur RDV\u00a0\u00bb _builder_version=\u00a0\u00bb4.27.4&Prime; _module_preset=\u00a0\u00bbdab8ae77-843d-4934-a7b3-8e57f832b52c\u00a0\u00bb header_font=\u00a0\u00bbDM Sans|700|||||||\u00a0\u00bb header_text_color=\u00a0\u00bb#0F393B\u00a0\u00bb header_font_size=\u00a0\u00bb40px\u00a0\u00bb body_font=\u00a0\u00bbDM Sans|700||on|||||\u00a0\u00bb body_text_color=\u00a0\u00bb#EF8451&Prime; body_letter_spacing=\u00a0\u00bb1px\u00a0\u00bb background_color=\u00a0\u00bb#FFFFFF\u00a0\u00bb text_orientation=\u00a0\u00bbcenter\u00a0\u00bb custom_padding=\u00a0\u00bb40px|20px|40px|20px|true|true\u00a0\u00bb border_radii=\u00a0\u00bbon|20px|20px|20px|20px\u00a0\u00bb global_colors_info=\u00a0\u00bb{}\u00a0\u00bb][\/et_pb_blurb][\/et_pb_column][et_pb_column type=\u00a0\u00bb1_4&Prime; _builder_version=\u00a0\u00bb4.16&Prime; _module_preset=\u00a0\u00bbdefault\u00a0\u00bb global_colors_info=\u00a0\u00bb{}\u00a0\u00bb][et_pb_image src=\u00a0\u00bbhttps:\/\/www.les-grands-moulins.fr\/V4\/wp-content\/uploads\/2025\/01\/decrypter-sa-facture-internet_genr.jpg\u00a0\u00bb title_text=\u00a0\u00bbdecrypter-sa-facture-internet_genr\u00a0\u00bb show_in_lightbox=\u00a0\u00bbon\u00a0\u00bb _builder_version=\u00a0\u00bb4.27.5&Prime; _module_preset=\u00a0\u00bbdefault\u00a0\u00bb min_height=\u00a0\u00bb336.2px\u00a0\u00bb custom_padding=\u00a0\u00bb|0px||||\u00a0\u00bb locked=\u00a0\u00bboff\u00a0\u00bb global_colors_info=\u00a0\u00bb{}\u00a0\u00bb][\/et_pb_image][\/et_pb_column][et_pb_column type=\u00a0\u00bb1_2&Prime; _builder_version=\u00a0\u00bb4.16&Prime; _module_preset=\u00a0\u00bbdefault\u00a0\u00bb global_colors_info=\u00a0\u00bb{}\u00a0\u00bb][et_pb_text _builder_version=\u00a0\u00bb4.27.4&Prime; _module_preset=\u00a0\u00bb03ed4834-a81a-41ec-bfd6-98a6a9949751&Prime; header_font=\u00a0\u00bb||||||||\u00a0\u00bb header_3_font=\u00a0\u00bbDM Sans||||||||\u00a0\u00bb header_3_text_color=\u00a0\u00bb#093532&Prime; header_3_font_size=\u00a0\u00bb36px\u00a0\u00bb header_3_letter_spacing=\u00a0\u00bb-0.02em\u00a0\u00bb header_3_line_height=\u00a0\u00bb1.2em\u00a0\u00bb custom_margin=\u00a0\u00bb||10px||false|false\u00a0\u00bb header_3_font_size_tablet=\u00a0\u00bb20px\u00a0\u00bb header_3_font_size_phone=\u00a0\u00bb16px\u00a0\u00bb header_3_font_size_last_edited=\u00a0\u00bbon|phone\u00a0\u00bb locked=\u00a0\u00bboff\u00a0\u00bb global_colors_info=\u00a0\u00bb{}\u00a0\u00bb]<\/p>\n<h3><strong>Atelier num\u00e9rique : D\u00e9crypter et comprendre sa facture internet<\/strong><strong><\/strong><\/h3>\n<p>[\/et_pb_text][et_pb_text _builder_version=\u00a0\u00bb4.27.4&Prime; _module_preset=\u00a0\u00bb41d5859c-fbaa-458a-88e4-5d886857f235&Prime; text_font=\u00a0\u00bb||||||||\u00a0\u00bb text_text_color=\u00a0\u00bb#0F393B\u00a0\u00bb text_font_size=\u00a0\u00bb18px\u00a0\u00bb text_line_height=\u00a0\u00bb1.8em\u00a0\u00bb custom_margin=\u00a0\u00bb|-10px||||\u00a0\u00bb custom_padding=\u00a0\u00bb|2px|0px|||\u00a0\u00bb text_font_size_tablet=\u00a0\u00bb16px\u00a0\u00bb text_font_size_phone=\u00a0\u00bb14px\u00a0\u00bb text_font_size_last_edited=\u00a0\u00bbon|phone\u00a0\u00bb locked=\u00a0\u00bboff\u00a0\u00bb global_colors_info=\u00a0\u00bb{}\u00a0\u00bb]<\/p>\n<p>Conscients qu&rsquo;il n&rsquo;est pas simple de comprendre toutes les informations indiqu\u00e9es sur une facture Internet, notre conseiller num\u00e9rique propose un atelier vous permettant de mieux comprendre la facturation de votre abonnement Internet (ou mobile), de vos options ainsi que de vos consommations et \u00e9ventuels usages ponctuels.<\/p>\n<p>Objectifs :<br \/>&#8211; D\u00e9crypter au mieux les informations qui figurent sur la facture Internet \/ Mobile<br \/>&#8211; Bien choisir son abonnement<br \/>&#8211; G\u00e9rer les co\u00fbts et maitriser sa consommation par rapport aux besoins r\u00e9els.<br \/>&#8211; Comprendre l&rsquo;\u00e9ligibilit\u00e9 et le passage \u00e0 la Fibre optique<br \/>Gratuit et ouvert aux habitants de Gra\u00e7ay et ses alentours<\/p>\n<p><strong>Prochains rendez-vous :<\/strong><br \/>* <\/p>\n<p><strong>Lieu :<\/strong> Les Grands Moulins &#8211; B\u00e2timent 3. (Acc\u00e8s et parking cot\u00e9 pharmacie)<\/p>\n<p>Inscription au *06*34*64*02*92* \/ par mail : ateliers-numeriques@ligue18.org \/ ou rendez-vous sur place aux Grands Moulins.<\/p>\n<p>&#8212;-<\/p>\n<p>[\/et_pb_text][et_pb_button button_url=\u00a0\u00bbhttps:\/\/www.les-grands-moulins.fr\/V4\/wp-content\/uploads\/2025\/01\/decrypter-sa-facture-internet_genr.jpg\u00a0\u00bb url_new_window=\u00a0\u00bbon\u00a0\u00bb button_text=\u00a0\u00bb+ D\u00e9tails\u00a0\u00bb _builder_version=\u00a0\u00bb4.27.4&Prime; _module_preset=\u00a0\u00bb6414ef9f-e386-4555-a7b7-4544a239078b\u00a0\u00bb custom_button=\u00a0\u00bbon\u00a0\u00bb button_text_size=\u00a0\u00bb14px\u00a0\u00bb button_text_color=\u00a0\u00bb#ef8451&Prime; button_border_width=\u00a0\u00bb1px\u00a0\u00bb button_border_color=\u00a0\u00bb#ef8451&Prime; button_border_radius=\u00a0\u00bb37px\u00a0\u00bb button_letter_spacing=\u00a0\u00bb1px\u00a0\u00bb button_font=\u00a0\u00bbDM Sans|700||on|||||\u00a0\u00bb custom_padding=\u00a0\u00bb15px|24px|12px|24px|false|true\u00a0\u00bb locked=\u00a0\u00bboff\u00a0\u00bb global_colors_info=\u00a0\u00bb{}\u00a0\u00bb button_text_color__hover_enabled=\u00a0\u00bbon|hover\u00a0\u00bb button_text_color__hover=\u00a0\u00bb#FFFFFF\u00a0\u00bb button_bg_color__hover_enabled=\u00a0\u00bbon|hover\u00a0\u00bb button_bg_color__hover=\u00a0\u00bb#ef8451&Prime; button_bg_enable_color__hover=\u00a0\u00bbon\u00a0\u00bb][\/et_pb_button][\/et_pb_column][\/et_pb_row][et_pb_row column_structure=\u00a0\u00bb1_4,1_4,1_2&Prime; _builder_version=\u00a0\u00bb4.27.4&Prime; _module_preset=\u00a0\u00bbdefault\u00a0\u00bb filter_saturate=\u00a0\u00bb0%\u00a0\u00bb global_colors_info=\u00a0\u00bb{}\u00a0\u00bb][et_pb_column type=\u00a0\u00bb1_4&Prime; _builder_version=\u00a0\u00bb4.16&Prime; _module_preset=\u00a0\u00bbdefault\u00a0\u00bb global_colors_info=\u00a0\u00bb{}\u00a0\u00bb][et_pb_blurb title=\u00a0\u00bb19&Prime; _builder_version=\u00a0\u00bb4.27.4&Prime; _module_preset=\u00a0\u00bbdab8ae77-843d-4934-a7b3-8e57f832b52c\u00a0\u00bb header_font=\u00a0\u00bbDM Sans|700|||||||\u00a0\u00bb header_text_color=\u00a0\u00bb#0F393B\u00a0\u00bb header_font_size=\u00a0\u00bb56px\u00a0\u00bb body_font=\u00a0\u00bbDM Sans|700||on|||||\u00a0\u00bb body_text_color=\u00a0\u00bb#EF8451&Prime; body_letter_spacing=\u00a0\u00bb1px\u00a0\u00bb background_color=\u00a0\u00bb#FFFFFF\u00a0\u00bb text_orientation=\u00a0\u00bbcenter\u00a0\u00bb custom_padding=\u00a0\u00bb40px|20px|40px|20px|true|true\u00a0\u00bb border_radii=\u00a0\u00bbon|20px|20px|20px|20px\u00a0\u00bb global_colors_info=\u00a0\u00bb{}\u00a0\u00bb]<\/p>\n<p><strong>Mars<\/strong><br \/>2025<\/p>\n<p>[\/et_pb_blurb][et_pb_blurb title=\u00a0\u00bb9h\u00a0\u00bb _builder_version=\u00a0\u00bb4.27.4&Prime; _module_preset=\u00a0\u00bbdab8ae77-843d-4934-a7b3-8e57f832b52c\u00a0\u00bb header_font=\u00a0\u00bbDM Sans|700|||||||\u00a0\u00bb header_text_color=\u00a0\u00bb#0F393B\u00a0\u00bb header_font_size=\u00a0\u00bb40px\u00a0\u00bb body_font=\u00a0\u00bbDM Sans|700||on|||||\u00a0\u00bb body_text_color=\u00a0\u00bb#EF8451&Prime; body_letter_spacing=\u00a0\u00bb1px\u00a0\u00bb background_color=\u00a0\u00bb#FFFFFF\u00a0\u00bb text_orientation=\u00a0\u00bbcenter\u00a0\u00bb custom_padding=\u00a0\u00bb40px|20px|40px|20px|true|true\u00a0\u00bb border_radii=\u00a0\u00bbon|20px|20px|20px|20px\u00a0\u00bb global_colors_info=\u00a0\u00bb{}\u00a0\u00bb][\/et_pb_blurb][\/et_pb_column][et_pb_column type=\u00a0\u00bb1_4&Prime; _builder_version=\u00a0\u00bb4.16&Prime; _module_preset=\u00a0\u00bbdefault\u00a0\u00bb global_colors_info=\u00a0\u00bb{}\u00a0\u00bb][et_pb_image src=\u00a0\u00bbhttps:\/\/www.les-grands-moulins.fr\/V4\/wp-content\/uploads\/2025\/03\/Atelier_Cuisine-2avril2025-Grands-Moulins-Gracay-page.jpg\u00a0\u00bb title_text=\u00a0\u00bbAtelier_Cuisine-2avril2025-Grands-Moulins-Gra\u00e7ay-page\u00a0\u00bb show_in_lightbox=\u00a0\u00bbon\u00a0\u00bb _builder_version=\u00a0\u00bb4.27.5&Prime; _module_preset=\u00a0\u00bbdefault\u00a0\u00bb min_height=\u00a0\u00bb336.2px\u00a0\u00bb custom_padding=\u00a0\u00bb|0px||||\u00a0\u00bb locked=\u00a0\u00bboff\u00a0\u00bb global_colors_info=\u00a0\u00bb{}\u00a0\u00bb][\/et_pb_image][\/et_pb_column][et_pb_column type=\u00a0\u00bb1_2&Prime; _builder_version=\u00a0\u00bb4.16&Prime; _module_preset=\u00a0\u00bbdefault\u00a0\u00bb global_colors_info=\u00a0\u00bb{}\u00a0\u00bb][et_pb_text _builder_version=\u00a0\u00bb4.27.4&Prime; _module_preset=\u00a0\u00bb03ed4834-a81a-41ec-bfd6-98a6a9949751&Prime; header_font=\u00a0\u00bb||||||||\u00a0\u00bb header_3_font=\u00a0\u00bbDM Sans||||||||\u00a0\u00bb header_3_text_color=\u00a0\u00bb#093532&Prime; header_3_font_size=\u00a0\u00bb36px\u00a0\u00bb header_3_letter_spacing=\u00a0\u00bb-0.02em\u00a0\u00bb header_3_line_height=\u00a0\u00bb1.2em\u00a0\u00bb custom_margin=\u00a0\u00bb||10px||false|false\u00a0\u00bb header_3_font_size_tablet=\u00a0\u00bb20px\u00a0\u00bb header_3_font_size_phone=\u00a0\u00bb16px\u00a0\u00bb header_3_font_size_last_edited=\u00a0\u00bbon|phone\u00a0\u00bb locked=\u00a0\u00bboff\u00a0\u00bb global_colors_info=\u00a0\u00bb{}\u00a0\u00bb]<\/p>\n<h3><strong>Atelier cuisine : Le petit-d\u00e9jeuner des champions !<\/strong><strong><\/strong><\/h3>\n<p>[\/et_pb_text][et_pb_text _builder_version=\u00a0\u00bb4.27.4&Prime; _module_preset=\u00a0\u00bb41d5859c-fbaa-458a-88e4-5d886857f235&Prime; text_font=\u00a0\u00bb||||||||\u00a0\u00bb text_text_color=\u00a0\u00bb#0F393B\u00a0\u00bb text_font_size=\u00a0\u00bb18px\u00a0\u00bb text_line_height=\u00a0\u00bb1.8em\u00a0\u00bb custom_margin=\u00a0\u00bb|-10px||||\u00a0\u00bb custom_padding=\u00a0\u00bb|2px|0px|||\u00a0\u00bb text_font_size_tablet=\u00a0\u00bb16px\u00a0\u00bb text_font_size_phone=\u00a0\u00bb14px\u00a0\u00bb text_font_size_last_edited=\u00a0\u00bbon|phone\u00a0\u00bb locked=\u00a0\u00bboff\u00a0\u00bb global_colors_info=\u00a0\u00bb{}\u00a0\u00bb]ATELIER CUISINE \ud83c\udf72<br \/>\nLe petit-d\u00e9jeuner des champions !<\/p>\n<p>&#8211; Introduction aux notions d&rsquo;\u00e9quilibre alimentaire et des besoins journaliers<br \/>\n&#8211; Les bases pour composer son petit-d\u00e9jeuner \u00e9quilibr\u00e9<br \/>\n&#8211; D\u00e9codage des \u00e9tiquettes alimentaires<br \/>\n&#8211; Elaboration de 4 pr\u00e9parations pour le petit-d\u00e9jeuner (1 p\u00e2te \u00e0 tartiner sans sucre ajout\u00e9 ; granola sucr\u00e9 et sal\u00e9 ; 1 cake super \u00e9nerg\u00e9tique)<\/p>\n<p>Cet atelier se terminera par une d\u00e9gustation et un moment convivial.<\/p>\n<p>Date : Mercredi 2 avril \u00e0 partir de 9h<br \/>\nLieu : Les Grands Moulins. parking et entr\u00e9e : place Jean Chaudron (cot\u00e9 pharmacie)<br \/>\nSur inscription au : 06 34 64 02 92 \/ 02 48 51 29 96<br \/>\nPlaces limit\u00e9es<br \/>\nGratuit et ouvert \u00e0 tous<\/p>\n<p>&#8212;-[\/et_pb_text][et_pb_button button_url=\u00a0\u00bbhttps:\/\/www.les-grands-moulins.fr\/V4\/wp-content\/uploads\/2025\/03\/Atelier_Cuisine-2avril2025-Grands-Moulins-Gracay-page.jpg\u00a0\u00bb url_new_window=\u00a0\u00bbon\u00a0\u00bb button_text=\u00a0\u00bb+ D\u00e9tails\u00a0\u00bb _builder_version=\u00a0\u00bb4.27.4&Prime; _module_preset=\u00a0\u00bb6414ef9f-e386-4555-a7b7-4544a239078b\u00a0\u00bb custom_button=\u00a0\u00bbon\u00a0\u00bb button_text_size=\u00a0\u00bb14px\u00a0\u00bb button_text_color=\u00a0\u00bb#ef8451&Prime; button_border_width=\u00a0\u00bb1px\u00a0\u00bb button_border_color=\u00a0\u00bb#ef8451&Prime; button_border_radius=\u00a0\u00bb37px\u00a0\u00bb button_letter_spacing=\u00a0\u00bb1px\u00a0\u00bb button_font=\u00a0\u00bbDM Sans|700||on|||||\u00a0\u00bb custom_padding=\u00a0\u00bb15px|24px|12px|24px|false|true\u00a0\u00bb locked=\u00a0\u00bboff\u00a0\u00bb global_colors_info=\u00a0\u00bb{}\u00a0\u00bb button_text_color__hover_enabled=\u00a0\u00bbon|hover\u00a0\u00bb button_text_color__hover=\u00a0\u00bb#FFFFFF\u00a0\u00bb button_bg_color__hover_enabled=\u00a0\u00bbon|hover\u00a0\u00bb button_bg_color__hover=\u00a0\u00bb#ef8451&Prime; button_bg_enable_color__hover=\u00a0\u00bbon\u00a0\u00bb][\/et_pb_button][\/et_pb_column][\/et_pb_row][et_pb_row column_structure=\u00a0\u00bb1_4,1_4,1_2&Prime; _builder_version=\u00a0\u00bb4.27.4&Prime; _module_preset=\u00a0\u00bbdefault\u00a0\u00bb filter_saturate=\u00a0\u00bb0%\u00a0\u00bb global_colors_info=\u00a0\u00bb{}\u00a0\u00bb][et_pb_column type=\u00a0\u00bb1_4&Prime; _builder_version=\u00a0\u00bb4.16&Prime; _module_preset=\u00a0\u00bbdefault\u00a0\u00bb global_colors_info=\u00a0\u00bb{}\u00a0\u00bb][et_pb_blurb title=\u00a0\u00bb19&Prime; _builder_version=\u00a0\u00bb4.27.4&Prime; _module_preset=\u00a0\u00bbdab8ae77-843d-4934-a7b3-8e57f832b52c\u00a0\u00bb header_font=\u00a0\u00bbDM Sans|700|||||||\u00a0\u00bb header_text_color=\u00a0\u00bb#0F393B\u00a0\u00bb header_font_size=\u00a0\u00bb56px\u00a0\u00bb body_font=\u00a0\u00bbDM Sans|700||on|||||\u00a0\u00bb body_text_color=\u00a0\u00bb#EF8451&Prime; body_letter_spacing=\u00a0\u00bb1px\u00a0\u00bb background_color=\u00a0\u00bb#FFFFFF\u00a0\u00bb text_orientation=\u00a0\u00bbcenter\u00a0\u00bb custom_padding=\u00a0\u00bb40px|20px|40px|20px|true|true\u00a0\u00bb border_radii=\u00a0\u00bbon|20px|20px|20px|20px\u00a0\u00bb global_colors_info=\u00a0\u00bb{}\u00a0\u00bb]<\/p>\n<p><strong>Mars<\/strong><br \/>2025<\/p>\n<p>[\/et_pb_blurb][et_pb_blurb title=\u00a0\u00bb9h\u00a0\u00bb _builder_version=\u00a0\u00bb4.27.4&Prime; _module_preset=\u00a0\u00bbdab8ae77-843d-4934-a7b3-8e57f832b52c\u00a0\u00bb header_font=\u00a0\u00bbDM Sans|700|||||||\u00a0\u00bb header_text_color=\u00a0\u00bb#0F393B\u00a0\u00bb header_font_size=\u00a0\u00bb40px\u00a0\u00bb body_font=\u00a0\u00bbDM Sans|700||on|||||\u00a0\u00bb body_text_color=\u00a0\u00bb#EF8451&Prime; body_letter_spacing=\u00a0\u00bb1px\u00a0\u00bb background_color=\u00a0\u00bb#FFFFFF\u00a0\u00bb text_orientation=\u00a0\u00bbcenter\u00a0\u00bb custom_padding=\u00a0\u00bb40px|20px|40px|20px|true|true\u00a0\u00bb border_radii=\u00a0\u00bbon|20px|20px|20px|20px\u00a0\u00bb global_colors_info=\u00a0\u00bb{}\u00a0\u00bb][\/et_pb_blurb][\/et_pb_column][et_pb_column type=\u00a0\u00bb1_4&Prime; _builder_version=\u00a0\u00bb4.16&Prime; _module_preset=\u00a0\u00bbdefault\u00a0\u00bb global_colors_info=\u00a0\u00bb{}\u00a0\u00bb][et_pb_image src=\u00a0\u00bbhttps:\/\/www.les-grands-moulins.fr\/V4\/wp-content\/uploads\/2025\/03\/Atelier_Cuisine-19mars2025-GrandsMoulins-Gracay.jpg\u00a0\u00bb title_text=\u00a0\u00bbAtelier_Cuisine-19mars2025-GrandsMoulins-Gra\u00e7ay\u00a0\u00bb show_in_lightbox=\u00a0\u00bbon\u00a0\u00bb _builder_version=\u00a0\u00bb4.27.5&Prime; _module_preset=\u00a0\u00bbdefault\u00a0\u00bb min_height=\u00a0\u00bb336.2px\u00a0\u00bb custom_padding=\u00a0\u00bb|0px||||\u00a0\u00bb locked=\u00a0\u00bboff\u00a0\u00bb global_colors_info=\u00a0\u00bb{}\u00a0\u00bb][\/et_pb_image][\/et_pb_column][et_pb_column type=\u00a0\u00bb1_2&Prime; _builder_version=\u00a0\u00bb4.16&Prime; _module_preset=\u00a0\u00bbdefault\u00a0\u00bb global_colors_info=\u00a0\u00bb{}\u00a0\u00bb][et_pb_text _builder_version=\u00a0\u00bb4.27.4&Prime; _module_preset=\u00a0\u00bb03ed4834-a81a-41ec-bfd6-98a6a9949751&Prime; header_font=\u00a0\u00bb||||||||\u00a0\u00bb header_3_font=\u00a0\u00bbDM Sans||||||||\u00a0\u00bb header_3_text_color=\u00a0\u00bb#093532&Prime; header_3_font_size=\u00a0\u00bb36px\u00a0\u00bb header_3_letter_spacing=\u00a0\u00bb-0.02em\u00a0\u00bb header_3_line_height=\u00a0\u00bb1.2em\u00a0\u00bb custom_margin=\u00a0\u00bb||10px||false|false\u00a0\u00bb header_3_font_size_tablet=\u00a0\u00bb20px\u00a0\u00bb header_3_font_size_phone=\u00a0\u00bb16px\u00a0\u00bb header_3_font_size_last_edited=\u00a0\u00bbon|phone\u00a0\u00bb locked=\u00a0\u00bboff\u00a0\u00bb global_colors_info=\u00a0\u00bb{}\u00a0\u00bb]<\/p>\n<h3><strong>Atelier cuisine : La main \u00e0 la p\u00e2te !<\/strong><strong><\/strong><\/h3>\n<p>[\/et_pb_text][et_pb_text _builder_version=\u00a0\u00bb4.27.4&Prime; _module_preset=\u00a0\u00bb41d5859c-fbaa-458a-88e4-5d886857f235&Prime; text_font=\u00a0\u00bb||||||||\u00a0\u00bb text_text_color=\u00a0\u00bb#0F393B\u00a0\u00bb text_font_size=\u00a0\u00bb18px\u00a0\u00bb text_line_height=\u00a0\u00bb1.8em\u00a0\u00bb custom_margin=\u00a0\u00bb|-10px||||\u00a0\u00bb custom_padding=\u00a0\u00bb|2px|0px|||\u00a0\u00bb text_font_size_tablet=\u00a0\u00bb16px\u00a0\u00bb text_font_size_phone=\u00a0\u00bb14px\u00a0\u00bb text_font_size_last_edited=\u00a0\u00bbon|phone\u00a0\u00bb locked=\u00a0\u00bboff\u00a0\u00bb global_colors_info=\u00a0\u00bb{}\u00a0\u00bb]<\/p>\n<p>ATELIER CUISINE \ud83c\udf72<br \/>La main \u00e0 la p\u00e2te !<\/p>\n<p>&#8211; Apprendre \u00e0 faire des p\u00e2tes fraiches maison (tagliatelles au couteau, \u00e0 la machine \u00e0 p\u00e2te)<br \/>&#8211; D\u00e9monstration et fabrication de ravioles (\u00e0 la main et \u00e0 la machine \u00e0 p\u00e2te)<br \/>&#8211; Pr\u00e9paration des p\u00e2tes<br \/>&#8211; Cet atelier se termine par un repas<\/p>\n<p>Mercredi 19 mars \u00e0 partir de 9h<br \/>Lieu: Les Grands Moulins &#8211; B\u00e2timent 1. (Acc\u00e8s et parking cot\u00e9 pharmacie)<br \/>Sur inscription au : 06 34 64 02 92 \/ 02 48 51 29 96<br \/>Places limit\u00e9es<br \/>Gratuit et ouvert \u00e0 tous<\/p>\n<p>&#8212;-<\/p>\n<p>[\/et_pb_text][et_pb_button button_url=\u00a0\u00bbhttps:\/\/www.les-grands-moulins.fr\/V4\/wp-content\/uploads\/2025\/03\/Journee-citoyenne-du-15-mars-2025_-Gracay.jpg\u00a0\u00bb url_new_window=\u00a0\u00bbon\u00a0\u00bb button_text=\u00a0\u00bb+ D\u00e9tails\u00a0\u00bb _builder_version=\u00a0\u00bb4.27.4&Prime; _module_preset=\u00a0\u00bb6414ef9f-e386-4555-a7b7-4544a239078b\u00a0\u00bb custom_button=\u00a0\u00bbon\u00a0\u00bb button_text_size=\u00a0\u00bb14px\u00a0\u00bb button_text_color=\u00a0\u00bb#ef8451&Prime; button_border_width=\u00a0\u00bb1px\u00a0\u00bb button_border_color=\u00a0\u00bb#ef8451&Prime; button_border_radius=\u00a0\u00bb37px\u00a0\u00bb button_letter_spacing=\u00a0\u00bb1px\u00a0\u00bb button_font=\u00a0\u00bbDM Sans|700||on|||||\u00a0\u00bb custom_padding=\u00a0\u00bb15px|24px|12px|24px|false|true\u00a0\u00bb locked=\u00a0\u00bboff\u00a0\u00bb global_colors_info=\u00a0\u00bb{}\u00a0\u00bb button_text_color__hover_enabled=\u00a0\u00bbon|hover\u00a0\u00bb button_text_color__hover=\u00a0\u00bb#FFFFFF\u00a0\u00bb button_bg_color__hover_enabled=\u00a0\u00bbon|hover\u00a0\u00bb button_bg_color__hover=\u00a0\u00bb#ef8451&Prime; button_bg_enable_color__hover=\u00a0\u00bbon\u00a0\u00bb][\/et_pb_button][\/et_pb_column][\/et_pb_row][et_pb_row column_structure=\u00a0\u00bb1_4,1_4,1_2&Prime; _builder_version=\u00a0\u00bb4.27.4&Prime; _module_preset=\u00a0\u00bbdefault\u00a0\u00bb filter_saturate=\u00a0\u00bb0%\u00a0\u00bb global_colors_info=\u00a0\u00bb{}\u00a0\u00bb][et_pb_column type=\u00a0\u00bb1_4&Prime; _builder_version=\u00a0\u00bb4.16&Prime; _module_preset=\u00a0\u00bbdefault\u00a0\u00bb global_colors_info=\u00a0\u00bb{}\u00a0\u00bb][et_pb_blurb title=\u00a0\u00bb15&Prime; _builder_version=\u00a0\u00bb4.27.4&Prime; _module_preset=\u00a0\u00bbdab8ae77-843d-4934-a7b3-8e57f832b52c\u00a0\u00bb header_font=\u00a0\u00bbDM Sans|700|||||||\u00a0\u00bb header_text_color=\u00a0\u00bb#0F393B\u00a0\u00bb header_font_size=\u00a0\u00bb56px\u00a0\u00bb body_font=\u00a0\u00bbDM Sans|700||on|||||\u00a0\u00bb body_text_color=\u00a0\u00bb#EF8451&Prime; body_letter_spacing=\u00a0\u00bb1px\u00a0\u00bb background_color=\u00a0\u00bb#FFFFFF\u00a0\u00bb text_orientation=\u00a0\u00bbcenter\u00a0\u00bb custom_padding=\u00a0\u00bb40px|20px|40px|20px|true|true\u00a0\u00bb border_radii=\u00a0\u00bbon|20px|20px|20px|20px\u00a0\u00bb global_colors_info=\u00a0\u00bb{}\u00a0\u00bb]<\/p>\n<p><strong>Mars<\/strong><br \/>2024<\/p>\n<p>[\/et_pb_blurb][et_pb_blurb title=\u00a0\u00bb9h30&Prime; _builder_version=\u00a0\u00bb4.27.4&Prime; _module_preset=\u00a0\u00bbdab8ae77-843d-4934-a7b3-8e57f832b52c\u00a0\u00bb header_font=\u00a0\u00bbDM Sans|700|||||||\u00a0\u00bb header_text_color=\u00a0\u00bb#0F393B\u00a0\u00bb header_font_size=\u00a0\u00bb40px\u00a0\u00bb body_font=\u00a0\u00bbDM Sans|700||on|||||\u00a0\u00bb body_text_color=\u00a0\u00bb#EF8451&Prime; body_letter_spacing=\u00a0\u00bb1px\u00a0\u00bb background_color=\u00a0\u00bb#FFFFFF\u00a0\u00bb text_orientation=\u00a0\u00bbcenter\u00a0\u00bb custom_padding=\u00a0\u00bb40px|20px|40px|20px|true|true\u00a0\u00bb border_radii=\u00a0\u00bbon|20px|20px|20px|20px\u00a0\u00bb global_colors_info=\u00a0\u00bb{}\u00a0\u00bb][\/et_pb_blurb][\/et_pb_column][et_pb_column type=\u00a0\u00bb1_4&Prime; _builder_version=\u00a0\u00bb4.16&Prime; _module_preset=\u00a0\u00bbdefault\u00a0\u00bb global_colors_info=\u00a0\u00bb{}\u00a0\u00bb][et_pb_image src=\u00a0\u00bbhttps:\/\/www.les-grands-moulins.fr\/V4\/wp-content\/uploads\/2025\/03\/Journee-citoyenne-du-15-mars-2025_-Gracay.jpg\u00a0\u00bb title_text=\u00a0\u00bbJourn\u00e9e citoyenne du 15 mars 2025_ Gra\u00e7ay\u00a0\u00bb show_in_lightbox=\u00a0\u00bbon\u00a0\u00bb _builder_version=\u00a0\u00bb4.27.5&Prime; _module_preset=\u00a0\u00bbdefault\u00a0\u00bb min_height=\u00a0\u00bb336.2px\u00a0\u00bb custom_padding=\u00a0\u00bb|0px||||\u00a0\u00bb locked=\u00a0\u00bboff\u00a0\u00bb global_colors_info=\u00a0\u00bb{}\u00a0\u00bb][\/et_pb_image][\/et_pb_column][et_pb_column type=\u00a0\u00bb1_2&Prime; _builder_version=\u00a0\u00bb4.16&Prime; _module_preset=\u00a0\u00bbdefault\u00a0\u00bb global_colors_info=\u00a0\u00bb{}\u00a0\u00bb][et_pb_text _builder_version=\u00a0\u00bb4.21.0&Prime; _module_preset=\u00a0\u00bb03ed4834-a81a-41ec-bfd6-98a6a9949751&Prime; header_font=\u00a0\u00bb||||||||\u00a0\u00bb header_3_font=\u00a0\u00bbDM Sans||||||||\u00a0\u00bb header_3_text_color=\u00a0\u00bb#093532&Prime; header_3_font_size=\u00a0\u00bb36px\u00a0\u00bb header_3_letter_spacing=\u00a0\u00bb-0.02em\u00a0\u00bb header_3_line_height=\u00a0\u00bb1.2em\u00a0\u00bb custom_margin=\u00a0\u00bb||10px||false|false\u00a0\u00bb header_3_font_size_tablet=\u00a0\u00bb20px\u00a0\u00bb header_3_font_size_phone=\u00a0\u00bb16px\u00a0\u00bb header_3_font_size_last_edited=\u00a0\u00bbon|phone\u00a0\u00bb locked=\u00a0\u00bboff\u00a0\u00bb global_colors_info=\u00a0\u00bb{}\u00a0\u00bb]<\/p>\n<h3><strong>Matin\u00e9e citoyenne<br \/><\/strong><\/h3>\n<p>[\/et_pb_text][et_pb_text _builder_version=\u00a0\u00bb4.27.4&Prime; _module_preset=\u00a0\u00bb41d5859c-fbaa-458a-88e4-5d886857f235&Prime; text_font=\u00a0\u00bb||||||||\u00a0\u00bb text_text_color=\u00a0\u00bb#0F393B\u00a0\u00bb text_font_size=\u00a0\u00bb18px\u00a0\u00bb text_line_height=\u00a0\u00bb1.8em\u00a0\u00bb custom_margin=\u00a0\u00bb|-10px||||\u00a0\u00bb custom_padding=\u00a0\u00bb|2px|0px|||\u00a0\u00bb text_font_size_tablet=\u00a0\u00bb16px\u00a0\u00bb text_font_size_phone=\u00a0\u00bb14px\u00a0\u00bb text_font_size_last_edited=\u00a0\u00bbon|phone\u00a0\u00bb locked=\u00a0\u00bboff\u00a0\u00bb global_colors_info=\u00a0\u00bb{}\u00a0\u00bb]La prochaine matin\u00e9e citoyenne aura lieu samedi 15 mars 2025 \u00e0 9h30.<\/p>\n<p>Participez en famille, entre amis ou coll\u00e8gues \u00e0 l&rsquo;entretien d&rsquo;un jardin de bambous. Un repas partag\u00e9 sera organis\u00e9 \u00e0 la fin de cette action.<\/p>\n<p>L&rsquo;objectif de cette action est de permettre aux habitants de s\u2019approprier leur cadre de vie, favoriser l\u2019\u00e9change, le partage d\u2019exp\u00e9rience et la participation de chacun.<br \/>\nChaque habitant, du plus petit au plus grand, est le bienvenu et peut apporter sa contribution \u00e0 cette journ\u00e9e.<\/p>\n<p>Date : Samedi 15 mars 2025 \u00e0 9h30<br \/>\nLieu : terrain derri\u00e8re la station de lavage<br \/>\nAction : entretien d&rsquo;un jardin de bambous + Repas partag\u00e9 \u00e0 midi<\/p>\n<p>&#8212;-[\/et_pb_text][et_pb_button button_url=\u00a0\u00bbhttps:\/\/www.les-grands-moulins.fr\/V4\/wp-content\/uploads\/2025\/03\/Journee-citoyenne-du-15-mars-2025_-Gracay.jpg\u00a0\u00bb url_new_window=\u00a0\u00bbon\u00a0\u00bb button_text=\u00a0\u00bb+ D\u00e9tails\u00a0\u00bb _builder_version=\u00a0\u00bb4.27.4&Prime; _module_preset=\u00a0\u00bb6414ef9f-e386-4555-a7b7-4544a239078b\u00a0\u00bb custom_button=\u00a0\u00bbon\u00a0\u00bb button_text_size=\u00a0\u00bb14px\u00a0\u00bb button_text_color=\u00a0\u00bb#ef8451&Prime; button_border_width=\u00a0\u00bb1px\u00a0\u00bb button_border_color=\u00a0\u00bb#ef8451&Prime; button_border_radius=\u00a0\u00bb37px\u00a0\u00bb button_letter_spacing=\u00a0\u00bb1px\u00a0\u00bb button_font=\u00a0\u00bbDM Sans|700||on|||||\u00a0\u00bb custom_padding=\u00a0\u00bb15px|24px|12px|24px|false|true\u00a0\u00bb locked=\u00a0\u00bboff\u00a0\u00bb global_colors_info=\u00a0\u00bb{}\u00a0\u00bb button_text_color__hover_enabled=\u00a0\u00bbon|hover\u00a0\u00bb button_text_color__hover=\u00a0\u00bb#FFFFFF\u00a0\u00bb button_bg_color__hover_enabled=\u00a0\u00bbon|hover\u00a0\u00bb button_bg_color__hover=\u00a0\u00bb#ef8451&Prime; button_bg_enable_color__hover=\u00a0\u00bbon\u00a0\u00bb][\/et_pb_button][\/et_pb_column][\/et_pb_row][et_pb_row column_structure=\u00a0\u00bb1_4,1_4,1_2&Prime; _builder_version=\u00a0\u00bb4.27.4&Prime; _module_preset=\u00a0\u00bbdefault\u00a0\u00bb filter_saturate=\u00a0\u00bb0%\u00a0\u00bb global_colors_info=\u00a0\u00bb{}\u00a0\u00bb][et_pb_column type=\u00a0\u00bb1_4&Prime; _builder_version=\u00a0\u00bb4.16&Prime; _module_preset=\u00a0\u00bbdefault\u00a0\u00bb global_colors_info=\u00a0\u00bb{}\u00a0\u00bb][et_pb_blurb title=\u00a0\u00bb21&Prime; _builder_version=\u00a0\u00bb4.27.4&Prime; _module_preset=\u00a0\u00bbdab8ae77-843d-4934-a7b3-8e57f832b52c\u00a0\u00bb header_font=\u00a0\u00bbDM Sans|700|||||||\u00a0\u00bb header_text_color=\u00a0\u00bb#0F393B\u00a0\u00bb header_font_size=\u00a0\u00bb56px\u00a0\u00bb body_font=\u00a0\u00bbDM Sans|700||on|||||\u00a0\u00bb body_text_color=\u00a0\u00bb#EF8451&Prime; body_letter_spacing=\u00a0\u00bb1px\u00a0\u00bb background_color=\u00a0\u00bb#FFFFFF\u00a0\u00bb text_orientation=\u00a0\u00bbcenter\u00a0\u00bb custom_padding=\u00a0\u00bb40px|20px|40px|20px|true|true\u00a0\u00bb border_radii=\u00a0\u00bbon|20px|20px|20px|20px\u00a0\u00bb global_colors_info=\u00a0\u00bb{}\u00a0\u00bb]<\/p>\n<p><strong>F\u00e9vrier<\/strong><br \/>2025<\/p>\n<p>[\/et_pb_blurb][et_pb_blurb title=\u00a0\u00bb19h\u00a0\u00bb _builder_version=\u00a0\u00bb4.22.2&Prime; _module_preset=\u00a0\u00bbdab8ae77-843d-4934-a7b3-8e57f832b52c\u00a0\u00bb header_font=\u00a0\u00bbDM Sans|700|||||||\u00a0\u00bb header_text_color=\u00a0\u00bb#0F393B\u00a0\u00bb header_font_size=\u00a0\u00bb40px\u00a0\u00bb body_font=\u00a0\u00bbDM Sans|700||on|||||\u00a0\u00bb body_text_color=\u00a0\u00bb#EF8451&Prime; body_letter_spacing=\u00a0\u00bb1px\u00a0\u00bb background_color=\u00a0\u00bb#FFFFFF\u00a0\u00bb text_orientation=\u00a0\u00bbcenter\u00a0\u00bb custom_padding=\u00a0\u00bb40px|20px|40px|20px|true|true\u00a0\u00bb border_radii=\u00a0\u00bbon|20px|20px|20px|20px\u00a0\u00bb global_colors_info=\u00a0\u00bb{}\u00a0\u00bb][\/et_pb_blurb][\/et_pb_column][et_pb_column type=\u00a0\u00bb1_4&Prime; _builder_version=\u00a0\u00bb4.16&Prime; _module_preset=\u00a0\u00bbdefault\u00a0\u00bb global_colors_info=\u00a0\u00bb{}\u00a0\u00bb][et_pb_image src=\u00a0\u00bbhttps:\/\/www.les-grands-moulins.fr\/V4\/wp-content\/uploads\/2025\/03\/soiree-JMP-21-fevrier-2025-Grands-Moulins.jpg\u00a0\u00bb title_text=\u00a0\u00bbsoir\u00e9e JMP-21 fevrier 2025-Grands Moulins\u00a0\u00bb show_in_lightbox=\u00a0\u00bbon\u00a0\u00bb _builder_version=\u00a0\u00bb4.27.5&Prime; _module_preset=\u00a0\u00bbdefault\u00a0\u00bb min_height=\u00a0\u00bb336.2px\u00a0\u00bb custom_padding=\u00a0\u00bb|0px||||\u00a0\u00bb locked=\u00a0\u00bboff\u00a0\u00bb global_colors_info=\u00a0\u00bb{}\u00a0\u00bb][\/et_pb_image][\/et_pb_column][et_pb_column type=\u00a0\u00bb1_2&Prime; _builder_version=\u00a0\u00bb4.16&Prime; _module_preset=\u00a0\u00bbdefault\u00a0\u00bb global_colors_info=\u00a0\u00bb{}\u00a0\u00bb][et_pb_text _builder_version=\u00a0\u00bb4.21.0&Prime; _module_preset=\u00a0\u00bb03ed4834-a81a-41ec-bfd6-98a6a9949751&Prime; header_font=\u00a0\u00bb||||||||\u00a0\u00bb header_3_font=\u00a0\u00bbDM Sans||||||||\u00a0\u00bb header_3_text_color=\u00a0\u00bb#093532&Prime; header_3_font_size=\u00a0\u00bb36px\u00a0\u00bb header_3_letter_spacing=\u00a0\u00bb-0.02em\u00a0\u00bb header_3_line_height=\u00a0\u00bb1.2em\u00a0\u00bb custom_margin=\u00a0\u00bb||10px||false|false\u00a0\u00bb header_3_font_size_tablet=\u00a0\u00bb20px\u00a0\u00bb header_3_font_size_phone=\u00a0\u00bb16px\u00a0\u00bb header_3_font_size_last_edited=\u00a0\u00bbon|phone\u00a0\u00bb locked=\u00a0\u00bboff\u00a0\u00bb global_colors_info=\u00a0\u00bb{}\u00a0\u00bb]<\/p>\n<h3><strong>Soir\u00e9e \u00ab\u00a0Jouons, mangeons, partageons\u00a0\u00bb<br \/><\/strong><\/h3>\n<p>[\/et_pb_text][et_pb_text _builder_version=\u00a0\u00bb4.27.4&Prime; _module_preset=\u00a0\u00bb41d5859c-fbaa-458a-88e4-5d886857f235&Prime; text_font=\u00a0\u00bb||||||||\u00a0\u00bb text_text_color=\u00a0\u00bb#0F393B\u00a0\u00bb text_font_size=\u00a0\u00bb18px\u00a0\u00bb text_line_height=\u00a0\u00bb1.8em\u00a0\u00bb custom_margin=\u00a0\u00bb|-10px||||\u00a0\u00bb custom_padding=\u00a0\u00bb|2px|0px|||\u00a0\u00bb text_font_size_tablet=\u00a0\u00bb16px\u00a0\u00bb text_font_size_phone=\u00a0\u00bb14px\u00a0\u00bb text_font_size_last_edited=\u00a0\u00bbon|phone\u00a0\u00bb locked=\u00a0\u00bboff\u00a0\u00bb global_colors_info=\u00a0\u00bb{}\u00a0\u00bb]La prochaine soir\u00e9e JMP (Jouons-Mangeons-Partageons ) aura lieu vendredi 21 f\u00e9vrier \u00e0 partir de 19h.<br \/>\nVenez jouer, manger et partager un moment de convivialit\u00e9 !<br \/>\nGratuit<\/p>\n<p>Date : vendredi 21 f\u00e9vrier \u00e0 19h<br \/>\nLieu : Les Grands Moulins &#8211; B\u00e2timent 3. (Acc\u00e8s et parking cot\u00e9 pharmacie)<br \/>\nParking: place Jean Chaudron (c\u00f4t\u00e9 pharmacie).<br \/>\nPlus d\u2019informations au 02 48 51 29 96.[\/et_pb_text][et_pb_button url_new_window=\u00a0\u00bbon\u00a0\u00bb button_text=\u00a0\u00bb+ D\u00e9tails\u00a0\u00bb _builder_version=\u00a0\u00bb4.27.4&Prime; _module_preset=\u00a0\u00bb6414ef9f-e386-4555-a7b7-4544a239078b\u00a0\u00bb custom_button=\u00a0\u00bbon\u00a0\u00bb button_text_size=\u00a0\u00bb14px\u00a0\u00bb button_text_color=\u00a0\u00bb#ef8451&Prime; button_border_width=\u00a0\u00bb1px\u00a0\u00bb button_border_color=\u00a0\u00bb#ef8451&Prime; button_border_radius=\u00a0\u00bb37px\u00a0\u00bb button_letter_spacing=\u00a0\u00bb1px\u00a0\u00bb button_font=\u00a0\u00bbDM Sans|700||on|||||\u00a0\u00bb custom_padding=\u00a0\u00bb15px|24px|12px|24px|false|true\u00a0\u00bb locked=\u00a0\u00bboff\u00a0\u00bb global_colors_info=\u00a0\u00bb{}\u00a0\u00bb button_text_color__hover_enabled=\u00a0\u00bbon|hover\u00a0\u00bb button_text_color__hover=\u00a0\u00bb#FFFFFF\u00a0\u00bb button_bg_color__hover_enabled=\u00a0\u00bbon|hover\u00a0\u00bb button_bg_color__hover=\u00a0\u00bb#ef8451&Prime; button_bg_enable_color__hover=\u00a0\u00bbon\u00a0\u00bb][\/et_pb_button][\/et_pb_column][\/et_pb_row][et_pb_row column_structure=\u00a0\u00bb1_4,1_4,1_2&Prime; _builder_version=\u00a0\u00bb4.27.4&Prime; _module_preset=\u00a0\u00bbdefault\u00a0\u00bb filter_saturate=\u00a0\u00bb0%\u00a0\u00bb global_colors_info=\u00a0\u00bb{}\u00a0\u00bb][et_pb_column type=\u00a0\u00bb1_4&Prime; _builder_version=\u00a0\u00bb4.16&Prime; _module_preset=\u00a0\u00bbdefault\u00a0\u00bb global_colors_info=\u00a0\u00bb{}\u00a0\u00bb][et_pb_blurb title=\u00a0\u00bb12&Prime; _builder_version=\u00a0\u00bb4.27.4&Prime; _module_preset=\u00a0\u00bbdab8ae77-843d-4934-a7b3-8e57f832b52c\u00a0\u00bb header_font=\u00a0\u00bbDM Sans|700|||||||\u00a0\u00bb header_text_color=\u00a0\u00bb#0F393B\u00a0\u00bb header_font_size=\u00a0\u00bb56px\u00a0\u00bb body_font=\u00a0\u00bbDM Sans|700||on|||||\u00a0\u00bb body_text_color=\u00a0\u00bb#EF8451&Prime; body_letter_spacing=\u00a0\u00bb1px\u00a0\u00bb background_color=\u00a0\u00bb#FFFFFF\u00a0\u00bb text_orientation=\u00a0\u00bbcenter\u00a0\u00bb custom_padding=\u00a0\u00bb40px|20px|40px|20px|true|true\u00a0\u00bb border_radii=\u00a0\u00bbon|20px|20px|20px|20px\u00a0\u00bb global_colors_info=\u00a0\u00bb{}\u00a0\u00bb]<\/p>\n<p><strong>F\u00e9vrier<\/strong><br \/>2025<\/p>\n<p>[\/et_pb_blurb][et_pb_blurb title=\u00a0\u00bb9h30&Prime; _builder_version=\u00a0\u00bb4.27.4&Prime; _module_preset=\u00a0\u00bbdab8ae77-843d-4934-a7b3-8e57f832b52c\u00a0\u00bb header_font=\u00a0\u00bbDM Sans|700|||||||\u00a0\u00bb header_text_color=\u00a0\u00bb#0F393B\u00a0\u00bb header_font_size=\u00a0\u00bb40px\u00a0\u00bb body_font=\u00a0\u00bbDM Sans|700||on|||||\u00a0\u00bb body_text_color=\u00a0\u00bb#EF8451&Prime; body_letter_spacing=\u00a0\u00bb1px\u00a0\u00bb background_color=\u00a0\u00bb#FFFFFF\u00a0\u00bb text_orientation=\u00a0\u00bbcenter\u00a0\u00bb custom_padding=\u00a0\u00bb40px|20px|40px|20px|true|true\u00a0\u00bb border_radii=\u00a0\u00bbon|20px|20px|20px|20px\u00a0\u00bb global_colors_info=\u00a0\u00bb{}\u00a0\u00bb][\/et_pb_blurb][\/et_pb_column][et_pb_column type=\u00a0\u00bb1_4&Prime; _builder_version=\u00a0\u00bb4.16&Prime; _module_preset=\u00a0\u00bbdefault\u00a0\u00bb global_colors_info=\u00a0\u00bb{}\u00a0\u00bb][et_pb_image src=\u00a0\u00bbhttps:\/\/www.les-grands-moulins.fr\/V4\/wp-content\/uploads\/2025\/01\/Atelier-cuisine-tartes-et-Cie-gracay-2025.jpg\u00a0\u00bb title_text=\u00a0\u00bbAtelier-cuisine-tartes-et-Cie-gracay-2025&Prime; show_in_lightbox=\u00a0\u00bbon\u00a0\u00bb _builder_version=\u00a0\u00bb4.27.5&Prime; _module_preset=\u00a0\u00bbdefault\u00a0\u00bb min_height=\u00a0\u00bb336.2px\u00a0\u00bb custom_padding=\u00a0\u00bb|0px||||\u00a0\u00bb locked=\u00a0\u00bboff\u00a0\u00bb global_colors_info=\u00a0\u00bb{}\u00a0\u00bb][\/et_pb_image][\/et_pb_column][et_pb_column type=\u00a0\u00bb1_2&Prime; _builder_version=\u00a0\u00bb4.16&Prime; _module_preset=\u00a0\u00bbdefault\u00a0\u00bb global_colors_info=\u00a0\u00bb{}\u00a0\u00bb][et_pb_text _builder_version=\u00a0\u00bb4.27.4&Prime; _module_preset=\u00a0\u00bb03ed4834-a81a-41ec-bfd6-98a6a9949751&Prime; header_font=\u00a0\u00bb||||||||\u00a0\u00bb header_3_font=\u00a0\u00bbDM Sans||||||||\u00a0\u00bb header_3_text_color=\u00a0\u00bb#093532&Prime; header_3_font_size=\u00a0\u00bb36px\u00a0\u00bb header_3_letter_spacing=\u00a0\u00bb-0.02em\u00a0\u00bb header_3_line_height=\u00a0\u00bb1.2em\u00a0\u00bb custom_margin=\u00a0\u00bb||10px||false|false\u00a0\u00bb header_3_font_size_tablet=\u00a0\u00bb20px\u00a0\u00bb header_3_font_size_phone=\u00a0\u00bb16px\u00a0\u00bb header_3_font_size_last_edited=\u00a0\u00bbon|phone\u00a0\u00bb locked=\u00a0\u00bboff\u00a0\u00bb global_colors_info=\u00a0\u00bb{}\u00a0\u00bb]<\/p>\n<h3><strong>Atelier cuisine : C&rsquo;est pas de la tarte !<\/strong><strong><\/strong><\/h3>\n<p>[\/et_pb_text][et_pb_text _builder_version=\u00a0\u00bb4.27.4&Prime; _module_preset=\u00a0\u00bb41d5859c-fbaa-458a-88e4-5d886857f235&Prime; text_font=\u00a0\u00bb||||||||\u00a0\u00bb text_text_color=\u00a0\u00bb#0F393B\u00a0\u00bb text_font_size=\u00a0\u00bb18px\u00a0\u00bb text_line_height=\u00a0\u00bb1.8em\u00a0\u00bb custom_margin=\u00a0\u00bb|-10px||||\u00a0\u00bb custom_padding=\u00a0\u00bb|2px|0px|||\u00a0\u00bb text_font_size_tablet=\u00a0\u00bb16px\u00a0\u00bb text_font_size_phone=\u00a0\u00bb14px\u00a0\u00bb text_font_size_last_edited=\u00a0\u00bbon|phone\u00a0\u00bb locked=\u00a0\u00bboff\u00a0\u00bb global_colors_info=\u00a0\u00bb{}\u00a0\u00bb]Les bases inratables des tartes, cakes et quiches.<\/p>\n<p>Mercredi 12 fevrier \u00e0 partir de 9h30<br \/>\nLieu : Les Grands Moulins &#8211; B\u00e2timent 3. (Acc\u00e8s et parking cot\u00e9 pharmacie)<br \/>\nSur inscription au : 06 34 64 02 92 \/ 02 48 51 29 96<br \/>\nPlaces limit\u00e9es<br \/>\nGratuit et ouvert \u00e0 tous<\/p>\n<p>&#8212;-[\/et_pb_text][et_pb_button button_url=\u00a0\u00bbhttps:\/\/www.les-grands-moulins.fr\/V4\/wp-content\/uploads\/2025\/01\/decrypter-sa-facture-internet_genr.jpg\u00a0\u00bb url_new_window=\u00a0\u00bbon\u00a0\u00bb button_text=\u00a0\u00bb+ D\u00e9tails\u00a0\u00bb _builder_version=\u00a0\u00bb4.27.4&Prime; _module_preset=\u00a0\u00bb6414ef9f-e386-4555-a7b7-4544a239078b\u00a0\u00bb custom_button=\u00a0\u00bbon\u00a0\u00bb button_text_size=\u00a0\u00bb14px\u00a0\u00bb button_text_color=\u00a0\u00bb#ef8451&Prime; button_border_width=\u00a0\u00bb1px\u00a0\u00bb button_border_color=\u00a0\u00bb#ef8451&Prime; button_border_radius=\u00a0\u00bb37px\u00a0\u00bb button_letter_spacing=\u00a0\u00bb1px\u00a0\u00bb button_font=\u00a0\u00bbDM Sans|700||on|||||\u00a0\u00bb custom_padding=\u00a0\u00bb15px|24px|12px|24px|false|true\u00a0\u00bb locked=\u00a0\u00bboff\u00a0\u00bb global_colors_info=\u00a0\u00bb{}\u00a0\u00bb button_text_color__hover_enabled=\u00a0\u00bbon|hover\u00a0\u00bb button_text_color__hover=\u00a0\u00bb#FFFFFF\u00a0\u00bb button_bg_color__hover_enabled=\u00a0\u00bbon|hover\u00a0\u00bb button_bg_color__hover=\u00a0\u00bb#ef8451&Prime; button_bg_enable_color__hover=\u00a0\u00bbon\u00a0\u00bb][\/et_pb_button][\/et_pb_column][\/et_pb_row][et_pb_row column_structure=\u00a0\u00bb1_4,1_4,1_2&Prime; _builder_version=\u00a0\u00bb4.27.4&Prime; _module_preset=\u00a0\u00bbdefault\u00a0\u00bb custom_margin=\u00a0\u00bb|auto|6px|auto||\u00a0\u00bb filter_saturate=\u00a0\u00bb0%\u00a0\u00bb global_colors_info=\u00a0\u00bb{}\u00a0\u00bb][et_pb_column type=\u00a0\u00bb1_4&Prime; _builder_version=\u00a0\u00bb4.16&Prime; _module_preset=\u00a0\u00bbdefault\u00a0\u00bb global_colors_info=\u00a0\u00bb{}\u00a0\u00bb][et_pb_blurb title=\u00a0\u00bb23-24&Prime; _builder_version=\u00a0\u00bb4.27.4&Prime; _module_preset=\u00a0\u00bbdab8ae77-843d-4934-a7b3-8e57f832b52c\u00a0\u00bb header_font=\u00a0\u00bbDM Sans|700|||||||\u00a0\u00bb header_text_color=\u00a0\u00bb#0F393B\u00a0\u00bb header_font_size=\u00a0\u00bb56px\u00a0\u00bb body_font=\u00a0\u00bbDM Sans|700||on|||||\u00a0\u00bb body_text_color=\u00a0\u00bb#EF8451&Prime; body_letter_spacing=\u00a0\u00bb1px\u00a0\u00bb background_color=\u00a0\u00bb#FFFFFF\u00a0\u00bb text_orientation=\u00a0\u00bbcenter\u00a0\u00bb custom_padding=\u00a0\u00bb40px|20px|40px|20px|true|true\u00a0\u00bb border_radii=\u00a0\u00bbon|20px|20px|20px|20px\u00a0\u00bb global_colors_info=\u00a0\u00bb{}\u00a0\u00bb]<\/p>\n<p><strong>JANVIER<\/strong><br \/>2025<\/p>\n<p>[\/et_pb_blurb][\/et_pb_column][et_pb_column type=\u00a0\u00bb1_4&Prime; _builder_version=\u00a0\u00bb4.16&Prime; _module_preset=\u00a0\u00bbdefault\u00a0\u00bb global_colors_info=\u00a0\u00bb{}\u00a0\u00bb][et_pb_image src=\u00a0\u00bbhttps:\/\/www.les-grands-moulins.fr\/V4\/wp-content\/uploads\/2023\/12\/transi-terre-gracay-ligue.jpg\u00a0\u00bb title_text=\u00a0\u00bbtransi-terre-gracay-ligue\u00a0\u00bb show_in_lightbox=\u00a0\u00bbon\u00a0\u00bb _builder_version=\u00a0\u00bb4.27.5&Prime; _module_preset=\u00a0\u00bbdefault\u00a0\u00bb min_height=\u00a0\u00bb336.2px\u00a0\u00bb custom_padding=\u00a0\u00bb|0px||||\u00a0\u00bb locked=\u00a0\u00bboff\u00a0\u00bb global_colors_info=\u00a0\u00bb{}\u00a0\u00bb][\/et_pb_image][\/et_pb_column][et_pb_column type=\u00a0\u00bb1_2&Prime; _builder_version=\u00a0\u00bb4.16&Prime; _module_preset=\u00a0\u00bbdefault\u00a0\u00bb global_colors_info=\u00a0\u00bb{}\u00a0\u00bb][et_pb_text _builder_version=\u00a0\u00bb4.27.4&Prime; _module_preset=\u00a0\u00bb03ed4834-a81a-41ec-bfd6-98a6a9949751&Prime; header_font=\u00a0\u00bb||||||||\u00a0\u00bb header_3_font=\u00a0\u00bbDM Sans||||||||\u00a0\u00bb header_3_text_color=\u00a0\u00bb#093532&Prime; header_3_font_size=\u00a0\u00bb36px\u00a0\u00bb header_3_letter_spacing=\u00a0\u00bb-0.02em\u00a0\u00bb header_3_line_height=\u00a0\u00bb1.2em\u00a0\u00bb custom_margin=\u00a0\u00bb||10px||false|false\u00a0\u00bb header_3_font_size_tablet=\u00a0\u00bb20px\u00a0\u00bb header_3_font_size_phone=\u00a0\u00bb16px\u00a0\u00bb header_3_font_size_last_edited=\u00a0\u00bbon|phone\u00a0\u00bb locked=\u00a0\u00bboff\u00a0\u00bb global_colors_info=\u00a0\u00bb{}\u00a0\u00bb]<\/p>\n<h3><strong><span class=\"x193iq5w xeuugli x13faqbe x1vvkbs x1xmvt09 x1lliihq x1s928wv xhkezso x1gmr53x x1cpjm7i x1fgarty x1943h6x xudqn12 x3x7a5m x6prxxf xvq8zen xo1l8bm xzsf02u x1yc453h\" dir=\"auto\">Regroupement r\u00e9gional Transi&rsquo;Terre<br \/><\/span><\/strong><\/h3>\n<p>[\/et_pb_text][et_pb_text _builder_version=\u00a0\u00bb4.23.1&Prime; _module_preset=\u00a0\u00bb41d5859c-fbaa-458a-88e4-5d886857f235&Prime; text_font=\u00a0\u00bb||||||||\u00a0\u00bb text_text_color=\u00a0\u00bb#0F393B\u00a0\u00bb text_font_size=\u00a0\u00bb18px\u00a0\u00bb text_line_height=\u00a0\u00bb1.8em\u00a0\u00bb custom_margin=\u00a0\u00bb|-10px||||\u00a0\u00bb custom_padding=\u00a0\u00bb|2px|0px|||\u00a0\u00bb text_font_size_tablet=\u00a0\u00bb16px\u00a0\u00bb text_font_size_phone=\u00a0\u00bb14px\u00a0\u00bb text_font_size_last_edited=\u00a0\u00bbon|phone\u00a0\u00bb locked=\u00a0\u00bboff\u00a0\u00bb global_colors_info=\u00a0\u00bb{}\u00a0\u00bb]<\/p>\n<p>Le s\u00e9jour \u00ab\u00a0Transi&rsquo;Terre\u00a0\u00bb est un moments riches de rencontres, d&rsquo;\u00e9changes et de partage autour des enjeux sur la transition \u00e9cologique.<br \/>L&rsquo;objectif de cette action est de r\u00e9unir les acteurs associatifs et les volontaires en service civique qui s\u2019engagent pour la transition \u00e9cologique en menant des actions \u00e0 l\u2019\u00e9chelle locale.<\/p>\n<p>Con\u00e7u pour sensibiliser les citoyens aux enjeux environnementaux et sociaux, Transi\u2019terre est un v\u00e9ritable programme cl\u00e9 en main, coordonn\u00e9 par la Ligue de l&rsquo;enseignement Centre &#8211; Val de Loire, qui s&rsquo;adresse \u00e0 toutes les personnes d\u00e9sirant s\u2019engager comme b\u00e9n\u00e9vole ou volontaire en service civique autour de cette th\u00e9matique et aux associations et collectivit\u00e9s locales menant des activit\u00e9s autour de la transition \u00e9cologique et sociale et de l\u2019\u00e9ducation \u00e0 l\u2019environnement, ou souhaitant d\u00e9velopper des actions de ce type sur leur territoire.<\/p>\n<p>[\/et_pb_text][et_pb_button button_url=\u00a0\u00bbhttps:\/\/www.les-grands-moulins.fr\/V4\/wp-content\/uploads\/2023\/12\/transi-terre-gracay-ligue.jpg\u00a0\u00bb url_new_window=\u00a0\u00bbon\u00a0\u00bb button_text=\u00a0\u00bbInscription + D\u00e9tails\u00a0\u00bb _builder_version=\u00a0\u00bb4.23.1&Prime; _module_preset=\u00a0\u00bb6414ef9f-e386-4555-a7b7-4544a239078b\u00a0\u00bb custom_button=\u00a0\u00bbon\u00a0\u00bb button_text_size=\u00a0\u00bb14px\u00a0\u00bb button_text_color=\u00a0\u00bb#ef8451&Prime; button_border_width=\u00a0\u00bb1px\u00a0\u00bb button_border_color=\u00a0\u00bb#ef8451&Prime; button_border_radius=\u00a0\u00bb37px\u00a0\u00bb button_letter_spacing=\u00a0\u00bb1px\u00a0\u00bb button_font=\u00a0\u00bbDM Sans|700||on|||||\u00a0\u00bb custom_padding=\u00a0\u00bb15px|24px|12px|24px|false|true\u00a0\u00bb locked=\u00a0\u00bboff\u00a0\u00bb global_colors_info=\u00a0\u00bb{}\u00a0\u00bb button_text_color__hover_enabled=\u00a0\u00bbon|hover\u00a0\u00bb button_text_color__hover=\u00a0\u00bb#FFFFFF\u00a0\u00bb button_bg_color__hover_enabled=\u00a0\u00bbon|hover\u00a0\u00bb button_bg_color__hover=\u00a0\u00bb#ef8451&Prime; button_bg_enable_color__hover=\u00a0\u00bbon\u00a0\u00bb][\/et_pb_button][\/et_pb_column][\/et_pb_row][et_pb_row column_structure=\u00a0\u00bb1_4,1_4,1_2&Prime; _builder_version=\u00a0\u00bb4.27.4&Prime; _module_preset=\u00a0\u00bbdefault\u00a0\u00bb filter_saturate=\u00a0\u00bb0%\u00a0\u00bb filter_brightness=\u00a0\u00bb90%\u00a0\u00bb global_colors_info=\u00a0\u00bb{}\u00a0\u00bb][et_pb_column type=\u00a0\u00bb1_4&Prime; _builder_version=\u00a0\u00bb4.16&Prime; _module_preset=\u00a0\u00bbdefault\u00a0\u00bb global_colors_info=\u00a0\u00bb{}\u00a0\u00bb][et_pb_blurb title=\u00a0\u00bb27&Prime; _builder_version=\u00a0\u00bb4.27.3&Prime; _module_preset=\u00a0\u00bbdab8ae77-843d-4934-a7b3-8e57f832b52c\u00a0\u00bb header_font=\u00a0\u00bbDM Sans|700|||||||\u00a0\u00bb header_text_color=\u00a0\u00bb#0F393B\u00a0\u00bb header_font_size=\u00a0\u00bb56px\u00a0\u00bb body_font=\u00a0\u00bbDM Sans|700||on|||||\u00a0\u00bb body_text_color=\u00a0\u00bb#EF8451&Prime; body_letter_spacing=\u00a0\u00bb1px\u00a0\u00bb background_color=\u00a0\u00bb#FFFFFF\u00a0\u00bb text_orientation=\u00a0\u00bbcenter\u00a0\u00bb custom_padding=\u00a0\u00bb40px|20px|40px|20px|true|true\u00a0\u00bb border_radii=\u00a0\u00bbon|20px|20px|20px|20px\u00a0\u00bb global_colors_info=\u00a0\u00bb{}\u00a0\u00bb]<\/p>\n<p><strong>Novembre<\/strong><br \/>2024<\/p>\n<p>[\/et_pb_blurb][et_pb_blurb title=\u00a0\u00bb9h30&Prime; _builder_version=\u00a0\u00bb4.27.3&Prime; _module_preset=\u00a0\u00bbdab8ae77-843d-4934-a7b3-8e57f832b52c\u00a0\u00bb header_font=\u00a0\u00bbDM Sans|700|||||||\u00a0\u00bb header_text_color=\u00a0\u00bb#0F393B\u00a0\u00bb header_font_size=\u00a0\u00bb40px\u00a0\u00bb body_font=\u00a0\u00bbDM Sans|700||on|||||\u00a0\u00bb body_text_color=\u00a0\u00bb#EF8451&Prime; body_letter_spacing=\u00a0\u00bb1px\u00a0\u00bb background_color=\u00a0\u00bb#FFFFFF\u00a0\u00bb text_orientation=\u00a0\u00bbcenter\u00a0\u00bb custom_padding=\u00a0\u00bb40px|20px|40px|20px|true|true\u00a0\u00bb border_radii=\u00a0\u00bbon|20px|20px|20px|20px\u00a0\u00bb global_colors_info=\u00a0\u00bb{}\u00a0\u00bb][\/et_pb_blurb][\/et_pb_column][et_pb_column type=\u00a0\u00bb1_4&Prime; _builder_version=\u00a0\u00bb4.16&Prime; _module_preset=\u00a0\u00bbdefault\u00a0\u00bb global_colors_info=\u00a0\u00bb{}\u00a0\u00bb][et_pb_image src=\u00a0\u00bbhttps:\/\/www.les-grands-moulins.fr\/V4\/wp-content\/uploads\/2024\/11\/atelier-cuisine-lentilles-ecopole-gracay.jpg\u00a0\u00bb title_text=\u00a0\u00bbatelier-cuisine-lentilles-ecopole-gracay\u00a0\u00bb _builder_version=\u00a0\u00bb4.27.4&Prime; _module_preset=\u00a0\u00bbdefault\u00a0\u00bb min_height=\u00a0\u00bb336.2px\u00a0\u00bb custom_padding=\u00a0\u00bb|0px||||\u00a0\u00bb locked=\u00a0\u00bboff\u00a0\u00bb global_colors_info=\u00a0\u00bb{}\u00a0\u00bb][\/et_pb_image][\/et_pb_column][et_pb_column type=\u00a0\u00bb1_2&Prime; _builder_version=\u00a0\u00bb4.16&Prime; _module_preset=\u00a0\u00bbdefault\u00a0\u00bb global_colors_info=\u00a0\u00bb{}\u00a0\u00bb][et_pb_text _builder_version=\u00a0\u00bb4.27.3&Prime; _module_preset=\u00a0\u00bb03ed4834-a81a-41ec-bfd6-98a6a9949751&Prime; header_font=\u00a0\u00bb||||||||\u00a0\u00bb header_3_font=\u00a0\u00bbDM Sans||||||||\u00a0\u00bb header_3_text_color=\u00a0\u00bb#093532&Prime; header_3_font_size=\u00a0\u00bb36px\u00a0\u00bb header_3_letter_spacing=\u00a0\u00bb-0.02em\u00a0\u00bb header_3_line_height=\u00a0\u00bb1.2em\u00a0\u00bb custom_margin=\u00a0\u00bb||10px||false|false\u00a0\u00bb header_3_font_size_tablet=\u00a0\u00bb20px\u00a0\u00bb header_3_font_size_phone=\u00a0\u00bb16px\u00a0\u00bb header_3_font_size_last_edited=\u00a0\u00bbon|phone\u00a0\u00bb locked=\u00a0\u00bboff\u00a0\u00bb global_colors_info=\u00a0\u00bb{}\u00a0\u00bb]<\/p>\n<h3><strong>Atelier cuisine : La lentille dans tous ses \u00e9tats<br \/><\/strong><\/h3>\n<p>[\/et_pb_text][et_pb_text _builder_version=\u00a0\u00bb4.27.3&Prime; _module_preset=\u00a0\u00bb41d5859c-fbaa-458a-88e4-5d886857f235&Prime; text_font=\u00a0\u00bb||||||||\u00a0\u00bb text_text_color=\u00a0\u00bb#0F393B\u00a0\u00bb text_font_size=\u00a0\u00bb18px\u00a0\u00bb text_line_height=\u00a0\u00bb1.8em\u00a0\u00bb custom_margin=\u00a0\u00bb|-10px||||\u00a0\u00bb custom_padding=\u00a0\u00bb|2px|0px|||\u00a0\u00bb text_font_size_tablet=\u00a0\u00bb16px\u00a0\u00bb text_font_size_phone=\u00a0\u00bb14px\u00a0\u00bb text_font_size_last_edited=\u00a0\u00bbon|phone\u00a0\u00bb locked=\u00a0\u00bboff\u00a0\u00bb global_colors_info=\u00a0\u00bb{}\u00a0\u00bb]<\/p>\n<p>ATELIER CUISINE : La lentille dans tous ses \u00e9tats !<\/p>\n<p>Date : Mercredi 27 novembre \u00e0 9h30<br \/>Lieu : Grands moulins<\/p>\n<p>Menu :<br \/>&#8211; Salade de lentilles vertes, ch\u00e8vre et noix<br \/>&#8211; Soupe de l\u00e9gumes aux saveurs d\u2019automne<br \/>&#8211; Muffins sal\u00e9s aux lentillons ros\u00e9s, fromage et \u00e9pices<br \/>&#8211; Cr\u00e8me dessert \u00e0 la lentille et f\u00e8ve tonka<\/p>\n<p>Sur inscription au : 06 34 64 02 92 \/ 02 48 51 29 96<br \/>Places limit\u00e9es<\/p>\n<p>&#8212;-<\/p>\n<p>[\/et_pb_text][et_pb_button button_url=\u00a0\u00bbhttps:\/\/www.les-grands-moulins.fr\/V4\/wp-content\/uploads\/2024\/11\/Journee-citoyenne-17-11-2024_gracay-scaled.jpg\u00a0\u00bb url_new_window=\u00a0\u00bbon\u00a0\u00bb button_text=\u00a0\u00bb+ D\u00e9tails\u00a0\u00bb _builder_version=\u00a0\u00bb4.27.3&Prime; _module_preset=\u00a0\u00bb6414ef9f-e386-4555-a7b7-4544a239078b\u00a0\u00bb custom_button=\u00a0\u00bbon\u00a0\u00bb button_text_size=\u00a0\u00bb14px\u00a0\u00bb button_text_color=\u00a0\u00bb#ef8451&Prime; button_border_width=\u00a0\u00bb1px\u00a0\u00bb button_border_color=\u00a0\u00bb#ef8451&Prime; button_border_radius=\u00a0\u00bb37px\u00a0\u00bb button_letter_spacing=\u00a0\u00bb1px\u00a0\u00bb button_font=\u00a0\u00bbDM Sans|700||on|||||\u00a0\u00bb custom_padding=\u00a0\u00bb15px|24px|12px|24px|false|true\u00a0\u00bb locked=\u00a0\u00bboff\u00a0\u00bb global_colors_info=\u00a0\u00bb{}\u00a0\u00bb button_text_color__hover_enabled=\u00a0\u00bbon|hover\u00a0\u00bb button_text_color__hover=\u00a0\u00bb#FFFFFF\u00a0\u00bb button_bg_color__hover_enabled=\u00a0\u00bbon|hover\u00a0\u00bb button_bg_color__hover=\u00a0\u00bb#ef8451&Prime; button_bg_enable_color__hover=\u00a0\u00bbon\u00a0\u00bb][\/et_pb_button][\/et_pb_column][\/et_pb_row][et_pb_row column_structure=\u00a0\u00bb1_4,1_4,1_2&Prime; _builder_version=\u00a0\u00bb4.27.4&Prime; _module_preset=\u00a0\u00bbdefault\u00a0\u00bb custom_margin=\u00a0\u00bb|auto|6px|auto||\u00a0\u00bb filter_saturate=\u00a0\u00bb0%\u00a0\u00bb global_colors_info=\u00a0\u00bb{}\u00a0\u00bb][et_pb_column type=\u00a0\u00bb1_4&Prime; _builder_version=\u00a0\u00bb4.16&Prime; _module_preset=\u00a0\u00bbdefault\u00a0\u00bb global_colors_info=\u00a0\u00bb{}\u00a0\u00bb][et_pb_blurb title=\u00a0\u00bb22-24&Prime; _builder_version=\u00a0\u00bb4.27.0&Prime; _module_preset=\u00a0\u00bbdab8ae77-843d-4934-a7b3-8e57f832b52c\u00a0\u00bb header_font=\u00a0\u00bbDM Sans|700|||||||\u00a0\u00bb header_text_color=\u00a0\u00bb#0F393B\u00a0\u00bb header_font_size=\u00a0\u00bb56px\u00a0\u00bb body_font=\u00a0\u00bbDM Sans|700||on|||||\u00a0\u00bb body_text_color=\u00a0\u00bb#EF8451&Prime; body_letter_spacing=\u00a0\u00bb1px\u00a0\u00bb background_color=\u00a0\u00bb#FFFFFF\u00a0\u00bb text_orientation=\u00a0\u00bbcenter\u00a0\u00bb custom_padding=\u00a0\u00bb40px|20px|40px|20px|true|true\u00a0\u00bb border_radii=\u00a0\u00bbon|20px|20px|20px|20px\u00a0\u00bb global_colors_info=\u00a0\u00bb{}\u00a0\u00bb]<\/p>\n<p><strong>Novembre <\/strong><br \/>2024<\/p>\n<p>[\/et_pb_blurb][\/et_pb_column][et_pb_column type=\u00a0\u00bb1_4&Prime; _builder_version=\u00a0\u00bb4.16&Prime; _module_preset=\u00a0\u00bbdefault\u00a0\u00bb global_colors_info=\u00a0\u00bb{}\u00a0\u00bb][et_pb_image src=\u00a0\u00bbhttps:\/\/www.les-grands-moulins.fr\/V4\/wp-content\/uploads\/2024\/09\/week-end-interculturel-gracay-grands-moulins_1-scaled.jpg\u00a0\u00bb title_text=\u00a0\u00bbweek-end interculturel gracay grands moulins_1&Prime; show_in_lightbox=\u00a0\u00bbon\u00a0\u00bb _builder_version=\u00a0\u00bb4.27.5&Prime; _module_preset=\u00a0\u00bbdefault\u00a0\u00bb min_height=\u00a0\u00bb336.2px\u00a0\u00bb custom_padding=\u00a0\u00bb|0px||||\u00a0\u00bb locked=\u00a0\u00bboff\u00a0\u00bb global_colors_info=\u00a0\u00bb{}\u00a0\u00bb][\/et_pb_image][\/et_pb_column][et_pb_column type=\u00a0\u00bb1_2&Prime; _builder_version=\u00a0\u00bb4.16&Prime; _module_preset=\u00a0\u00bbdefault\u00a0\u00bb global_colors_info=\u00a0\u00bb{}\u00a0\u00bb][et_pb_text _builder_version=\u00a0\u00bb4.16&Prime; _module_preset=\u00a0\u00bb03ed4834-a81a-41ec-bfd6-98a6a9949751&Prime; header_font=\u00a0\u00bb||||||||\u00a0\u00bb header_3_font=\u00a0\u00bbDM Sans||||||||\u00a0\u00bb header_3_text_color=\u00a0\u00bb#093532&Prime; header_3_font_size=\u00a0\u00bb36px\u00a0\u00bb header_3_letter_spacing=\u00a0\u00bb-0.02em\u00a0\u00bb header_3_line_height=\u00a0\u00bb1.2em\u00a0\u00bb custom_margin=\u00a0\u00bb||10px||false|false\u00a0\u00bb header_3_font_size_tablet=\u00a0\u00bb20px\u00a0\u00bb header_3_font_size_phone=\u00a0\u00bb16px\u00a0\u00bb header_3_font_size_last_edited=\u00a0\u00bbon|phone\u00a0\u00bb locked=\u00a0\u00bboff\u00a0\u00bb global_colors_info=\u00a0\u00bb{}\u00a0\u00bb]<\/p>\n<h3><strong>Weekend interculturel<\/strong><\/h3>\n<p>[\/et_pb_text][et_pb_text _builder_version=\u00a0\u00bb4.27.0&Prime; _module_preset=\u00a0\u00bb41d5859c-fbaa-458a-88e4-5d886857f235&Prime; text_font=\u00a0\u00bb||||||||\u00a0\u00bb text_text_color=\u00a0\u00bb#0F393B\u00a0\u00bb text_font_size=\u00a0\u00bb18px\u00a0\u00bb text_line_height=\u00a0\u00bb1.8em\u00a0\u00bb custom_margin=\u00a0\u00bb|-10px||||\u00a0\u00bb custom_padding=\u00a0\u00bb|2px|0px|||\u00a0\u00bb text_font_size_tablet=\u00a0\u00bb16px\u00a0\u00bb text_font_size_phone=\u00a0\u00bb14px\u00a0\u00bb text_font_size_last_edited=\u00a0\u00bbon|phone\u00a0\u00bb locked=\u00a0\u00bboff\u00a0\u00bb global_colors_info=\u00a0\u00bb{}\u00a0\u00bb]<\/p>\n<p>La Ligue de l\u2019enseignement Centre-Val de Loire\u00a0 propose un Week-end Interculturel \u00e0 Gra\u00e7ay, \u00e0 destination des jeunes de la r\u00e9gion CVL.<\/p>\n<p>Trois jours d&rsquo;ateliers cr\u00e9atifs, interactifs et ludiques o\u00f9 chaque participant pourra s&rsquo;exprimer, d\u00e9couvrir et approfondir une r\u00e9flexion sur l\u2019interculturalit\u00e9 et solidarit\u00e9, les objectifs de d\u00e9veloppement et l\u2019engagement (volontariat ou chantier national\/international, \u00e9changesde jeunes,&#8230;) Lors du week-end, tu pourras rencontrer d\u2019autres jeunes de la r\u00e9gion Centre Val-de-Loire et des professionnels qui sont en lien avec les th\u00e9matiques d\u00e9j\u00e0 nomm\u00e9s.<\/p>\n<p>\u2022 <strong>Date : du 22 au 24 novembre 2024<\/strong> (il faudra assister \u00e0 l\u2019int\u00e9gralit\u00e9 du weekend)<br \/>\u2022 \u00c2ge du public : entre 18 et 25 ans r\u00e9sidents dans la r\u00e9gion Centre-Val-de-Loire<br \/>\u2022 Lieu : Les Grands Moulins de Gra\u00e7ay &#8211; 5 Rue Jean Jaur\u00e8s, 18310 Gra\u00e7ay<\/p>\n<p>Ce week-end a pour objectif d\u2019aborder des th\u00e9matiques de solidarit\u00e9 internationale, de sensibiliser les jeunes \u00e0 l\u2019interculturalit\u00e9 et de leur permettre de faire une premi\u00e8re approche sur la question de la mobilit\u00e9. C\u2019est aussi l\u2019occasion pour les jeunes de se rencontrer pour \u00e9changer sur l\u2019international et passer un moment convivial.<\/p>\n<p>Le week-end est pris en charge (plus d\u2019informations et documents sont disponible <a href=\"https:\/\/drive.google.com\/drive\/folders\/1IqKHvUUFtaCYBCr4HYTl3wRuBR_HD22q\">ICI<\/a> )<br \/>Les jeunes peuvent s\u2019inscrire facilement via le <a href=\"https:\/\/forms.office.com\/pages\/responsepage.aspx?id=v__NB-o9vk2EM4Oisqee8bFFdEPqq6pNmGNv9mU7_7ZUMk83OVNZVkpPUUkyQzJNRjNMV0U1M1VLTy4u\">formulaire en ligne<\/a>.<\/p>\n<p><strong>Date limite pour s\u2019inscrire : 10 octobre 2024<\/strong><\/p>\n<p>Cette evenement est organis\u00e9 en en partenariat avec Concordia, la Maison de l\u2019Europe, le CRIJ, Centraider, le Conseil r\u00e9gional et la DRAJES<\/p>\n<p>[\/et_pb_text][et_pb_button button_url=\u00a0\u00bbhttps:\/\/www.les-grands-moulins.fr\/V4\/wp-content\/uploads\/2024\/11\/week-end-interculturel-gracay-2024_Ligue-de-l-enseignement-du-cher.pdf\u00a0\u00bb url_new_window=\u00a0\u00bbon\u00a0\u00bb button_text=\u00a0\u00bbInscription + D\u00e9tails\u00a0\u00bb _builder_version=\u00a0\u00bb4.27.3&Prime; _module_preset=\u00a0\u00bb6414ef9f-e386-4555-a7b7-4544a239078b\u00a0\u00bb custom_button=\u00a0\u00bbon\u00a0\u00bb button_text_size=\u00a0\u00bb14px\u00a0\u00bb button_text_color=\u00a0\u00bb#ef8451&Prime; button_border_width=\u00a0\u00bb1px\u00a0\u00bb button_border_color=\u00a0\u00bb#ef8451&Prime; button_border_radius=\u00a0\u00bb37px\u00a0\u00bb button_letter_spacing=\u00a0\u00bb1px\u00a0\u00bb button_font=\u00a0\u00bbDM Sans|700||on|||||\u00a0\u00bb custom_padding=\u00a0\u00bb15px|24px|12px|24px|false|true\u00a0\u00bb locked=\u00a0\u00bboff\u00a0\u00bb global_colors_info=\u00a0\u00bb{}\u00a0\u00bb button_text_color__hover_enabled=\u00a0\u00bbon|hover\u00a0\u00bb button_text_color__hover=\u00a0\u00bb#FFFFFF\u00a0\u00bb button_bg_color__hover_enabled=\u00a0\u00bbon|hover\u00a0\u00bb button_bg_color__hover=\u00a0\u00bb#ef8451&Prime; button_bg_enable_color__hover=\u00a0\u00bbon\u00a0\u00bb][\/et_pb_button][\/et_pb_column][\/et_pb_row][et_pb_row column_structure=\u00a0\u00bb1_4,1_4,1_2&Prime; _builder_version=\u00a0\u00bb4.27.3&Prime; _module_preset=\u00a0\u00bbdefault\u00a0\u00bb filter_saturate=\u00a0\u00bb0%\u00a0\u00bb global_colors_info=\u00a0\u00bb{}\u00a0\u00bb][et_pb_column type=\u00a0\u00bb1_4&Prime; _builder_version=\u00a0\u00bb4.16&Prime; _module_preset=\u00a0\u00bbdefault\u00a0\u00bb global_colors_info=\u00a0\u00bb{}\u00a0\u00bb][et_pb_blurb title=\u00a0\u00bb17&Prime; _builder_version=\u00a0\u00bb4.27.3&Prime; _module_preset=\u00a0\u00bbdab8ae77-843d-4934-a7b3-8e57f832b52c\u00a0\u00bb header_font=\u00a0\u00bbDM Sans|700|||||||\u00a0\u00bb header_text_color=\u00a0\u00bb#0F393B\u00a0\u00bb header_font_size=\u00a0\u00bb56px\u00a0\u00bb body_font=\u00a0\u00bbDM Sans|700||on|||||\u00a0\u00bb body_text_color=\u00a0\u00bb#EF8451&Prime; body_letter_spacing=\u00a0\u00bb1px\u00a0\u00bb background_color=\u00a0\u00bb#FFFFFF\u00a0\u00bb text_orientation=\u00a0\u00bbcenter\u00a0\u00bb custom_padding=\u00a0\u00bb40px|20px|40px|20px|true|true\u00a0\u00bb border_radii=\u00a0\u00bbon|20px|20px|20px|20px\u00a0\u00bb global_colors_info=\u00a0\u00bb{}\u00a0\u00bb]<\/p>\n<p><strong>Novembre<\/strong><br \/>2024<\/p>\n<p>[\/et_pb_blurb][et_pb_blurb title=\u00a0\u00bb9h\u00a0\u00bb _builder_version=\u00a0\u00bb4.27.3&Prime; _module_preset=\u00a0\u00bbdab8ae77-843d-4934-a7b3-8e57f832b52c\u00a0\u00bb header_font=\u00a0\u00bbDM Sans|700|||||||\u00a0\u00bb header_text_color=\u00a0\u00bb#0F393B\u00a0\u00bb header_font_size=\u00a0\u00bb40px\u00a0\u00bb body_font=\u00a0\u00bbDM Sans|700||on|||||\u00a0\u00bb body_text_color=\u00a0\u00bb#EF8451&Prime; body_letter_spacing=\u00a0\u00bb1px\u00a0\u00bb background_color=\u00a0\u00bb#FFFFFF\u00a0\u00bb text_orientation=\u00a0\u00bbcenter\u00a0\u00bb custom_padding=\u00a0\u00bb40px|20px|40px|20px|true|true\u00a0\u00bb border_radii=\u00a0\u00bbon|20px|20px|20px|20px\u00a0\u00bb global_colors_info=\u00a0\u00bb{}\u00a0\u00bb][\/et_pb_blurb][\/et_pb_column][et_pb_column type=\u00a0\u00bb1_4&Prime; _builder_version=\u00a0\u00bb4.16&Prime; _module_preset=\u00a0\u00bbdefault\u00a0\u00bb global_colors_info=\u00a0\u00bb{}\u00a0\u00bb][et_pb_image src=\u00a0\u00bbhttps:\/\/www.les-grands-moulins.fr\/V4\/wp-content\/uploads\/2024\/11\/Journee-citoyenne-17-11-2024_gracay-scaled.jpg\u00a0\u00bb title_text=\u00a0\u00bbJourn\u00e9e-citoyenne-17-11-2024_gracay\u00a0\u00bb _builder_version=\u00a0\u00bb4.27.4&Prime; _module_preset=\u00a0\u00bbdefault\u00a0\u00bb min_height=\u00a0\u00bb336.2px\u00a0\u00bb custom_padding=\u00a0\u00bb|0px||||\u00a0\u00bb locked=\u00a0\u00bboff\u00a0\u00bb global_colors_info=\u00a0\u00bb{}\u00a0\u00bb][\/et_pb_image][\/et_pb_column][et_pb_column type=\u00a0\u00bb1_2&Prime; _builder_version=\u00a0\u00bb4.16&Prime; _module_preset=\u00a0\u00bbdefault\u00a0\u00bb global_colors_info=\u00a0\u00bb{}\u00a0\u00bb][et_pb_text _builder_version=\u00a0\u00bb4.21.0&Prime; _module_preset=\u00a0\u00bb03ed4834-a81a-41ec-bfd6-98a6a9949751&Prime; header_font=\u00a0\u00bb||||||||\u00a0\u00bb header_3_font=\u00a0\u00bbDM Sans||||||||\u00a0\u00bb header_3_text_color=\u00a0\u00bb#093532&Prime; header_3_font_size=\u00a0\u00bb36px\u00a0\u00bb header_3_letter_spacing=\u00a0\u00bb-0.02em\u00a0\u00bb header_3_line_height=\u00a0\u00bb1.2em\u00a0\u00bb custom_margin=\u00a0\u00bb||10px||false|false\u00a0\u00bb header_3_font_size_tablet=\u00a0\u00bb20px\u00a0\u00bb header_3_font_size_phone=\u00a0\u00bb16px\u00a0\u00bb header_3_font_size_last_edited=\u00a0\u00bbon|phone\u00a0\u00bb locked=\u00a0\u00bboff\u00a0\u00bb global_colors_info=\u00a0\u00bb{}\u00a0\u00bb]<\/p>\n<h3><strong>Matin\u00e9e citoyenne<br \/><\/strong><\/h3>\n<p>[\/et_pb_text][et_pb_text _builder_version=\u00a0\u00bb4.27.3&Prime; _module_preset=\u00a0\u00bb41d5859c-fbaa-458a-88e4-5d886857f235&Prime; text_font=\u00a0\u00bb||||||||\u00a0\u00bb text_text_color=\u00a0\u00bb#0F393B\u00a0\u00bb text_font_size=\u00a0\u00bb18px\u00a0\u00bb text_line_height=\u00a0\u00bb1.8em\u00a0\u00bb custom_margin=\u00a0\u00bb|-10px||||\u00a0\u00bb custom_padding=\u00a0\u00bb|2px|0px|||\u00a0\u00bb text_font_size_tablet=\u00a0\u00bb16px\u00a0\u00bb text_font_size_phone=\u00a0\u00bb14px\u00a0\u00bb text_font_size_last_edited=\u00a0\u00bbon|phone\u00a0\u00bb locked=\u00a0\u00bboff\u00a0\u00bb global_colors_info=\u00a0\u00bb{}\u00a0\u00bb]La prochaine matin\u00e9e citoyenne aura lieu dimanche 17 novembre \u00e0 partir de 9h. <\/p>\n<p>Participez en famille, entre amis ou coll\u00e8gues \u00e0 une action de nettoyage d&rsquo;un jardin de bambous.<\/p>\n<p>L&rsquo;objectif de cette action est de permettre aux habitants de s\u2019approprier leur cadre de vie, favoriser l\u2019\u00e9change, le partage d\u2019exp\u00e9rience et la participation de chacun.<br \/>\nChaque habitant, du plus petit au plus grand, est le bienvenu et peut apporter sa contribution \u00e0 cette journ\u00e9e.<\/p>\n<p>Date : dimanche 17 novembre.<br \/>\nRassemblement \u00e0 9h au centre des Grands moulins.<\/p>\n<p>&#8212;-[\/et_pb_text][et_pb_button button_url=\u00a0\u00bbhttps:\/\/www.les-grands-moulins.fr\/V4\/wp-content\/uploads\/2024\/11\/Journee-citoyenne-17-11-2024_gracay-scaled.jpg\u00a0\u00bb url_new_window=\u00a0\u00bbon\u00a0\u00bb button_text=\u00a0\u00bb+ D\u00e9tails\u00a0\u00bb _builder_version=\u00a0\u00bb4.27.3&Prime; _module_preset=\u00a0\u00bb6414ef9f-e386-4555-a7b7-4544a239078b\u00a0\u00bb custom_button=\u00a0\u00bbon\u00a0\u00bb button_text_size=\u00a0\u00bb14px\u00a0\u00bb button_text_color=\u00a0\u00bb#ef8451&Prime; button_border_width=\u00a0\u00bb1px\u00a0\u00bb button_border_color=\u00a0\u00bb#ef8451&Prime; button_border_radius=\u00a0\u00bb37px\u00a0\u00bb button_letter_spacing=\u00a0\u00bb1px\u00a0\u00bb button_font=\u00a0\u00bbDM Sans|700||on|||||\u00a0\u00bb custom_padding=\u00a0\u00bb15px|24px|12px|24px|false|true\u00a0\u00bb locked=\u00a0\u00bboff\u00a0\u00bb global_colors_info=\u00a0\u00bb{}\u00a0\u00bb button_text_color__hover_enabled=\u00a0\u00bbon|hover\u00a0\u00bb button_text_color__hover=\u00a0\u00bb#FFFFFF\u00a0\u00bb button_bg_color__hover_enabled=\u00a0\u00bbon|hover\u00a0\u00bb button_bg_color__hover=\u00a0\u00bb#ef8451&Prime; button_bg_enable_color__hover=\u00a0\u00bbon\u00a0\u00bb][\/et_pb_button][\/et_pb_column][\/et_pb_row][et_pb_row column_structure=\u00a0\u00bb1_4,1_4,1_2&Prime; _builder_version=\u00a0\u00bb4.27.3&Prime; _module_preset=\u00a0\u00bbdefault\u00a0\u00bb filter_saturate=\u00a0\u00bb0%\u00a0\u00bb filter_brightness=\u00a0\u00bb90%\u00a0\u00bb global_colors_info=\u00a0\u00bb{}\u00a0\u00bb][et_pb_column type=\u00a0\u00bb1_4&Prime; _builder_version=\u00a0\u00bb4.16&Prime; _module_preset=\u00a0\u00bbdefault\u00a0\u00bb global_colors_info=\u00a0\u00bb{}\u00a0\u00bb][et_pb_blurb title=\u00a0\u00bb9&Prime; _builder_version=\u00a0\u00bb4.27.0&Prime; _module_preset=\u00a0\u00bbdab8ae77-843d-4934-a7b3-8e57f832b52c\u00a0\u00bb header_font=\u00a0\u00bbDM Sans|700|||||||\u00a0\u00bb header_text_color=\u00a0\u00bb#0F393B\u00a0\u00bb header_font_size=\u00a0\u00bb56px\u00a0\u00bb body_font=\u00a0\u00bbDM Sans|700||on|||||\u00a0\u00bb body_text_color=\u00a0\u00bb#EF8451&Prime; body_letter_spacing=\u00a0\u00bb1px\u00a0\u00bb background_color=\u00a0\u00bb#FFFFFF\u00a0\u00bb text_orientation=\u00a0\u00bbcenter\u00a0\u00bb custom_padding=\u00a0\u00bb40px|20px|40px|20px|true|true\u00a0\u00bb border_radii=\u00a0\u00bbon|20px|20px|20px|20px\u00a0\u00bb global_colors_info=\u00a0\u00bb{}\u00a0\u00bb]<\/p>\n<p><strong>octobre<\/strong><br \/>2023<\/p>\n<p>[\/et_pb_blurb][et_pb_blurb title=\u00a0\u00bb11h30&Prime; _builder_version=\u00a0\u00bb4.27.0&Prime; _module_preset=\u00a0\u00bbdab8ae77-843d-4934-a7b3-8e57f832b52c\u00a0\u00bb header_font=\u00a0\u00bbDM Sans|700|||||||\u00a0\u00bb header_text_color=\u00a0\u00bb#0F393B\u00a0\u00bb header_font_size=\u00a0\u00bb40px\u00a0\u00bb body_font=\u00a0\u00bbDM Sans|700||on|||||\u00a0\u00bb body_text_color=\u00a0\u00bb#EF8451&Prime; body_letter_spacing=\u00a0\u00bb1px\u00a0\u00bb background_color=\u00a0\u00bb#FFFFFF\u00a0\u00bb text_orientation=\u00a0\u00bbcenter\u00a0\u00bb custom_margin=\u00a0\u00bb9px|||||\u00a0\u00bb custom_padding=\u00a0\u00bb41px|20px|41px|20px|true|true\u00a0\u00bb border_radii=\u00a0\u00bbon|20px|20px|20px|20px\u00a0\u00bb global_colors_info=\u00a0\u00bb{}\u00a0\u00bb][\/et_pb_blurb][\/et_pb_column][et_pb_column type=\u00a0\u00bb1_4&Prime; _builder_version=\u00a0\u00bb4.16&Prime; _module_preset=\u00a0\u00bbdefault\u00a0\u00bb global_colors_info=\u00a0\u00bb{}\u00a0\u00bb][et_pb_image src=\u00a0\u00bbhttps:\/\/www.les-grands-moulins.fr\/V4\/wp-content\/uploads\/2024\/09\/Buffet-ECOPOLE-PORTES-OUVERTES-MOULINS.jpg\u00a0\u00bb title_text=\u00a0\u00bbBuffet ECOPOLE PORTES OUVERTES MOULINS\u00a0\u00bb _builder_version=\u00a0\u00bb4.27.4&Prime; _module_preset=\u00a0\u00bbdefault\u00a0\u00bb min_height=\u00a0\u00bb336.2px\u00a0\u00bb custom_padding=\u00a0\u00bb|0px||||\u00a0\u00bb locked=\u00a0\u00bboff\u00a0\u00bb global_colors_info=\u00a0\u00bb{}\u00a0\u00bb][\/et_pb_image][\/et_pb_column][et_pb_column type=\u00a0\u00bb1_2&Prime; _builder_version=\u00a0\u00bb4.16&Prime; _module_preset=\u00a0\u00bbdefault\u00a0\u00bb global_colors_info=\u00a0\u00bb{}\u00a0\u00bb][et_pb_text _builder_version=\u00a0\u00bb4.27.0&Prime; _module_preset=\u00a0\u00bb03ed4834-a81a-41ec-bfd6-98a6a9949751&Prime; header_font=\u00a0\u00bb||||||||\u00a0\u00bb header_3_font=\u00a0\u00bbDM Sans||||||||\u00a0\u00bb header_3_text_color=\u00a0\u00bb#093532&Prime; header_3_font_size=\u00a0\u00bb36px\u00a0\u00bb header_3_letter_spacing=\u00a0\u00bb-0.02em\u00a0\u00bb header_3_line_height=\u00a0\u00bb1.2em\u00a0\u00bb custom_margin=\u00a0\u00bb||10px||false|false\u00a0\u00bb header_3_font_size_tablet=\u00a0\u00bb20px\u00a0\u00bb header_3_font_size_phone=\u00a0\u00bb16px\u00a0\u00bb header_3_font_size_last_edited=\u00a0\u00bbon|phone\u00a0\u00bb locked=\u00a0\u00bboff\u00a0\u00bb global_colors_info=\u00a0\u00bb{}\u00a0\u00bb]<\/p>\n<h3><strong>Buffet offert &#8211; Journ\u00e9e Portes ouvertes des Grands moulins<br \/><\/strong><\/h3>\n<p>[\/et_pb_text][et_pb_text _builder_version=\u00a0\u00bb4.27.0&Prime; _module_preset=\u00a0\u00bb41d5859c-fbaa-458a-88e4-5d886857f235&Prime; text_font=\u00a0\u00bb||||||||\u00a0\u00bb text_text_color=\u00a0\u00bb#0F393B\u00a0\u00bb text_font_size=\u00a0\u00bb18px\u00a0\u00bb text_line_height=\u00a0\u00bb1.8em\u00a0\u00bb custom_margin=\u00a0\u00bb|-10px||||\u00a0\u00bb custom_padding=\u00a0\u00bb|2px|0px|||\u00a0\u00bb text_font_size_tablet=\u00a0\u00bb16px\u00a0\u00bb text_font_size_phone=\u00a0\u00bb14px\u00a0\u00bb text_font_size_last_edited=\u00a0\u00bbon|phone\u00a0\u00bb locked=\u00a0\u00bboff\u00a0\u00bb global_colors_info=\u00a0\u00bb{}\u00a0\u00bb]<\/p>\n<div dir=\"auto\" class=\"html-div xdj266r x11i5rnm xat24cr x1mh8g0r xexx8yu x4uap5 x18d9i69 xkhd6sd\">\n<div class=\"x1l90r2v x1pi30zi x1swvt13 x1iorvi4\" data-ad-comet-preview=\"message\" data-ad-preview=\"message\" id=\":rk2:\">\n<div class=\"x78zum5 xdt5ytf xz62fqu x16ldp7u\">\n<div class=\"xu06os2 x1ok221b\">\n<div class=\"xdj266r x11i5rnm xat24cr x1mh8g0r x1vvkbs x126k92a\">\n<div dir=\"auto\" style=\"text-align: start;\">\n<div class=\"xdj266r x11i5rnm xat24cr x1mh8g0r x1vvkbs x126k92a\">\n<div dir=\"auto\" style=\"text-align: start;\">Lors de notre journ\u00e9e Portes ouvertes qui aura lieu mercredi 9 octobre, un buffet sera offert et pr\u00e9par\u00e9 par l&rsquo;<span class=\"html-span xdj266r x11i5rnm xat24cr x1mh8g0r xexx8yu x4uap5 x18d9i69 xkhd6sd x1hl2dhg x16tdsg8 x1vvkbs\"><a attributionsrc=\"\/privacy_sandbox\/comet\/register\/source\/?xt=AZXOe3WKi43AgW8YhZzBeA1wQlWWfRDwDivZr-mq11lxAq5_x2YToQ-dBlI_eIqUIDnoundViLZDNswXlOVE2R9yMIGQ8tQFAABSFYC716QDKe5GPKK0gZhyCX3b2sn3_ABXbyF11N3sDjrgxUD6WHWQj1dRdWmj_pe8o6dAGywV7sUI2Voc4nPrrua219MsDK_sm_ZHDyJWEI7GcekyyTaobncnvr4uh-Qww5wjq1gt-ROOLik5HA9Vco9NHEcM25OVeRiBMEw4iC0d-zyG_Bu8SsgZq9sG6TS32wzytIiyAM8hsvqnWAqUvIcNtRPR59ALes1sysK48cZWd1Z4yM4RlRUL7fuzLVs8U-LjHMpC0vPk02ILl8TiAIADOBCK6mOyrR_tN_cQobVV0eQpI1dNiuqFmp_pN1_dyWn3CzyhQYIA1Ma95LWhAqlx_ujeWvMdlc2Amo84Ygov2vjJNMtRyxlQMOOpr0LbWJttWxtz3N4jsU6lMcB1sgTuADBVIc22EqCjYNDrohb9-bi2nLo8HPIuou6ZGX1J5elar2FcFXytb4iP2N-3JzakJhEYQ2-7hyqWscXqg4p0w3KPLtdmaB1sPz-bBp6P41iBRW-czaiCJ50WCCm3VK43ffQ3w_c7NoWdg80BL3Jki4efhbY2Gd2PmB42k1vconhp3Tw99ULhQJrR4nJjTTjKeFSWCqYNQ7uVEkSNQ3_wVnI_UVUbRU2gGu5XXdz0EIsigldiv3Gwu2n5uF-QmQ4z5Hpryo70vFrMb_KA5dNWEcsn0v1WgT8rbMQxFJ9bplZUgIhaGEZzVkaJMZgktGikR5iOmAKCGuZD5OrrGlNchVUsGESpXvhcyajcnA8CVAQntSJDYSwd3DwGybF6FVh-2U_X_vkCUl8aUDu3vtdi8-yAbC6I1D-eAcMm5LR-p0guJBd-FNCoLWm6PGB_60k-baRwnAheXouqw7WA6gL5POhSG0qGdBTYGWyISsxDwuYjlN5HVpxlHuVwHCoNBkULCOA2zEAFSaDuIsVa_EuC50WST9_fG4Jlu_1dknRW6JBpAkPIG0fVdIvdOYL2HexCW8cfkreMOryJEJ9qAU6_Qnjr_Q4NupfuwHcfjVZzU3mQ5RUMFQtYp7OypVrEgtM7gnJkKeIcg7DK0BiQ8iKYlVhqicEIXHahJ4y3ZA-RCAq0CGaEgMNlRBpzvRBPt_dKMEPj_4zjyzDvokY7lWyFjWg-KpZdrtkfmHJIspQsYtbkQEcj92MAwhDJ8en4yNosbnYhSFeTDNCv6gZxE64W6N5jmP5Iaz3LdpG8jya-oPZ9o9tCC7soeqIUFErO7ENhCvKT5uCrthslxQMnCXmqk8uDi2aS9I-i8111mbO2621tM7tQd-MzSLEnE5q0q363h9UW0dKoWOXqVmnw9NRevAJ1eXaECVwliuIIMQxZNgf-L5rZdlyjrCPYYBI_eaxISWT83gS_4GlK9zdoAeEHv2xnthIn6qWE_1c3JB9m5FMoLjBCTs8nJB5RGjJH7JmS_s5WMvob6aCExEmYVWXtsTjU-UzXfJvYPKTUgOjxuZG-ZQswaCWb_gPvuQn2F1f6XVnePGlAQ6jPq3QvvtFHKdvbuYm8HkejwnwC1ONdilYcxRAm5dI3izvhqe5YlNqiXqL-qiQ\" class=\"x1i10hfl xjbqb8w x1ejq31n xd10rxx x1sy0etr x17r0tee x972fbf xcfux6l x1qhh985 xm0m39n x9f619 x1ypdohk xt0psk2 xe8uvvx xdj266r x11i5rnm xat24cr x1mh8g0r xexx8yu x4uap5 x18d9i69 xkhd6sd x16tdsg8 x1hl2dhg xggy1nq x1a2a7pz x1sur9pj xkrqix3 x1fey0fg xo1l8bm\" href=\"https:\/\/www.facebook.com\/lachaponniere?__cft__[0]=AZUl4nu6qmG_y3PeR6_dWmHK8cwG4qEoqKpwfbcFirqXjJM6_Ole56U843k0F0cVTE92BR2QOvFpGcq_lXRsQ8-WrFaT4yXZ3irWHXq7rIgp36u9aOoswlbiQf8nknQ_Ua8npJrN1WMLL104dxfEv15u_euFVAbMZz3EY2EK7EjPbU2HXB7qkmQZ01naaVGO-RI&amp;__tn__=-]K-R\" role=\"link\" tabindex=\"0\"><span class=\"xt0psk2\"><span>Ecop\u00f4le Alimentaire la Chaponni\u00e8re<\/span><\/span><\/a><\/span>.<\/div>\n<div dir=\"auto\" style=\"text-align: start;\"><\/div>\n<\/div>\n<div class=\"x11i5rnm xat24cr x1mh8g0r x1vvkbs xtlvy1s x126k92a\">\n<div dir=\"auto\" style=\"text-align: start;\">Toute l\u2019\u00e9quipe aura le plaisir de vous accueillir et de vous faire d\u00e9couvrir ou red\u00e9couvrir le centre des Grands moulins.<\/div>\n<\/div>\n<\/div>\n<div dir=\"auto\" style=\"text-align: start;\"><\/div>\n<div dir=\"auto\" style=\"text-align: start;\">Bienvenue \u00e0 tous,<\/div>\n<div dir=\"auto\" style=\"text-align: start;\">Ouvert \u00e0 tous, parents, enfants, adultes, seniors, associations \u2026.<\/div>\n<\/div>\n<\/div>\n<\/div>\n<\/div>\n<\/div>\n<p>Date : mercredi 9 octobre \u00e0 partir de 11h \u00e0 19h<br \/>\nLieu : les Grands moulins<br \/>\nAcc\u00e8s et Parking : place Jean Chaudron (cot\u00e9 pharmacie).<br \/>\nRenseignement au 02 48 51 29 96[\/et_pb_text][et_pb_button button_url=\u00a0\u00bbhttps:\/\/www.les-grands-moulins.fr\/V4\/wp-content\/uploads\/2024\/09\/Buffet-ECOPOLE-PORTES-OUVERTES-MOULINS.jpg\u00a0\u00bb url_new_window=\u00a0\u00bbon\u00a0\u00bb button_text=\u00a0\u00bb+ D\u00e9tails\u00a0\u00bb _builder_version=\u00a0\u00bb4.27.0&Prime; _module_preset=\u00a0\u00bb6414ef9f-e386-4555-a7b7-4544a239078b\u00a0\u00bb custom_button=\u00a0\u00bbon\u00a0\u00bb button_text_size=\u00a0\u00bb14px\u00a0\u00bb button_text_color=\u00a0\u00bb#ef8451&Prime; button_border_width=\u00a0\u00bb1px\u00a0\u00bb button_border_color=\u00a0\u00bb#ef8451&Prime; button_border_radius=\u00a0\u00bb37px\u00a0\u00bb button_letter_spacing=\u00a0\u00bb1px\u00a0\u00bb button_font=\u00a0\u00bbDM Sans|700||on|||||\u00a0\u00bb custom_padding=\u00a0\u00bb15px|24px|12px|24px|false|true\u00a0\u00bb locked=\u00a0\u00bboff\u00a0\u00bb global_colors_info=\u00a0\u00bb{}\u00a0\u00bb button_text_color__hover_enabled=\u00a0\u00bbon|hover\u00a0\u00bb button_text_color__hover=\u00a0\u00bb#FFFFFF\u00a0\u00bb button_bg_color__hover_enabled=\u00a0\u00bbon|hover\u00a0\u00bb button_bg_color__hover=\u00a0\u00bb#ef8451&Prime; button_bg_enable_color__hover=\u00a0\u00bbon\u00a0\u00bb][\/et_pb_button][\/et_pb_column][\/et_pb_row][et_pb_row column_structure=\u00a0\u00bb1_4,1_4,1_2&Prime; _builder_version=\u00a0\u00bb4.27.3&Prime; _module_preset=\u00a0\u00bbdefault\u00a0\u00bb filter_saturate=\u00a0\u00bb0%\u00a0\u00bb filter_brightness=\u00a0\u00bb90%\u00a0\u00bb global_colors_info=\u00a0\u00bb{}\u00a0\u00bb][et_pb_column type=\u00a0\u00bb1_4&Prime; _builder_version=\u00a0\u00bb4.16&Prime; _module_preset=\u00a0\u00bbdefault\u00a0\u00bb global_colors_info=\u00a0\u00bb{}\u00a0\u00bb][et_pb_blurb title=\u00a0\u00bb9&Prime; _builder_version=\u00a0\u00bb4.27.0&Prime; _module_preset=\u00a0\u00bbdab8ae77-843d-4934-a7b3-8e57f832b52c\u00a0\u00bb header_font=\u00a0\u00bbDM Sans|700|||||||\u00a0\u00bb header_text_color=\u00a0\u00bb#0F393B\u00a0\u00bb header_font_size=\u00a0\u00bb56px\u00a0\u00bb body_font=\u00a0\u00bbDM Sans|700||on|||||\u00a0\u00bb body_text_color=\u00a0\u00bb#EF8451&Prime; body_letter_spacing=\u00a0\u00bb1px\u00a0\u00bb background_color=\u00a0\u00bb#FFFFFF\u00a0\u00bb text_orientation=\u00a0\u00bbcenter\u00a0\u00bb custom_padding=\u00a0\u00bb40px|20px|40px|20px|true|true\u00a0\u00bb border_radii=\u00a0\u00bbon|20px|20px|20px|20px\u00a0\u00bb global_colors_info=\u00a0\u00bb{}\u00a0\u00bb]<\/p>\n<p><strong>octobre<\/strong><br \/>2023<\/p>\n<p>[\/et_pb_blurb][et_pb_blurb title=\u00a0\u00bb11h-19h\u00a0\u00bb _builder_version=\u00a0\u00bb4.27.0&Prime; _module_preset=\u00a0\u00bbdab8ae77-843d-4934-a7b3-8e57f832b52c\u00a0\u00bb header_font=\u00a0\u00bbDM Sans|700|||||||\u00a0\u00bb header_text_color=\u00a0\u00bb#0F393B\u00a0\u00bb header_font_size=\u00a0\u00bb40px\u00a0\u00bb body_font=\u00a0\u00bbDM Sans|700||on|||||\u00a0\u00bb body_text_color=\u00a0\u00bb#EF8451&Prime; body_letter_spacing=\u00a0\u00bb1px\u00a0\u00bb background_color=\u00a0\u00bb#FFFFFF\u00a0\u00bb text_orientation=\u00a0\u00bbcenter\u00a0\u00bb custom_margin=\u00a0\u00bb9px|||||\u00a0\u00bb custom_padding=\u00a0\u00bb41px|20px|41px|20px|true|true\u00a0\u00bb border_radii=\u00a0\u00bbon|20px|20px|20px|20px\u00a0\u00bb global_colors_info=\u00a0\u00bb{}\u00a0\u00bb][\/et_pb_blurb][\/et_pb_column][et_pb_column type=\u00a0\u00bb1_4&Prime; _builder_version=\u00a0\u00bb4.16&Prime; _module_preset=\u00a0\u00bbdefault\u00a0\u00bb global_colors_info=\u00a0\u00bb{}\u00a0\u00bb][et_pb_image src=\u00a0\u00bbhttps:\/\/www.les-grands-moulins.fr\/V4\/wp-content\/uploads\/2024\/09\/Portes-ouvertes-Grands-Moulins-2024-scaled.jpg\u00a0\u00bb title_text=\u00a0\u00bbPortes-ouvertes-Grands Moulins-2024&Prime; show_in_lightbox=\u00a0\u00bbon\u00a0\u00bb _builder_version=\u00a0\u00bb4.27.5&Prime; _module_preset=\u00a0\u00bbdefault\u00a0\u00bb min_height=\u00a0\u00bb336.2px\u00a0\u00bb custom_padding=\u00a0\u00bb|0px||||\u00a0\u00bb locked=\u00a0\u00bboff\u00a0\u00bb global_colors_info=\u00a0\u00bb{}\u00a0\u00bb][\/et_pb_image][\/et_pb_column][et_pb_column type=\u00a0\u00bb1_2&Prime; _builder_version=\u00a0\u00bb4.16&Prime; _module_preset=\u00a0\u00bbdefault\u00a0\u00bb global_colors_info=\u00a0\u00bb{}\u00a0\u00bb][et_pb_text _builder_version=\u00a0\u00bb4.27.0&Prime; _module_preset=\u00a0\u00bb03ed4834-a81a-41ec-bfd6-98a6a9949751&Prime; header_font=\u00a0\u00bb||||||||\u00a0\u00bb header_3_font=\u00a0\u00bbDM Sans||||||||\u00a0\u00bb header_3_text_color=\u00a0\u00bb#093532&Prime; header_3_font_size=\u00a0\u00bb36px\u00a0\u00bb header_3_letter_spacing=\u00a0\u00bb-0.02em\u00a0\u00bb header_3_line_height=\u00a0\u00bb1.2em\u00a0\u00bb custom_margin=\u00a0\u00bb||10px||false|false\u00a0\u00bb header_3_font_size_tablet=\u00a0\u00bb20px\u00a0\u00bb header_3_font_size_phone=\u00a0\u00bb16px\u00a0\u00bb header_3_font_size_last_edited=\u00a0\u00bbon|phone\u00a0\u00bb locked=\u00a0\u00bboff\u00a0\u00bb global_colors_info=\u00a0\u00bb{}\u00a0\u00bb]<\/p>\n<h3><strong>Journ\u00e9e Portes ouvertes des Grands moulins<br \/><\/strong><\/h3>\n<p>[\/et_pb_text][et_pb_text _builder_version=\u00a0\u00bb4.27.0&Prime; _module_preset=\u00a0\u00bb41d5859c-fbaa-458a-88e4-5d886857f235&Prime; text_font=\u00a0\u00bb||||||||\u00a0\u00bb text_text_color=\u00a0\u00bb#0F393B\u00a0\u00bb text_font_size=\u00a0\u00bb18px\u00a0\u00bb text_line_height=\u00a0\u00bb1.8em\u00a0\u00bb custom_margin=\u00a0\u00bb|-10px||||\u00a0\u00bb custom_padding=\u00a0\u00bb|2px|0px|||\u00a0\u00bb text_font_size_tablet=\u00a0\u00bb16px\u00a0\u00bb text_font_size_phone=\u00a0\u00bb14px\u00a0\u00bb text_font_size_last_edited=\u00a0\u00bbon|phone\u00a0\u00bb locked=\u00a0\u00bboff\u00a0\u00bb global_colors_info=\u00a0\u00bb{}\u00a0\u00bb]<\/p>\n<div dir=\"auto\" class=\"html-div xdj266r x11i5rnm xat24cr x1mh8g0r xexx8yu x4uap5 x18d9i69 xkhd6sd\">\n<div class=\"x1l90r2v x1pi30zi x1swvt13 x1iorvi4\" data-ad-comet-preview=\"message\" data-ad-preview=\"message\" id=\":rk2:\">\n<div class=\"x78zum5 xdt5ytf xz62fqu x16ldp7u\">\n<div class=\"xu06os2 x1ok221b\">\n<div class=\"xdj266r x11i5rnm xat24cr x1mh8g0r x1vvkbs x126k92a\">\n<div dir=\"auto\" style=\"text-align: start;\">Le centre des Grands moulins vous ouvrent ses portes mercredi 9 octobre de 11h \u00e0 19h.<\/div>\n<div dir=\"auto\" style=\"text-align: start;\"><\/div>\n<div dir=\"auto\" style=\"text-align: start;\">Cette journ\u00e9e sera l\u2019occasion pour nos animateurs de vous faire visiter les lieux et de vous pr\u00e9senter les diff\u00e9rentes activit\u00e9s et services propos\u00e9s tout au long de l\u2019ann\u00e9e.<\/div>\n<div dir=\"auto\" style=\"text-align: start;\"><\/div>\n<div dir=\"auto\" style=\"text-align: start;\">Des ateliers autour de l&rsquo;environnement et de la nutrition seront au programme. Un buffet convivial sera offert vers midi.<\/div>\n<div dir=\"auto\" style=\"text-align: start;\"><\/div>\n<div dir=\"auto\" style=\"text-align: start;\">Ouvert \u00e0 tous, parents, enfants, adultes, seniors, associations \u2026.<\/div>\n<\/div>\n<\/div>\n<\/div>\n<\/div>\n<\/div>\n<p>Date : mercredi 9 octobre de 11h \u00e0 19h<br \/>Acc\u00e8s et Parking : place Jean Chaudron (cot\u00e9 pharmacie).<br \/>Renseignement au 02 48 51 29 96<\/p>\n<p>[\/et_pb_text][et_pb_button button_url=\u00a0\u00bbhttps:\/\/www.les-grands-moulins.fr\/V4\/wp-content\/uploads\/2024\/09\/Portes-ouvertes-Grands-Moulins-2024-scaled.jpg\u00a0\u00bb url_new_window=\u00a0\u00bbon\u00a0\u00bb button_text=\u00a0\u00bb+ D\u00e9tails\u00a0\u00bb _builder_version=\u00a0\u00bb4.27.0&Prime; _module_preset=\u00a0\u00bb6414ef9f-e386-4555-a7b7-4544a239078b\u00a0\u00bb custom_button=\u00a0\u00bbon\u00a0\u00bb button_text_size=\u00a0\u00bb14px\u00a0\u00bb button_text_color=\u00a0\u00bb#ef8451&Prime; button_border_width=\u00a0\u00bb1px\u00a0\u00bb button_border_color=\u00a0\u00bb#ef8451&Prime; button_border_radius=\u00a0\u00bb37px\u00a0\u00bb button_letter_spacing=\u00a0\u00bb1px\u00a0\u00bb button_font=\u00a0\u00bbDM Sans|700||on|||||\u00a0\u00bb custom_padding=\u00a0\u00bb15px|24px|12px|24px|false|true\u00a0\u00bb locked=\u00a0\u00bboff\u00a0\u00bb global_colors_info=\u00a0\u00bb{}\u00a0\u00bb button_text_color__hover_enabled=\u00a0\u00bbon|hover\u00a0\u00bb button_text_color__hover=\u00a0\u00bb#FFFFFF\u00a0\u00bb button_bg_color__hover_enabled=\u00a0\u00bbon|hover\u00a0\u00bb button_bg_color__hover=\u00a0\u00bb#ef8451&Prime; button_bg_enable_color__hover=\u00a0\u00bbon\u00a0\u00bb][\/et_pb_button][\/et_pb_column][\/et_pb_row][et_pb_row column_structure=\u00a0\u00bb1_4,1_4,1_2&Prime; _builder_version=\u00a0\u00bb4.27.0&Prime; _module_preset=\u00a0\u00bbdefault\u00a0\u00bb custom_padding=\u00a0\u00bb||34px|||\u00a0\u00bb filter_saturate=\u00a0\u00bb0%\u00a0\u00bb global_colors_info=\u00a0\u00bb{}\u00a0\u00bb][et_pb_column type=\u00a0\u00bb1_4&Prime; _builder_version=\u00a0\u00bb4.16&Prime; _module_preset=\u00a0\u00bbdefault\u00a0\u00bb global_colors_info=\u00a0\u00bb{}\u00a0\u00bb][et_pb_blurb _builder_version=\u00a0\u00bb4.24.2&Prime; _module_preset=\u00a0\u00bbdab8ae77-843d-4934-a7b3-8e57f832b52c\u00a0\u00bb header_font=\u00a0\u00bbDM Sans|700|||||||\u00a0\u00bb header_text_color=\u00a0\u00bb#0F393B\u00a0\u00bb header_font_size=\u00a0\u00bb56px\u00a0\u00bb body_font=\u00a0\u00bbDM Sans|700||on|||||\u00a0\u00bb body_text_color=\u00a0\u00bb#EF8451&Prime; body_letter_spacing=\u00a0\u00bb1px\u00a0\u00bb background_color=\u00a0\u00bb#FFFFFF\u00a0\u00bb text_orientation=\u00a0\u00bbcenter\u00a0\u00bb custom_padding=\u00a0\u00bb40px|20px|40px|20px|true|true\u00a0\u00bb border_radii=\u00a0\u00bbon|20px|20px|20px|20px\u00a0\u00bb global_colors_info=\u00a0\u00bb{}\u00a0\u00bb]2024[\/et_pb_blurb][et_pb_blurb title=\u00a0\u00bb14h-16h\u00a0\u00bb _builder_version=\u00a0\u00bb4.22.2&Prime; _module_preset=\u00a0\u00bbdab8ae77-843d-4934-a7b3-8e57f832b52c\u00a0\u00bb header_font=\u00a0\u00bbDM Sans|700|||||||\u00a0\u00bb header_text_color=\u00a0\u00bb#0F393B\u00a0\u00bb header_font_size=\u00a0\u00bb40px\u00a0\u00bb body_font=\u00a0\u00bbDM Sans|700||on|||||\u00a0\u00bb body_text_color=\u00a0\u00bb#EF8451&Prime; body_letter_spacing=\u00a0\u00bb1px\u00a0\u00bb background_color=\u00a0\u00bb#FFFFFF\u00a0\u00bb text_orientation=\u00a0\u00bbcenter\u00a0\u00bb custom_margin=\u00a0\u00bb9px|||||\u00a0\u00bb custom_padding=\u00a0\u00bb41px|20px|41px|20px|true|true\u00a0\u00bb border_radii=\u00a0\u00bbon|20px|20px|20px|20px\u00a0\u00bb global_colors_info=\u00a0\u00bb{}\u00a0\u00bb][\/et_pb_blurb][\/et_pb_column][et_pb_column type=\u00a0\u00bb1_4&Prime; _builder_version=\u00a0\u00bb4.16&Prime; _module_preset=\u00a0\u00bbdefault\u00a0\u00bb global_colors_info=\u00a0\u00bb{}\u00a0\u00bb][et_pb_image src=\u00a0\u00bbhttps:\/\/www.les-grands-moulins.fr\/V4\/wp-content\/uploads\/2024\/02\/Gare-aux-cyber-arnaques-dans-votre-commune-scaled.jpg\u00a0\u00bb title_text=\u00a0\u00bbGare-aux-cyber-arnaques &#8211; dans votre commune\u00a0\u00bb show_in_lightbox=\u00a0\u00bbon\u00a0\u00bb _builder_version=\u00a0\u00bb4.27.5&Prime; _module_preset=\u00a0\u00bbdefault\u00a0\u00bb min_height=\u00a0\u00bb336.2px\u00a0\u00bb custom_padding=\u00a0\u00bb|0px||||\u00a0\u00bb locked=\u00a0\u00bboff\u00a0\u00bb global_colors_info=\u00a0\u00bb{}\u00a0\u00bb][\/et_pb_image][\/et_pb_column][et_pb_column type=\u00a0\u00bb1_2&Prime; _builder_version=\u00a0\u00bb4.16&Prime; _module_preset=\u00a0\u00bbdefault\u00a0\u00bb global_colors_info=\u00a0\u00bb{}\u00a0\u00bb][et_pb_text _builder_version=\u00a0\u00bb4.22.2&Prime; _module_preset=\u00a0\u00bb03ed4834-a81a-41ec-bfd6-98a6a9949751&Prime; header_font=\u00a0\u00bb||||||||\u00a0\u00bb header_3_font=\u00a0\u00bbDM Sans||||||||\u00a0\u00bb header_3_text_color=\u00a0\u00bb#093532&Prime; header_3_font_size=\u00a0\u00bb36px\u00a0\u00bb header_3_letter_spacing=\u00a0\u00bb-0.02em\u00a0\u00bb header_3_line_height=\u00a0\u00bb1.2em\u00a0\u00bb custom_margin=\u00a0\u00bb||10px||false|false\u00a0\u00bb header_3_font_size_tablet=\u00a0\u00bb20px\u00a0\u00bb header_3_font_size_phone=\u00a0\u00bb16px\u00a0\u00bb header_3_font_size_last_edited=\u00a0\u00bbon|phone\u00a0\u00bb locked=\u00a0\u00bboff\u00a0\u00bb global_colors_info=\u00a0\u00bb{}\u00a0\u00bb]<\/p>\n<h3><strong>Tourn\u00e9e \u00ab\u00a0Gare aux cyber-arnaques !\u00a0\u00bb<br \/><\/strong><\/h3>\n<p>[\/et_pb_text][et_pb_text _builder_version=\u00a0\u00bb4.25.2&Prime; _module_preset=\u00a0\u00bb41d5859c-fbaa-458a-88e4-5d886857f235&Prime; text_font=\u00a0\u00bb||||||||\u00a0\u00bb text_text_color=\u00a0\u00bb#0F393B\u00a0\u00bb text_font_size=\u00a0\u00bb18px\u00a0\u00bb text_line_height=\u00a0\u00bb1.8em\u00a0\u00bb custom_margin=\u00a0\u00bb|-10px||||\u00a0\u00bb custom_padding=\u00a0\u00bb|2px|0px|||\u00a0\u00bb text_font_size_tablet=\u00a0\u00bb16px\u00a0\u00bb text_font_size_phone=\u00a0\u00bb14px\u00a0\u00bb text_font_size_last_edited=\u00a0\u00bbon|phone\u00a0\u00bb locked=\u00a0\u00bboff\u00a0\u00bb global_colors_info=\u00a0\u00bb{}\u00a0\u00bb]<\/p>\n<p>La tourn\u00e9e continue !<\/p>\n<p>Notre conseiller num\u00e9rique va \u00e0 la rencontre des habitants du canton de Gra\u00e7ay et ses alentours afin d&rsquo;exposer les diff\u00e9rentes man\u0153uvres frauduleuses sur le web ou par t\u00e9l\u00e9phone.<\/p>\n<p>Cette action a pour but d&rsquo;\u00e9changer sur le sujet, comprendre le risque cyber et savoir comment r\u00e9agir face aux escroqueries sur internet.<\/p>\n<p><strong>Prochains rendez-vous :<\/strong><\/p>\n<div dir=\"auto\" style=\"text-align: start;\"><span style=\"color: #999999;\">&#8211; 22 f\u00e9vrier \u00e0 Saint-Outrille\u00a0 (14h \u00e0 16h)<\/span><\/div>\n<div dir=\"auto\" style=\"text-align: start;\"><span style=\"color: #999999;\">&#8211; 14 mars \u00e0 Nohant-en-Gra\u00e7ay\u00a0 (14h \u00e0 16h)<\/span><\/div>\n<div dir=\"auto\" style=\"text-align: start;\"><span style=\"color: #999999;\">&#8211; 28 mars \u00e0 Saint-Georges-sur-la-pr\u00e9e\u00a0 (14h \u00e0 16h)<\/span><\/div>\n<div dir=\"auto\" style=\"text-align: start;\"><span style=\"color: #999999;\">&#8211; 11 avril \u00e0 Massay\u00a0 (14h \u00e0 16h)<\/span><\/div>\n<div dir=\"auto\" style=\"text-align: start;\"><span style=\"color: #999999;\">&#8211; 25 avril \u00e0 Saint-Hilaire-de-Court\u00a0 (14h-16h)<\/span><\/div>\n<div dir=\"auto\" style=\"text-align: start;\"><span style=\"color: #999999;\">&#8211; 28 mai \u00e0 Genouilly\u00a0 (14h \u00e0 16h)<\/span><\/div>\n<p>[\/et_pb_text][et_pb_button button_url=\u00a0\u00bbhttps:\/\/www.les-grands-moulins.fr\/V4\/wp-content\/uploads\/2024\/02\/Gare-aux-cyber-arnaques-dans-votre-commune-scaled.jpg\u00a0\u00bb url_new_window=\u00a0\u00bbon\u00a0\u00bb button_text=\u00a0\u00bbInscription + D\u00e9tails\u00a0\u00bb _builder_version=\u00a0\u00bb4.24.0&Prime; _module_preset=\u00a0\u00bb6414ef9f-e386-4555-a7b7-4544a239078b\u00a0\u00bb custom_button=\u00a0\u00bbon\u00a0\u00bb button_text_size=\u00a0\u00bb14px\u00a0\u00bb button_text_color=\u00a0\u00bb#ef8451&Prime; button_border_width=\u00a0\u00bb1px\u00a0\u00bb button_border_color=\u00a0\u00bb#ef8451&Prime; button_border_radius=\u00a0\u00bb37px\u00a0\u00bb button_letter_spacing=\u00a0\u00bb1px\u00a0\u00bb button_font=\u00a0\u00bbDM Sans|700||on|||||\u00a0\u00bb custom_padding=\u00a0\u00bb15px|24px|12px|24px|false|true\u00a0\u00bb locked=\u00a0\u00bboff\u00a0\u00bb global_colors_info=\u00a0\u00bb{}\u00a0\u00bb button_text_color__hover_enabled=\u00a0\u00bbon|hover\u00a0\u00bb button_text_color__hover=\u00a0\u00bb#FFFFFF\u00a0\u00bb button_bg_color__hover_enabled=\u00a0\u00bbon|hover\u00a0\u00bb button_bg_color__hover=\u00a0\u00bb#ef8451&Prime; button_bg_enable_color__hover=\u00a0\u00bbon\u00a0\u00bb][\/et_pb_button][\/et_pb_column][\/et_pb_row][et_pb_row column_structure=\u00a0\u00bb1_4,1_4,1_2&Prime; _builder_version=\u00a0\u00bb4.26.0&Prime; _module_preset=\u00a0\u00bbdefault\u00a0\u00bb filter_saturate=\u00a0\u00bb0%\u00a0\u00bb global_colors_info=\u00a0\u00bb{}\u00a0\u00bb][et_pb_column type=\u00a0\u00bb1_4&Prime; _builder_version=\u00a0\u00bb4.16&Prime; _module_preset=\u00a0\u00bbdefault\u00a0\u00bb global_colors_info=\u00a0\u00bb{}\u00a0\u00bb][et_pb_blurb title=\u00a0\u00bb29&Prime; _builder_version=\u00a0\u00bb4.25.2&Prime; _module_preset=\u00a0\u00bbdab8ae77-843d-4934-a7b3-8e57f832b52c\u00a0\u00bb header_font=\u00a0\u00bbDM Sans|700|||||||\u00a0\u00bb header_text_color=\u00a0\u00bb#0F393B\u00a0\u00bb header_font_size=\u00a0\u00bb56px\u00a0\u00bb body_font=\u00a0\u00bbDM Sans|700||on|||||\u00a0\u00bb body_text_color=\u00a0\u00bb#EF8451&Prime; body_letter_spacing=\u00a0\u00bb1px\u00a0\u00bb background_color=\u00a0\u00bb#FFFFFF\u00a0\u00bb text_orientation=\u00a0\u00bbcenter\u00a0\u00bb custom_padding=\u00a0\u00bb40px|20px|40px|20px|true|true\u00a0\u00bb border_radii=\u00a0\u00bbon|20px|20px|20px|20px\u00a0\u00bb global_colors_info=\u00a0\u00bb{}\u00a0\u00bb]<\/p>\n<p>Juin<br \/>2024<\/p>\n<p>[\/et_pb_blurb][et_pb_blurb title=\u00a0\u00bb13h-18h\u00a0\u00bb _builder_version=\u00a0\u00bb4.25.2&Prime; _module_preset=\u00a0\u00bbdab8ae77-843d-4934-a7b3-8e57f832b52c\u00a0\u00bb header_font=\u00a0\u00bbDM Sans|700|||||||\u00a0\u00bb header_text_color=\u00a0\u00bb#0F393B\u00a0\u00bb header_font_size=\u00a0\u00bb40px\u00a0\u00bb body_font=\u00a0\u00bbDM Sans|700||on|||||\u00a0\u00bb body_text_color=\u00a0\u00bb#EF8451&Prime; body_letter_spacing=\u00a0\u00bb1px\u00a0\u00bb background_color=\u00a0\u00bb#FFFFFF\u00a0\u00bb text_orientation=\u00a0\u00bbcenter\u00a0\u00bb custom_padding=\u00a0\u00bb40px|20px|40px|20px|true|true\u00a0\u00bb border_radii=\u00a0\u00bbon|20px|20px|20px|20px\u00a0\u00bb global_colors_info=\u00a0\u00bb{}\u00a0\u00bb][\/et_pb_blurb][\/et_pb_column][et_pb_column type=\u00a0\u00bb1_4&Prime; _builder_version=\u00a0\u00bb4.16&Prime; _module_preset=\u00a0\u00bbdefault\u00a0\u00bb global_colors_info=\u00a0\u00bb{}\u00a0\u00bb][et_pb_image src=\u00a0\u00bbhttps:\/\/www.les-grands-moulins.fr\/V4\/wp-content\/uploads\/2024\/06\/Affiche_retro-gaming_1.jpg\u00a0\u00bb title_text=\u00a0\u00bbAffiche_retro-gaming_1&Prime; show_in_lightbox=\u00a0\u00bbon\u00a0\u00bb _builder_version=\u00a0\u00bb4.27.5&Prime; _module_preset=\u00a0\u00bbdefault\u00a0\u00bb min_height=\u00a0\u00bb336.2px\u00a0\u00bb custom_padding=\u00a0\u00bb|0px||||\u00a0\u00bb locked=\u00a0\u00bboff\u00a0\u00bb global_colors_info=\u00a0\u00bb{}\u00a0\u00bb][\/et_pb_image][\/et_pb_column][et_pb_column type=\u00a0\u00bb1_2&Prime; _builder_version=\u00a0\u00bb4.16&Prime; _module_preset=\u00a0\u00bbdefault\u00a0\u00bb global_colors_info=\u00a0\u00bb{}\u00a0\u00bb][et_pb_text _builder_version=\u00a0\u00bb4.25.2&Prime; _module_preset=\u00a0\u00bb03ed4834-a81a-41ec-bfd6-98a6a9949751&Prime; header_font=\u00a0\u00bb||||||||\u00a0\u00bb header_3_font=\u00a0\u00bbDM Sans||||||||\u00a0\u00bb header_3_text_color=\u00a0\u00bb#093532&Prime; header_3_font_size=\u00a0\u00bb36px\u00a0\u00bb header_3_letter_spacing=\u00a0\u00bb-0.02em\u00a0\u00bb header_3_line_height=\u00a0\u00bb1.2em\u00a0\u00bb custom_margin=\u00a0\u00bb||10px||false|false\u00a0\u00bb header_3_font_size_tablet=\u00a0\u00bb20px\u00a0\u00bb header_3_font_size_phone=\u00a0\u00bb16px\u00a0\u00bb header_3_font_size_last_edited=\u00a0\u00bbon|phone\u00a0\u00bb locked=\u00a0\u00bboff\u00a0\u00bb global_colors_info=\u00a0\u00bb{}\u00a0\u00bb]<\/p>\n<h3><strong>Journ\u00e9e Retro-Gaming<\/strong><\/h3>\n<p>[\/et_pb_text][et_pb_text _builder_version=\u00a0\u00bb4.25.2&Prime; _module_preset=\u00a0\u00bb41d5859c-fbaa-458a-88e4-5d886857f235&Prime; text_font=\u00a0\u00bb||||||||\u00a0\u00bb text_text_color=\u00a0\u00bb#0F393B\u00a0\u00bb text_font_size=\u00a0\u00bb18px\u00a0\u00bb text_line_height=\u00a0\u00bb1.8em\u00a0\u00bb custom_margin=\u00a0\u00bb|-10px||||\u00a0\u00bb custom_padding=\u00a0\u00bb|2px|0px|||\u00a0\u00bb text_font_size_tablet=\u00a0\u00bb16px\u00a0\u00bb text_font_size_phone=\u00a0\u00bb14px\u00a0\u00bb text_font_size_last_edited=\u00a0\u00bbon|phone\u00a0\u00bb locked=\u00a0\u00bboff\u00a0\u00bb global_colors_info=\u00a0\u00bb{}\u00a0\u00bb]Le rendez-vous \u00e0 ne pas manquer pour les passionn\u00e9s des jeux vid\u00e9o.<\/p>\n<p>Pour les nostalgiques qui veulent retrouver les jeux de leur enfance ou pour les plus jeunes qui ont envie de conna\u00eetre des grands classiques, cette rencontre vous fera d\u00e9couvrir ou red\u00e9couvrir les hits des premi\u00e8res consoles ou des premiers ordinateur.<\/p>\n<p>Apporte ton sourire, ta bonne humeur et nous nous occupons du reste !<br \/>\nTu peux aussi apporter ton jeu pr\u00e9f\u00e9r\u00e9 \ud83d\ude09<\/p>\n<p>Animations &#8211; Rencontres &#8211; Surprises<br \/>\nGratuit, amical et accessible \u00e0 tous.<\/p>\n<p>Samedi 30 juin 2024<br \/>\nAux Grands moulins &#8211; Gra\u00e7ay ( Parking et acc\u00e8s depuis la place Jean Chaudron &#8211; cot\u00e9 pharmacie)<\/p>\n<p>Contact : evs.gracay@ligue18.org<\/p>\n<p>&#8212;-[\/et_pb_text][et_pb_button button_url=\u00a0\u00bbhttps:\/\/www.les-grands-moulins.fr\/V4\/wp-content\/uploads\/2024\/06\/Affiche_retro-gaming_1.jpg\u00a0\u00bb url_new_window=\u00a0\u00bbon\u00a0\u00bb button_text=\u00a0\u00bb+ D\u00e9tails\u00a0\u00bb _builder_version=\u00a0\u00bb4.25.2&Prime; _module_preset=\u00a0\u00bb6414ef9f-e386-4555-a7b7-4544a239078b\u00a0\u00bb custom_button=\u00a0\u00bbon\u00a0\u00bb button_text_size=\u00a0\u00bb14px\u00a0\u00bb button_text_color=\u00a0\u00bb#ef8451&Prime; button_border_width=\u00a0\u00bb1px\u00a0\u00bb button_border_color=\u00a0\u00bb#ef8451&Prime; button_border_radius=\u00a0\u00bb37px\u00a0\u00bb button_letter_spacing=\u00a0\u00bb1px\u00a0\u00bb button_font=\u00a0\u00bbDM Sans|700||on|||||\u00a0\u00bb custom_padding=\u00a0\u00bb15px|24px|12px|24px|false|true\u00a0\u00bb locked=\u00a0\u00bboff\u00a0\u00bb global_colors_info=\u00a0\u00bb{}\u00a0\u00bb button_text_color__hover_enabled=\u00a0\u00bbon|hover\u00a0\u00bb button_text_color__hover=\u00a0\u00bb#FFFFFF\u00a0\u00bb button_bg_color__hover_enabled=\u00a0\u00bbon|hover\u00a0\u00bb button_bg_color__hover=\u00a0\u00bb#ef8451&Prime; button_bg_enable_color__hover=\u00a0\u00bbon\u00a0\u00bb][\/et_pb_button][\/et_pb_column][\/et_pb_row][et_pb_row column_structure=\u00a0\u00bb1_4,1_4,1_2&Prime; _builder_version=\u00a0\u00bb4.25.2&Prime; _module_preset=\u00a0\u00bbdefault\u00a0\u00bb filter_saturate=\u00a0\u00bb0%\u00a0\u00bb global_colors_info=\u00a0\u00bb{}\u00a0\u00bb][et_pb_column type=\u00a0\u00bb1_4&Prime; _builder_version=\u00a0\u00bb4.16&Prime; _module_preset=\u00a0\u00bbdefault\u00a0\u00bb global_colors_info=\u00a0\u00bb{}\u00a0\u00bb][et_pb_blurb title=\u00a0\u00bb16&Prime; _builder_version=\u00a0\u00bb4.25.1&Prime; _module_preset=\u00a0\u00bbdab8ae77-843d-4934-a7b3-8e57f832b52c\u00a0\u00bb header_font=\u00a0\u00bbDM Sans|700|||||||\u00a0\u00bb header_text_color=\u00a0\u00bb#0F393B\u00a0\u00bb header_font_size=\u00a0\u00bb56px\u00a0\u00bb body_font=\u00a0\u00bbDM Sans|700||on|||||\u00a0\u00bb body_text_color=\u00a0\u00bb#EF8451&Prime; body_letter_spacing=\u00a0\u00bb1px\u00a0\u00bb background_color=\u00a0\u00bb#FFFFFF\u00a0\u00bb text_orientation=\u00a0\u00bbcenter\u00a0\u00bb custom_padding=\u00a0\u00bb40px|20px|40px|20px|true|true\u00a0\u00bb border_radii=\u00a0\u00bbon|20px|20px|20px|20px\u00a0\u00bb global_colors_info=\u00a0\u00bb{}\u00a0\u00bb]<\/p>\n<p>Juin<br \/>2024<\/p>\n<p>[\/et_pb_blurb][et_pb_blurb title=\u00a0\u00bb9h-16h\u00a0\u00bb _builder_version=\u00a0\u00bb4.25.1&Prime; _module_preset=\u00a0\u00bbdab8ae77-843d-4934-a7b3-8e57f832b52c\u00a0\u00bb header_font=\u00a0\u00bbDM Sans|700|||||||\u00a0\u00bb header_text_color=\u00a0\u00bb#0F393B\u00a0\u00bb header_font_size=\u00a0\u00bb40px\u00a0\u00bb body_font=\u00a0\u00bbDM Sans|700||on|||||\u00a0\u00bb body_text_color=\u00a0\u00bb#EF8451&Prime; body_letter_spacing=\u00a0\u00bb1px\u00a0\u00bb background_color=\u00a0\u00bb#FFFFFF\u00a0\u00bb text_orientation=\u00a0\u00bbcenter\u00a0\u00bb custom_padding=\u00a0\u00bb40px|20px|40px|20px|true|true\u00a0\u00bb border_radii=\u00a0\u00bbon|20px|20px|20px|20px\u00a0\u00bb global_colors_info=\u00a0\u00bb{}\u00a0\u00bb][\/et_pb_blurb][\/et_pb_column][et_pb_column type=\u00a0\u00bb1_4&Prime; _builder_version=\u00a0\u00bb4.16&Prime; _module_preset=\u00a0\u00bbdefault\u00a0\u00bb global_colors_info=\u00a0\u00bb{}\u00a0\u00bb][et_pb_image src=\u00a0\u00bbhttps:\/\/www.les-grands-moulins.fr\/V4\/wp-content\/uploads\/2024\/06\/Journee-biodiversite-Grands-moulins-gracay.jpg\u00a0\u00bb title_text=\u00a0\u00bbJourn\u00e9e biodiversit\u00e9-Grands-moulins-gracay\u00a0\u00bb _builder_version=\u00a0\u00bb4.27.4&Prime; _module_preset=\u00a0\u00bbdefault\u00a0\u00bb min_height=\u00a0\u00bb336.2px\u00a0\u00bb custom_padding=\u00a0\u00bb|0px||||\u00a0\u00bb locked=\u00a0\u00bboff\u00a0\u00bb global_colors_info=\u00a0\u00bb{}\u00a0\u00bb][\/et_pb_image][\/et_pb_column][et_pb_column type=\u00a0\u00bb1_2&Prime; _builder_version=\u00a0\u00bb4.16&Prime; _module_preset=\u00a0\u00bbdefault\u00a0\u00bb global_colors_info=\u00a0\u00bb{}\u00a0\u00bb][et_pb_text _builder_version=\u00a0\u00bb4.25.1&Prime; _module_preset=\u00a0\u00bb03ed4834-a81a-41ec-bfd6-98a6a9949751&Prime; header_font=\u00a0\u00bb||||||||\u00a0\u00bb header_3_font=\u00a0\u00bbDM Sans||||||||\u00a0\u00bb header_3_text_color=\u00a0\u00bb#093532&Prime; header_3_font_size=\u00a0\u00bb36px\u00a0\u00bb header_3_letter_spacing=\u00a0\u00bb-0.02em\u00a0\u00bb header_3_line_height=\u00a0\u00bb1.2em\u00a0\u00bb custom_margin=\u00a0\u00bb||10px||false|false\u00a0\u00bb header_3_font_size_tablet=\u00a0\u00bb20px\u00a0\u00bb header_3_font_size_phone=\u00a0\u00bb16px\u00a0\u00bb header_3_font_size_last_edited=\u00a0\u00bbon|phone\u00a0\u00bb locked=\u00a0\u00bboff\u00a0\u00bb global_colors_info=\u00a0\u00bb{}\u00a0\u00bb]<\/p>\n<h3><strong>A la d\u00e9couverte de la biodiversit\u00e9 !<\/strong><\/h3>\n<p>[\/et_pb_text][et_pb_text _builder_version=\u00a0\u00bb4.25.1&Prime; _module_preset=\u00a0\u00bb41d5859c-fbaa-458a-88e4-5d886857f235&Prime; text_font=\u00a0\u00bb||||||||\u00a0\u00bb text_text_color=\u00a0\u00bb#0F393B\u00a0\u00bb text_font_size=\u00a0\u00bb18px\u00a0\u00bb text_line_height=\u00a0\u00bb1.8em\u00a0\u00bb custom_margin=\u00a0\u00bb|-10px||||\u00a0\u00bb custom_padding=\u00a0\u00bb|2px|0px|||\u00a0\u00bb text_font_size_tablet=\u00a0\u00bb16px\u00a0\u00bb text_font_size_phone=\u00a0\u00bb14px\u00a0\u00bb text_font_size_last_edited=\u00a0\u00bbon|phone\u00a0\u00bb locked=\u00a0\u00bboff\u00a0\u00bb global_colors_info=\u00a0\u00bb{}\u00a0\u00bb]<\/p>\n<p>Une balade argument\u00e9e autour de la vie du marais.<\/p>\n<p>Les participants auront la possibilit\u00e9 de reconnaitre les empreintes et comprendre le mode de vie des animaux.<\/p>\n<p>Date : dimanche 16 juin de 9h \u00e0 11h<\/p>\n<p>Regroupement sur la place Jean Chaudron ( en face de la pharmacie)<\/p>\n<p>Contact : evs.gracay@ligue18.org<\/p>\n<p>&#8212;-<\/p>\n<p>[\/et_pb_text][et_pb_button button_url=\u00a0\u00bbhttps:\/\/www.les-grands-moulins.fr\/V4\/wp-content\/uploads\/2024\/03\/CARTON-INVITATION-INAUGURATION-BRICOLTOUT.jpg\u00a0\u00bb url_new_window=\u00a0\u00bbon\u00a0\u00bb button_text=\u00a0\u00bb+ D\u00e9tails\u00a0\u00bb _builder_version=\u00a0\u00bb4.24.2&Prime; _module_preset=\u00a0\u00bb6414ef9f-e386-4555-a7b7-4544a239078b\u00a0\u00bb custom_button=\u00a0\u00bbon\u00a0\u00bb button_text_size=\u00a0\u00bb14px\u00a0\u00bb button_text_color=\u00a0\u00bb#ef8451&Prime; button_border_width=\u00a0\u00bb1px\u00a0\u00bb button_border_color=\u00a0\u00bb#ef8451&Prime; button_border_radius=\u00a0\u00bb37px\u00a0\u00bb button_letter_spacing=\u00a0\u00bb1px\u00a0\u00bb button_font=\u00a0\u00bbDM Sans|700||on|||||\u00a0\u00bb custom_padding=\u00a0\u00bb15px|24px|12px|24px|false|true\u00a0\u00bb locked=\u00a0\u00bboff\u00a0\u00bb global_colors_info=\u00a0\u00bb{}\u00a0\u00bb button_text_color__hover_enabled=\u00a0\u00bbon|hover\u00a0\u00bb button_text_color__hover=\u00a0\u00bb#FFFFFF\u00a0\u00bb button_bg_color__hover_enabled=\u00a0\u00bbon|hover\u00a0\u00bb button_bg_color__hover=\u00a0\u00bb#ef8451&Prime; button_bg_enable_color__hover=\u00a0\u00bbon\u00a0\u00bb][\/et_pb_button][\/et_pb_column][\/et_pb_row][et_pb_row column_structure=\u00a0\u00bb1_4,1_4,1_2&Prime; _builder_version=\u00a0\u00bb4.24.2&Prime; _module_preset=\u00a0\u00bbdefault\u00a0\u00bb filter_saturate=\u00a0\u00bb0%\u00a0\u00bb global_colors_info=\u00a0\u00bb{}\u00a0\u00bb][et_pb_column type=\u00a0\u00bb1_4&Prime; _builder_version=\u00a0\u00bb4.16&Prime; _module_preset=\u00a0\u00bbdefault\u00a0\u00bb global_colors_info=\u00a0\u00bb{}\u00a0\u00bb][et_pb_blurb title=\u00a0\u00bb1&Prime; _builder_version=\u00a0\u00bb4.25.1&Prime; _module_preset=\u00a0\u00bbdab8ae77-843d-4934-a7b3-8e57f832b52c\u00a0\u00bb header_font=\u00a0\u00bbDM Sans|700|||||||\u00a0\u00bb header_text_color=\u00a0\u00bb#0F393B\u00a0\u00bb header_font_size=\u00a0\u00bb56px\u00a0\u00bb body_font=\u00a0\u00bbDM Sans|700||on|||||\u00a0\u00bb body_text_color=\u00a0\u00bb#EF8451&Prime; body_letter_spacing=\u00a0\u00bb1px\u00a0\u00bb background_color=\u00a0\u00bb#FFFFFF\u00a0\u00bb text_orientation=\u00a0\u00bbcenter\u00a0\u00bb custom_padding=\u00a0\u00bb40px|20px|40px|20px|true|true\u00a0\u00bb border_radii=\u00a0\u00bbon|20px|20px|20px|20px\u00a0\u00bb global_colors_info=\u00a0\u00bb{}\u00a0\u00bb]<\/p>\n<p><strong>juin<\/strong><br \/>2024<\/p>\n<p>[\/et_pb_blurb][et_pb_blurb title=\u00a0\u00bb10h-12h\u00a0\u00bb _builder_version=\u00a0\u00bb4.24.1&Prime; _module_preset=\u00a0\u00bbdab8ae77-843d-4934-a7b3-8e57f832b52c\u00a0\u00bb header_font=\u00a0\u00bbDM Sans|700|||||||\u00a0\u00bb header_text_color=\u00a0\u00bb#0F393B\u00a0\u00bb header_font_size=\u00a0\u00bb40px\u00a0\u00bb body_font=\u00a0\u00bbDM Sans|700||on|||||\u00a0\u00bb body_text_color=\u00a0\u00bb#EF8451&Prime; body_letter_spacing=\u00a0\u00bb1px\u00a0\u00bb background_color=\u00a0\u00bb#FFFFFF\u00a0\u00bb text_orientation=\u00a0\u00bbcenter\u00a0\u00bb custom_padding=\u00a0\u00bb40px|20px|40px|20px|true|true\u00a0\u00bb border_radii=\u00a0\u00bbon|20px|20px|20px|20px\u00a0\u00bb global_colors_info=\u00a0\u00bb{}\u00a0\u00bb][\/et_pb_blurb][\/et_pb_column][et_pb_column type=\u00a0\u00bb1_4&Prime; _builder_version=\u00a0\u00bb4.16&Prime; _module_preset=\u00a0\u00bbdefault\u00a0\u00bb global_colors_info=\u00a0\u00bb{}\u00a0\u00bb][et_pb_image src=\u00a0\u00bbhttps:\/\/www.les-grands-moulins.fr\/V4\/wp-content\/uploads\/2024\/02\/atelier-soudage-mars-2024.jpg\u00a0\u00bb title_text=\u00a0\u00bbatelier-soudage-mars 2024&Prime; _builder_version=\u00a0\u00bb4.27.4&Prime; _module_preset=\u00a0\u00bbdefault\u00a0\u00bb min_height=\u00a0\u00bb336.2px\u00a0\u00bb custom_padding=\u00a0\u00bb|0px||||\u00a0\u00bb locked=\u00a0\u00bboff\u00a0\u00bb global_colors_info=\u00a0\u00bb{}\u00a0\u00bb][\/et_pb_image][\/et_pb_column][et_pb_column type=\u00a0\u00bb1_2&Prime; _builder_version=\u00a0\u00bb4.16&Prime; _module_preset=\u00a0\u00bbdefault\u00a0\u00bb global_colors_info=\u00a0\u00bb{}\u00a0\u00bb][et_pb_text _builder_version=\u00a0\u00bb4.24.1&Prime; _module_preset=\u00a0\u00bb03ed4834-a81a-41ec-bfd6-98a6a9949751&Prime; header_font=\u00a0\u00bb||||||||\u00a0\u00bb header_3_font=\u00a0\u00bbDM Sans||||||||\u00a0\u00bb header_3_text_color=\u00a0\u00bb#093532&Prime; header_3_font_size=\u00a0\u00bb36px\u00a0\u00bb header_3_letter_spacing=\u00a0\u00bb-0.02em\u00a0\u00bb header_3_line_height=\u00a0\u00bb1.2em\u00a0\u00bb custom_margin=\u00a0\u00bb||10px||false|false\u00a0\u00bb header_3_font_size_tablet=\u00a0\u00bb20px\u00a0\u00bb header_3_font_size_phone=\u00a0\u00bb16px\u00a0\u00bb header_3_font_size_last_edited=\u00a0\u00bbon|phone\u00a0\u00bb locked=\u00a0\u00bboff\u00a0\u00bb global_colors_info=\u00a0\u00bb{}\u00a0\u00bb]<\/p>\n<h3><strong>Atelier soudage \u00e0 l&rsquo;arc<\/strong><\/h3>\n<p>[\/et_pb_text][et_pb_text _builder_version=\u00a0\u00bb4.24.1&Prime; _module_preset=\u00a0\u00bb41d5859c-fbaa-458a-88e4-5d886857f235&Prime; text_font=\u00a0\u00bb||||||||\u00a0\u00bb text_text_color=\u00a0\u00bb#0F393B\u00a0\u00bb text_font_size=\u00a0\u00bb18px\u00a0\u00bb text_line_height=\u00a0\u00bb1.8em\u00a0\u00bb custom_margin=\u00a0\u00bb|-10px||||\u00a0\u00bb custom_padding=\u00a0\u00bb|2px|0px|||\u00a0\u00bb text_font_size_tablet=\u00a0\u00bb16px\u00a0\u00bb text_font_size_phone=\u00a0\u00bb14px\u00a0\u00bb text_font_size_last_edited=\u00a0\u00bbon|phone\u00a0\u00bb locked=\u00a0\u00bboff\u00a0\u00bb global_colors_info=\u00a0\u00bb{}\u00a0\u00bb]<\/p>\n<div class=\"xdj266r x11i5rnm xat24cr x1mh8g0r x1vvkbs x126k92a\"><span class=\"x193iq5w xeuugli x13faqbe x1vvkbs x1xmvt09 x1lliihq x1s928wv xhkezso x1gmr53x x1cpjm7i x1fgarty x1943h6x xudqn12 x3x7a5m x6prxxf xvq8zen xo1l8bm xzsf02u x1yc453h\" dir=\"auto\">\u00c7A SE PASSE A LA RECYCLERIE !<\/span><\/div>\n<div class=\"x11i5rnm xat24cr x1mh8g0r x1vvkbs xtlvy1s x126k92a\">\n<div dir=\"auto\" style=\"text-align: start;\">\n<div dir=\"auto\" style=\"text-align: start;\">Un moment d&rsquo;initiation et de partage de connaissance entre habitants.<\/div>\n<div dir=\"auto\" style=\"text-align: start;\"><\/div>\n<div dir=\"auto\" style=\"text-align: start;\">Cet atelier permettra d\u2019acqu\u00e9rir les bases n\u00e9cessaires \u00e0 l\u2019utilisation d\u2019un poste de soudage pour d\u00e9velopper votre autonomie dans le travail manuel des m\u00e9taux.<\/div>\n<div dir=\"auto\" style=\"text-align: start;\"><\/div>\n<div dir=\"auto\" style=\"text-align: start;\">&#8211; Date : samedi 9 mars 2024 (10h-12h)<\/div>\n<div dir=\"auto\" style=\"text-align: start;\">&#8211; <span><a tabindex=\"-1\"><\/a><\/span>Lieu : la recyclerie des Grands moulins, place Jean Chaudron. (\u00e0 cot\u00e9 de la pharmacie)<\/div>\n<\/div>\n<\/div>\n<p>&#8212;-<\/p>\n<p>[\/et_pb_text][et_pb_button button_url=\u00a0\u00bbhttps:\/\/www.les-grands-moulins.fr\/V4\/wp-content\/uploads\/2024\/02\/atelier-soudage-mars-2024.jpg\u00a0\u00bb url_new_window=\u00a0\u00bbon\u00a0\u00bb button_text=\u00a0\u00bb+ D\u00e9tails\u00a0\u00bb _builder_version=\u00a0\u00bb4.24.1&Prime; _module_preset=\u00a0\u00bb6414ef9f-e386-4555-a7b7-4544a239078b\u00a0\u00bb custom_button=\u00a0\u00bbon\u00a0\u00bb button_text_size=\u00a0\u00bb14px\u00a0\u00bb button_text_color=\u00a0\u00bb#ef8451&Prime; button_border_width=\u00a0\u00bb1px\u00a0\u00bb button_border_color=\u00a0\u00bb#ef8451&Prime; button_border_radius=\u00a0\u00bb37px\u00a0\u00bb button_letter_spacing=\u00a0\u00bb1px\u00a0\u00bb button_font=\u00a0\u00bbDM Sans|700||on|||||\u00a0\u00bb custom_padding=\u00a0\u00bb15px|24px|12px|24px|false|true\u00a0\u00bb locked=\u00a0\u00bboff\u00a0\u00bb global_colors_info=\u00a0\u00bb{}\u00a0\u00bb button_text_color__hover_enabled=\u00a0\u00bbon|hover\u00a0\u00bb button_text_color__hover=\u00a0\u00bb#FFFFFF\u00a0\u00bb button_bg_color__hover_enabled=\u00a0\u00bbon|hover\u00a0\u00bb button_bg_color__hover=\u00a0\u00bb#ef8451&Prime; button_bg_enable_color__hover=\u00a0\u00bbon\u00a0\u00bb][\/et_pb_button][\/et_pb_column][\/et_pb_row][et_pb_row column_structure=\u00a0\u00bb1_4,1_4,1_2&Prime; _builder_version=\u00a0\u00bb4.25.2&Prime; _module_preset=\u00a0\u00bbdefault\u00a0\u00bb filter_saturate=\u00a0\u00bb0%\u00a0\u00bb global_colors_info=\u00a0\u00bb{}\u00a0\u00bb][et_pb_column type=\u00a0\u00bb1_4&Prime; _builder_version=\u00a0\u00bb4.16&Prime; _module_preset=\u00a0\u00bbdefault\u00a0\u00bb global_colors_info=\u00a0\u00bb{}\u00a0\u00bb][et_pb_blurb _builder_version=\u00a0\u00bb4.24.2&Prime; _module_preset=\u00a0\u00bbdab8ae77-843d-4934-a7b3-8e57f832b52c\u00a0\u00bb header_font=\u00a0\u00bbDM Sans|700|||||||\u00a0\u00bb header_text_color=\u00a0\u00bb#0F393B\u00a0\u00bb header_font_size=\u00a0\u00bb56px\u00a0\u00bb body_font=\u00a0\u00bbDM Sans|700||on|||||\u00a0\u00bb body_text_color=\u00a0\u00bb#EF8451&Prime; body_letter_spacing=\u00a0\u00bb1px\u00a0\u00bb background_color=\u00a0\u00bb#FFFFFF\u00a0\u00bb text_orientation=\u00a0\u00bbcenter\u00a0\u00bb custom_padding=\u00a0\u00bb40px|20px|40px|20px|true|true\u00a0\u00bb border_radii=\u00a0\u00bbon|20px|20px|20px|20px\u00a0\u00bb global_colors_info=\u00a0\u00bb{}\u00a0\u00bb]2024[\/et_pb_blurb][et_pb_blurb title=\u00a0\u00bbLes jeudis 14h-16h\u00a0\u00bb _builder_version=\u00a0\u00bb4.25.2&Prime; _module_preset=\u00a0\u00bbdab8ae77-843d-4934-a7b3-8e57f832b52c\u00a0\u00bb header_font=\u00a0\u00bbDM Sans|700|||||||\u00a0\u00bb header_text_color=\u00a0\u00bb#0F393B\u00a0\u00bb header_font_size=\u00a0\u00bb40px\u00a0\u00bb body_font=\u00a0\u00bbDM Sans|700||on|||||\u00a0\u00bb body_text_color=\u00a0\u00bb#EF8451&Prime; body_letter_spacing=\u00a0\u00bb1px\u00a0\u00bb background_color=\u00a0\u00bb#FFFFFF\u00a0\u00bb text_orientation=\u00a0\u00bbcenter\u00a0\u00bb custom_padding=\u00a0\u00bb40px|20px|40px|20px|true|true\u00a0\u00bb border_radii=\u00a0\u00bbon|20px|20px|20px|20px\u00a0\u00bb global_colors_info=\u00a0\u00bb{}\u00a0\u00bb][\/et_pb_blurb][\/et_pb_column][et_pb_column type=\u00a0\u00bb1_4&Prime; _builder_version=\u00a0\u00bb4.16&Prime; _module_preset=\u00a0\u00bbdefault\u00a0\u00bb global_colors_info=\u00a0\u00bb{}\u00a0\u00bb][et_pb_image src=\u00a0\u00bbhttps:\/\/www.les-grands-moulins.fr\/V4\/wp-content\/uploads\/2024\/04\/atelier-smartphone-general.jpg\u00a0\u00bb title_text=\u00a0\u00bbatelier-smartphone-general\u00a0\u00bb _builder_version=\u00a0\u00bb4.27.4&Prime; _module_preset=\u00a0\u00bbdefault\u00a0\u00bb min_height=\u00a0\u00bb336.2px\u00a0\u00bb custom_padding=\u00a0\u00bb|0px||||\u00a0\u00bb locked=\u00a0\u00bboff\u00a0\u00bb global_colors_info=\u00a0\u00bb{}\u00a0\u00bb][\/et_pb_image][\/et_pb_column][et_pb_column type=\u00a0\u00bb1_2&Prime; _builder_version=\u00a0\u00bb4.16&Prime; _module_preset=\u00a0\u00bbdefault\u00a0\u00bb global_colors_info=\u00a0\u00bb{}\u00a0\u00bb][et_pb_text _builder_version=\u00a0\u00bb4.24.2&Prime; _module_preset=\u00a0\u00bb03ed4834-a81a-41ec-bfd6-98a6a9949751&Prime; header_font=\u00a0\u00bb||||||||\u00a0\u00bb header_3_font=\u00a0\u00bbDM Sans||||||||\u00a0\u00bb header_3_text_color=\u00a0\u00bb#093532&Prime; header_3_font_size=\u00a0\u00bb36px\u00a0\u00bb header_3_letter_spacing=\u00a0\u00bb-0.02em\u00a0\u00bb header_3_line_height=\u00a0\u00bb1.2em\u00a0\u00bb custom_margin=\u00a0\u00bb||10px||false|false\u00a0\u00bb header_3_font_size_tablet=\u00a0\u00bb20px\u00a0\u00bb header_3_font_size_phone=\u00a0\u00bb16px\u00a0\u00bb header_3_font_size_last_edited=\u00a0\u00bbon|phone\u00a0\u00bb locked=\u00a0\u00bboff\u00a0\u00bb global_colors_info=\u00a0\u00bb{}\u00a0\u00bb]<\/p>\n<h3><strong>Atelier num\u00e9rique : Bien param\u00e9trer son smartphone<\/strong><strong><\/strong><\/h3>\n<p>[\/et_pb_text][et_pb_text _builder_version=\u00a0\u00bb4.25.2&Prime; _module_preset=\u00a0\u00bb41d5859c-fbaa-458a-88e4-5d886857f235&Prime; text_font=\u00a0\u00bb||||||||\u00a0\u00bb text_text_color=\u00a0\u00bb#0F393B\u00a0\u00bb text_font_size=\u00a0\u00bb18px\u00a0\u00bb text_line_height=\u00a0\u00bb1.8em\u00a0\u00bb custom_margin=\u00a0\u00bb|-10px||||\u00a0\u00bb custom_padding=\u00a0\u00bb|2px|0px|||\u00a0\u00bb text_font_size_tablet=\u00a0\u00bb16px\u00a0\u00bb text_font_size_phone=\u00a0\u00bb14px\u00a0\u00bb text_font_size_last_edited=\u00a0\u00bbon|phone\u00a0\u00bb locked=\u00a0\u00bboff\u00a0\u00bb global_colors_info=\u00a0\u00bb{}\u00a0\u00bb]<\/p>\n<p>Un conseiller num\u00e9rique vous propose gratuitement des ateliers num\u00e9riques, ouverts \u00e0 tous.<br \/>Ces rencontres vous permettent de d\u00e9couvrir les fonctionnalit\u00e9s de votre t\u00e9l\u00e9phone, le param\u00e9trer pour \u00e9conomiser la batterie ou g\u00e9rer les notifications et la confidentialit\u00e9 sur l&rsquo;appareil.<\/p>\n<p>Au programme :<br \/>&#8211; Configurer son smartphone<br \/>&#8211; Explorer les fonctionnalit\u00e9s<br \/>&#8211; G\u00e9rer les connexions r\u00e9seaux<br \/>&#8211; Augmenter l\u2019endurance de la batterie<br \/>&#8211; Sauvegarder et prot\u00e9ger les donn\u00e9es personnelles<\/p>\n<p>* Commune concern\u00e9es : Gra\u00e7ay, Saint-Outrille, Genouilly, Nohant-en-Gra\u00e7ay, Dampierre-en-Gra\u00e7ay, Massay, Saint-Georges-sur-la-pr\u00e9e.<\/p>\n<p><strong>Prochains rendez-vous :<\/strong><br \/>&#8211; xx juin \u00e0 xxxx (14h-16h), xxxx.<\/p>\n<p>&#8212;-<\/p>\n<p>[\/et_pb_text][et_pb_button button_url=\u00a0\u00bbhttps:\/\/www.les-grands-moulins.fr\/V4\/wp-content\/uploads\/2024\/03\/CARTON-INVITATION-INAUGURATION-BRICOLTOUT.jpg\u00a0\u00bb url_new_window=\u00a0\u00bbon\u00a0\u00bb button_text=\u00a0\u00bb+ D\u00e9tails\u00a0\u00bb _builder_version=\u00a0\u00bb4.24.2&Prime; _module_preset=\u00a0\u00bb6414ef9f-e386-4555-a7b7-4544a239078b\u00a0\u00bb custom_button=\u00a0\u00bbon\u00a0\u00bb button_text_size=\u00a0\u00bb14px\u00a0\u00bb button_text_color=\u00a0\u00bb#ef8451&Prime; button_border_width=\u00a0\u00bb1px\u00a0\u00bb button_border_color=\u00a0\u00bb#ef8451&Prime; button_border_radius=\u00a0\u00bb37px\u00a0\u00bb button_letter_spacing=\u00a0\u00bb1px\u00a0\u00bb button_font=\u00a0\u00bbDM Sans|700||on|||||\u00a0\u00bb custom_padding=\u00a0\u00bb15px|24px|12px|24px|false|true\u00a0\u00bb locked=\u00a0\u00bboff\u00a0\u00bb global_colors_info=\u00a0\u00bb{}\u00a0\u00bb button_text_color__hover_enabled=\u00a0\u00bbon|hover\u00a0\u00bb button_text_color__hover=\u00a0\u00bb#FFFFFF\u00a0\u00bb button_bg_color__hover_enabled=\u00a0\u00bbon|hover\u00a0\u00bb button_bg_color__hover=\u00a0\u00bb#ef8451&Prime; button_bg_enable_color__hover=\u00a0\u00bbon\u00a0\u00bb][\/et_pb_button][\/et_pb_column][\/et_pb_row][et_pb_row column_structure=\u00a0\u00bb1_4,1_4,1_2&Prime; _builder_version=\u00a0\u00bb4.24.3&Prime; _module_preset=\u00a0\u00bbdefault\u00a0\u00bb filter_saturate=\u00a0\u00bb0%\u00a0\u00bb global_colors_info=\u00a0\u00bb{}\u00a0\u00bb][et_pb_column type=\u00a0\u00bb1_4&Prime; _builder_version=\u00a0\u00bb4.16&Prime; _module_preset=\u00a0\u00bbdefault\u00a0\u00bb global_colors_info=\u00a0\u00bb{}\u00a0\u00bb][et_pb_blurb title=\u00a0\u00bb6&Prime; _builder_version=\u00a0\u00bb4.24.2&Prime; _module_preset=\u00a0\u00bbdab8ae77-843d-4934-a7b3-8e57f832b52c\u00a0\u00bb header_font=\u00a0\u00bbDM Sans|700|||||||\u00a0\u00bb header_text_color=\u00a0\u00bb#0F393B\u00a0\u00bb header_font_size=\u00a0\u00bb56px\u00a0\u00bb body_font=\u00a0\u00bbDM Sans|700||on|||||\u00a0\u00bb body_text_color=\u00a0\u00bb#EF8451&Prime; body_letter_spacing=\u00a0\u00bb1px\u00a0\u00bb background_color=\u00a0\u00bb#FFFFFF\u00a0\u00bb text_orientation=\u00a0\u00bbcenter\u00a0\u00bb custom_padding=\u00a0\u00bb40px|20px|40px|20px|true|true\u00a0\u00bb border_radii=\u00a0\u00bbon|20px|20px|20px|20px\u00a0\u00bb global_colors_info=\u00a0\u00bb{}\u00a0\u00bb]<\/p>\n<p><strong>AVRIL<\/strong><br \/>2024<\/p>\n<p>[\/et_pb_blurb][et_pb_blurb title=\u00a0\u00bb10h\u00a0\u00bb _builder_version=\u00a0\u00bb4.24.2&Prime; _module_preset=\u00a0\u00bbdab8ae77-843d-4934-a7b3-8e57f832b52c\u00a0\u00bb header_font=\u00a0\u00bbDM Sans|700|||||||\u00a0\u00bb header_text_color=\u00a0\u00bb#0F393B\u00a0\u00bb header_font_size=\u00a0\u00bb40px\u00a0\u00bb body_font=\u00a0\u00bbDM Sans|700||on|||||\u00a0\u00bb body_text_color=\u00a0\u00bb#EF8451&Prime; body_letter_spacing=\u00a0\u00bb1px\u00a0\u00bb background_color=\u00a0\u00bb#FFFFFF\u00a0\u00bb text_orientation=\u00a0\u00bbcenter\u00a0\u00bb custom_padding=\u00a0\u00bb40px|20px|40px|20px|true|true\u00a0\u00bb border_radii=\u00a0\u00bbon|20px|20px|20px|20px\u00a0\u00bb global_colors_info=\u00a0\u00bb{}\u00a0\u00bb][\/et_pb_blurb][\/et_pb_column][et_pb_column type=\u00a0\u00bb1_4&Prime; _builder_version=\u00a0\u00bb4.16&Prime; _module_preset=\u00a0\u00bbdefault\u00a0\u00bb global_colors_info=\u00a0\u00bb{}\u00a0\u00bb][et_pb_image src=\u00a0\u00bbhttps:\/\/www.les-grands-moulins.fr\/V4\/wp-content\/uploads\/2024\/03\/ricol-tout-recyclerie-affiche.jpg\u00a0\u00bb title_text=\u00a0\u00bbricol-tout-recyclerie-affiche\u00a0\u00bb _builder_version=\u00a0\u00bb4.24.2&Prime; _module_preset=\u00a0\u00bbdefault\u00a0\u00bb min_height=\u00a0\u00bb336.2px\u00a0\u00bb custom_padding=\u00a0\u00bb|0px||||\u00a0\u00bb locked=\u00a0\u00bboff\u00a0\u00bb global_colors_info=\u00a0\u00bb{}\u00a0\u00bb][\/et_pb_image][\/et_pb_column][et_pb_column type=\u00a0\u00bb1_2&Prime; _builder_version=\u00a0\u00bb4.16&Prime; _module_preset=\u00a0\u00bbdefault\u00a0\u00bb global_colors_info=\u00a0\u00bb{}\u00a0\u00bb][et_pb_text _builder_version=\u00a0\u00bb4.24.2&Prime; _module_preset=\u00a0\u00bb03ed4834-a81a-41ec-bfd6-98a6a9949751&Prime; header_font=\u00a0\u00bb||||||||\u00a0\u00bb header_3_font=\u00a0\u00bbDM Sans||||||||\u00a0\u00bb header_3_text_color=\u00a0\u00bb#093532&Prime; header_3_font_size=\u00a0\u00bb36px\u00a0\u00bb header_3_letter_spacing=\u00a0\u00bb-0.02em\u00a0\u00bb header_3_line_height=\u00a0\u00bb1.2em\u00a0\u00bb custom_margin=\u00a0\u00bb||10px||false|false\u00a0\u00bb header_3_font_size_tablet=\u00a0\u00bb20px\u00a0\u00bb header_3_font_size_phone=\u00a0\u00bb16px\u00a0\u00bb header_3_font_size_last_edited=\u00a0\u00bbon|phone\u00a0\u00bb locked=\u00a0\u00bboff\u00a0\u00bb global_colors_info=\u00a0\u00bb{}\u00a0\u00bb]<\/p>\n<h3><strong>Inauguration de l&rsquo;espace Bricol&rsquo;tout<\/strong><strong><\/strong><\/h3>\n<p>[\/et_pb_text][et_pb_text _builder_version=\u00a0\u00bb4.24.2&Prime; _module_preset=\u00a0\u00bb41d5859c-fbaa-458a-88e4-5d886857f235&Prime; text_font=\u00a0\u00bb||||||||\u00a0\u00bb text_text_color=\u00a0\u00bb#0F393B\u00a0\u00bb text_font_size=\u00a0\u00bb18px\u00a0\u00bb text_line_height=\u00a0\u00bb1.8em\u00a0\u00bb custom_margin=\u00a0\u00bb|-10px||||\u00a0\u00bb custom_padding=\u00a0\u00bb|2px|0px|||\u00a0\u00bb text_font_size_tablet=\u00a0\u00bb16px\u00a0\u00bb text_font_size_phone=\u00a0\u00bb14px\u00a0\u00bb text_font_size_last_edited=\u00a0\u00bbon|phone\u00a0\u00bb locked=\u00a0\u00bboff\u00a0\u00bb global_colors_info=\u00a0\u00bb{}\u00a0\u00bb]<\/p>\n<p>Nous avons le plaisir d&rsquo;inviter les habitants \u00e0 l&rsquo;inauguration de l&rsquo;espace Bricol&rsquo;tout au sein de notre espace de vie sociale qui se tiendra le 6 avril prochain \u00e0 partir de 10 heures, aux Grands Moulins de Gra\u00e7ay.<\/p>\n<p><span id=\"span-16-152\" class=\"ct-span oxy-stock-content-styles\">Port\u00e9e par le Ligue de l\u2019enseignement du Cher en partenariat avec la commune de Gra\u00e7ay, l&rsquo;espace Bricol&rsquo;tout est un lieu de collecte, de r\u00e9paration et redistribution proche des habitants. L\u2019int\u00e9r\u00eat g\u00e9n\u00e9ral est de changer nos habitudes de consommation et agir concr\u00e8tement sur la diminution de notre production de d\u00e9chets, par le r\u00e9emploi et la sensibilisation.<\/span><\/p>\n<p>La c\u00e9r\u00e9monie d&rsquo;inauguration d\u00e9butera \u00e0 10 heures et sera suivie d&rsquo;une visite guid\u00e9e de l&rsquo;espace, ainsi que de d\u00e9monstrations des activit\u00e9s et ateliers propos\u00e9s. Ce sera \u00e9galement l&rsquo;occasion de rencontrer les acteurs locaux impliqu\u00e9s dans la r\u00e9alisation de ce projet et d&rsquo;\u00e9changer sur les perspectives.<\/p>\n<p>Dates : Jeudi 18 avril &amp; mardi 28 mai<br \/>Lieu : Maison des associations, Genouilly<br \/>Contact : 0634640292 ou Mairie<\/p>\n<div dir=\"auto\" style=\"text-align: start;\">&#8212;-<\/div>\n<p>[\/et_pb_text][et_pb_button button_url=\u00a0\u00bbhttps:\/\/www.les-grands-moulins.fr\/V4\/wp-content\/uploads\/2024\/03\/CARTON-INVITATION-INAUGURATION-BRICOLTOUT.jpg\u00a0\u00bb url_new_window=\u00a0\u00bbon\u00a0\u00bb button_text=\u00a0\u00bb+ D\u00e9tails\u00a0\u00bb _builder_version=\u00a0\u00bb4.24.2&Prime; _module_preset=\u00a0\u00bb6414ef9f-e386-4555-a7b7-4544a239078b\u00a0\u00bb custom_button=\u00a0\u00bbon\u00a0\u00bb button_text_size=\u00a0\u00bb14px\u00a0\u00bb button_text_color=\u00a0\u00bb#ef8451&Prime; button_border_width=\u00a0\u00bb1px\u00a0\u00bb button_border_color=\u00a0\u00bb#ef8451&Prime; button_border_radius=\u00a0\u00bb37px\u00a0\u00bb button_letter_spacing=\u00a0\u00bb1px\u00a0\u00bb button_font=\u00a0\u00bbDM Sans|700||on|||||\u00a0\u00bb custom_padding=\u00a0\u00bb15px|24px|12px|24px|false|true\u00a0\u00bb locked=\u00a0\u00bboff\u00a0\u00bb global_colors_info=\u00a0\u00bb{}\u00a0\u00bb button_text_color__hover_enabled=\u00a0\u00bbon|hover\u00a0\u00bb button_text_color__hover=\u00a0\u00bb#FFFFFF\u00a0\u00bb button_bg_color__hover_enabled=\u00a0\u00bbon|hover\u00a0\u00bb button_bg_color__hover=\u00a0\u00bb#ef8451&Prime; button_bg_enable_color__hover=\u00a0\u00bbon\u00a0\u00bb][\/et_pb_button][\/et_pb_column][\/et_pb_row][et_pb_row column_structure=\u00a0\u00bb1_4,1_4,1_2&Prime; _builder_version=\u00a0\u00bb4.24.2&Prime; _module_preset=\u00a0\u00bbdefault\u00a0\u00bb filter_saturate=\u00a0\u00bb0%\u00a0\u00bb global_colors_info=\u00a0\u00bb{}\u00a0\u00bb][et_pb_column type=\u00a0\u00bb1_4&Prime; _builder_version=\u00a0\u00bb4.16&Prime; _module_preset=\u00a0\u00bbdefault\u00a0\u00bb global_colors_info=\u00a0\u00bb{}\u00a0\u00bb][et_pb_blurb title=\u00a0\u00bb22&Prime; _builder_version=\u00a0\u00bb4.24.2&Prime; _module_preset=\u00a0\u00bbdab8ae77-843d-4934-a7b3-8e57f832b52c\u00a0\u00bb header_font=\u00a0\u00bbDM Sans|700|||||||\u00a0\u00bb header_text_color=\u00a0\u00bb#0F393B\u00a0\u00bb header_font_size=\u00a0\u00bb56px\u00a0\u00bb body_font=\u00a0\u00bbDM Sans|700||on|||||\u00a0\u00bb body_text_color=\u00a0\u00bb#EF8451&Prime; body_letter_spacing=\u00a0\u00bb1px\u00a0\u00bb background_color=\u00a0\u00bb#FFFFFF\u00a0\u00bb text_orientation=\u00a0\u00bbcenter\u00a0\u00bb custom_padding=\u00a0\u00bb40px|20px|40px|20px|true|true\u00a0\u00bb border_radii=\u00a0\u00bbon|20px|20px|20px|20px\u00a0\u00bb global_colors_info=\u00a0\u00bb{}\u00a0\u00bb]<\/p>\n<p><strong>mars<\/strong><br \/>2024<\/p>\n<p>[\/et_pb_blurb][et_pb_blurb title=\u00a0\u00bb17h-19h\u00a0\u00bb _builder_version=\u00a0\u00bb4.24.2&Prime; _module_preset=\u00a0\u00bbdab8ae77-843d-4934-a7b3-8e57f832b52c\u00a0\u00bb header_font=\u00a0\u00bbDM Sans|700|||||||\u00a0\u00bb header_text_color=\u00a0\u00bb#0F393B\u00a0\u00bb header_font_size=\u00a0\u00bb40px\u00a0\u00bb body_font=\u00a0\u00bbDM Sans|700||on|||||\u00a0\u00bb body_text_color=\u00a0\u00bb#EF8451&Prime; body_letter_spacing=\u00a0\u00bb1px\u00a0\u00bb background_color=\u00a0\u00bb#FFFFFF\u00a0\u00bb text_orientation=\u00a0\u00bbcenter\u00a0\u00bb custom_padding=\u00a0\u00bb40px|20px|40px|20px|true|true\u00a0\u00bb border_radii=\u00a0\u00bbon|20px|20px|20px|20px\u00a0\u00bb global_colors_info=\u00a0\u00bb{}\u00a0\u00bb][\/et_pb_blurb][\/et_pb_column][et_pb_column type=\u00a0\u00bb1_4&Prime; _builder_version=\u00a0\u00bb4.16&Prime; _module_preset=\u00a0\u00bbdefault\u00a0\u00bb global_colors_info=\u00a0\u00bb{}\u00a0\u00bb][et_pb_image src=\u00a0\u00bbhttps:\/\/www.les-grands-moulins.fr\/V4\/wp-content\/uploads\/2024\/03\/tous-au-compost_GrandsMoulins-gracay.jpg\u00a0\u00bb title_text=\u00a0\u00bbtous-au-compost_GrandsMoulins-gracay\u00a0\u00bb _builder_version=\u00a0\u00bb4.24.2&Prime; _module_preset=\u00a0\u00bbdefault\u00a0\u00bb min_height=\u00a0\u00bb336.2px\u00a0\u00bb custom_padding=\u00a0\u00bb|0px||||\u00a0\u00bb locked=\u00a0\u00bboff\u00a0\u00bb global_colors_info=\u00a0\u00bb{}\u00a0\u00bb][\/et_pb_image][\/et_pb_column][et_pb_column type=\u00a0\u00bb1_2&Prime; _builder_version=\u00a0\u00bb4.16&Prime; _module_preset=\u00a0\u00bbdefault\u00a0\u00bb global_colors_info=\u00a0\u00bb{}\u00a0\u00bb][et_pb_text _builder_version=\u00a0\u00bb4.24.1&Prime; _module_preset=\u00a0\u00bb03ed4834-a81a-41ec-bfd6-98a6a9949751&Prime; header_font=\u00a0\u00bb||||||||\u00a0\u00bb header_3_font=\u00a0\u00bbDM Sans||||||||\u00a0\u00bb header_3_text_color=\u00a0\u00bb#093532&Prime; header_3_font_size=\u00a0\u00bb36px\u00a0\u00bb header_3_letter_spacing=\u00a0\u00bb-0.02em\u00a0\u00bb header_3_line_height=\u00a0\u00bb1.2em\u00a0\u00bb custom_margin=\u00a0\u00bb||10px||false|false\u00a0\u00bb header_3_font_size_tablet=\u00a0\u00bb20px\u00a0\u00bb header_3_font_size_phone=\u00a0\u00bb16px\u00a0\u00bb header_3_font_size_last_edited=\u00a0\u00bbon|phone\u00a0\u00bb locked=\u00a0\u00bboff\u00a0\u00bb global_colors_info=\u00a0\u00bb{}\u00a0\u00bb]<\/p>\n<h3><strong>Tous au compost\u00a0!<\/strong><strong><\/strong><\/h3>\n<p>[\/et_pb_text][et_pb_text _builder_version=\u00a0\u00bb4.24.2&Prime; _module_preset=\u00a0\u00bb41d5859c-fbaa-458a-88e4-5d886857f235&Prime; text_font=\u00a0\u00bb||||||||\u00a0\u00bb text_text_color=\u00a0\u00bb#0F393B\u00a0\u00bb text_font_size=\u00a0\u00bb18px\u00a0\u00bb text_line_height=\u00a0\u00bb1.8em\u00a0\u00bb custom_margin=\u00a0\u00bb|-10px||||\u00a0\u00bb custom_padding=\u00a0\u00bb|2px|0px|||\u00a0\u00bb text_font_size_tablet=\u00a0\u00bb16px\u00a0\u00bb text_font_size_phone=\u00a0\u00bb14px\u00a0\u00bb text_font_size_last_edited=\u00a0\u00bbon|phone\u00a0\u00bb locked=\u00a0\u00bboff\u00a0\u00bb global_colors_info=\u00a0\u00bb{}\u00a0\u00bb]<\/p>\n<div class=\"x11i5rnm xat24cr x1mh8g0r x1vvkbs xtlvy1s x126k92a\">\n<div dir=\"auto\" style=\"text-align: start;\">\n<div dir=\"auto\" style=\"text-align: start;\">\n<p>Un atelier pour comprendre le processus du compostage et trouver des solutions au gaspillage alimentaire.<\/p>\n<p>Objectifs :<br \/>* Apprendre la notion de compostage<br \/>* Conna\u00eetre les gestes cl\u00e9s du compostage<br \/>* Apprendre \u00e0 utiliser ses d\u00e9chets verts pour nourrir le sol de son jardin<\/p>\n<div dir=\"auto\" style=\"text-align: start;\">\n<div dir=\"auto\" style=\"text-align: start;\">Programme :<\/div>\n<div dir=\"auto\" style=\"text-align: start;\">* Reconnaissance des mati\u00e8res compostables<\/div>\n<div dir=\"auto\" style=\"text-align: start;\">* Fonctionnement<\/div>\n<div dir=\"auto\" style=\"text-align: start;\">* R\u00e9glementation<\/div>\n<div dir=\"auto\" style=\"text-align: start;\">* R\u00e9ponses \u00e0 vos questions.<\/div>\n<div dir=\"auto\" style=\"text-align: start;\"><\/div>\n<\/div>\n<div dir=\"auto\" style=\"text-align: start;\">Date : vendredi 22 mars 2024 de 17h \u00e0 19h<\/div>\n<div dir=\"auto\" style=\"text-align: start;\">Lieu : Les Grands moulins.<\/div>\n<div dir=\"auto\" style=\"text-align: start;\">Parking cot\u00e9 pharmacie, place Jean Chaudron.<\/div>\n<\/div>\n<\/div>\n<p>&#8212;-<\/p>\n<\/div>\n<p>[\/et_pb_text][et_pb_button button_url=\u00a0\u00bbhttps:\/\/www.les-grands-moulins.fr\/V4\/wp-content\/uploads\/2024\/03\/tous-au-compost_GrandsMoulins-gracay.jpg\u00a0\u00bb url_new_window=\u00a0\u00bbon\u00a0\u00bb button_text=\u00a0\u00bb+ D\u00e9tails\u00a0\u00bb _builder_version=\u00a0\u00bb4.24.2&Prime; _module_preset=\u00a0\u00bb6414ef9f-e386-4555-a7b7-4544a239078b\u00a0\u00bb custom_button=\u00a0\u00bbon\u00a0\u00bb button_text_size=\u00a0\u00bb14px\u00a0\u00bb button_text_color=\u00a0\u00bb#ef8451&Prime; button_border_width=\u00a0\u00bb1px\u00a0\u00bb button_border_color=\u00a0\u00bb#ef8451&Prime; button_border_radius=\u00a0\u00bb37px\u00a0\u00bb button_letter_spacing=\u00a0\u00bb1px\u00a0\u00bb button_font=\u00a0\u00bbDM Sans|700||on|||||\u00a0\u00bb custom_padding=\u00a0\u00bb15px|24px|12px|24px|false|true\u00a0\u00bb locked=\u00a0\u00bboff\u00a0\u00bb global_colors_info=\u00a0\u00bb{}\u00a0\u00bb button_text_color__hover_enabled=\u00a0\u00bbon|hover\u00a0\u00bb button_text_color__hover=\u00a0\u00bb#FFFFFF\u00a0\u00bb button_bg_color__hover_enabled=\u00a0\u00bbon|hover\u00a0\u00bb button_bg_color__hover=\u00a0\u00bb#ef8451&Prime; button_bg_enable_color__hover=\u00a0\u00bbon\u00a0\u00bb][\/et_pb_button][\/et_pb_column][\/et_pb_row][et_pb_row column_structure=\u00a0\u00bb1_4,1_4,1_2&Prime; _builder_version=\u00a0\u00bb4.24.2&Prime; _module_preset=\u00a0\u00bbdefault\u00a0\u00bb filter_saturate=\u00a0\u00bb0%\u00a0\u00bb global_colors_info=\u00a0\u00bb{}\u00a0\u00bb][et_pb_column type=\u00a0\u00bb1_4&Prime; _builder_version=\u00a0\u00bb4.16&Prime; _module_preset=\u00a0\u00bbdefault\u00a0\u00bb global_colors_info=\u00a0\u00bb{}\u00a0\u00bb][et_pb_blurb title=\u00a0\u00bb1&Prime; _builder_version=\u00a0\u00bb4.24.0&Prime; _module_preset=\u00a0\u00bbdab8ae77-843d-4934-a7b3-8e57f832b52c\u00a0\u00bb header_font=\u00a0\u00bbDM Sans|700|||||||\u00a0\u00bb header_text_color=\u00a0\u00bb#0F393B\u00a0\u00bb header_font_size=\u00a0\u00bb56px\u00a0\u00bb body_font=\u00a0\u00bbDM Sans|700||on|||||\u00a0\u00bb body_text_color=\u00a0\u00bb#EF8451&Prime; body_letter_spacing=\u00a0\u00bb1px\u00a0\u00bb background_color=\u00a0\u00bb#FFFFFF\u00a0\u00bb text_orientation=\u00a0\u00bbcenter\u00a0\u00bb custom_padding=\u00a0\u00bb40px|20px|40px|20px|true|true\u00a0\u00bb border_radii=\u00a0\u00bbon|20px|20px|20px|20px\u00a0\u00bb global_colors_info=\u00a0\u00bb{}\u00a0\u00bb]<\/p>\n<p><strong>mars<\/strong><br \/>2024<\/p>\n<p>[\/et_pb_blurb][et_pb_blurb title=\u00a0\u00bb19h\u00a0\u00bb _builder_version=\u00a0\u00bb4.22.2&Prime; _module_preset=\u00a0\u00bbdab8ae77-843d-4934-a7b3-8e57f832b52c\u00a0\u00bb header_font=\u00a0\u00bbDM Sans|700|||||||\u00a0\u00bb header_text_color=\u00a0\u00bb#0F393B\u00a0\u00bb header_font_size=\u00a0\u00bb40px\u00a0\u00bb body_font=\u00a0\u00bbDM Sans|700||on|||||\u00a0\u00bb body_text_color=\u00a0\u00bb#EF8451&Prime; body_letter_spacing=\u00a0\u00bb1px\u00a0\u00bb background_color=\u00a0\u00bb#FFFFFF\u00a0\u00bb text_orientation=\u00a0\u00bbcenter\u00a0\u00bb custom_padding=\u00a0\u00bb40px|20px|40px|20px|true|true\u00a0\u00bb border_radii=\u00a0\u00bbon|20px|20px|20px|20px\u00a0\u00bb global_colors_info=\u00a0\u00bb{}\u00a0\u00bb][\/et_pb_blurb][\/et_pb_column][et_pb_column type=\u00a0\u00bb1_4&Prime; _builder_version=\u00a0\u00bb4.16&Prime; _module_preset=\u00a0\u00bbdefault\u00a0\u00bb global_colors_info=\u00a0\u00bb{}\u00a0\u00bb][et_pb_image src=\u00a0\u00bbhttps:\/\/www.les-grands-moulins.fr\/V4\/wp-content\/uploads\/2024\/02\/soiree-JMP_-1er-mars.png\u00a0\u00bb title_text=\u00a0\u00bbsoir\u00e9e JMP_ 1er mars\u00a0\u00bb _builder_version=\u00a0\u00bb4.24.0&Prime; _module_preset=\u00a0\u00bbdefault\u00a0\u00bb min_height=\u00a0\u00bb336.2px\u00a0\u00bb custom_padding=\u00a0\u00bb|0px||||\u00a0\u00bb locked=\u00a0\u00bboff\u00a0\u00bb global_colors_info=\u00a0\u00bb{}\u00a0\u00bb][\/et_pb_image][\/et_pb_column][et_pb_column type=\u00a0\u00bb1_2&Prime; _builder_version=\u00a0\u00bb4.16&Prime; _module_preset=\u00a0\u00bbdefault\u00a0\u00bb global_colors_info=\u00a0\u00bb{}\u00a0\u00bb][et_pb_text _builder_version=\u00a0\u00bb4.21.0&Prime; _module_preset=\u00a0\u00bb03ed4834-a81a-41ec-bfd6-98a6a9949751&Prime; header_font=\u00a0\u00bb||||||||\u00a0\u00bb header_3_font=\u00a0\u00bbDM Sans||||||||\u00a0\u00bb header_3_text_color=\u00a0\u00bb#093532&Prime; header_3_font_size=\u00a0\u00bb36px\u00a0\u00bb header_3_letter_spacing=\u00a0\u00bb-0.02em\u00a0\u00bb header_3_line_height=\u00a0\u00bb1.2em\u00a0\u00bb custom_margin=\u00a0\u00bb||10px||false|false\u00a0\u00bb header_3_font_size_tablet=\u00a0\u00bb20px\u00a0\u00bb header_3_font_size_phone=\u00a0\u00bb16px\u00a0\u00bb header_3_font_size_last_edited=\u00a0\u00bbon|phone\u00a0\u00bb locked=\u00a0\u00bboff\u00a0\u00bb global_colors_info=\u00a0\u00bb{}\u00a0\u00bb]<\/p>\n<h3><strong>Soir\u00e9e \u00ab\u00a0Jouons, mangeons, partageons\u00a0\u00bb<br \/><\/strong><\/h3>\n<p>[\/et_pb_text][et_pb_text _builder_version=\u00a0\u00bb4.24.0&Prime; _module_preset=\u00a0\u00bb41d5859c-fbaa-458a-88e4-5d886857f235&Prime; text_font=\u00a0\u00bb||||||||\u00a0\u00bb text_text_color=\u00a0\u00bb#0F393B\u00a0\u00bb text_font_size=\u00a0\u00bb18px\u00a0\u00bb text_line_height=\u00a0\u00bb1.8em\u00a0\u00bb custom_margin=\u00a0\u00bb|-10px||||\u00a0\u00bb custom_padding=\u00a0\u00bb|2px|0px|||\u00a0\u00bb text_font_size_tablet=\u00a0\u00bb16px\u00a0\u00bb text_font_size_phone=\u00a0\u00bb14px\u00a0\u00bb text_font_size_last_edited=\u00a0\u00bbon|phone\u00a0\u00bb locked=\u00a0\u00bboff\u00a0\u00bb global_colors_info=\u00a0\u00bb{}\u00a0\u00bb]<\/p>\n<div class=\"xdj266r x11i5rnm xat24cr x1mh8g0r x1vvkbs x126k92a\">\n<div dir=\"auto\" style=\"text-align: start;\">Vous les attendiez, elles reviennent\u2026. Les soir\u00e9es JMP (Jouons-Mangeons-Partageons ) sont de retour !<\/div>\n<\/div>\n<div class=\"x11i5rnm xat24cr x1mh8g0r x1vvkbs xtlvy1s x126k92a\">\n<div dir=\"auto\" style=\"text-align: start;\"><\/div>\n<div dir=\"auto\" style=\"text-align: start;\">Venez jouer, manger et partager un moment de convivialit\u00e9 !<\/div>\n<\/div>\n<div class=\"x11i5rnm xat24cr x1mh8g0r x1vvkbs xtlvy1s x126k92a\">\n<div dir=\"auto\" style=\"text-align: start;\">Gratuit<\/div>\n<div dir=\"auto\" style=\"text-align: start;\"><span><a tabindex=\"-1\"><\/a><\/span>Prochaine date : le vendredi 1er mars \u00e0 19h<\/div>\n<div dir=\"auto\" style=\"text-align: start;\">Lieu : Les Grands Moulins, 5 rue Jean Jaures, Gra\u00e7ay<\/div>\n<\/div>\n<div class=\"x11i5rnm xat24cr x1mh8g0r x1vvkbs xtlvy1s x126k92a\">\n<div dir=\"auto\" style=\"text-align: start;\">Plus d&rsquo;informations au 02 48 51 29 96.<\/div>\n<\/div>\n<p>&#8212;-<\/p>\n<p>[\/et_pb_text][et_pb_button button_url=\u00a0\u00bbhttps:\/\/www.les-grands-moulins.fr\/V4\/wp-content\/uploads\/2024\/02\/soiree-JMP_-1er-mars.png\u00a0\u00bb url_new_window=\u00a0\u00bbon\u00a0\u00bb button_text=\u00a0\u00bb+ D\u00e9tails\u00a0\u00bb _builder_version=\u00a0\u00bb4.24.0&Prime; _module_preset=\u00a0\u00bb6414ef9f-e386-4555-a7b7-4544a239078b\u00a0\u00bb custom_button=\u00a0\u00bbon\u00a0\u00bb button_text_size=\u00a0\u00bb14px\u00a0\u00bb button_text_color=\u00a0\u00bb#ef8451&Prime; button_border_width=\u00a0\u00bb1px\u00a0\u00bb button_border_color=\u00a0\u00bb#ef8451&Prime; button_border_radius=\u00a0\u00bb37px\u00a0\u00bb button_letter_spacing=\u00a0\u00bb1px\u00a0\u00bb button_font=\u00a0\u00bbDM Sans|700||on|||||\u00a0\u00bb custom_padding=\u00a0\u00bb15px|24px|12px|24px|false|true\u00a0\u00bb locked=\u00a0\u00bboff\u00a0\u00bb global_colors_info=\u00a0\u00bb{}\u00a0\u00bb button_text_color__hover_enabled=\u00a0\u00bbon|hover\u00a0\u00bb button_text_color__hover=\u00a0\u00bb#FFFFFF\u00a0\u00bb button_bg_color__hover_enabled=\u00a0\u00bbon|hover\u00a0\u00bb button_bg_color__hover=\u00a0\u00bb#ef8451&Prime; button_bg_enable_color__hover=\u00a0\u00bbon\u00a0\u00bb][\/et_pb_button][\/et_pb_column][\/et_pb_row][et_pb_row column_structure=\u00a0\u00bb1_4,1_4,1_2&Prime; _builder_version=\u00a0\u00bb4.24.0&Prime; _module_preset=\u00a0\u00bbdefault\u00a0\u00bb custom_margin=\u00a0\u00bb|auto|6px|auto||\u00a0\u00bb filter_saturate=\u00a0\u00bb0%\u00a0\u00bb global_colors_info=\u00a0\u00bb{}\u00a0\u00bb][et_pb_column type=\u00a0\u00bb1_4&Prime; _builder_version=\u00a0\u00bb4.16&Prime; _module_preset=\u00a0\u00bbdefault\u00a0\u00bb global_colors_info=\u00a0\u00bb{}\u00a0\u00bb][et_pb_blurb title=\u00a0\u00bb15 &#8211; 16&Prime; _builder_version=\u00a0\u00bb4.24.0&Prime; _module_preset=\u00a0\u00bbdab8ae77-843d-4934-a7b3-8e57f832b52c\u00a0\u00bb header_font=\u00a0\u00bbDM Sans|700|||||||\u00a0\u00bb header_text_color=\u00a0\u00bb#0F393B\u00a0\u00bb header_font_size=\u00a0\u00bb56px\u00a0\u00bb body_font=\u00a0\u00bbDM Sans|700||on|||||\u00a0\u00bb body_text_color=\u00a0\u00bb#EF8451&Prime; body_letter_spacing=\u00a0\u00bb1px\u00a0\u00bb background_color=\u00a0\u00bb#FFFFFF\u00a0\u00bb text_orientation=\u00a0\u00bbcenter\u00a0\u00bb custom_padding=\u00a0\u00bb40px|20px|40px|20px|true|true\u00a0\u00bb border_radii=\u00a0\u00bbon|20px|20px|20px|20px\u00a0\u00bb global_colors_info=\u00a0\u00bb{}\u00a0\u00bb]<\/p>\n<p><strong>D\u00e9cembre <\/strong><br \/>2023<\/p>\n<p>[\/et_pb_blurb][\/et_pb_column][et_pb_column type=\u00a0\u00bb1_4&Prime; _builder_version=\u00a0\u00bb4.16&Prime; _module_preset=\u00a0\u00bbdefault\u00a0\u00bb global_colors_info=\u00a0\u00bb{}\u00a0\u00bb][et_pb_image src=\u00a0\u00bbhttps:\/\/www.les-grands-moulins.fr\/V4\/wp-content\/uploads\/2023\/09\/rencontres-regionales-des-acteurs-de-leducation-a-lenvironnement-2023-Gracay-Grands-Moulins.jpg\u00a0\u00bb title_text=\u00a0\u00bbrencontres regionales des acteurs de l&rsquo;\u00e9ducation \u00e0 l&rsquo;environnement 2023 Gracay Grands Moulins\u00a0\u00bb _builder_version=\u00a0\u00bb4.23.1&Prime; _module_preset=\u00a0\u00bbdefault\u00a0\u00bb min_height=\u00a0\u00bb336.2px\u00a0\u00bb custom_padding=\u00a0\u00bb|0px||||\u00a0\u00bb locked=\u00a0\u00bboff\u00a0\u00bb global_colors_info=\u00a0\u00bb{}\u00a0\u00bb][\/et_pb_image][\/et_pb_column][et_pb_column type=\u00a0\u00bb1_2&Prime; _builder_version=\u00a0\u00bb4.16&Prime; _module_preset=\u00a0\u00bbdefault\u00a0\u00bb global_colors_info=\u00a0\u00bb{}\u00a0\u00bb][et_pb_text _builder_version=\u00a0\u00bb4.16&Prime; _module_preset=\u00a0\u00bb03ed4834-a81a-41ec-bfd6-98a6a9949751&Prime; header_font=\u00a0\u00bb||||||||\u00a0\u00bb header_3_font=\u00a0\u00bbDM Sans||||||||\u00a0\u00bb header_3_text_color=\u00a0\u00bb#093532&Prime; header_3_font_size=\u00a0\u00bb36px\u00a0\u00bb header_3_letter_spacing=\u00a0\u00bb-0.02em\u00a0\u00bb header_3_line_height=\u00a0\u00bb1.2em\u00a0\u00bb custom_margin=\u00a0\u00bb||10px||false|false\u00a0\u00bb header_3_font_size_tablet=\u00a0\u00bb20px\u00a0\u00bb header_3_font_size_phone=\u00a0\u00bb16px\u00a0\u00bb header_3_font_size_last_edited=\u00a0\u00bbon|phone\u00a0\u00bb locked=\u00a0\u00bboff\u00a0\u00bb global_colors_info=\u00a0\u00bb{}\u00a0\u00bb]<\/p>\n<h3><strong><span class=\"x193iq5w xeuugli x13faqbe x1vvkbs x1xmvt09 x1lliihq x1s928wv xhkezso x1gmr53x x1cpjm7i x1fgarty x1943h6x xudqn12 x3x7a5m x6prxxf xvq8zen xo1l8bm xzsf02u x1yc453h\" dir=\"auto\">Rencontres r\u00e9gionales des acteurs de l&rsquo;\u00e9ducation \u00e0 l&rsquo;environnement <\/span><\/strong><\/h3>\n<p>[\/et_pb_text][et_pb_text _builder_version=\u00a0\u00bb4.23.1&Prime; _module_preset=\u00a0\u00bb41d5859c-fbaa-458a-88e4-5d886857f235&Prime; text_font=\u00a0\u00bb||||||||\u00a0\u00bb text_text_color=\u00a0\u00bb#0F393B\u00a0\u00bb text_font_size=\u00a0\u00bb18px\u00a0\u00bb text_line_height=\u00a0\u00bb1.8em\u00a0\u00bb custom_margin=\u00a0\u00bb|-10px||||\u00a0\u00bb custom_padding=\u00a0\u00bb|2px|0px|||\u00a0\u00bb text_font_size_tablet=\u00a0\u00bb16px\u00a0\u00bb text_font_size_phone=\u00a0\u00bb14px\u00a0\u00bb text_font_size_last_edited=\u00a0\u00bbon|phone\u00a0\u00bb locked=\u00a0\u00bboff\u00a0\u00bb global_colors_info=\u00a0\u00bb{}\u00a0\u00bb]<\/p>\n<p>Du 30 novembre au 1er d\u00e9cembre, aux Grands moulins &#8211; Gra\u00e7ay.<\/p>\n<p>Les Rencontres R\u00e9gionales, organis\u00e9e par l&rsquo;association Graine Centre-Val de Loire, sont un temps convivial d&rsquo;\u00e9changes de pratiques et de rencontres autour d&rsquo;une th\u00e9matique cibl\u00e9e. Ils permettent aux \u00e9ducateurs \u00e0 l\u2019environnement de se retrouver, partager des savoirs, des pratiques p\u00e9dagogiques, les r\u00e9alit\u00e9s de leurs territoires et d\u2019\u00e9changer et de r\u00e9fl\u00e9chir collectivement autour de th\u00e9matiques de L\u2019\u00c9ducation \u00e0 l&rsquo;Environnement et au D\u00e9veloppement Durable (EEDD).<\/p>\n<p>Cette ann\u00e9e la th\u00e9matique sera : LES OUTILS P\u00c9DAGOGIQUES AU SERVICE DE L&rsquo;\u00c9DUCATION \u00c0 L&rsquo;ENVIRONNEMENT<\/p>\n<p>Pendant ces deux jours, Les participants pourront exp\u00e9rimenter des outils, vivre des animations, \u00e9changer et rencontrer d\u2019autres acteurs de l\u2019\u00e9ducation \u00e0 l\u2019environnement.<\/p>\n<p>Les objectifs des rencontres :<\/p>\n<p>\u2022 Apporter des connaissances aux acteurs de l\u2019\u00e9ducation \u00e0 l\u2019environnement, aux animateurs et aux enseignants ainsi que des comp\u00e9tences sur des approches et des m\u00e9thodes p\u00e9dagogiques pour les aborder avec les diff\u00e9rents publics.<\/p>\n<p>\u2022 Mutualiser les ressources, les r\u00e9flexions, les projets, les comp\u00e9tences, les outils d&rsquo;animation et de gestion.<\/p>\n<p>\u2022 Valoriser et d\u00e9velopper les comp\u00e9tences p\u00e9dagogiques des acteurs de l\u2019\u00e9ducation \u00e0 l\u2019environnement de la r\u00e9gion Centre-Val de Loire.<\/p>\n<p>\u2022 Favoriser l\u2019\u00e9change d\u2019exp\u00e9riences entre les diff\u00e9rents acteurs de l\u2019\u00e9ducation \u00e0 l\u2019environnement de la r\u00e9gion Centre-Val de Loire et la mise en r\u00e9seau des acteurs.<\/p>\n<p>[\/et_pb_text][et_pb_button button_url=\u00a0\u00bbhttps:\/\/www.les-grands-moulins.fr\/V4\/wp-content\/uploads\/2023\/09\/rencontres-regionales-des-acteurs-de-leducation-a-lenvironnement-2023-Gracay-Grands-Moulins.jpg\u00a0\u00bb url_new_window=\u00a0\u00bbon\u00a0\u00bb button_text=\u00a0\u00bb+ D\u00e9tails\u00a0\u00bb _builder_version=\u00a0\u00bb4.23.1&Prime; _module_preset=\u00a0\u00bb6414ef9f-e386-4555-a7b7-4544a239078b\u00a0\u00bb custom_button=\u00a0\u00bbon\u00a0\u00bb button_text_size=\u00a0\u00bb14px\u00a0\u00bb button_text_color=\u00a0\u00bb#ef8451&Prime; button_border_width=\u00a0\u00bb1px\u00a0\u00bb button_border_color=\u00a0\u00bb#ef8451&Prime; button_border_radius=\u00a0\u00bb37px\u00a0\u00bb button_letter_spacing=\u00a0\u00bb1px\u00a0\u00bb button_font=\u00a0\u00bbDM Sans|700||on|||||\u00a0\u00bb custom_padding=\u00a0\u00bb15px|24px|12px|24px|false|true\u00a0\u00bb locked=\u00a0\u00bboff\u00a0\u00bb global_colors_info=\u00a0\u00bb{}\u00a0\u00bb button_text_color__hover_enabled=\u00a0\u00bbon|hover\u00a0\u00bb button_text_color__hover=\u00a0\u00bb#FFFFFF\u00a0\u00bb button_bg_color__hover_enabled=\u00a0\u00bbon|hover\u00a0\u00bb button_bg_color__hover=\u00a0\u00bb#ef8451&Prime; button_bg_enable_color__hover=\u00a0\u00bbon\u00a0\u00bb][\/et_pb_button][\/et_pb_column][\/et_pb_row][et_pb_row column_structure=\u00a0\u00bb1_4,1_4,1_2&Prime; _builder_version=\u00a0\u00bb4.23.4&Prime; _module_preset=\u00a0\u00bbdefault\u00a0\u00bb custom_margin=\u00a0\u00bb|auto|6px|auto||\u00a0\u00bb filter_saturate=\u00a0\u00bb0%\u00a0\u00bb global_colors_info=\u00a0\u00bb{}\u00a0\u00bb][et_pb_column type=\u00a0\u00bb1_4&Prime; _builder_version=\u00a0\u00bb4.16&Prime; _module_preset=\u00a0\u00bbdefault\u00a0\u00bb global_colors_info=\u00a0\u00bb{}\u00a0\u00bb][et_pb_blurb title=\u00a0\u00bb13&Prime; _builder_version=\u00a0\u00bb4.21.0&Prime; _module_preset=\u00a0\u00bbdab8ae77-843d-4934-a7b3-8e57f832b52c\u00a0\u00bb header_font=\u00a0\u00bbDM Sans|700|||||||\u00a0\u00bb header_text_color=\u00a0\u00bb#0F393B\u00a0\u00bb header_font_size=\u00a0\u00bb56px\u00a0\u00bb body_font=\u00a0\u00bbDM Sans|700||on|||||\u00a0\u00bb body_text_color=\u00a0\u00bb#EF8451&Prime; body_letter_spacing=\u00a0\u00bb1px\u00a0\u00bb background_color=\u00a0\u00bb#FFFFFF\u00a0\u00bb text_orientation=\u00a0\u00bbcenter\u00a0\u00bb custom_padding=\u00a0\u00bb40px|20px|40px|20px|true|true\u00a0\u00bb border_radii=\u00a0\u00bbon|20px|20px|20px|20px\u00a0\u00bb global_colors_info=\u00a0\u00bb{}\u00a0\u00bb]<\/p>\n<p><strong>D\u00e9cembre <\/strong><br \/>2023<\/p>\n<p>[\/et_pb_blurb][\/et_pb_column][et_pb_column type=\u00a0\u00bb1_4&Prime; _builder_version=\u00a0\u00bb4.16&Prime; _module_preset=\u00a0\u00bbdefault\u00a0\u00bb global_colors_info=\u00a0\u00bb{}\u00a0\u00bb][et_pb_image src=\u00a0\u00bbhttps:\/\/www.les-grands-moulins.fr\/V4\/wp-content\/uploads\/2023\/12\/Atelier-creation-couronne-noel-gracay-gm-dec2023.jpg\u00a0\u00bb title_text=\u00a0\u00bbAtelier-cr\u00e9ation-couronne-no\u00ebl-gracay-gm-dec2023&Prime; _builder_version=\u00a0\u00bb4.23.1&Prime; _module_preset=\u00a0\u00bbdefault\u00a0\u00bb min_height=\u00a0\u00bb336.2px\u00a0\u00bb custom_padding=\u00a0\u00bb|0px||||\u00a0\u00bb locked=\u00a0\u00bboff\u00a0\u00bb global_colors_info=\u00a0\u00bb{}\u00a0\u00bb][\/et_pb_image][\/et_pb_column][et_pb_column type=\u00a0\u00bb1_2&Prime; _builder_version=\u00a0\u00bb4.16&Prime; _module_preset=\u00a0\u00bbdefault\u00a0\u00bb global_colors_info=\u00a0\u00bb{}\u00a0\u00bb][et_pb_text _builder_version=\u00a0\u00bb4.23.1&Prime; _module_preset=\u00a0\u00bb03ed4834-a81a-41ec-bfd6-98a6a9949751&Prime; header_font=\u00a0\u00bb||||||||\u00a0\u00bb header_3_font=\u00a0\u00bbDM Sans||||||||\u00a0\u00bb header_3_text_color=\u00a0\u00bb#093532&Prime; header_3_font_size=\u00a0\u00bb36px\u00a0\u00bb header_3_letter_spacing=\u00a0\u00bb-0.02em\u00a0\u00bb header_3_line_height=\u00a0\u00bb1.2em\u00a0\u00bb custom_margin=\u00a0\u00bb||10px||false|false\u00a0\u00bb header_3_font_size_tablet=\u00a0\u00bb20px\u00a0\u00bb header_3_font_size_phone=\u00a0\u00bb16px\u00a0\u00bb header_3_font_size_last_edited=\u00a0\u00bbon|phone\u00a0\u00bb locked=\u00a0\u00bboff\u00a0\u00bb global_colors_info=\u00a0\u00bb{}\u00a0\u00bb]<\/p>\n<h3><strong><span class=\"x193iq5w xeuugli x13faqbe x1vvkbs x1xmvt09 x1lliihq x1s928wv xhkezso x1gmr53x x1cpjm7i x1fgarty x1943h6x xudqn12 x3x7a5m x6prxxf xvq8zen xo1l8bm xzsf02u x1yc453h\" dir=\"auto\">Atelier cr\u00e9atif &#8211; Couronne de F\u00eates<br \/><\/span><\/strong><\/h3>\n<p>[\/et_pb_text][et_pb_text _builder_version=\u00a0\u00bb4.23.1&Prime; _module_preset=\u00a0\u00bb41d5859c-fbaa-458a-88e4-5d886857f235&Prime; text_font=\u00a0\u00bb||||||||\u00a0\u00bb text_text_color=\u00a0\u00bb#0F393B\u00a0\u00bb text_font_size=\u00a0\u00bb18px\u00a0\u00bb text_line_height=\u00a0\u00bb1.8em\u00a0\u00bb custom_margin=\u00a0\u00bb|-10px||||\u00a0\u00bb custom_padding=\u00a0\u00bb|2px|0px|||\u00a0\u00bb text_font_size_tablet=\u00a0\u00bb16px\u00a0\u00bb text_font_size_phone=\u00a0\u00bb14px\u00a0\u00bb text_font_size_last_edited=\u00a0\u00bbon|phone\u00a0\u00bb locked=\u00a0\u00bboff\u00a0\u00bb global_colors_info=\u00a0\u00bb{}\u00a0\u00bb]Souhaitez-vous savoir comment cr\u00e9er votre couronne de f\u00eates ?<\/p>\n<p>Rendez-vous dans l&rsquo;Espace de vie sociale aux Grands moulins pour un atelier cr\u00e9atif propos\u00e9 par une habitante.<br \/>\nVous pouvez rapporter vos propres sujets ou d\u00e9corations pour finaliser votre cr\u00e9ation !<\/p>\n<p>Gratuit.<br \/>\nDate : mercredi 13 d\u00e9cembre 2023 de 14h \u00e0 16h<br \/>\nLieu : les Les Grands Moulins de Gra\u00e7ay. Acc\u00e8s par le parking cot\u00e9 pharmacie.[\/et_pb_text][et_pb_button button_url=\u00a0\u00bbhttps:\/\/www.les-grands-moulins.fr\/V4\/wp-content\/uploads\/2023\/12\/Atelier-creation-couronne-noel-gracay-gm-dec2023.jpg\u00a0\u00bb url_new_window=\u00a0\u00bbon\u00a0\u00bb button_text=\u00a0\u00bb+ D\u00e9tails\u00a0\u00bb _builder_version=\u00a0\u00bb4.23.1&Prime; _module_preset=\u00a0\u00bb6414ef9f-e386-4555-a7b7-4544a239078b\u00a0\u00bb custom_button=\u00a0\u00bbon\u00a0\u00bb button_text_size=\u00a0\u00bb14px\u00a0\u00bb button_text_color=\u00a0\u00bb#ef8451&Prime; button_border_width=\u00a0\u00bb1px\u00a0\u00bb button_border_color=\u00a0\u00bb#ef8451&Prime; button_border_radius=\u00a0\u00bb37px\u00a0\u00bb button_letter_spacing=\u00a0\u00bb1px\u00a0\u00bb button_font=\u00a0\u00bbDM Sans|700||on|||||\u00a0\u00bb custom_padding=\u00a0\u00bb15px|24px|12px|24px|false|true\u00a0\u00bb locked=\u00a0\u00bboff\u00a0\u00bb global_colors_info=\u00a0\u00bb{}\u00a0\u00bb button_text_color__hover_enabled=\u00a0\u00bbon|hover\u00a0\u00bb button_text_color__hover=\u00a0\u00bb#FFFFFF\u00a0\u00bb button_bg_color__hover_enabled=\u00a0\u00bbon|hover\u00a0\u00bb button_bg_color__hover=\u00a0\u00bb#ef8451&Prime; button_bg_enable_color__hover=\u00a0\u00bbon\u00a0\u00bb][\/et_pb_button][\/et_pb_column][\/et_pb_row][et_pb_row column_structure=\u00a0\u00bb1_4,1_4,1_2&Prime; _builder_version=\u00a0\u00bb4.23.1&Prime; _module_preset=\u00a0\u00bbdefault\u00a0\u00bb custom_margin=\u00a0\u00bb|auto|6px|auto||\u00a0\u00bb filter_saturate=\u00a0\u00bb0%\u00a0\u00bb global_colors_info=\u00a0\u00bb{}\u00a0\u00bb][et_pb_column type=\u00a0\u00bb1_4&Prime; _builder_version=\u00a0\u00bb4.16&Prime; _module_preset=\u00a0\u00bbdefault\u00a0\u00bb global_colors_info=\u00a0\u00bb{}\u00a0\u00bb][et_pb_blurb title=\u00a0\u00bb17 &#8211; 19&Prime; _builder_version=\u00a0\u00bb4.21.0&Prime; _module_preset=\u00a0\u00bbdab8ae77-843d-4934-a7b3-8e57f832b52c\u00a0\u00bb header_font=\u00a0\u00bbDM Sans|700|||||||\u00a0\u00bb header_text_color=\u00a0\u00bb#0F393B\u00a0\u00bb header_font_size=\u00a0\u00bb56px\u00a0\u00bb body_font=\u00a0\u00bbDM Sans|700||on|||||\u00a0\u00bb body_text_color=\u00a0\u00bb#EF8451&Prime; body_letter_spacing=\u00a0\u00bb1px\u00a0\u00bb background_color=\u00a0\u00bb#FFFFFF\u00a0\u00bb text_orientation=\u00a0\u00bbcenter\u00a0\u00bb custom_padding=\u00a0\u00bb40px|20px|40px|20px|true|true\u00a0\u00bb border_radii=\u00a0\u00bbon|20px|20px|20px|20px\u00a0\u00bb global_colors_info=\u00a0\u00bb{}\u00a0\u00bb]<strong>Novembre <\/strong><br \/>\n2023[\/et_pb_blurb][\/et_pb_column][et_pb_column type=\u00a0\u00bb1_4&Prime; _builder_version=\u00a0\u00bb4.16&Prime; _module_preset=\u00a0\u00bbdefault\u00a0\u00bb global_colors_info=\u00a0\u00bb{}\u00a0\u00bb][et_pb_image src=\u00a0\u00bbhttps:\/\/www.les-grands-moulins.fr\/V4\/wp-content\/uploads\/2023\/06\/affiche-weekend-interculturel-nov2023-ligue-de-l-enseignement-du-Cher.jpg\u00a0\u00bb title_text=\u00a0\u00bbaffiche-weekend interculturel-nov2023-ligue-de-l-enseignement-du-Cher\u00a0\u00bb _builder_version=\u00a0\u00bb4.21.0&Prime; _module_preset=\u00a0\u00bbdefault\u00a0\u00bb min_height=\u00a0\u00bb336.2px\u00a0\u00bb custom_padding=\u00a0\u00bb|0px||||\u00a0\u00bb locked=\u00a0\u00bboff\u00a0\u00bb global_colors_info=\u00a0\u00bb{}\u00a0\u00bb][\/et_pb_image][\/et_pb_column][et_pb_column type=\u00a0\u00bb1_2&Prime; _builder_version=\u00a0\u00bb4.16&Prime; _module_preset=\u00a0\u00bbdefault\u00a0\u00bb global_colors_info=\u00a0\u00bb{}\u00a0\u00bb][et_pb_text _builder_version=\u00a0\u00bb4.16&Prime; _module_preset=\u00a0\u00bb03ed4834-a81a-41ec-bfd6-98a6a9949751&Prime; header_font=\u00a0\u00bb||||||||\u00a0\u00bb header_3_font=\u00a0\u00bbDM Sans||||||||\u00a0\u00bb header_3_text_color=\u00a0\u00bb#093532&Prime; header_3_font_size=\u00a0\u00bb36px\u00a0\u00bb header_3_letter_spacing=\u00a0\u00bb-0.02em\u00a0\u00bb header_3_line_height=\u00a0\u00bb1.2em\u00a0\u00bb custom_margin=\u00a0\u00bb||10px||false|false\u00a0\u00bb header_3_font_size_tablet=\u00a0\u00bb20px\u00a0\u00bb header_3_font_size_phone=\u00a0\u00bb16px\u00a0\u00bb header_3_font_size_last_edited=\u00a0\u00bbon|phone\u00a0\u00bb locked=\u00a0\u00bboff\u00a0\u00bb global_colors_info=\u00a0\u00bb{}\u00a0\u00bb]<\/p>\n<h3><strong>Weekend interculturel<\/strong><\/h3>\n<p>[\/et_pb_text][et_pb_text _builder_version=\u00a0\u00bb4.21.0&Prime; _module_preset=\u00a0\u00bb41d5859c-fbaa-458a-88e4-5d886857f235&Prime; text_font=\u00a0\u00bb||||||||\u00a0\u00bb text_text_color=\u00a0\u00bb#0F393B\u00a0\u00bb text_font_size=\u00a0\u00bb18px\u00a0\u00bb text_line_height=\u00a0\u00bb1.8em\u00a0\u00bb custom_margin=\u00a0\u00bb|-10px||||\u00a0\u00bb custom_padding=\u00a0\u00bb|2px|0px|||\u00a0\u00bb text_font_size_tablet=\u00a0\u00bb16px\u00a0\u00bb text_font_size_phone=\u00a0\u00bb14px\u00a0\u00bb text_font_size_last_edited=\u00a0\u00bbon|phone\u00a0\u00bb locked=\u00a0\u00bboff\u00a0\u00bb global_colors_info=\u00a0\u00bb{}\u00a0\u00bb]<\/p>\n<p style=\"text-align: justify;\">Compos\u00e9 de deux jours et demi d\u2019ateliers, d\u2019animations et de rencontres sur le th\u00e8me de la mobilit\u00e9 et de la solidarit\u00e9 internationale, ce rassemblement permettra aux jeunes de s\u2019informer, d\u2019\u00e9changer et de d\u00e9couvrir les dispositifs disponibles pour s\u2019ouvrir au monde.<\/p>\n<p style=\"text-align: justify;\">Pour les 18 et 25 ans, de nationalit\u00e9 fran\u00e7aise ou \u00e9trang\u00e8re et r\u00e9sidants en r\u00e9gion Centre.<\/p>\n<p style=\"text-align: justify;\">Aucune exp\u00e9rience ou connaissance sp\u00e9cifique est demand\u00e9e. Juste la curiosit\u00e9 d\u2019en savoir plus sur la mobilit\u00e9 et les dispositifs d\u2019engagement.<\/p>\n<p style=\"text-align: justify;\">Organis\u00e9 par la Ligue de l&rsquo;enseignement Centre-Val de Loire en partenariat avec Centraider, Concordia, le CRIJ Centre, l\u2019URHAJ et la Maison de l\u2019Europe de Tours.<\/p>\n<p>[\/et_pb_text][et_pb_button button_url=\u00a0\u00bbhttps:\/\/www.les-grands-moulins.fr\/V4\/wp-content\/uploads\/2023\/06\/weekend-interculturel-nov2023-ligue-de-l-enseignement-du-Cher.pdf\u00a0\u00bb url_new_window=\u00a0\u00bbon\u00a0\u00bb button_text=\u00a0\u00bbInscription + D\u00e9tails\u00a0\u00bb _builder_version=\u00a0\u00bb4.21.0&Prime; _module_preset=\u00a0\u00bb6414ef9f-e386-4555-a7b7-4544a239078b\u00a0\u00bb custom_button=\u00a0\u00bbon\u00a0\u00bb button_text_size=\u00a0\u00bb14px\u00a0\u00bb button_text_color=\u00a0\u00bb#ef8451&Prime; button_border_width=\u00a0\u00bb1px\u00a0\u00bb button_border_color=\u00a0\u00bb#ef8451&Prime; button_border_radius=\u00a0\u00bb37px\u00a0\u00bb button_letter_spacing=\u00a0\u00bb1px\u00a0\u00bb button_font=\u00a0\u00bbDM Sans|700||on|||||\u00a0\u00bb custom_padding=\u00a0\u00bb15px|24px|12px|24px|false|true\u00a0\u00bb locked=\u00a0\u00bboff\u00a0\u00bb global_colors_info=\u00a0\u00bb{}\u00a0\u00bb button_text_color__hover_enabled=\u00a0\u00bbon|hover\u00a0\u00bb button_text_color__hover=\u00a0\u00bb#FFFFFF\u00a0\u00bb button_bg_color__hover_enabled=\u00a0\u00bbon|hover\u00a0\u00bb button_bg_color__hover=\u00a0\u00bb#ef8451&Prime; button_bg_enable_color__hover=\u00a0\u00bbon\u00a0\u00bb][\/et_pb_button][\/et_pb_column][\/et_pb_row][et_pb_row column_structure=\u00a0\u00bb1_4,1_4,1_2&Prime; _builder_version=\u00a0\u00bb4.23.1&Prime; _module_preset=\u00a0\u00bbdefault\u00a0\u00bb filter_saturate=\u00a0\u00bb0%\u00a0\u00bb global_colors_info=\u00a0\u00bb{}\u00a0\u00bb][et_pb_column type=\u00a0\u00bb1_4&Prime; _builder_version=\u00a0\u00bb4.16&Prime; _module_preset=\u00a0\u00bbdefault\u00a0\u00bb global_colors_info=\u00a0\u00bb{}\u00a0\u00bb][et_pb_blurb title=\u00a0\u00bb20&Prime; _builder_version=\u00a0\u00bb4.21.0&Prime; _module_preset=\u00a0\u00bbdab8ae77-843d-4934-a7b3-8e57f832b52c\u00a0\u00bb header_font=\u00a0\u00bbDM Sans|700|||||||\u00a0\u00bb header_text_color=\u00a0\u00bb#0F393B\u00a0\u00bb header_font_size=\u00a0\u00bb56px\u00a0\u00bb body_font=\u00a0\u00bbDM Sans|700||on|||||\u00a0\u00bb body_text_color=\u00a0\u00bb#EF8451&Prime; body_letter_spacing=\u00a0\u00bb1px\u00a0\u00bb background_color=\u00a0\u00bb#FFFFFF\u00a0\u00bb text_orientation=\u00a0\u00bbcenter\u00a0\u00bb custom_padding=\u00a0\u00bb40px|20px|40px|20px|true|true\u00a0\u00bb border_radii=\u00a0\u00bbon|20px|20px|20px|20px\u00a0\u00bb global_colors_info=\u00a0\u00bb{}\u00a0\u00bb]<\/p>\n<p><strong>octobre<\/strong><br \/>2023<\/p>\n<p>[\/et_pb_blurb][et_pb_blurb title=\u00a0\u00bb14h-20h\u00a0\u00bb _builder_version=\u00a0\u00bb4.22.2&Prime; _module_preset=\u00a0\u00bbdab8ae77-843d-4934-a7b3-8e57f832b52c\u00a0\u00bb header_font=\u00a0\u00bbDM Sans|700|||||||\u00a0\u00bb header_text_color=\u00a0\u00bb#0F393B\u00a0\u00bb header_font_size=\u00a0\u00bb40px\u00a0\u00bb body_font=\u00a0\u00bbDM Sans|700||on|||||\u00a0\u00bb body_text_color=\u00a0\u00bb#EF8451&Prime; body_letter_spacing=\u00a0\u00bb1px\u00a0\u00bb background_color=\u00a0\u00bb#FFFFFF\u00a0\u00bb text_orientation=\u00a0\u00bbcenter\u00a0\u00bb custom_margin=\u00a0\u00bb9px|||||\u00a0\u00bb custom_padding=\u00a0\u00bb41px|20px|41px|20px|true|true\u00a0\u00bb border_radii=\u00a0\u00bbon|20px|20px|20px|20px\u00a0\u00bb global_colors_info=\u00a0\u00bb{}\u00a0\u00bb][\/et_pb_blurb][\/et_pb_column][et_pb_column type=\u00a0\u00bb1_4&Prime; _builder_version=\u00a0\u00bb4.16&Prime; _module_preset=\u00a0\u00bbdefault\u00a0\u00bb global_colors_info=\u00a0\u00bb{}\u00a0\u00bb][et_pb_image src=\u00a0\u00bbhttps:\/\/www.les-grands-moulins.fr\/V4\/wp-content\/uploads\/2023\/10\/Les-moulins-de-nos-gouts-grands-moulins-gracay.png\u00a0\u00bb title_text=\u00a0\u00bbLes moulins de nos go\u00fbts-grands moulins gra\u00e7ay\u00a0\u00bb _builder_version=\u00a0\u00bb4.22.2&Prime; _module_preset=\u00a0\u00bbdefault\u00a0\u00bb min_height=\u00a0\u00bb336.2px\u00a0\u00bb custom_padding=\u00a0\u00bb|0px||||\u00a0\u00bb locked=\u00a0\u00bboff\u00a0\u00bb global_colors_info=\u00a0\u00bb{}\u00a0\u00bb][\/et_pb_image][\/et_pb_column][et_pb_column type=\u00a0\u00bb1_2&Prime; _builder_version=\u00a0\u00bb4.16&Prime; _module_preset=\u00a0\u00bbdefault\u00a0\u00bb global_colors_info=\u00a0\u00bb{}\u00a0\u00bb][et_pb_text _builder_version=\u00a0\u00bb4.22.2&Prime; _module_preset=\u00a0\u00bb03ed4834-a81a-41ec-bfd6-98a6a9949751&Prime; header_font=\u00a0\u00bb||||||||\u00a0\u00bb header_3_font=\u00a0\u00bbDM Sans||||||||\u00a0\u00bb header_3_text_color=\u00a0\u00bb#093532&Prime; header_3_font_size=\u00a0\u00bb36px\u00a0\u00bb header_3_letter_spacing=\u00a0\u00bb-0.02em\u00a0\u00bb header_3_line_height=\u00a0\u00bb1.2em\u00a0\u00bb custom_margin=\u00a0\u00bb||10px||false|false\u00a0\u00bb header_3_font_size_tablet=\u00a0\u00bb20px\u00a0\u00bb header_3_font_size_phone=\u00a0\u00bb16px\u00a0\u00bb header_3_font_size_last_edited=\u00a0\u00bbon|phone\u00a0\u00bb locked=\u00a0\u00bboff\u00a0\u00bb global_colors_info=\u00a0\u00bb{}\u00a0\u00bb]<\/p>\n<h3><strong>Les Moulins de nos go\u00fbt !<br \/><\/strong><\/h3>\n<p>[\/et_pb_text][et_pb_text _builder_version=\u00a0\u00bb4.22.2&Prime; _module_preset=\u00a0\u00bb41d5859c-fbaa-458a-88e4-5d886857f235&Prime; text_font=\u00a0\u00bb||||||||\u00a0\u00bb text_text_color=\u00a0\u00bb#0F393B\u00a0\u00bb text_font_size=\u00a0\u00bb18px\u00a0\u00bb text_line_height=\u00a0\u00bb1.8em\u00a0\u00bb custom_margin=\u00a0\u00bb|-10px||||\u00a0\u00bb custom_padding=\u00a0\u00bb|2px|0px|||\u00a0\u00bb text_font_size_tablet=\u00a0\u00bb16px\u00a0\u00bb text_font_size_phone=\u00a0\u00bb14px\u00a0\u00bb text_font_size_last_edited=\u00a0\u00bbon|phone\u00a0\u00bb locked=\u00a0\u00bboff\u00a0\u00bb global_colors_info=\u00a0\u00bb{}\u00a0\u00bb]<\/p>\n<p>A l&rsquo;occasion de la Quinzaine du go\u00fbt, des animations \u00ab\u00a0gourmandes\u00a0\u00bb et pour tous les a\u0302ges auront lieu au centre des Grands Moulins.<\/p>\n<p>Date : vendredi 20 octobre 2023<br \/>Heure : de 14h \u00e0 20h<br \/>Lieu : Les Grands Moulins, Gra\u00e7ay 18310<\/p>\n<p><strong>Programme :<\/strong><br \/>&#8211; Ateliers cuisine et repas participatif<br \/>&#8211; Quizz et jeux sur la nutrition<br \/>&#8211; Animations sur le d\u00e9veloppement durable et le tri des d\u00e9chets<br \/>Gratuit et ouvert \u00e0 tous.<\/p>\n<div dir=\"auto\" style=\"text-align: start;\"><\/div>\n<p>[\/et_pb_text][et_pb_button button_url=\u00a0\u00bbhttps:\/\/www.les-grands-moulins.fr\/V4\/wp-content\/uploads\/2023\/10\/Les-moulins-de-nos-gouts-grands-moulins-gracay.png\u00a0\u00bb url_new_window=\u00a0\u00bbon\u00a0\u00bb button_text=\u00a0\u00bbInscription + D\u00e9tails\u00a0\u00bb _builder_version=\u00a0\u00bb4.22.2&Prime; _module_preset=\u00a0\u00bb6414ef9f-e386-4555-a7b7-4544a239078b\u00a0\u00bb custom_button=\u00a0\u00bbon\u00a0\u00bb button_text_size=\u00a0\u00bb14px\u00a0\u00bb button_text_color=\u00a0\u00bb#ef8451&Prime; button_border_width=\u00a0\u00bb1px\u00a0\u00bb button_border_color=\u00a0\u00bb#ef8451&Prime; button_border_radius=\u00a0\u00bb37px\u00a0\u00bb button_letter_spacing=\u00a0\u00bb1px\u00a0\u00bb button_font=\u00a0\u00bbDM Sans|700||on|||||\u00a0\u00bb custom_padding=\u00a0\u00bb15px|24px|12px|24px|false|true\u00a0\u00bb locked=\u00a0\u00bboff\u00a0\u00bb global_colors_info=\u00a0\u00bb{}\u00a0\u00bb button_text_color__hover_enabled=\u00a0\u00bbon|hover\u00a0\u00bb button_text_color__hover=\u00a0\u00bb#FFFFFF\u00a0\u00bb button_bg_color__hover_enabled=\u00a0\u00bbon|hover\u00a0\u00bb button_bg_color__hover=\u00a0\u00bb#ef8451&Prime; button_bg_enable_color__hover=\u00a0\u00bbon\u00a0\u00bb][\/et_pb_button][\/et_pb_column][\/et_pb_row][et_pb_row column_structure=\u00a0\u00bb1_4,1_4,1_2&Prime; _builder_version=\u00a0\u00bb4.22.2&Prime; _module_preset=\u00a0\u00bbdefault\u00a0\u00bb filter_saturate=\u00a0\u00bb0%\u00a0\u00bb filter_brightness=\u00a0\u00bb90%\u00a0\u00bb global_colors_info=\u00a0\u00bb{}\u00a0\u00bb][et_pb_column type=\u00a0\u00bb1_4&Prime; _builder_version=\u00a0\u00bb4.16&Prime; _module_preset=\u00a0\u00bbdefault\u00a0\u00bb global_colors_info=\u00a0\u00bb{}\u00a0\u00bb][et_pb_blurb title=\u00a0\u00bb5&Prime; _builder_version=\u00a0\u00bb4.21.0&Prime; _module_preset=\u00a0\u00bbdab8ae77-843d-4934-a7b3-8e57f832b52c\u00a0\u00bb header_font=\u00a0\u00bbDM Sans|700|||||||\u00a0\u00bb header_text_color=\u00a0\u00bb#0F393B\u00a0\u00bb header_font_size=\u00a0\u00bb56px\u00a0\u00bb body_font=\u00a0\u00bbDM Sans|700||on|||||\u00a0\u00bb body_text_color=\u00a0\u00bb#EF8451&Prime; body_letter_spacing=\u00a0\u00bb1px\u00a0\u00bb background_color=\u00a0\u00bb#FFFFFF\u00a0\u00bb text_orientation=\u00a0\u00bbcenter\u00a0\u00bb custom_padding=\u00a0\u00bb40px|20px|40px|20px|true|true\u00a0\u00bb border_radii=\u00a0\u00bbon|20px|20px|20px|20px\u00a0\u00bb global_colors_info=\u00a0\u00bb{}\u00a0\u00bb]<\/p>\n<p><strong>octobre<\/strong><br \/>2023<\/p>\n<p>[\/et_pb_blurb][et_pb_blurb title=\u00a0\u00bb14h-16h\u00a0\u00bb _builder_version=\u00a0\u00bb4.22.2&Prime; _module_preset=\u00a0\u00bbdab8ae77-843d-4934-a7b3-8e57f832b52c\u00a0\u00bb header_font=\u00a0\u00bbDM Sans|700|||||||\u00a0\u00bb header_text_color=\u00a0\u00bb#0F393B\u00a0\u00bb header_font_size=\u00a0\u00bb40px\u00a0\u00bb body_font=\u00a0\u00bbDM Sans|700||on|||||\u00a0\u00bb body_text_color=\u00a0\u00bb#EF8451&Prime; body_letter_spacing=\u00a0\u00bb1px\u00a0\u00bb background_color=\u00a0\u00bb#FFFFFF\u00a0\u00bb text_orientation=\u00a0\u00bbcenter\u00a0\u00bb custom_margin=\u00a0\u00bb9px|||||\u00a0\u00bb custom_padding=\u00a0\u00bb41px|20px|41px|20px|true|true\u00a0\u00bb border_radii=\u00a0\u00bbon|20px|20px|20px|20px\u00a0\u00bb global_colors_info=\u00a0\u00bb{}\u00a0\u00bb][\/et_pb_blurb][\/et_pb_column][et_pb_column type=\u00a0\u00bb1_4&Prime; _builder_version=\u00a0\u00bb4.16&Prime; _module_preset=\u00a0\u00bbdefault\u00a0\u00bb global_colors_info=\u00a0\u00bb{}\u00a0\u00bb][et_pb_image src=\u00a0\u00bbhttps:\/\/www.les-grands-moulins.fr\/V4\/wp-content\/uploads\/2023\/09\/Gare-aux-cyberarnaques-nohant-en-gracay_JPG-scaled.jpg\u00a0\u00bb title_text=\u00a0\u00bbGare-aux-cyberarnaques &#8211; nohant-en-gracay_JPG\u00a0\u00bb _builder_version=\u00a0\u00bb4.22.2&Prime; _module_preset=\u00a0\u00bbdefault\u00a0\u00bb min_height=\u00a0\u00bb336.2px\u00a0\u00bb custom_padding=\u00a0\u00bb|0px||||\u00a0\u00bb locked=\u00a0\u00bboff\u00a0\u00bb global_colors_info=\u00a0\u00bb{}\u00a0\u00bb][\/et_pb_image][\/et_pb_column][et_pb_column type=\u00a0\u00bb1_2&Prime; _builder_version=\u00a0\u00bb4.16&Prime; _module_preset=\u00a0\u00bbdefault\u00a0\u00bb global_colors_info=\u00a0\u00bb{}\u00a0\u00bb][et_pb_text _builder_version=\u00a0\u00bb4.22.2&Prime; _module_preset=\u00a0\u00bb03ed4834-a81a-41ec-bfd6-98a6a9949751&Prime; header_font=\u00a0\u00bb||||||||\u00a0\u00bb header_3_font=\u00a0\u00bbDM Sans||||||||\u00a0\u00bb header_3_text_color=\u00a0\u00bb#093532&Prime; header_3_font_size=\u00a0\u00bb36px\u00a0\u00bb header_3_letter_spacing=\u00a0\u00bb-0.02em\u00a0\u00bb header_3_line_height=\u00a0\u00bb1.2em\u00a0\u00bb custom_margin=\u00a0\u00bb||10px||false|false\u00a0\u00bb header_3_font_size_tablet=\u00a0\u00bb20px\u00a0\u00bb header_3_font_size_phone=\u00a0\u00bb16px\u00a0\u00bb header_3_font_size_last_edited=\u00a0\u00bbon|phone\u00a0\u00bb locked=\u00a0\u00bboff\u00a0\u00bb global_colors_info=\u00a0\u00bb{}\u00a0\u00bb]<\/p>\n<h3><strong>Tourn\u00e9e \u00ab\u00a0Gare aux cyber-arnaques !\u00a0\u00bb<br \/><\/strong><\/h3>\n<p>[\/et_pb_text][et_pb_text _builder_version=\u00a0\u00bb4.22.2&Prime; _module_preset=\u00a0\u00bb41d5859c-fbaa-458a-88e4-5d886857f235&Prime; text_font=\u00a0\u00bb||||||||\u00a0\u00bb text_text_color=\u00a0\u00bb#0F393B\u00a0\u00bb text_font_size=\u00a0\u00bb18px\u00a0\u00bb text_line_height=\u00a0\u00bb1.8em\u00a0\u00bb custom_margin=\u00a0\u00bb|-10px||||\u00a0\u00bb custom_padding=\u00a0\u00bb|2px|0px|||\u00a0\u00bb text_font_size_tablet=\u00a0\u00bb16px\u00a0\u00bb text_font_size_phone=\u00a0\u00bb14px\u00a0\u00bb text_font_size_last_edited=\u00a0\u00bbon|phone\u00a0\u00bb locked=\u00a0\u00bboff\u00a0\u00bb global_colors_info=\u00a0\u00bb{}\u00a0\u00bb]<\/p>\n<p>Notre conseiller num\u00e9rique va \u00e0 la rencontre des habitants du canton de Gra\u00e7ay afin d&rsquo;exposer les diff\u00e9rentes man\u0153uvres frauduleuses sur le web ou par t\u00e9l\u00e9phone.<\/p>\n<p>Cette tourn\u00e9e a pour but d&rsquo;\u00e9changer sur le sujet, comprendre le risque cyber et savoir comment r\u00e9agir face aux escroqueries sur internet.<\/p>\n<p><strong>Prochain rendez-vous :<\/strong><br \/>Date : jeudi 5 octobre \u00e0 14h<br \/>lieu : salle Constance de Durbois, Nohant-en-Gra\u00e7ay (18310)<br \/>Inscription au 06 34 64 02 92 ou par mail : ateliers-num\u00e9riques@ligue18.org<\/p>\n<p>[\/et_pb_text][et_pb_button button_url=\u00a0\u00bbhttps:\/\/www.les-grands-moulins.fr\/V4\/wp-content\/uploads\/2023\/09\/Gare-aux-cyberarnaques-nohant-en-gracay_JPG-scaled.jpg\u00a0\u00bb url_new_window=\u00a0\u00bbon\u00a0\u00bb button_text=\u00a0\u00bbInscription + D\u00e9tails\u00a0\u00bb _builder_version=\u00a0\u00bb4.22.2&Prime; _module_preset=\u00a0\u00bb6414ef9f-e386-4555-a7b7-4544a239078b\u00a0\u00bb custom_button=\u00a0\u00bbon\u00a0\u00bb button_text_size=\u00a0\u00bb14px\u00a0\u00bb button_text_color=\u00a0\u00bb#ef8451&Prime; button_border_width=\u00a0\u00bb1px\u00a0\u00bb button_border_color=\u00a0\u00bb#ef8451&Prime; button_border_radius=\u00a0\u00bb37px\u00a0\u00bb button_letter_spacing=\u00a0\u00bb1px\u00a0\u00bb button_font=\u00a0\u00bbDM Sans|700||on|||||\u00a0\u00bb custom_padding=\u00a0\u00bb15px|24px|12px|24px|false|true\u00a0\u00bb locked=\u00a0\u00bboff\u00a0\u00bb global_colors_info=\u00a0\u00bb{}\u00a0\u00bb button_text_color__hover_enabled=\u00a0\u00bbon|hover\u00a0\u00bb button_text_color__hover=\u00a0\u00bb#FFFFFF\u00a0\u00bb button_bg_color__hover_enabled=\u00a0\u00bbon|hover\u00a0\u00bb button_bg_color__hover=\u00a0\u00bb#ef8451&Prime; button_bg_enable_color__hover=\u00a0\u00bbon\u00a0\u00bb][\/et_pb_button][\/et_pb_column][\/et_pb_row][et_pb_row column_structure=\u00a0\u00bb1_4,1_4,1_2&Prime; _builder_version=\u00a0\u00bb4.22.2&Prime; _module_preset=\u00a0\u00bbdefault\u00a0\u00bb filter_saturate=\u00a0\u00bb0%\u00a0\u00bb filter_brightness=\u00a0\u00bb90%\u00a0\u00bb global_colors_info=\u00a0\u00bb{}\u00a0\u00bb][et_pb_column type=\u00a0\u00bb1_4&Prime; _builder_version=\u00a0\u00bb4.16&Prime; _module_preset=\u00a0\u00bbdefault\u00a0\u00bb global_colors_info=\u00a0\u00bb{}\u00a0\u00bb][et_pb_blurb title=\u00a0\u00bb4&Prime; _builder_version=\u00a0\u00bb4.21.0&Prime; _module_preset=\u00a0\u00bbdab8ae77-843d-4934-a7b3-8e57f832b52c\u00a0\u00bb header_font=\u00a0\u00bbDM Sans|700|||||||\u00a0\u00bb header_text_color=\u00a0\u00bb#0F393B\u00a0\u00bb header_font_size=\u00a0\u00bb56px\u00a0\u00bb body_font=\u00a0\u00bbDM Sans|700||on|||||\u00a0\u00bb body_text_color=\u00a0\u00bb#EF8451&Prime; body_letter_spacing=\u00a0\u00bb1px\u00a0\u00bb background_color=\u00a0\u00bb#FFFFFF\u00a0\u00bb text_orientation=\u00a0\u00bbcenter\u00a0\u00bb custom_padding=\u00a0\u00bb40px|20px|40px|20px|true|true\u00a0\u00bb border_radii=\u00a0\u00bbon|20px|20px|20px|20px\u00a0\u00bb global_colors_info=\u00a0\u00bb{}\u00a0\u00bb]<\/p>\n<p><strong>octobre<\/strong><br \/>2023<\/p>\n<p>[\/et_pb_blurb][et_pb_blurb title=\u00a0\u00bb10h-20h\u00a0\u00bb _builder_version=\u00a0\u00bb4.21.0&Prime; _module_preset=\u00a0\u00bbdab8ae77-843d-4934-a7b3-8e57f832b52c\u00a0\u00bb header_font=\u00a0\u00bbDM Sans|700|||||||\u00a0\u00bb header_text_color=\u00a0\u00bb#0F393B\u00a0\u00bb header_font_size=\u00a0\u00bb40px\u00a0\u00bb body_font=\u00a0\u00bbDM Sans|700||on|||||\u00a0\u00bb body_text_color=\u00a0\u00bb#EF8451&Prime; body_letter_spacing=\u00a0\u00bb1px\u00a0\u00bb background_color=\u00a0\u00bb#FFFFFF\u00a0\u00bb text_orientation=\u00a0\u00bbcenter\u00a0\u00bb custom_margin=\u00a0\u00bb9px|||||\u00a0\u00bb custom_padding=\u00a0\u00bb41px|20px|41px|20px|true|true\u00a0\u00bb border_radii=\u00a0\u00bbon|20px|20px|20px|20px\u00a0\u00bb global_colors_info=\u00a0\u00bb{}\u00a0\u00bb][\/et_pb_blurb][\/et_pb_column][et_pb_column type=\u00a0\u00bb1_4&Prime; _builder_version=\u00a0\u00bb4.16&Prime; _module_preset=\u00a0\u00bbdefault\u00a0\u00bb global_colors_info=\u00a0\u00bb{}\u00a0\u00bb][et_pb_image src=\u00a0\u00bbhttps:\/\/www.les-grands-moulins.fr\/V4\/wp-content\/uploads\/2023\/09\/expo-scenes-de-vie-miniatures-jc-motret.jpg\u00a0\u00bb title_text=\u00a0\u00bbexpo-scenes-de-vie-miniatures-jc-motret\u00a0\u00bb _builder_version=\u00a0\u00bb4.22.2&Prime; _module_preset=\u00a0\u00bbdefault\u00a0\u00bb min_height=\u00a0\u00bb336.2px\u00a0\u00bb custom_padding=\u00a0\u00bb|0px||||\u00a0\u00bb locked=\u00a0\u00bboff\u00a0\u00bb global_colors_info=\u00a0\u00bb{}\u00a0\u00bb][\/et_pb_image][\/et_pb_column][et_pb_column type=\u00a0\u00bb1_2&Prime; _builder_version=\u00a0\u00bb4.16&Prime; _module_preset=\u00a0\u00bbdefault\u00a0\u00bb global_colors_info=\u00a0\u00bb{}\u00a0\u00bb][et_pb_text _builder_version=\u00a0\u00bb4.16&Prime; _module_preset=\u00a0\u00bb03ed4834-a81a-41ec-bfd6-98a6a9949751&Prime; header_font=\u00a0\u00bb||||||||\u00a0\u00bb header_3_font=\u00a0\u00bbDM Sans||||||||\u00a0\u00bb header_3_text_color=\u00a0\u00bb#093532&Prime; header_3_font_size=\u00a0\u00bb36px\u00a0\u00bb header_3_letter_spacing=\u00a0\u00bb-0.02em\u00a0\u00bb header_3_line_height=\u00a0\u00bb1.2em\u00a0\u00bb custom_margin=\u00a0\u00bb||10px||false|false\u00a0\u00bb header_3_font_size_tablet=\u00a0\u00bb20px\u00a0\u00bb header_3_font_size_phone=\u00a0\u00bb16px\u00a0\u00bb header_3_font_size_last_edited=\u00a0\u00bbon|phone\u00a0\u00bb locked=\u00a0\u00bboff\u00a0\u00bb global_colors_info=\u00a0\u00bb{}\u00a0\u00bb]<\/p>\n<h3><strong>Exposition Sc\u00e8ne de vis Miniature<br \/><\/strong><\/h3>\n<p>[\/et_pb_text][et_pb_text _builder_version=\u00a0\u00bb4.22.2&Prime; _module_preset=\u00a0\u00bb41d5859c-fbaa-458a-88e4-5d886857f235&Prime; text_font=\u00a0\u00bb||||||||\u00a0\u00bb text_text_color=\u00a0\u00bb#0F393B\u00a0\u00bb text_font_size=\u00a0\u00bb18px\u00a0\u00bb text_line_height=\u00a0\u00bb1.8em\u00a0\u00bb custom_margin=\u00a0\u00bb|-10px||||\u00a0\u00bb custom_padding=\u00a0\u00bb|2px|0px|||\u00a0\u00bb text_font_size_tablet=\u00a0\u00bb16px\u00a0\u00bb text_font_size_phone=\u00a0\u00bb14px\u00a0\u00bb text_font_size_last_edited=\u00a0\u00bbon|phone\u00a0\u00bb locked=\u00a0\u00bboff\u00a0\u00bb global_colors_info=\u00a0\u00bb{}\u00a0\u00bb]Un voyage au pays du d\u00e9tail dans le petit monde de Jean-Claude Motret, habitant de Genouilly et une des personnes fid\u00e8les \u00e0 notre Espace de vie sociale.<\/p><\/div>\n<p>Jean-Claude vous invite \u00e0 d\u00e9couvrir sa passion et des sc\u00e8nes qui n\u00e9cessitent des dizaines d&rsquo;heures de travail.<\/p>\n<p>Date : mercredi 4 octobre de 10h \u00e0 20h<br \/>\nLieu : Les Grands Moulins, Gra\u00e7ay (Salle B2)<br \/>\nAcc\u00e8s et Parking : place Jean Chaudron (cot\u00e9 pharmacie).<br \/>\nRenseignement au 02 48 51 29 96[\/et_pb_text][et_pb_button button_url=\u00a0\u00bbhttps:\/\/www.les-grands-moulins.fr\/V4\/wp-content\/uploads\/2023\/09\/expo-scenes-de-vie-miniatures-jc-motret.jpg\u00a0\u00bb url_new_window=\u00a0\u00bbon\u00a0\u00bb button_text=\u00a0\u00bb+ D\u00e9tails\u00a0\u00bb _builder_version=\u00a0\u00bb4.22.2&Prime; _module_preset=\u00a0\u00bb6414ef9f-e386-4555-a7b7-4544a239078b\u00a0\u00bb custom_button=\u00a0\u00bbon\u00a0\u00bb button_text_size=\u00a0\u00bb14px\u00a0\u00bb button_text_color=\u00a0\u00bb#ef8451&Prime; button_border_width=\u00a0\u00bb1px\u00a0\u00bb button_border_color=\u00a0\u00bb#ef8451&Prime; button_border_radius=\u00a0\u00bb37px\u00a0\u00bb button_letter_spacing=\u00a0\u00bb1px\u00a0\u00bb button_font=\u00a0\u00bbDM Sans|700||on|||||\u00a0\u00bb custom_padding=\u00a0\u00bb15px|24px|12px|24px|false|true\u00a0\u00bb locked=\u00a0\u00bboff\u00a0\u00bb global_colors_info=\u00a0\u00bb{}\u00a0\u00bb button_text_color__hover_enabled=\u00a0\u00bbon|hover\u00a0\u00bb button_text_color__hover=\u00a0\u00bb#FFFFFF\u00a0\u00bb button_bg_color__hover_enabled=\u00a0\u00bbon|hover\u00a0\u00bb button_bg_color__hover=\u00a0\u00bb#ef8451&Prime; button_bg_enable_color__hover=\u00a0\u00bbon\u00a0\u00bb][\/et_pb_button][\/et_pb_column][\/et_pb_row][et_pb_row column_structure=\u00a0\u00bb1_4,1_4,1_2&Prime; _builder_version=\u00a0\u00bb4.22.2&Prime; _module_preset=\u00a0\u00bbdefault\u00a0\u00bb filter_saturate=\u00a0\u00bb0%\u00a0\u00bb filter_brightness=\u00a0\u00bb90%\u00a0\u00bb global_colors_info=\u00a0\u00bb{}\u00a0\u00bb][et_pb_column type=\u00a0\u00bb1_4&Prime; _builder_version=\u00a0\u00bb4.16&Prime; _module_preset=\u00a0\u00bbdefault\u00a0\u00bb global_colors_info=\u00a0\u00bb{}\u00a0\u00bb][et_pb_blurb title=\u00a0\u00bb30-5&Prime; _builder_version=\u00a0\u00bb4.21.0&Prime; _module_preset=\u00a0\u00bbdab8ae77-843d-4934-a7b3-8e57f832b52c\u00a0\u00bb header_font=\u00a0\u00bbDM Sans|700|||||||\u00a0\u00bb header_text_color=\u00a0\u00bb#0F393B\u00a0\u00bb header_font_size=\u00a0\u00bb56px\u00a0\u00bb body_font=\u00a0\u00bbDM Sans|700||on|||||\u00a0\u00bb body_text_color=\u00a0\u00bb#EF8451&Prime; body_letter_spacing=\u00a0\u00bb1px\u00a0\u00bb background_color=\u00a0\u00bb#FFFFFF\u00a0\u00bb text_orientation=\u00a0\u00bbcenter\u00a0\u00bb custom_padding=\u00a0\u00bb40px|20px|40px|20px|true|true\u00a0\u00bb border_radii=\u00a0\u00bbon|20px|20px|20px|20px\u00a0\u00bb global_colors_info=\u00a0\u00bb{}\u00a0\u00bb]<\/p>\n<p><strong>Juillet &#8211; Ao\u00fbt<\/strong><br \/>2023<\/p>\n<p>[\/et_pb_blurb][\/et_pb_column][et_pb_column type=\u00a0\u00bb1_4&Prime; _builder_version=\u00a0\u00bb4.16&Prime; _module_preset=\u00a0\u00bbdefault\u00a0\u00bb global_colors_info=\u00a0\u00bb{}\u00a0\u00bb][et_pb_image src=\u00a0\u00bbhttps:\/\/www.les-grands-moulins.fr\/V4\/wp-content\/uploads\/2023\/07\/stage-tandem-franco-allemand-affiche.jpg\u00a0\u00bb title_text=\u00a0\u00bbstage tandem franco-allemand-affiche\u00a0\u00bb _builder_version=\u00a0\u00bb4.21.0&Prime; _module_preset=\u00a0\u00bbdefault\u00a0\u00bb min_height=\u00a0\u00bb336.2px\u00a0\u00bb custom_padding=\u00a0\u00bb|0px||||\u00a0\u00bb locked=\u00a0\u00bboff\u00a0\u00bb global_colors_info=\u00a0\u00bb{}\u00a0\u00bb][\/et_pb_image][\/et_pb_column][et_pb_column type=\u00a0\u00bb1_2&Prime; _builder_version=\u00a0\u00bb4.16&Prime; _module_preset=\u00a0\u00bbdefault\u00a0\u00bb global_colors_info=\u00a0\u00bb{}\u00a0\u00bb][et_pb_text _builder_version=\u00a0\u00bb4.21.0&Prime; _module_preset=\u00a0\u00bb03ed4834-a81a-41ec-bfd6-98a6a9949751&Prime; header_font=\u00a0\u00bb||||||||\u00a0\u00bb header_3_font=\u00a0\u00bbDM Sans||||||||\u00a0\u00bb header_3_text_color=\u00a0\u00bb#093532&Prime; header_3_font_size=\u00a0\u00bb36px\u00a0\u00bb header_3_letter_spacing=\u00a0\u00bb-0.02em\u00a0\u00bb header_3_line_height=\u00a0\u00bb1.2em\u00a0\u00bb custom_margin=\u00a0\u00bb||10px||false|false\u00a0\u00bb header_3_font_size_tablet=\u00a0\u00bb20px\u00a0\u00bb header_3_font_size_phone=\u00a0\u00bb16px\u00a0\u00bb header_3_font_size_last_edited=\u00a0\u00bbon|phone\u00a0\u00bb locked=\u00a0\u00bboff\u00a0\u00bb global_colors_info=\u00a0\u00bb{}\u00a0\u00bb]<\/p>\n<h3><strong>Stage Tandem Franco-Allemand<br \/><\/strong><\/h3>\n<p>[\/et_pb_text][et_pb_text _builder_version=\u00a0\u00bb4.21.0&Prime; _module_preset=\u00a0\u00bb41d5859c-fbaa-458a-88e4-5d886857f235&Prime; text_font=\u00a0\u00bb||||||||\u00a0\u00bb text_text_color=\u00a0\u00bb#0F393B\u00a0\u00bb text_font_size=\u00a0\u00bb18px\u00a0\u00bb text_line_height=\u00a0\u00bb1.8em\u00a0\u00bb custom_margin=\u00a0\u00bb|-10px||||\u00a0\u00bb custom_padding=\u00a0\u00bb|2px|0px|||\u00a0\u00bb text_font_size_tablet=\u00a0\u00bb16px\u00a0\u00bb text_font_size_phone=\u00a0\u00bb14px\u00a0\u00bb text_font_size_last_edited=\u00a0\u00bbon|phone\u00a0\u00bb locked=\u00a0\u00bboff\u00a0\u00bb global_colors_info=\u00a0\u00bb{}\u00a0\u00bb]Le centre des Grands Moulins accueillera le 30 juillet, et pour une dur\u00e9e de 6 jours, le stage franco-allemand \u00abTandem\u00bb.<br \/>\nApr\u00e8s une premi\u00e8re partie qui se d\u00e9roulera en Allemagne entre le 24 et le 30 juillet, les jeunes stagiaires fran\u00e7ais et allemands vont cl\u00f4turer leur s\u00e9jour \u00e0 Gra\u00e7ay, pour une semaine riche d\u2019\u00e9changes et de rencontres avec des jeux ludiques et des activit\u00e9s sportives pratiqu\u00e9s en bin\u00f4mes.<\/p>\n<p>Le stage \u00abTandem\u00bb permet aux jeunes de chaque pays de se perfectionner dans la langue du partenaire et profiter de l\u2019aspect interculturel des \u00e9changes.[\/et_pb_text][et_pb_button button_url=\u00a0\u00bbhttps:\/\/www.les-grands-moulins.fr\/V4\/wp-content\/uploads\/2023\/07\/Tandem-stage-Franco-allemand.pdf\u00a0\u00bb url_new_window=\u00a0\u00bbon\u00a0\u00bb button_text=\u00a0\u00bbInscription + D\u00e9tails\u00a0\u00bb _builder_version=\u00a0\u00bb4.21.0&Prime; _module_preset=\u00a0\u00bb6414ef9f-e386-4555-a7b7-4544a239078b\u00a0\u00bb custom_button=\u00a0\u00bbon\u00a0\u00bb button_text_size=\u00a0\u00bb14px\u00a0\u00bb button_text_color=\u00a0\u00bb#ef8451&Prime; button_border_width=\u00a0\u00bb1px\u00a0\u00bb button_border_color=\u00a0\u00bb#ef8451&Prime; button_border_radius=\u00a0\u00bb37px\u00a0\u00bb button_letter_spacing=\u00a0\u00bb1px\u00a0\u00bb button_font=\u00a0\u00bbDM Sans|700||on|||||\u00a0\u00bb custom_padding=\u00a0\u00bb15px|24px|12px|24px|false|true\u00a0\u00bb locked=\u00a0\u00bboff\u00a0\u00bb global_colors_info=\u00a0\u00bb{}\u00a0\u00bb button_text_color__hover_enabled=\u00a0\u00bbon|hover\u00a0\u00bb button_text_color__hover=\u00a0\u00bb#FFFFFF\u00a0\u00bb button_bg_color__hover_enabled=\u00a0\u00bbon|hover\u00a0\u00bb button_bg_color__hover=\u00a0\u00bb#ef8451&Prime; button_bg_enable_color__hover=\u00a0\u00bbon\u00a0\u00bb][\/et_pb_button][\/et_pb_column][\/et_pb_row][et_pb_row column_structure=\u00a0\u00bb1_4,1_4,1_2&Prime; _builder_version=\u00a0\u00bb4.22.2&Prime; _module_preset=\u00a0\u00bbdefault\u00a0\u00bb filter_saturate=\u00a0\u00bb0%\u00a0\u00bb filter_brightness=\u00a0\u00bb90%\u00a0\u00bb global_colors_info=\u00a0\u00bb{}\u00a0\u00bb][et_pb_column type=\u00a0\u00bb1_4&Prime; _builder_version=\u00a0\u00bb4.16&Prime; _module_preset=\u00a0\u00bbdefault\u00a0\u00bb global_colors_info=\u00a0\u00bb{}\u00a0\u00bb][et_pb_blurb title=\u00a0\u00bb17 &#8211; 7&Prime; _builder_version=\u00a0\u00bb4.21.0&Prime; _module_preset=\u00a0\u00bbdab8ae77-843d-4934-a7b3-8e57f832b52c\u00a0\u00bb header_font=\u00a0\u00bbDM Sans|700|||||||\u00a0\u00bb header_text_color=\u00a0\u00bb#0F393B\u00a0\u00bb header_font_size=\u00a0\u00bb56px\u00a0\u00bb body_font=\u00a0\u00bbDM Sans|700||on|||||\u00a0\u00bb body_text_color=\u00a0\u00bb#EF8451&Prime; body_letter_spacing=\u00a0\u00bb1px\u00a0\u00bb background_color=\u00a0\u00bb#FFFFFF\u00a0\u00bb text_orientation=\u00a0\u00bbcenter\u00a0\u00bb custom_padding=\u00a0\u00bb40px|20px|40px|20px|true|true\u00a0\u00bb border_radii=\u00a0\u00bbon|20px|20px|20px|20px\u00a0\u00bb global_colors_info=\u00a0\u00bb{}\u00a0\u00bb]<\/p>\n<p><strong>Juillet &#8211; Ao\u00fbt<\/strong><br \/>2023<\/p>\n<p>[\/et_pb_blurb][\/et_pb_column][et_pb_column type=\u00a0\u00bb1_4&Prime; _builder_version=\u00a0\u00bb4.16&Prime; _module_preset=\u00a0\u00bbdefault\u00a0\u00bb global_colors_info=\u00a0\u00bb{}\u00a0\u00bb][et_pb_image src=\u00a0\u00bbhttps:\/\/www.les-grands-moulins.fr\/V4\/wp-content\/uploads\/2023\/07\/tournoi-RocketLeague-2023-online.jpg\u00a0\u00bb title_text=\u00a0\u00bbtournoi-RocketLeague-2023-online\u00a0\u00bb _builder_version=\u00a0\u00bb4.21.0&Prime; _module_preset=\u00a0\u00bbdefault\u00a0\u00bb min_height=\u00a0\u00bb336.2px\u00a0\u00bb custom_padding=\u00a0\u00bb|0px||||\u00a0\u00bb locked=\u00a0\u00bboff\u00a0\u00bb global_colors_info=\u00a0\u00bb{}\u00a0\u00bb][\/et_pb_image][\/et_pb_column][et_pb_column type=\u00a0\u00bb1_2&Prime; _builder_version=\u00a0\u00bb4.16&Prime; _module_preset=\u00a0\u00bbdefault\u00a0\u00bb global_colors_info=\u00a0\u00bb{}\u00a0\u00bb][et_pb_text _builder_version=\u00a0\u00bb4.16&Prime; _module_preset=\u00a0\u00bb03ed4834-a81a-41ec-bfd6-98a6a9949751&Prime; header_font=\u00a0\u00bb||||||||\u00a0\u00bb header_3_font=\u00a0\u00bbDM Sans||||||||\u00a0\u00bb header_3_text_color=\u00a0\u00bb#093532&Prime; header_3_font_size=\u00a0\u00bb36px\u00a0\u00bb header_3_letter_spacing=\u00a0\u00bb-0.02em\u00a0\u00bb header_3_line_height=\u00a0\u00bb1.2em\u00a0\u00bb custom_margin=\u00a0\u00bb||10px||false|false\u00a0\u00bb header_3_font_size_tablet=\u00a0\u00bb20px\u00a0\u00bb header_3_font_size_phone=\u00a0\u00bb16px\u00a0\u00bb header_3_font_size_last_edited=\u00a0\u00bbon|phone\u00a0\u00bb locked=\u00a0\u00bboff\u00a0\u00bb global_colors_info=\u00a0\u00bb{}\u00a0\u00bb]<\/p>\n<h3><strong>Tournoi Rocket League<br \/><\/strong><\/h3>\n<p>[\/et_pb_text][et_pb_text _builder_version=\u00a0\u00bb4.21.0&Prime; _module_preset=\u00a0\u00bb41d5859c-fbaa-458a-88e4-5d886857f235&Prime; text_font=\u00a0\u00bb||||||||\u00a0\u00bb text_text_color=\u00a0\u00bb#0F393B\u00a0\u00bb text_font_size=\u00a0\u00bb18px\u00a0\u00bb text_line_height=\u00a0\u00bb1.8em\u00a0\u00bb custom_margin=\u00a0\u00bb|-10px||||\u00a0\u00bb custom_padding=\u00a0\u00bb|2px|0px|||\u00a0\u00bb text_font_size_tablet=\u00a0\u00bb16px\u00a0\u00bb text_font_size_phone=\u00a0\u00bb14px\u00a0\u00bb text_font_size_last_edited=\u00a0\u00bbon|phone\u00a0\u00bb locked=\u00a0\u00bboff\u00a0\u00bb global_colors_info=\u00a0\u00bb{}\u00a0\u00bb]<\/p>\n<p><span class=\"x193iq5w xeuugli x13faqbe x1vvkbs x1xmvt09 x1lliihq x1s928wv xhkezso x1gmr53x x1cpjm7i x1fgarty x1943h6x xudqn12 x3x7a5m x6prxxf xvq8zen xo1l8bm xzsf02u\" dir=\"auto\">Que tu sois sur manette (console) ou clavier (PC), rejoins-nous sur notre premier tournoi Rocket League 2vs2 en ligne !<\/span><\/p>\n<p><span class=\"x193iq5w xeuugli x13faqbe x1vvkbs x1xmvt09 x1lliihq x1s928wv xhkezso x1gmr53x x1cpjm7i x1fgarty x1943h6x xudqn12 x3x7a5m x6prxxf xvq8zen xo1l8bm xzsf02u\" dir=\"auto\">Le tournoi commence le 17 juillet et finit le 7 ao\u00fbt.<\/span><\/p>\n<p><span class=\"x193iq5w xeuugli x13faqbe x1vvkbs x1xmvt09 x1lliihq x1s928wv xhkezso x1gmr53x x1cpjm7i x1fgarty x1943h6x xudqn12 x3x7a5m x6prxxf xvq8zen xo1l8bm xzsf02u\" dir=\"auto\">Possibilit\u00e9 de s&rsquo;inscrire jusqu&rsquo;\u00e0 2 jours avant le d\u00e9but de la comp\u00e9tition, via ce lien : <span><a class=\"x1i10hfl xjbqb8w x6umtig x1b1mbwd xaqea5y xav7gou x9f619 x1ypdohk xt0psk2 xe8uvvx xdj266r x11i5rnm xat24cr x1mh8g0r xexx8yu x4uap5 x18d9i69 xkhd6sd x16tdsg8 x1hl2dhg xggy1nq x1a2a7pz xt0b8zv x1fey0fg\" href=\"https:\/\/challonge.com\/fr\/tournaments\/signup\/KaXJHXbxfz?fbclid=IwAR1XU7yPR_MYbi1Q_ey_NNHXB4_YZ3Tchkx2q405M5JfIKh-6mYA9v42fGo\" rel=\"nofollow noopener noreferrer\" role=\"link\" target=\"_blank\" tabindex=\"0\">https:\/\/challonge.com\/fr\/tournaments\/signup\/KaXJHXbxfz<\/a><\/span><\/span><\/p>\n<p>Les matchs sont du 2 contre 2 par 2 manches gagnantes et durent 5 minutes.<\/p>\n<p>Le jeu est multi-plateformes et gratuit pour tous.<\/p>\n<p>Un \u00ab\u00a0Discord\u00a0\u00bb est ouvert pour discuter entre participants et ainsi organiser leurs rencontres. <span><a class=\"x1i10hfl xjbqb8w x6umtig x1b1mbwd xaqea5y xav7gou x9f619 x1ypdohk xt0psk2 xe8uvvx xdj266r x11i5rnm xat24cr x1mh8g0r xexx8yu x4uap5 x18d9i69 xkhd6sd x16tdsg8 x1hl2dhg xggy1nq x1a2a7pz xt0b8zv x1fey0fg\" href=\"https:\/\/discord.gg\/37qPnKq2aC?fbclid=IwAR1kmlHB1QHJt79WXd8NohVo4guB1OGOFdByFzdQPOGx9MsPr7Z9IFrtO8E\" rel=\"nofollow noopener noreferrer\" role=\"link\" target=\"_blank\" tabindex=\"0\">https:\/\/discord.gg\/37qPnKq2aC<\/a><\/span><\/p>\n<p>A toi de jouer ! <span class=\"x3nfvp2 x1j61x8r x1fcty0u xdj266r xhhsvwb xat24cr xgzva0m xxymvpz xlup9mm x1kky2od\"><img loading=\"lazy\" decoding=\"async\" alt=\"\ud83d\udd79\" referrerpolicy=\"origin-when-cross-origin\" src=\"https:\/\/static.xx.fbcdn.net\/images\/emoji.php\/v9\/tc8\/1.5\/16\/1f579.png\" width=\"16\" height=\"16\" \/><\/span><\/p>\n<p>[\/et_pb_text][et_pb_button button_url=\u00a0\u00bbhttps:\/\/www.les-grands-moulins.fr\/V4\/wp-content\/uploads\/2023\/07\/tournoi-RocketLeague-2023-online.jpg\u00a0\u00bb url_new_window=\u00a0\u00bbon\u00a0\u00bb button_text=\u00a0\u00bbInscription + D\u00e9tails\u00a0\u00bb _builder_version=\u00a0\u00bb4.21.0&Prime; _module_preset=\u00a0\u00bb6414ef9f-e386-4555-a7b7-4544a239078b\u00a0\u00bb custom_button=\u00a0\u00bbon\u00a0\u00bb button_text_size=\u00a0\u00bb14px\u00a0\u00bb button_text_color=\u00a0\u00bb#ef8451&Prime; button_border_width=\u00a0\u00bb1px\u00a0\u00bb button_border_color=\u00a0\u00bb#ef8451&Prime; button_border_radius=\u00a0\u00bb37px\u00a0\u00bb button_letter_spacing=\u00a0\u00bb1px\u00a0\u00bb button_font=\u00a0\u00bbDM Sans|700||on|||||\u00a0\u00bb custom_padding=\u00a0\u00bb15px|24px|12px|24px|false|true\u00a0\u00bb locked=\u00a0\u00bboff\u00a0\u00bb global_colors_info=\u00a0\u00bb{}\u00a0\u00bb button_text_color__hover_enabled=\u00a0\u00bbon|hover\u00a0\u00bb button_text_color__hover=\u00a0\u00bb#FFFFFF\u00a0\u00bb button_bg_color__hover_enabled=\u00a0\u00bbon|hover\u00a0\u00bb button_bg_color__hover=\u00a0\u00bb#ef8451&Prime; button_bg_enable_color__hover=\u00a0\u00bbon\u00a0\u00bb][\/et_pb_button][\/et_pb_column][\/et_pb_row][et_pb_row column_structure=\u00a0\u00bb1_4,1_4,1_2&Prime; _builder_version=\u00a0\u00bb4.21.0&Prime; _module_preset=\u00a0\u00bbdefault\u00a0\u00bb min_height=\u00a0\u00bb895.3px\u00a0\u00bb custom_margin=\u00a0\u00bb-33px|auto||auto||\u00a0\u00bb custom_padding=\u00a0\u00bb19px|||||\u00a0\u00bb filter_saturate=\u00a0\u00bb0%\u00a0\u00bb filter_brightness=\u00a0\u00bb90%\u00a0\u00bb global_colors_info=\u00a0\u00bb{}\u00a0\u00bb][et_pb_column type=\u00a0\u00bb1_4&Prime; _builder_version=\u00a0\u00bb4.16&Prime; _module_preset=\u00a0\u00bbdefault\u00a0\u00bb global_colors_info=\u00a0\u00bb{}\u00a0\u00bb][et_pb_blurb title=\u00a0\u00bb17&Prime; _builder_version=\u00a0\u00bb4.21.0&Prime; _module_preset=\u00a0\u00bbdab8ae77-843d-4934-a7b3-8e57f832b52c\u00a0\u00bb header_font=\u00a0\u00bbDM Sans|700|||||||\u00a0\u00bb header_text_color=\u00a0\u00bb#0F393B\u00a0\u00bb header_font_size=\u00a0\u00bb56px\u00a0\u00bb body_font=\u00a0\u00bbDM Sans|700||on|||||\u00a0\u00bb body_text_color=\u00a0\u00bb#EF8451&Prime; body_letter_spacing=\u00a0\u00bb1px\u00a0\u00bb background_color=\u00a0\u00bb#FFFFFF\u00a0\u00bb text_orientation=\u00a0\u00bbcenter\u00a0\u00bb custom_padding=\u00a0\u00bb40px|20px|40px|20px|true|true\u00a0\u00bb border_radii=\u00a0\u00bbon|20px|20px|20px|20px\u00a0\u00bb global_colors_info=\u00a0\u00bb{}\u00a0\u00bb]<\/p>\n<p><span style=\"color: #ff6600;\"><strong>juin<\/strong><\/span><br \/><span style=\"color: #ff6600;\">2023<\/span><\/p>\n<p>[\/et_pb_blurb][et_pb_blurb title=\u00a0\u00bb14h-20h\u00a0\u00bb _builder_version=\u00a0\u00bb4.21.0&Prime; _module_preset=\u00a0\u00bbdab8ae77-843d-4934-a7b3-8e57f832b52c\u00a0\u00bb header_font=\u00a0\u00bbDM Sans|700|||||||\u00a0\u00bb header_text_color=\u00a0\u00bb#0F393B\u00a0\u00bb header_font_size=\u00a0\u00bb40px\u00a0\u00bb body_font=\u00a0\u00bbDM Sans|700||on|||||\u00a0\u00bb body_text_color=\u00a0\u00bb#EF8451&Prime; body_letter_spacing=\u00a0\u00bb1px\u00a0\u00bb background_color=\u00a0\u00bb#FFFFFF\u00a0\u00bb text_orientation=\u00a0\u00bbcenter\u00a0\u00bb custom_margin=\u00a0\u00bb9px|||||\u00a0\u00bb custom_padding=\u00a0\u00bb41px|20px|41px|20px|true|true\u00a0\u00bb border_radii=\u00a0\u00bbon|20px|20px|20px|20px\u00a0\u00bb global_colors_info=\u00a0\u00bb{}\u00a0\u00bb][\/et_pb_blurb][\/et_pb_column][et_pb_column type=\u00a0\u00bb1_4&Prime; _builder_version=\u00a0\u00bb4.16&Prime; _module_preset=\u00a0\u00bbdefault\u00a0\u00bb global_colors_info=\u00a0\u00bb{}\u00a0\u00bb][et_pb_image src=\u00a0\u00bbhttps:\/\/www.les-grands-moulins.fr\/V4\/wp-content\/uploads\/2023\/06\/Hackathon-parents-jeunes-gracay-human-tech-days.jpg\u00a0\u00bb title_text=\u00a0\u00bbHackathon parents-jeunes gracay human tech days\u00a0\u00bb _builder_version=\u00a0\u00bb4.21.0&Prime; _module_preset=\u00a0\u00bbdefault\u00a0\u00bb min_height=\u00a0\u00bb336.2px\u00a0\u00bb custom_padding=\u00a0\u00bb|0px||||\u00a0\u00bb locked=\u00a0\u00bboff\u00a0\u00bb global_colors_info=\u00a0\u00bb{}\u00a0\u00bb][\/et_pb_image][\/et_pb_column][et_pb_column type=\u00a0\u00bb1_2&Prime; _builder_version=\u00a0\u00bb4.16&Prime; _module_preset=\u00a0\u00bbdefault\u00a0\u00bb global_colors_info=\u00a0\u00bb{}\u00a0\u00bb][et_pb_text _builder_version=\u00a0\u00bb4.21.0&Prime; _module_preset=\u00a0\u00bb03ed4834-a81a-41ec-bfd6-98a6a9949751&Prime; header_font=\u00a0\u00bb||||||||\u00a0\u00bb header_3_font=\u00a0\u00bbDM Sans||||||||\u00a0\u00bb header_3_text_color=\u00a0\u00bb#093532&Prime; header_3_font_size=\u00a0\u00bb36px\u00a0\u00bb header_3_letter_spacing=\u00a0\u00bb-0.02em\u00a0\u00bb header_3_line_height=\u00a0\u00bb1.2em\u00a0\u00bb custom_margin=\u00a0\u00bb||10px||false|false\u00a0\u00bb header_3_font_size_tablet=\u00a0\u00bb20px\u00a0\u00bb header_3_font_size_phone=\u00a0\u00bb16px\u00a0\u00bb header_3_font_size_last_edited=\u00a0\u00bbon|phone\u00a0\u00bb locked=\u00a0\u00bboff\u00a0\u00bb global_colors_info=\u00a0\u00bb{}\u00a0\u00bb]<\/p>\n<h3><strong>Hackathon &#8211; Human Tech Days<br \/><\/strong><\/h3>\n<p>[\/et_pb_text][et_pb_text _builder_version=\u00a0\u00bb4.21.0&Prime; _module_preset=\u00a0\u00bb41d5859c-fbaa-458a-88e4-5d886857f235&Prime; text_font=\u00a0\u00bb||||||||\u00a0\u00bb text_text_color=\u00a0\u00bb#0F393B\u00a0\u00bb text_font_size=\u00a0\u00bb18px\u00a0\u00bb text_line_height=\u00a0\u00bb1.8em\u00a0\u00bb custom_margin=\u00a0\u00bb|-10px||||\u00a0\u00bb custom_padding=\u00a0\u00bb|2px|0px|||\u00a0\u00bb text_font_size_tablet=\u00a0\u00bb16px\u00a0\u00bb text_font_size_phone=\u00a0\u00bb14px\u00a0\u00bb text_font_size_last_edited=\u00a0\u00bbon|phone\u00a0\u00bb locked=\u00a0\u00bboff\u00a0\u00bb global_colors_info=\u00a0\u00bb{}\u00a0\u00bb]<\/p>\n<div class=\"xdj266r x11i5rnm xat24cr x1mh8g0r x1vvkbs x126k92a\">\n<div dir=\"auto\" style=\"text-align: start;\"><span><span class=\"xt0psk2\">Le centre des <\/span><a class=\"x1i10hfl xjbqb8w x6umtig x1b1mbwd xaqea5y xav7gou x9f619 x1ypdohk xt0psk2 xe8uvvx xdj266r x11i5rnm xat24cr x1mh8g0r xexx8yu x4uap5 x18d9i69 xkhd6sd x16tdsg8 x1hl2dhg xggy1nq x1a2a7pz xt0b8zv x1qq9wsj xo1l8bm\" href=\"https:\/\/www.facebook.com\/lesgrandsmoulins18?__cft__[0]=AZUsb0uGNTfXIX7Em_d4Dl2NcJlmhm_mkuaq0CoGO5vk5hI_Ce-nSuTia-ptBP-Q0PaQxgdmCBjS76ZBTShBcxWqp-Ot1yg1MFcCY6F2jxa2BinzLoH_DlRWtygJVTuZ-GKyYyRvpezbq2r-tndwsSGf6J1jQwcW8_pMtkLk2Febaa01KukhfnfndGYk7qbE_uc&amp;__tn__=-]K-R\" role=\"link\" tabindex=\"0\"><span class=\"xt0psk2\">Grands Moulins de Gracay<\/span><\/a><\/span>, accueille le premier \u00ab\u00a0Hackathon Familles\u00a0\u00bb dans le cadre de Human Tech days.<\/div>\n<div dir=\"auto\" style=\"text-align: start;\">Une ambiance d\u00e9contract\u00e9s o\u00f9 esprit d&rsquo;\u00e9quipe et cr\u00e9ativit\u00e9 sont au rendez-vous.<\/div>\n<\/div>\n<div class=\"x11i5rnm xat24cr x1mh8g0r x1vvkbs xtlvy1s x126k92a\">\n<div dir=\"auto\" style=\"text-align: start;\"><\/div>\n<div dir=\"auto\" style=\"text-align: start;\">Venez imaginer un jeu ou cr\u00e9er des graphismes sans aucune connaissances informatiques !<\/div>\n<\/div>\n<div class=\"x11i5rnm xat24cr x1mh8g0r x1vvkbs xtlvy1s x126k92a\">\n<div dir=\"auto\" style=\"text-align: start;\">GRATUIT &#8211; TOUT PUBLIC &#8211; TOUT \u00c2GE<\/div>\n<\/div>\n<div class=\"x11i5rnm xat24cr x1mh8g0r x1vvkbs xtlvy1s x126k92a\">\n<div dir=\"auto\" style=\"text-align: start;\"><\/div>\n<div dir=\"auto\" style=\"text-align: start;\">\n<p>Objectif : Les \u00ab Hackathon familles \u00bb permettent aux parents, enfants, jeunes, de d\u00e9velopper des usages collaboratifs, se questionner sur les outils, leurs usages, exprimer des id\u00e9es et participer \u00e0 l\u2019innovation autour d\u2019outils de cr\u00e9ation.<\/p>\n<p>Autour d\u2019un tournoi de jeux vid\u00e9o, les groupes sont invit\u00e9s \u00e0 produire un gameplay.<\/p>\n<p>Des stands d\u2019\u00e9changes et d\u2019information sont anim\u00e9s afin de permettre aux familles d\u2019exprimer leurs int\u00e9r\u00eats, craintes, besoins autour des usages num\u00e9riques et leur accompagnement.<\/p>\n<\/div>\n<\/div>\n<p>[\/et_pb_text][et_pb_button button_url=\u00a0\u00bbhttps:\/\/www.les-grands-moulins.fr\/V4\/wp-content\/uploads\/2023\/06\/Hackathon-parents-jeunes-gracay-human-tech-days.jpg\u00a0\u00bb url_new_window=\u00a0\u00bbon\u00a0\u00bb button_text=\u00a0\u00bb+ D\u00e9tails\u00a0\u00bb _builder_version=\u00a0\u00bb4.21.0&Prime; _module_preset=\u00a0\u00bb6414ef9f-e386-4555-a7b7-4544a239078b\u00a0\u00bb custom_button=\u00a0\u00bbon\u00a0\u00bb button_text_size=\u00a0\u00bb14px\u00a0\u00bb button_text_color=\u00a0\u00bb#ef8451&Prime; button_border_width=\u00a0\u00bb1px\u00a0\u00bb button_border_color=\u00a0\u00bb#ef8451&Prime; button_border_radius=\u00a0\u00bb37px\u00a0\u00bb button_letter_spacing=\u00a0\u00bb1px\u00a0\u00bb button_font=\u00a0\u00bbDM Sans|700||on|||||\u00a0\u00bb custom_padding=\u00a0\u00bb15px|24px|12px|24px|false|true\u00a0\u00bb locked=\u00a0\u00bboff\u00a0\u00bb global_colors_info=\u00a0\u00bb{}\u00a0\u00bb button_text_color__hover_enabled=\u00a0\u00bbon|hover\u00a0\u00bb button_text_color__hover=\u00a0\u00bb#FFFFFF\u00a0\u00bb button_bg_color__hover_enabled=\u00a0\u00bbon|hover\u00a0\u00bb button_bg_color__hover=\u00a0\u00bb#ef8451&Prime; button_bg_enable_color__hover=\u00a0\u00bbon\u00a0\u00bb][\/et_pb_button][\/et_pb_column][\/et_pb_row][et_pb_row column_structure=\u00a0\u00bb1_4,1_4,1_2&Prime; _builder_version=\u00a0\u00bb4.21.0&Prime; _module_preset=\u00a0\u00bbdefault\u00a0\u00bb filter_saturate=\u00a0\u00bb0%\u00a0\u00bb filter_brightness=\u00a0\u00bb90%\u00a0\u00bb global_colors_info=\u00a0\u00bb{}\u00a0\u00bb][et_pb_column type=\u00a0\u00bb1_4&Prime; _builder_version=\u00a0\u00bb4.16&Prime; _module_preset=\u00a0\u00bbdefault\u00a0\u00bb global_colors_info=\u00a0\u00bb{}\u00a0\u00bb][et_pb_blurb title=\u00a0\u00bb17&Prime; _builder_version=\u00a0\u00bb4.21.0&Prime; _module_preset=\u00a0\u00bbdab8ae77-843d-4934-a7b3-8e57f832b52c\u00a0\u00bb header_font=\u00a0\u00bbDM Sans|700|||||||\u00a0\u00bb header_text_color=\u00a0\u00bb#0F393B\u00a0\u00bb header_font_size=\u00a0\u00bb56px\u00a0\u00bb body_font=\u00a0\u00bbDM Sans|700||on|||||\u00a0\u00bb body_text_color=\u00a0\u00bb#EF8451&Prime; body_letter_spacing=\u00a0\u00bb1px\u00a0\u00bb background_color=\u00a0\u00bb#FFFFFF\u00a0\u00bb text_orientation=\u00a0\u00bbcenter\u00a0\u00bb custom_padding=\u00a0\u00bb40px|20px|40px|20px|true|true\u00a0\u00bb border_radii=\u00a0\u00bbon|20px|20px|20px|20px\u00a0\u00bb global_colors_info=\u00a0\u00bb{}\u00a0\u00bb]<\/p>\n<p><strong>juin<\/strong><br \/>2023<\/p>\n<p>[\/et_pb_blurb][et_pb_blurb title=\u00a0\u00bb10h\u00a0\u00bb _builder_version=\u00a0\u00bb4.21.0&Prime; _module_preset=\u00a0\u00bbdab8ae77-843d-4934-a7b3-8e57f832b52c\u00a0\u00bb header_font=\u00a0\u00bbDM Sans|700|||||||\u00a0\u00bb header_text_color=\u00a0\u00bb#0F393B\u00a0\u00bb header_font_size=\u00a0\u00bb40px\u00a0\u00bb body_font=\u00a0\u00bbDM Sans|700||on|||||\u00a0\u00bb body_text_color=\u00a0\u00bb#EF8451&Prime; body_letter_spacing=\u00a0\u00bb1px\u00a0\u00bb background_color=\u00a0\u00bb#FFFFFF\u00a0\u00bb text_orientation=\u00a0\u00bbcenter\u00a0\u00bb custom_padding=\u00a0\u00bb40px|20px|40px|20px|true|true\u00a0\u00bb border_radii=\u00a0\u00bbon|20px|20px|20px|20px\u00a0\u00bb global_colors_info=\u00a0\u00bb{}\u00a0\u00bb][\/et_pb_blurb][\/et_pb_column][et_pb_column type=\u00a0\u00bb1_4&Prime; _builder_version=\u00a0\u00bb4.16&Prime; _module_preset=\u00a0\u00bbdefault\u00a0\u00bb global_colors_info=\u00a0\u00bb{}\u00a0\u00bb][et_pb_image src=\u00a0\u00bbhttps:\/\/www.les-grands-moulins.fr\/V4\/wp-content\/uploads\/2023\/06\/espace-de-vis-sociale-gracay-grands-moulins-1000&#215;800-1.jpg\u00a0\u00bb title_text=\u00a0\u00bbespace de vis sociale gracay grands moulins 1000&#215;800&Prime; _builder_version=\u00a0\u00bb4.21.0&Prime; _module_preset=\u00a0\u00bbdefault\u00a0\u00bb min_height=\u00a0\u00bb336.2px\u00a0\u00bb custom_padding=\u00a0\u00bb|0px||||\u00a0\u00bb locked=\u00a0\u00bboff\u00a0\u00bb global_colors_info=\u00a0\u00bb{}\u00a0\u00bb][\/et_pb_image][\/et_pb_column][et_pb_column type=\u00a0\u00bb1_2&Prime; _builder_version=\u00a0\u00bb4.16&Prime; _module_preset=\u00a0\u00bbdefault\u00a0\u00bb global_colors_info=\u00a0\u00bb{}\u00a0\u00bb][et_pb_text _builder_version=\u00a0\u00bb4.21.0&Prime; _module_preset=\u00a0\u00bb03ed4834-a81a-41ec-bfd6-98a6a9949751&Prime; header_font=\u00a0\u00bb||||||||\u00a0\u00bb header_3_font=\u00a0\u00bbDM Sans||||||||\u00a0\u00bb header_3_text_color=\u00a0\u00bb#093532&Prime; header_3_font_size=\u00a0\u00bb36px\u00a0\u00bb header_3_letter_spacing=\u00a0\u00bb-0.02em\u00a0\u00bb header_3_line_height=\u00a0\u00bb1.2em\u00a0\u00bb custom_margin=\u00a0\u00bb||10px||false|false\u00a0\u00bb header_3_font_size_tablet=\u00a0\u00bb20px\u00a0\u00bb header_3_font_size_phone=\u00a0\u00bb16px\u00a0\u00bb header_3_font_size_last_edited=\u00a0\u00bbon|phone\u00a0\u00bb locked=\u00a0\u00bboff\u00a0\u00bb global_colors_info=\u00a0\u00bb{}\u00a0\u00bb]<\/p>\n<h3><strong>R\u00e9union Bilan EVS<br \/><\/strong><\/h3>\n<p>[\/et_pb_text][et_pb_text _builder_version=\u00a0\u00bb4.21.0&Prime; _module_preset=\u00a0\u00bb41d5859c-fbaa-458a-88e4-5d886857f235&Prime; text_font=\u00a0\u00bb||||||||\u00a0\u00bb text_text_color=\u00a0\u00bb#0F393B\u00a0\u00bb text_font_size=\u00a0\u00bb18px\u00a0\u00bb text_line_height=\u00a0\u00bb1.8em\u00a0\u00bb custom_margin=\u00a0\u00bb|-10px||||\u00a0\u00bb custom_padding=\u00a0\u00bb|2px|0px|||\u00a0\u00bb text_font_size_tablet=\u00a0\u00bb16px\u00a0\u00bb text_font_size_phone=\u00a0\u00bb14px\u00a0\u00bb text_font_size_last_edited=\u00a0\u00bbon|phone\u00a0\u00bb locked=\u00a0\u00bboff\u00a0\u00bb global_colors_info=\u00a0\u00bb{}\u00a0\u00bb]<\/p>\n<p>Rencontre publique pour pr\u00e9senter le bilan des action et animations effectu\u00e9es \u00e0 l&rsquo;Espace de Vie Sociale (EVS).<\/p>\n<p>L\u2019Espace de Vie Sociale (EVS) c\u2019est un lieu de rencontre et d\u2019\u00e9changes interg\u00e9n\u00e9rationnels permettant de d\u00e9velopper des actions collectives ouverte \u00e0 tous, habitants (jeunes et adultes), familles et associations locales.<\/p>\n<p>L\u2019EVS a pour objectif de\u00a0:<\/p>\n<ul>\n<li>sensibiliser les habitants aux \u00e9conomies d\u2019\u00e9nergies;<\/li>\n<li>implication les habitants dans un projet collectif autour du d\u00e9veloppement durable;<\/li>\n<li>permettre la rencontre entre habitants;<\/li>\n<li>accompagner tous les publics aux usages num\u00e9riques gr\u00e2ce \u00e0 l\u2019espace public num\u00e9rique;<\/li>\n<li>mettre en place des rencontres vari\u00e9s et d\u2019autres projets collectifs;<\/li>\n<li>et favoriser l\u2019entraide entre habitants autour des savoirs et du bon sens<\/li>\n<\/ul>\n<p>[\/et_pb_text][et_pb_button button_url=\u00a0\u00bbhttps:\/\/www.les-grands-moulins.fr\/V4\/espace-de-vie-sociale\/\u00a0\u00bb url_new_window=\u00a0\u00bbon\u00a0\u00bb button_text=\u00a0\u00bbEspace de Vie Sociale\u00a0\u00bb _builder_version=\u00a0\u00bb4.21.0&Prime; _module_preset=\u00a0\u00bb6414ef9f-e386-4555-a7b7-4544a239078b\u00a0\u00bb custom_button=\u00a0\u00bbon\u00a0\u00bb button_text_size=\u00a0\u00bb14px\u00a0\u00bb button_text_color=\u00a0\u00bb#ef8451&Prime; button_border_width=\u00a0\u00bb1px\u00a0\u00bb button_border_color=\u00a0\u00bb#ef8451&Prime; button_border_radius=\u00a0\u00bb37px\u00a0\u00bb button_letter_spacing=\u00a0\u00bb1px\u00a0\u00bb button_font=\u00a0\u00bbDM Sans|700||on|||||\u00a0\u00bb custom_padding=\u00a0\u00bb15px|24px|12px|24px|false|true\u00a0\u00bb locked=\u00a0\u00bboff\u00a0\u00bb global_colors_info=\u00a0\u00bb{}\u00a0\u00bb button_text_color__hover_enabled=\u00a0\u00bbon|hover\u00a0\u00bb button_text_color__hover=\u00a0\u00bb#FFFFFF\u00a0\u00bb button_bg_color__hover_enabled=\u00a0\u00bbon|hover\u00a0\u00bb button_bg_color__hover=\u00a0\u00bb#ef8451&Prime; button_bg_enable_color__hover=\u00a0\u00bbon\u00a0\u00bb][\/et_pb_button][\/et_pb_column][\/et_pb_row][et_pb_row column_structure=\u00a0\u00bb1_4,1_4,1_2&Prime; _builder_version=\u00a0\u00bb4.21.0&Prime; _module_preset=\u00a0\u00bbdefault\u00a0\u00bb filter_saturate=\u00a0\u00bb0%\u00a0\u00bb filter_brightness=\u00a0\u00bb90%\u00a0\u00bb global_colors_info=\u00a0\u00bb{}\u00a0\u00bb][et_pb_column type=\u00a0\u00bb1_4&Prime; _builder_version=\u00a0\u00bb4.16&Prime; _module_preset=\u00a0\u00bbdefault\u00a0\u00bb global_colors_info=\u00a0\u00bb{}\u00a0\u00bb][et_pb_blurb title=\u00a0\u00bb4&Prime; _builder_version=\u00a0\u00bb4.21.0&Prime; _module_preset=\u00a0\u00bbdab8ae77-843d-4934-a7b3-8e57f832b52c\u00a0\u00bb header_font=\u00a0\u00bbDM Sans|700|||||||\u00a0\u00bb header_text_color=\u00a0\u00bb#0F393B\u00a0\u00bb header_font_size=\u00a0\u00bb56px\u00a0\u00bb body_font=\u00a0\u00bbDM Sans|700||on|||||\u00a0\u00bb body_text_color=\u00a0\u00bb#EF8451&Prime; body_letter_spacing=\u00a0\u00bb1px\u00a0\u00bb background_color=\u00a0\u00bb#FFFFFF\u00a0\u00bb text_orientation=\u00a0\u00bbcenter\u00a0\u00bb custom_padding=\u00a0\u00bb40px|20px|40px|20px|true|true\u00a0\u00bb border_radii=\u00a0\u00bbon|20px|20px|20px|20px\u00a0\u00bb global_colors_info=\u00a0\u00bb{}\u00a0\u00bb]<\/p>\n<p><strong>Juin<\/strong><br \/>2023<\/p>\n<p>[\/et_pb_blurb][et_pb_blurb title=\u00a0\u00bb10h-12h\u00a0\u00bb _builder_version=\u00a0\u00bb4.21.0&Prime; _module_preset=\u00a0\u00bbdab8ae77-843d-4934-a7b3-8e57f832b52c\u00a0\u00bb header_font=\u00a0\u00bbDM Sans|700|||||||\u00a0\u00bb header_text_color=\u00a0\u00bb#0F393B\u00a0\u00bb header_font_size=\u00a0\u00bb40px\u00a0\u00bb body_font=\u00a0\u00bbDM Sans|700||on|||||\u00a0\u00bb body_text_color=\u00a0\u00bb#EF8451&Prime; body_letter_spacing=\u00a0\u00bb1px\u00a0\u00bb background_color=\u00a0\u00bb#FFFFFF\u00a0\u00bb text_orientation=\u00a0\u00bbcenter\u00a0\u00bb custom_padding=\u00a0\u00bb40px|20px|40px|20px|true|true\u00a0\u00bb border_radii=\u00a0\u00bbon|20px|20px|20px|20px\u00a0\u00bb global_colors_info=\u00a0\u00bb{}\u00a0\u00bb][\/et_pb_blurb][\/et_pb_column][et_pb_column type=\u00a0\u00bb1_4&Prime; _builder_version=\u00a0\u00bb4.16&Prime; _module_preset=\u00a0\u00bbdefault\u00a0\u00bb global_colors_info=\u00a0\u00bb{}\u00a0\u00bb][et_pb_image src=\u00a0\u00bbhttps:\/\/www.les-grands-moulins.fr\/V4\/wp-content\/uploads\/2023\/07\/sortie-a-la-decouverte-de-la-biodiversite.jpg\u00a0\u00bb title_text=\u00a0\u00bbsortie-\u00e0-la-decouverte-de-la-biodiversit\u00e9\u00a0\u00bb _builder_version=\u00a0\u00bb4.21.0&Prime; _module_preset=\u00a0\u00bbdefault\u00a0\u00bb min_height=\u00a0\u00bb336.2px\u00a0\u00bb custom_padding=\u00a0\u00bb|0px||||\u00a0\u00bb locked=\u00a0\u00bboff\u00a0\u00bb global_colors_info=\u00a0\u00bb{}\u00a0\u00bb][\/et_pb_image][\/et_pb_column][et_pb_column type=\u00a0\u00bb1_2&Prime; _builder_version=\u00a0\u00bb4.16&Prime; _module_preset=\u00a0\u00bbdefault\u00a0\u00bb global_colors_info=\u00a0\u00bb{}\u00a0\u00bb][et_pb_text _builder_version=\u00a0\u00bb4.25.1&Prime; _module_preset=\u00a0\u00bb03ed4834-a81a-41ec-bfd6-98a6a9949751&Prime; header_font=\u00a0\u00bb||||||||\u00a0\u00bb header_3_font=\u00a0\u00bbDM Sans||||||||\u00a0\u00bb header_3_text_color=\u00a0\u00bb#093532&Prime; header_3_font_size=\u00a0\u00bb36px\u00a0\u00bb header_3_letter_spacing=\u00a0\u00bb-0.02em\u00a0\u00bb header_3_line_height=\u00a0\u00bb1.2em\u00a0\u00bb custom_margin=\u00a0\u00bb||10px||false|false\u00a0\u00bb header_3_font_size_tablet=\u00a0\u00bb20px\u00a0\u00bb header_3_font_size_phone=\u00a0\u00bb16px\u00a0\u00bb header_3_font_size_last_edited=\u00a0\u00bbon|phone\u00a0\u00bb locked=\u00a0\u00bboff\u00a0\u00bb global_colors_info=\u00a0\u00bb{}\u00a0\u00bb]<\/p>\n<h3><strong>A la d\u00e9couverte de la biodiversit\u00e9 !<br \/><\/strong><\/h3>\n<p>[\/et_pb_text][et_pb_text _builder_version=\u00a0\u00bb4.21.0&Prime; _module_preset=\u00a0\u00bb41d5859c-fbaa-458a-88e4-5d886857f235&Prime; text_font=\u00a0\u00bb||||||||\u00a0\u00bb text_text_color=\u00a0\u00bb#0F393B\u00a0\u00bb text_font_size=\u00a0\u00bb18px\u00a0\u00bb text_line_height=\u00a0\u00bb1.8em\u00a0\u00bb custom_margin=\u00a0\u00bb|-10px||||\u00a0\u00bb custom_padding=\u00a0\u00bb|2px|0px|||\u00a0\u00bb text_font_size_tablet=\u00a0\u00bb16px\u00a0\u00bb text_font_size_phone=\u00a0\u00bb14px\u00a0\u00bb text_font_size_last_edited=\u00a0\u00bbon|phone\u00a0\u00bb locked=\u00a0\u00bboff\u00a0\u00bb global_colors_info=\u00a0\u00bb{}\u00a0\u00bb]<\/p>\n<p>\u00a0A la d\u00e9couverte de la biodiversit\u00e9 !<\/p>\n<p>&nbsp;<\/p>\n<p>&nbsp;<\/p>\n<p>&nbsp;<\/p>\n<p>&#8212;-<\/p>\n<p>[\/et_pb_text][et_pb_button button_url=\u00a0\u00bbhttps:\/\/www.les-grands-moulins.fr\/V4\/wp-content\/uploads\/2023\/07\/sortie-a-la-decouverte-de-la-biodiversite.jpg\u00a0\u00bb url_new_window=\u00a0\u00bbon\u00a0\u00bb button_text=\u00a0\u00bb+ D\u00e9tails\u00a0\u00bb _builder_version=\u00a0\u00bb4.21.0&Prime; _module_preset=\u00a0\u00bb6414ef9f-e386-4555-a7b7-4544a239078b\u00a0\u00bb custom_button=\u00a0\u00bbon\u00a0\u00bb button_text_size=\u00a0\u00bb14px\u00a0\u00bb button_text_color=\u00a0\u00bb#ef8451&Prime; button_border_width=\u00a0\u00bb1px\u00a0\u00bb button_border_color=\u00a0\u00bb#ef8451&Prime; button_border_radius=\u00a0\u00bb37px\u00a0\u00bb button_letter_spacing=\u00a0\u00bb1px\u00a0\u00bb button_font=\u00a0\u00bbDM Sans|700||on|||||\u00a0\u00bb custom_padding=\u00a0\u00bb15px|24px|12px|24px|false|true\u00a0\u00bb locked=\u00a0\u00bboff\u00a0\u00bb global_colors_info=\u00a0\u00bb{}\u00a0\u00bb button_text_color__hover_enabled=\u00a0\u00bbon|hover\u00a0\u00bb button_text_color__hover=\u00a0\u00bb#FFFFFF\u00a0\u00bb button_bg_color__hover_enabled=\u00a0\u00bbon|hover\u00a0\u00bb button_bg_color__hover=\u00a0\u00bb#ef8451&Prime; button_bg_enable_color__hover=\u00a0\u00bbon\u00a0\u00bb][\/et_pb_button][\/et_pb_column][\/et_pb_row][et_pb_row column_structure=\u00a0\u00bb1_4,1_4,1_2&Prime; _builder_version=\u00a0\u00bb4.21.0&Prime; _module_preset=\u00a0\u00bbdefault\u00a0\u00bb filter_saturate=\u00a0\u00bb0%\u00a0\u00bb filter_brightness=\u00a0\u00bb90%\u00a0\u00bb global_colors_info=\u00a0\u00bb{}\u00a0\u00bb][et_pb_column type=\u00a0\u00bb1_4&Prime; _builder_version=\u00a0\u00bb4.16&Prime; _module_preset=\u00a0\u00bbdefault\u00a0\u00bb global_colors_info=\u00a0\u00bb{}\u00a0\u00bb][et_pb_blurb title=\u00a0\u00bb10&Prime; _builder_version=\u00a0\u00bb4.21.0&Prime; _module_preset=\u00a0\u00bbdab8ae77-843d-4934-a7b3-8e57f832b52c\u00a0\u00bb header_font=\u00a0\u00bbDM Sans|700|||||||\u00a0\u00bb header_text_color=\u00a0\u00bb#0F393B\u00a0\u00bb header_font_size=\u00a0\u00bb56px\u00a0\u00bb body_font=\u00a0\u00bbDM Sans|700||on|||||\u00a0\u00bb body_text_color=\u00a0\u00bb#EF8451&Prime; body_letter_spacing=\u00a0\u00bb1px\u00a0\u00bb background_color=\u00a0\u00bb#FFFFFF\u00a0\u00bb text_orientation=\u00a0\u00bbcenter\u00a0\u00bb custom_padding=\u00a0\u00bb40px|20px|40px|20px|true|true\u00a0\u00bb border_radii=\u00a0\u00bbon|20px|20px|20px|20px\u00a0\u00bb global_colors_info=\u00a0\u00bb{}\u00a0\u00bb]<\/p>\n<p><strong>Mars<\/strong><br \/>2023<\/p>\n<p>[\/et_pb_blurb][et_pb_blurb title=\u00a0\u00bb20h\u00a0\u00bb _builder_version=\u00a0\u00bb4.21.0&Prime; _module_preset=\u00a0\u00bbdab8ae77-843d-4934-a7b3-8e57f832b52c\u00a0\u00bb header_font=\u00a0\u00bbDM Sans|700|||||||\u00a0\u00bb header_text_color=\u00a0\u00bb#0F393B\u00a0\u00bb header_font_size=\u00a0\u00bb40px\u00a0\u00bb body_font=\u00a0\u00bbDM Sans|700||on|||||\u00a0\u00bb body_text_color=\u00a0\u00bb#EF8451&Prime; body_letter_spacing=\u00a0\u00bb1px\u00a0\u00bb background_color=\u00a0\u00bb#FFFFFF\u00a0\u00bb text_orientation=\u00a0\u00bbcenter\u00a0\u00bb custom_padding=\u00a0\u00bb40px|20px|40px|20px|true|true\u00a0\u00bb border_radii=\u00a0\u00bbon|20px|20px|20px|20px\u00a0\u00bb global_colors_info=\u00a0\u00bb{}\u00a0\u00bb][\/et_pb_blurb][\/et_pb_column][et_pb_column type=\u00a0\u00bb1_4&Prime; _builder_version=\u00a0\u00bb4.16&Prime; _module_preset=\u00a0\u00bbdefault\u00a0\u00bb global_colors_info=\u00a0\u00bb{}\u00a0\u00bb][et_pb_image src=\u00a0\u00bbhttps:\/\/www.les-grands-moulins.fr\/V4\/wp-content\/uploads\/2023\/07\/Soiree-Jouons-Mangeons-Partageons-mars-2023.jpg\u00a0\u00bb title_text=\u00a0\u00bbSoir\u00e9e Jouons-Mangeons-Partageons-mars 2023&Prime; _builder_version=\u00a0\u00bb4.21.0&Prime; _module_preset=\u00a0\u00bbdefault\u00a0\u00bb min_height=\u00a0\u00bb336.2px\u00a0\u00bb custom_padding=\u00a0\u00bb|0px||||\u00a0\u00bb locked=\u00a0\u00bboff\u00a0\u00bb global_colors_info=\u00a0\u00bb{}\u00a0\u00bb][\/et_pb_image][\/et_pb_column][et_pb_column type=\u00a0\u00bb1_2&Prime; _builder_version=\u00a0\u00bb4.16&Prime; _module_preset=\u00a0\u00bbdefault\u00a0\u00bb global_colors_info=\u00a0\u00bb{}\u00a0\u00bb][et_pb_text _builder_version=\u00a0\u00bb4.21.0&Prime; _module_preset=\u00a0\u00bb03ed4834-a81a-41ec-bfd6-98a6a9949751&Prime; header_font=\u00a0\u00bb||||||||\u00a0\u00bb header_3_font=\u00a0\u00bbDM Sans||||||||\u00a0\u00bb header_3_text_color=\u00a0\u00bb#093532&Prime; header_3_font_size=\u00a0\u00bb36px\u00a0\u00bb header_3_letter_spacing=\u00a0\u00bb-0.02em\u00a0\u00bb header_3_line_height=\u00a0\u00bb1.2em\u00a0\u00bb custom_margin=\u00a0\u00bb||10px||false|false\u00a0\u00bb header_3_font_size_tablet=\u00a0\u00bb20px\u00a0\u00bb header_3_font_size_phone=\u00a0\u00bb16px\u00a0\u00bb header_3_font_size_last_edited=\u00a0\u00bbon|phone\u00a0\u00bb locked=\u00a0\u00bboff\u00a0\u00bb global_colors_info=\u00a0\u00bb{}\u00a0\u00bb]<\/p>\n<h3><strong>Soir\u00e9e \u00ab\u00a0Jouons, mangeons, partageons\u00a0\u00bb<br \/><\/strong><\/h3>\n<p>[\/et_pb_text][et_pb_text _builder_version=\u00a0\u00bb4.21.0&Prime; _module_preset=\u00a0\u00bb41d5859c-fbaa-458a-88e4-5d886857f235&Prime; text_font=\u00a0\u00bb||||||||\u00a0\u00bb text_text_color=\u00a0\u00bb#0F393B\u00a0\u00bb text_font_size=\u00a0\u00bb18px\u00a0\u00bb text_line_height=\u00a0\u00bb1.8em\u00a0\u00bb custom_margin=\u00a0\u00bb|-10px||||\u00a0\u00bb custom_padding=\u00a0\u00bb|2px|0px|||\u00a0\u00bb text_font_size_tablet=\u00a0\u00bb16px\u00a0\u00bb text_font_size_phone=\u00a0\u00bb14px\u00a0\u00bb text_font_size_last_edited=\u00a0\u00bbon|phone\u00a0\u00bb locked=\u00a0\u00bboff\u00a0\u00bb global_colors_info=\u00a0\u00bb{}\u00a0\u00bb]<\/p>\n<div class=\"xdj266r x11i5rnm xat24cr x1mh8g0r x1vvkbs x126k92a\">\n<div dir=\"auto\" style=\"text-align: start;\">Vous les attendiez, elles reviennent\u2026. Les soir\u00e9es JMP (Jouons-Mangeons-Partageons ) sont de retour !<\/div>\n<\/div>\n<div class=\"x11i5rnm xat24cr x1mh8g0r x1vvkbs xtlvy1s x126k92a\">\n<div dir=\"auto\" style=\"text-align: start;\"><\/div>\n<div dir=\"auto\" style=\"text-align: start;\">Venez jouer, manger et partager un moment de convivialit\u00e9 !<\/div>\n<\/div>\n<div class=\"x11i5rnm xat24cr x1mh8g0r x1vvkbs xtlvy1s x126k92a\">\n<div dir=\"auto\" style=\"text-align: start;\">Gratuit<\/div>\n<div dir=\"auto\" style=\"text-align: start;\"><span><a tabindex=\"-1\"><\/a><\/span>Prochaine date : le vendredi 10 mars \u00e0 20h<\/div>\n<div dir=\"auto\" style=\"text-align: start;\">Lieu : Les Grands Moulins, 5 rue Jean Jaures, Gra\u00e7ay<\/div>\n<\/div>\n<div class=\"x11i5rnm xat24cr x1mh8g0r x1vvkbs xtlvy1s x126k92a\">\n<div dir=\"auto\" style=\"text-align: start;\">Plus d&rsquo;informations au 02 48 51 29 96.<\/div>\n<\/div>\n<p>&nbsp;<\/p>\n<p>&nbsp;<\/p>\n<p>&nbsp;<\/p>\n<p>&#8212;-<\/p>\n<p>[\/et_pb_text][et_pb_button button_url=\u00a0\u00bbhttps:\/\/www.les-grands-moulins.fr\/V4\/wp-content\/uploads\/2023\/07\/Soiree-Jouons-Mangeons-Partageons-mars-2023.jpg\u00a0\u00bb url_new_window=\u00a0\u00bbon\u00a0\u00bb button_text=\u00a0\u00bb+ D\u00e9tails\u00a0\u00bb _builder_version=\u00a0\u00bb4.21.0&Prime; _module_preset=\u00a0\u00bb6414ef9f-e386-4555-a7b7-4544a239078b\u00a0\u00bb custom_button=\u00a0\u00bbon\u00a0\u00bb button_text_size=\u00a0\u00bb14px\u00a0\u00bb button_text_color=\u00a0\u00bb#ef8451&Prime; button_border_width=\u00a0\u00bb1px\u00a0\u00bb button_border_color=\u00a0\u00bb#ef8451&Prime; button_border_radius=\u00a0\u00bb37px\u00a0\u00bb button_letter_spacing=\u00a0\u00bb1px\u00a0\u00bb button_font=\u00a0\u00bbDM Sans|700||on|||||\u00a0\u00bb custom_padding=\u00a0\u00bb15px|24px|12px|24px|false|true\u00a0\u00bb locked=\u00a0\u00bboff\u00a0\u00bb global_colors_info=\u00a0\u00bb{}\u00a0\u00bb button_text_color__hover_enabled=\u00a0\u00bbon|hover\u00a0\u00bb button_text_color__hover=\u00a0\u00bb#FFFFFF\u00a0\u00bb button_bg_color__hover_enabled=\u00a0\u00bbon|hover\u00a0\u00bb button_bg_color__hover=\u00a0\u00bb#ef8451&Prime; button_bg_enable_color__hover=\u00a0\u00bbon\u00a0\u00bb][\/et_pb_button][\/et_pb_column][\/et_pb_row][et_pb_row column_structure=\u00a0\u00bb1_4,1_4,1_2&Prime; _builder_version=\u00a0\u00bb4.21.0&Prime; _module_preset=\u00a0\u00bbdefault\u00a0\u00bb filter_saturate=\u00a0\u00bb0%\u00a0\u00bb filter_brightness=\u00a0\u00bb90%\u00a0\u00bb global_colors_info=\u00a0\u00bb{}\u00a0\u00bb][et_pb_column type=\u00a0\u00bb1_4&Prime; _builder_version=\u00a0\u00bb4.16&Prime; _module_preset=\u00a0\u00bbdefault\u00a0\u00bb global_colors_info=\u00a0\u00bb{}\u00a0\u00bb][et_pb_blurb title=\u00a0\u00bb23-26&Prime; _builder_version=\u00a0\u00bb4.21.0&Prime; _module_preset=\u00a0\u00bbdab8ae77-843d-4934-a7b3-8e57f832b52c\u00a0\u00bb header_font=\u00a0\u00bbDM Sans|700|||||||\u00a0\u00bb header_text_color=\u00a0\u00bb#0F393B\u00a0\u00bb header_font_size=\u00a0\u00bb56px\u00a0\u00bb body_font=\u00a0\u00bbDM Sans|700||on|||||\u00a0\u00bb body_text_color=\u00a0\u00bb#EF8451&Prime; body_letter_spacing=\u00a0\u00bb1px\u00a0\u00bb background_color=\u00a0\u00bb#FFFFFF\u00a0\u00bb text_orientation=\u00a0\u00bbcenter\u00a0\u00bb custom_padding=\u00a0\u00bb40px|20px|40px|20px|true|true\u00a0\u00bb border_radii=\u00a0\u00bbon|20px|20px|20px|20px\u00a0\u00bb global_colors_info=\u00a0\u00bb{}\u00a0\u00bb]<\/p>\n<p><strong>Janvier<\/strong><br \/>2023<\/p>\n<p>[\/et_pb_blurb][et_pb_blurb title=\u00a0\u00bb14h-17h\u00a0\u00bb _builder_version=\u00a0\u00bb4.21.0&Prime; _module_preset=\u00a0\u00bbdab8ae77-843d-4934-a7b3-8e57f832b52c\u00a0\u00bb header_font=\u00a0\u00bbDM Sans|700|||||||\u00a0\u00bb header_text_color=\u00a0\u00bb#0F393B\u00a0\u00bb header_font_size=\u00a0\u00bb40px\u00a0\u00bb body_font=\u00a0\u00bbDM Sans|700||on|||||\u00a0\u00bb body_text_color=\u00a0\u00bb#EF8451&Prime; body_letter_spacing=\u00a0\u00bb1px\u00a0\u00bb background_color=\u00a0\u00bb#FFFFFF\u00a0\u00bb text_orientation=\u00a0\u00bbcenter\u00a0\u00bb custom_padding=\u00a0\u00bb40px|20px|40px|20px|true|true\u00a0\u00bb border_radii=\u00a0\u00bbon|20px|20px|20px|20px\u00a0\u00bb global_colors_info=\u00a0\u00bb{}\u00a0\u00bb][\/et_pb_blurb][\/et_pb_column][et_pb_column type=\u00a0\u00bb1_4&Prime; _builder_version=\u00a0\u00bb4.16&Prime; _module_preset=\u00a0\u00bbdefault\u00a0\u00bb global_colors_info=\u00a0\u00bb{}\u00a0\u00bb][et_pb_image src=\u00a0\u00bbhttps:\/\/www.les-grands-moulins.fr\/V4\/wp-content\/uploads\/2023\/07\/semaine-numerique-pole-emploi.jpg\u00a0\u00bb title_text=\u00a0\u00bbsemaine-numerique-pole-emploi\u00a0\u00bb _builder_version=\u00a0\u00bb4.21.0&Prime; _module_preset=\u00a0\u00bbdefault\u00a0\u00bb min_height=\u00a0\u00bb336.2px\u00a0\u00bb custom_padding=\u00a0\u00bb|0px||||\u00a0\u00bb locked=\u00a0\u00bboff\u00a0\u00bb global_colors_info=\u00a0\u00bb{}\u00a0\u00bb][\/et_pb_image][\/et_pb_column][et_pb_column type=\u00a0\u00bb1_2&Prime; _builder_version=\u00a0\u00bb4.16&Prime; _module_preset=\u00a0\u00bbdefault\u00a0\u00bb global_colors_info=\u00a0\u00bb{}\u00a0\u00bb][et_pb_text _builder_version=\u00a0\u00bb4.21.0&Prime; _module_preset=\u00a0\u00bb03ed4834-a81a-41ec-bfd6-98a6a9949751&Prime; header_font=\u00a0\u00bb||||||||\u00a0\u00bb header_3_font=\u00a0\u00bbDM Sans||||||||\u00a0\u00bb header_3_text_color=\u00a0\u00bb#093532&Prime; header_3_font_size=\u00a0\u00bb36px\u00a0\u00bb header_3_letter_spacing=\u00a0\u00bb-0.02em\u00a0\u00bb header_3_line_height=\u00a0\u00bb1.2em\u00a0\u00bb custom_margin=\u00a0\u00bb||10px||false|false\u00a0\u00bb header_3_font_size_tablet=\u00a0\u00bb20px\u00a0\u00bb header_3_font_size_phone=\u00a0\u00bb16px\u00a0\u00bb header_3_font_size_last_edited=\u00a0\u00bbon|phone\u00a0\u00bb locked=\u00a0\u00bboff\u00a0\u00bb global_colors_info=\u00a0\u00bb{}\u00a0\u00bb]<\/p>\n<h3><strong><span class=\"x193iq5w xeuugli x13faqbe x1vvkbs x1xmvt09 x1lliihq x1s928wv xhkezso x1gmr53x x1cpjm7i x1fgarty x1943h6x xudqn12 x3x7a5m x6prxxf xvq8zen xo1l8bm xzsf02u\" dir=\"auto\">la semaine du num\u00e9rique P\u00f4le Emploi<\/span><\/strong><\/h3>\n<p>[\/et_pb_text][et_pb_text _builder_version=\u00a0\u00bb4.21.0&Prime; _module_preset=\u00a0\u00bb41d5859c-fbaa-458a-88e4-5d886857f235&Prime; text_font=\u00a0\u00bb||||||||\u00a0\u00bb text_text_color=\u00a0\u00bb#0F393B\u00a0\u00bb text_font_size=\u00a0\u00bb18px\u00a0\u00bb text_line_height=\u00a0\u00bb1.8em\u00a0\u00bb custom_margin=\u00a0\u00bb|-10px||||\u00a0\u00bb custom_padding=\u00a0\u00bb|2px|0px|||\u00a0\u00bb text_font_size_tablet=\u00a0\u00bb16px\u00a0\u00bb text_font_size_phone=\u00a0\u00bb14px\u00a0\u00bb text_font_size_last_edited=\u00a0\u00bbon|phone\u00a0\u00bb locked=\u00a0\u00bboff\u00a0\u00bb global_colors_info=\u00a0\u00bb{}\u00a0\u00bb]Dans le cadre de la semaine du num\u00e9rique P\u00f4le Emploi, le conseiller num\u00e9rique Les Grands Moulins de Gra\u00e7ay et un conseiller P\u00f4le Emploi de Vierzon vous accueillent le lundi 23\/1 et le jeudi 26\/1 de 14h \u00e0 17h pour vous faire d\u00e9couvrir et r\u00e9pondre \u00e0 toutes vos interrogations concernant les outils et les m\u00e9thodes efficaces pour r\u00e9aliser votre projet professionnel.<\/p>\n<p>Au programme, et sur mesure :<br \/>\n&#8211; \u00c9changes<br \/>\n&#8211; Atelier sur l&rsquo;espace personnel en ligne<br \/>\n&#8211; Acc\u00e8s aux salons en ligne ( Passez des entretiens avec des entreprises sans vous d\u00e9placer et en toute confidentialit\u00e9 )<br \/>\n&#8211; Accompagnement pour la validation d&rsquo;un devis formation<br \/>\n&#8211; \u00ab\u00a0Et si vous \u00eates int\u00e9ress\u00e9 par les m\u00e9tiers du num\u00e9rique ! \u00a0\u00bb : Parcours, formations, et possibilit\u00e9 reconversion vers un m\u00e9tiers du num\u00e9rique.<\/p>\n<p>Rendez-vous le lundi 23 et le jeudi 26 janvier.[\/et_pb_text][et_pb_button button_url=\u00a0\u00bbhttps:\/\/www.les-grands-moulins.fr\/V4\/wp-content\/uploads\/2023\/07\/semaine-numerique-pole-emploi.jpg\u00a0\u00bb url_new_window=\u00a0\u00bbon\u00a0\u00bb button_text=\u00a0\u00bb+ D\u00e9tails\u00a0\u00bb _builder_version=\u00a0\u00bb4.21.0&Prime; _module_preset=\u00a0\u00bb6414ef9f-e386-4555-a7b7-4544a239078b\u00a0\u00bb custom_button=\u00a0\u00bbon\u00a0\u00bb button_text_size=\u00a0\u00bb14px\u00a0\u00bb button_text_color=\u00a0\u00bb#ef8451&Prime; button_border_width=\u00a0\u00bb1px\u00a0\u00bb button_border_color=\u00a0\u00bb#ef8451&Prime; button_border_radius=\u00a0\u00bb37px\u00a0\u00bb button_letter_spacing=\u00a0\u00bb1px\u00a0\u00bb button_font=\u00a0\u00bbDM Sans|700||on|||||\u00a0\u00bb custom_padding=\u00a0\u00bb15px|24px|12px|24px|false|true\u00a0\u00bb locked=\u00a0\u00bboff\u00a0\u00bb global_colors_info=\u00a0\u00bb{}\u00a0\u00bb button_text_color__hover_enabled=\u00a0\u00bbon|hover\u00a0\u00bb button_text_color__hover=\u00a0\u00bb#FFFFFF\u00a0\u00bb button_bg_color__hover_enabled=\u00a0\u00bbon|hover\u00a0\u00bb button_bg_color__hover=\u00a0\u00bb#ef8451&Prime; button_bg_enable_color__hover=\u00a0\u00bbon\u00a0\u00bb][\/et_pb_button][\/et_pb_column][\/et_pb_row][et_pb_row column_structure=\u00a0\u00bb1_4,1_4,1_2&Prime; _builder_version=\u00a0\u00bb4.21.0&Prime; _module_preset=\u00a0\u00bbdefault\u00a0\u00bb filter_saturate=\u00a0\u00bb0%\u00a0\u00bb filter_brightness=\u00a0\u00bb90%\u00a0\u00bb global_colors_info=\u00a0\u00bb{}\u00a0\u00bb][et_pb_column type=\u00a0\u00bb1_4&Prime; _builder_version=\u00a0\u00bb4.16&Prime; _module_preset=\u00a0\u00bbdefault\u00a0\u00bb global_colors_info=\u00a0\u00bb{}\u00a0\u00bb][et_pb_blurb title=\u00a0\u00bb10&Prime; _builder_version=\u00a0\u00bb4.21.0&Prime; _module_preset=\u00a0\u00bbdab8ae77-843d-4934-a7b3-8e57f832b52c\u00a0\u00bb header_font=\u00a0\u00bbDM Sans|700|||||||\u00a0\u00bb header_text_color=\u00a0\u00bb#0F393B\u00a0\u00bb header_font_size=\u00a0\u00bb56px\u00a0\u00bb body_font=\u00a0\u00bbDM Sans|700||on|||||\u00a0\u00bb body_text_color=\u00a0\u00bb#EF8451&Prime; body_letter_spacing=\u00a0\u00bb1px\u00a0\u00bb background_color=\u00a0\u00bb#FFFFFF\u00a0\u00bb text_orientation=\u00a0\u00bbcenter\u00a0\u00bb custom_padding=\u00a0\u00bb40px|20px|40px|20px|true|true\u00a0\u00bb border_radii=\u00a0\u00bbon|20px|20px|20px|20px\u00a0\u00bb global_colors_info=\u00a0\u00bb{}\u00a0\u00bb]<\/p>\n<p><strong>D\u00e9cembre<\/strong><br \/>2022<\/p>\n<p>[\/et_pb_blurb][et_pb_blurb title=\u00a0\u00bb10h-18h\u00a0\u00bb _builder_version=\u00a0\u00bb4.21.0&Prime; _module_preset=\u00a0\u00bbdab8ae77-843d-4934-a7b3-8e57f832b52c\u00a0\u00bb header_font=\u00a0\u00bbDM Sans|700|||||||\u00a0\u00bb header_text_color=\u00a0\u00bb#0F393B\u00a0\u00bb header_font_size=\u00a0\u00bb40px\u00a0\u00bb body_font=\u00a0\u00bbDM Sans|700||on|||||\u00a0\u00bb body_text_color=\u00a0\u00bb#EF8451&Prime; body_letter_spacing=\u00a0\u00bb1px\u00a0\u00bb background_color=\u00a0\u00bb#FFFFFF\u00a0\u00bb text_orientation=\u00a0\u00bbcenter\u00a0\u00bb custom_padding=\u00a0\u00bb40px|20px|40px|20px|true|true\u00a0\u00bb border_radii=\u00a0\u00bbon|20px|20px|20px|20px\u00a0\u00bb global_colors_info=\u00a0\u00bb{}\u00a0\u00bb][\/et_pb_blurb][\/et_pb_column][et_pb_column type=\u00a0\u00bb1_4&Prime; _builder_version=\u00a0\u00bb4.16&Prime; _module_preset=\u00a0\u00bbdefault\u00a0\u00bb global_colors_info=\u00a0\u00bb{}\u00a0\u00bb][et_pb_image src=\u00a0\u00bbhttps:\/\/www.les-grands-moulins.fr\/V4\/wp-content\/uploads\/2023\/07\/journee-retrogaming-gracay.jpg\u00a0\u00bb title_text=\u00a0\u00bbjourn\u00e9e retrogaming gracay\u00a0\u00bb _builder_version=\u00a0\u00bb4.21.0&Prime; _module_preset=\u00a0\u00bbdefault\u00a0\u00bb min_height=\u00a0\u00bb336.2px\u00a0\u00bb custom_padding=\u00a0\u00bb|0px||||\u00a0\u00bb locked=\u00a0\u00bboff\u00a0\u00bb global_colors_info=\u00a0\u00bb{}\u00a0\u00bb][\/et_pb_image][\/et_pb_column][et_pb_column type=\u00a0\u00bb1_2&Prime; _builder_version=\u00a0\u00bb4.16&Prime; _module_preset=\u00a0\u00bbdefault\u00a0\u00bb global_colors_info=\u00a0\u00bb{}\u00a0\u00bb][et_pb_text _builder_version=\u00a0\u00bb4.21.0&Prime; _module_preset=\u00a0\u00bb03ed4834-a81a-41ec-bfd6-98a6a9949751&Prime; header_font=\u00a0\u00bb||||||||\u00a0\u00bb header_3_font=\u00a0\u00bbDM Sans||||||||\u00a0\u00bb header_3_text_color=\u00a0\u00bb#093532&Prime; header_3_font_size=\u00a0\u00bb36px\u00a0\u00bb header_3_letter_spacing=\u00a0\u00bb-0.02em\u00a0\u00bb header_3_line_height=\u00a0\u00bb1.2em\u00a0\u00bb custom_margin=\u00a0\u00bb||10px||false|false\u00a0\u00bb header_3_font_size_tablet=\u00a0\u00bb20px\u00a0\u00bb header_3_font_size_phone=\u00a0\u00bb16px\u00a0\u00bb header_3_font_size_last_edited=\u00a0\u00bbon|phone\u00a0\u00bb locked=\u00a0\u00bboff\u00a0\u00bb global_colors_info=\u00a0\u00bb{}\u00a0\u00bb]<\/p>\n<h3><strong><span class=\"x193iq5w xeuugli x13faqbe x1vvkbs x1xmvt09 x1lliihq x1s928wv xhkezso x1gmr53x x1cpjm7i x1fgarty x1943h6x xudqn12 x3x7a5m x6prxxf xvq8zen xo1l8bm xzsf02u\" dir=\"auto\">Journ\u00e9e R\u00e9tro-gaming + D\u00e9couverte de la r\u00e9alit\u00e9 virtuelle (VR)<br \/><\/span><\/strong><\/h3>\n<p>[\/et_pb_text][et_pb_text _builder_version=\u00a0\u00bb4.21.0&Prime; _module_preset=\u00a0\u00bb41d5859c-fbaa-458a-88e4-5d886857f235&Prime; text_font=\u00a0\u00bb||||||||\u00a0\u00bb text_text_color=\u00a0\u00bb#0F393B\u00a0\u00bb text_font_size=\u00a0\u00bb18px\u00a0\u00bb text_line_height=\u00a0\u00bb1.8em\u00a0\u00bb custom_margin=\u00a0\u00bb|-10px||||\u00a0\u00bb custom_padding=\u00a0\u00bb|2px|0px|||\u00a0\u00bb text_font_size_tablet=\u00a0\u00bb16px\u00a0\u00bb text_font_size_phone=\u00a0\u00bb14px\u00a0\u00bb text_font_size_last_edited=\u00a0\u00bbon|phone\u00a0\u00bb locked=\u00a0\u00bboff\u00a0\u00bb global_colors_info=\u00a0\u00bb{}\u00a0\u00bb]<\/p>\n<p>&nbsp;<\/p>\n<p>&nbsp;<\/p>\n<p>&nbsp;<\/p>\n<p>&#8212;-<\/p>\n<p>[\/et_pb_text][et_pb_button button_url=\u00a0\u00bbhttps:\/\/www.les-grands-moulins.fr\/V4\/wp-content\/uploads\/2023\/07\/journee-retrogaming-gracay.jpg\u00a0\u00bb url_new_window=\u00a0\u00bbon\u00a0\u00bb button_text=\u00a0\u00bb+ D\u00e9tails\u00a0\u00bb _builder_version=\u00a0\u00bb4.21.0&Prime; _module_preset=\u00a0\u00bb6414ef9f-e386-4555-a7b7-4544a239078b\u00a0\u00bb custom_button=\u00a0\u00bbon\u00a0\u00bb button_text_size=\u00a0\u00bb14px\u00a0\u00bb button_text_color=\u00a0\u00bb#ef8451&Prime; button_border_width=\u00a0\u00bb1px\u00a0\u00bb button_border_color=\u00a0\u00bb#ef8451&Prime; button_border_radius=\u00a0\u00bb37px\u00a0\u00bb button_letter_spacing=\u00a0\u00bb1px\u00a0\u00bb button_font=\u00a0\u00bbDM Sans|700||on|||||\u00a0\u00bb custom_padding=\u00a0\u00bb15px|24px|12px|24px|false|true\u00a0\u00bb locked=\u00a0\u00bboff\u00a0\u00bb global_colors_info=\u00a0\u00bb{}\u00a0\u00bb button_text_color__hover_enabled=\u00a0\u00bbon|hover\u00a0\u00bb button_text_color__hover=\u00a0\u00bb#FFFFFF\u00a0\u00bb button_bg_color__hover_enabled=\u00a0\u00bbon|hover\u00a0\u00bb button_bg_color__hover=\u00a0\u00bb#ef8451&Prime; button_bg_enable_color__hover=\u00a0\u00bbon\u00a0\u00bb][\/et_pb_button][\/et_pb_column][\/et_pb_row][\/et_pb_section]<\/p>\n","protected":false},"excerpt":{"rendered":"<p>Avril2026Atelier cuisine : l&rsquo;Asie en sucr\u00e9-sal\u00e9Chaque mois, on se retrouve aux Grands Moulins pour cuisiner ensemble, apprendre de nouvelles techniques et surtout&#8230; passer un bon moment ! Au programme : des recettes originales \u00e0 d\u00e9couvrir, des astuces de cuisine \u00e0 emporter chez soi, et une belle ambiance partag\u00e9e entre passionn\u00e9s. Que vous soyez d\u00e9butant ou [&hellip;]<\/p>\n","protected":false},"author":2,"featured_media":0,"parent":0,"menu_order":0,"comment_status":"closed","ping_status":"closed","template":"","meta":{"_et_pb_use_builder":"on","_et_pb_old_content":"","_et_gb_content_width":"","footnotes":""},"class_list":["post-608","page","type-page","status-publish","hentry"],"_links":{"self":[{"href":"https:\/\/www.les-grands-moulins.fr\/V4\/wp-json\/wp\/v2\/pages\/608","targetHints":{"allow":["GET"]}}],"collection":[{"href":"https:\/\/www.les-grands-moulins.fr\/V4\/wp-json\/wp\/v2\/pages"}],"about":[{"href":"https:\/\/www.les-grands-moulins.fr\/V4\/wp-json\/wp\/v2\/types\/page"}],"author":[{"embeddable":true,"href":"https:\/\/www.les-grands-moulins.fr\/V4\/wp-json\/wp\/v2\/users\/2"}],"replies":[{"embeddable":true,"href":"https:\/\/www.les-grands-moulins.fr\/V4\/wp-json\/wp\/v2\/comments?post=608"}],"version-history":[{"count":173,"href":"https:\/\/www.les-grands-moulins.fr\/V4\/wp-json\/wp\/v2\/pages\/608\/revisions"}],"predecessor-version":[{"id":1748,"href":"https:\/\/www.les-grands-moulins.fr\/V4\/wp-json\/wp\/v2\/pages\/608\/revisions\/1748"}],"wp:attachment":[{"href":"https:\/\/www.les-grands-moulins.fr\/V4\/wp-json\/wp\/v2\/media?parent=608"}],"curies":[{"name":"wp","href":"https:\/\/api.w.org\/{rel}","templated":true}]}}