{"id":39,"date":"2023-01-25T12:50:32","date_gmt":"2023-01-25T12:50:32","guid":{"rendered":"https:\/\/www.les-grands-moulins.fr\/V4\/?page_id=39"},"modified":"2023-05-12T15:04:26","modified_gmt":"2023-05-12T15:04:26","slug":"la-ligue-de-lenseignement","status":"publish","type":"page","link":"https:\/\/www.les-grands-moulins.fr\/V4\/la-ligue-de-lenseignement\/","title":{"rendered":"La Ligue de l&rsquo;enseignement"},"content":{"rendered":"<p>[et_pb_section fb_built=\u00a0\u00bb1&Prime; _builder_version=\u00a0\u00bb4.19.4&Prime; _module_preset=\u00a0\u00bbdefault\u00a0\u00bb global_colors_info=\u00a0\u00bb{}\u00a0\u00bb][et_pb_row _builder_version=\u00a0\u00bb4.20.4&Prime; _module_preset=\u00a0\u00bbdefault\u00a0\u00bb min_height=\u00a0\u00bb817.4px\u00a0\u00bb custom_padding=\u00a0\u00bb13px|||||\u00a0\u00bb link_option_url=\u00a0\u00bbhttps:\/\/www.laliguedelenseignement-18.fr\/qui-sommes-nous\/#1545318851365-71b284b1-ed46&Prime; link_option_url_new_window=\u00a0\u00bbon\u00a0\u00bb global_colors_info=\u00a0\u00bb{}\u00a0\u00bb][et_pb_column type=\u00a0\u00bb4_4&Prime; _builder_version=\u00a0\u00bb4.19.4&Prime; _module_preset=\u00a0\u00bbdefault\u00a0\u00bb global_colors_info=\u00a0\u00bb{}\u00a0\u00bb][et_pb_image src=\u00a0\u00bbhttps:\/\/www.les-grands-moulins.fr\/V4\/wp-content\/uploads\/2023\/04\/ligue-s-associer-est-une-force.png\u00a0\u00bb title_text=\u00a0\u00bbligue&#8211;s-associer-est-une-force\u00a0\u00bb align=\u00a0\u00bbcenter\u00a0\u00bb _builder_version=\u00a0\u00bb4.21.0&Prime; _module_preset=\u00a0\u00bbdefault\u00a0\u00bb width=\u00a0\u00bb46%\u00a0\u00bb global_colors_info=\u00a0\u00bb{}\u00a0\u00bb][\/et_pb_image][et_pb_text _builder_version=\u00a0\u00bb4.20.4&Prime; _module_preset=\u00a0\u00bbdefault\u00a0\u00bb min_height=\u00a0\u00bb691.8px\u00a0\u00bb custom_padding=\u00a0\u00bb0px||0px|||\u00a0\u00bb global_colors_info=\u00a0\u00bb{}\u00a0\u00bb]<\/p>\n<p><a href=\"https:\/\/www.laliguedelenseignement-18.fr\/qui-sommes-nous\/#1545318851365-71b284b1-ed46\" target=\"_blank\" rel=\"noopener\">La Ligue de l\u2019enseignement<\/a> est reconnue d\u2019utilit\u00e9 publique \u00e0 travers sa conf\u00e9d\u00e9ration. Elle est titulaire de l\u2019agr\u00e9ment Education populaire, de la licence d\u2019entrepreneur de spectacles et de l\u2019agr\u00e9ment formation.<\/p>\n<p><span>Premier organisateur en France et cr\u00e9ateur d\u00e8s 1948 de classes de d\u00e9couvertes, la Ligue de l\u2019enseignement d\u00e9fend des valeurs d\u00e9mocratiques telles que la Libert\u00e9, l\u2019\u00e9galit\u00e9 des droits entre tous, la citoyennet\u00e9 et la la\u00efcit\u00e9 au sein de tous ses s\u00e9jours. Chaque ann\u00e9e, pr\u00e8s de 200 000 \u00e9l\u00e8ves partent en s\u00e9jours \u00e9ducatifs avec la Ligue en France (au sein des 151 centres g\u00e9r\u00e9s par nos soins) et \u00e0 travers le monde (18 destinations). Il s\u2019agit pour les \u00e9l\u00e8ves et les enseignants de quitter le cadre de l\u2019\u00e9cole pour \u00ab apprendre \u00bb ailleurs et aller \u00e0 la d\u00e9couverte de nouveaux savoirs.<br \/>L\u2019occasion pour les enfants de faire leur propre exp\u00e9rience et de d\u00e9velopper leur autonomie.<\/span><\/p>\n<p>La Ligue de l\u2019enseignement agit au quotidien aupr\u00e8s de l\u2019\u00e9cole \u00e0 travers des actions telle que\u00a0:<\/p>\n<ul>\n<li><span>L\u2019usep<\/span><\/li>\n<li><span>La lutte contre les discriminations (jouons la carte de la fraternit\u00e9)<\/span><\/li>\n<li><span>Lire et faire lire<\/span><\/li>\n<li><span>L\u2019\u00e9cole et cin\u00e9ma<\/span><\/li>\n<li><span>les rencontres jeune public<\/span><\/li>\n<li><span>la charte de la la\u00efcit\u00e9 expliqu\u00e9e aux enfants<\/span><\/li>\n<li><span>la charte de la diversit\u00e9<\/span><\/li>\n<li><span>les rythmes scolaires (diagnostic et accompagnement dans la mise en place des PEDT)<\/span><\/li>\n<li><span>le chemin de la m\u00e9moire<\/span><\/li>\n<li><span>la semaine d\u2019\u00e9ducation contre le racisme<\/span><\/li>\n<li><span>les expos itin\u00e9rante<\/span><\/li>\n<li><span>la fabrique de la paix<\/span><\/li>\n<\/ul>\n<p><span>D\u2019autres actions s\u2019ajoutent dans divers domaines\u00a0: centre de ressources de la vie associative, \u00e9ducation artistique et culturelle, espaces de vie sociale, insertion et inclusion, s\u00e9jours linguistiques, formations \u2026<\/span><\/p>\n<p><span>En tant que partenaire majeur de l\u2019\u00e9ducation, la Ligue est dot\u00e9e d\u2019un projet \u00e9ducatif qu\u2019elle met en \u0153uvre sur tous les territoires gr\u00e2ce \u00e0 ses f\u00e9d\u00e9rations d\u00e9partementales.<\/span><\/p>\n<p>[\/et_pb_text][\/et_pb_column][\/et_pb_row][et_pb_row column_structure=\u00a0\u00bb1_2,1_2&Prime; _builder_version=\u00a0\u00bb4.21.0&Prime; _module_preset=\u00a0\u00bbdefault\u00a0\u00bb min_height=\u00a0\u00bb188px\u00a0\u00bb custom_padding=\u00a0\u00bb14px|||||\u00a0\u00bb global_colors_info=\u00a0\u00bb{}\u00a0\u00bb][et_pb_column type=\u00a0\u00bb1_2&Prime; _builder_version=\u00a0\u00bb4.21.0&Prime; _module_preset=\u00a0\u00bbdefault\u00a0\u00bb global_colors_info=\u00a0\u00bb{}\u00a0\u00bb][et_pb_number_counter title=\u00a0\u00bbASSOCIATIONS ADH\u00c9RENTES\u00a0\u00bb number=\u00a0\u00bb30 000&Prime; percent_sign=\u00a0\u00bboff\u00a0\u00bb _builder_version=\u00a0\u00bb4.21.0&Prime; _module_preset=\u00a0\u00bbdefault\u00a0\u00bb title_font=\u00a0\u00bb|700|||||||\u00a0\u00bb title_text_color=\u00a0\u00bb#00a0db\u00a0\u00bb number_text_shadow_style=\u00a0\u00bbpreset1&Prime; number_text_shadow_vertical_length=\u00a0\u00bb0.06em\u00a0\u00bb global_colors_info=\u00a0\u00bb{}\u00a0\u00bb][\/et_pb_number_counter][\/et_pb_column][et_pb_column type=\u00a0\u00bb1_2&Prime; _builder_version=\u00a0\u00bb4.21.0&Prime; _module_preset=\u00a0\u00bbdefault\u00a0\u00bb global_colors_info=\u00a0\u00bb{}\u00a0\u00bb][et_pb_number_counter title=\u00a0\u00bbF\u00c9D\u00c9RATIONS\u00a0\u00bb number=\u00a0\u00bb102&Prime; percent_sign=\u00a0\u00bboff\u00a0\u00bb _builder_version=\u00a0\u00bb4.21.0&Prime; _module_preset=\u00a0\u00bbdefault\u00a0\u00bb title_font=\u00a0\u00bb|700|||||||\u00a0\u00bb title_text_color=\u00a0\u00bb#00a0db\u00a0\u00bb number_text_shadow_style=\u00a0\u00bbpreset1&Prime; number_text_shadow_vertical_length=\u00a0\u00bb0.06em\u00a0\u00bb global_colors_info=\u00a0\u00bb{}\u00a0\u00bb][\/et_pb_number_counter][\/et_pb_column][\/et_pb_row][et_pb_row _builder_version=\u00a0\u00bb4.21.0&Prime; _module_preset=\u00a0\u00bbdefault\u00a0\u00bb custom_margin=\u00a0\u00bb-52px|auto||auto||\u00a0\u00bb global_colors_info=\u00a0\u00bb{}\u00a0\u00bb][et_pb_column type=\u00a0\u00bb4_4&Prime; _builder_version=\u00a0\u00bb4.21.0&Prime; _module_preset=\u00a0\u00bbdefault\u00a0\u00bb global_colors_info=\u00a0\u00bb{}\u00a0\u00bb][et_pb_divider _builder_version=\u00a0\u00bb4.21.0&Prime; _module_preset=\u00a0\u00bbdefault\u00a0\u00bb global_colors_info=\u00a0\u00bb{}\u00a0\u00bb][\/et_pb_divider][\/et_pb_column][\/et_pb_row][et_pb_row column_structure=\u00a0\u00bb1_3,2_3&Prime; _builder_version=\u00a0\u00bb4.21.0&Prime; _module_preset=\u00a0\u00bbdefault\u00a0\u00bb custom_padding=\u00a0\u00bb0px|||||\u00a0\u00bb global_colors_info=\u00a0\u00bb{}\u00a0\u00bb][et_pb_column type=\u00a0\u00bb1_3&Prime; _builder_version=\u00a0\u00bb4.21.0&Prime; _module_preset=\u00a0\u00bbdefault\u00a0\u00bb global_colors_info=\u00a0\u00bb{}\u00a0\u00bb][et_pb_image src=\u00a0\u00bbhttps:\/\/www.les-grands-moulins.fr\/V4\/wp-content\/uploads\/2023\/04\/ligue18_png.png\u00a0\u00bb title_text=\u00a0\u00bbligue18_png\u00a0\u00bb _builder_version=\u00a0\u00bb4.21.0&Prime; _module_preset=\u00a0\u00bbdefault\u00a0\u00bb animation_style=\u00a0\u00bbflip\u00a0\u00bb global_colors_info=\u00a0\u00bb{}\u00a0\u00bb][\/et_pb_image][\/et_pb_column][et_pb_column type=\u00a0\u00bb2_3&Prime; _builder_version=\u00a0\u00bb4.21.0&Prime; _module_preset=\u00a0\u00bbdefault\u00a0\u00bb global_colors_info=\u00a0\u00bb{}\u00a0\u00bb][et_pb_text _builder_version=\u00a0\u00bb4.21.0&Prime; _module_preset=\u00a0\u00bbdefault\u00a0\u00bb hover_enabled=\u00a0\u00bb0&Prime; global_colors_info=\u00a0\u00bb{}\u00a0\u00bb sticky_enabled=\u00a0\u00bb0&Prime;]<\/p>\n<p><span style=\"color: #0449dd;\"><strong>F\u00e9d\u00e9ration du Cher\u00a0:<\/strong><\/span><\/p>\n<p>La F\u00e9d\u00e9ration du Cher s\u2019engage \u00e0 combattre les fractures et le repli sur l\u2019individualisme, par l\u2019encouragement \u00e0 l\u2019action individuelle et collective, source et moyen de la transformation sociale, autrement dit : par l\u2019\u00e9ducation populaire.<span><br \/><\/span><\/p>\n<p>Elle rassemble plus de 185 associations et 5300 adh\u00e9rents.<\/p>\n<p>Des hommes et des femmes d\u00e9vou\u00e9s agissent au quotidien pour faire vivre la citoyennet\u00e9 en favorisant l\u2019acc\u00e8s de toutes et tous \u00e0 l\u2019\u00e9ducation, la culture, aux loisirs, au sport et au num\u00e9rique.<\/p>\n<p>[\/et_pb_text][\/et_pb_column][\/et_pb_row][et_pb_row column_structure=\u00a0\u00bb3_5,2_5&Prime; _builder_version=\u00a0\u00bb4.20.4&Prime; _module_preset=\u00a0\u00bbdefault\u00a0\u00bb custom_margin=\u00a0\u00bb0px||0px||false|false\u00a0\u00bb custom_padding=\u00a0\u00bb0px||0px||false|false\u00a0\u00bb global_colors_info=\u00a0\u00bb{}\u00a0\u00bb][et_pb_column type=\u00a0\u00bb3_5&Prime; _builder_version=\u00a0\u00bb4.20.4&Prime; _module_preset=\u00a0\u00bbdefault\u00a0\u00bb global_colors_info=\u00a0\u00bb{}\u00a0\u00bb][et_pb_button button_url=\u00a0\u00bbhttps:\/\/www.laliguedelenseignement-18.fr\/\u00a0\u00bb button_text=\u00a0\u00bbSITE WEB DE LA LIGUE DE L&rsquo;ENSEIGNEMENT DU CHER\u00a0\u00bb _builder_version=\u00a0\u00bb4.21.0&Prime; _module_preset=\u00a0\u00bbdefault\u00a0\u00bb custom_button=\u00a0\u00bbon\u00a0\u00bb button_text_size=\u00a0\u00bb17px\u00a0\u00bb button_text_color=\u00a0\u00bb#0C71C3&Prime; button_bg_enable_image=\u00a0\u00bboff\u00a0\u00bb custom_margin=\u00a0\u00bb52px|||||\u00a0\u00bb animation_style=\u00a0\u00bbflip\u00a0\u00bb global_colors_info=\u00a0\u00bb{}\u00a0\u00bb button_text__hover_enabled=\u00a0\u00bbon|desktop\u00a0\u00bb button_text__hover=\u00a0\u00bbSITE DE LA LIGUE DE L&rsquo;ENSEIGNEMENT DU CHER\u00a0\u00bb][\/et_pb_button][et_pb_button button_url=\u00a0\u00bbhttps:\/\/www.laliguedelenseignement-18.fr\/laffiliation\/\u00a0\u00bb button_text=\u00a0\u00bbS&rsquo;AFFILIER A LA LIGUE\u00a0\u00bb _builder_version=\u00a0\u00bb4.20.4&Prime; _module_preset=\u00a0\u00bbdefault\u00a0\u00bb custom_button=\u00a0\u00bbon\u00a0\u00bb button_text_color=\u00a0\u00bb#e84500&Prime; animation_style=\u00a0\u00bbfold\u00a0\u00bb global_colors_info=\u00a0\u00bb{}\u00a0\u00bb button_bg_color__hover_enabled=\u00a0\u00bbon|hover\u00a0\u00bb button_bg_use_color_gradient__hover=\u00a0\u00bboff\u00a0\u00bb transform_styles__hover_enabled=\u00a0\u00bbon|hover\u00a0\u00bb transform_scale__hover_enabled=\u00a0\u00bbon|hover\u00a0\u00bb transform_translate__hover_enabled=\u00a0\u00bbon|desktop\u00a0\u00bb transform_rotate__hover_enabled=\u00a0\u00bbon|desktop\u00a0\u00bb transform_skew__hover_enabled=\u00a0\u00bbon|desktop\u00a0\u00bb transform_origin__hover_enabled=\u00a0\u00bbon|desktop\u00a0\u00bb button_bg_color__hover=\u00a0\u00bb\u00a0\u00bb button_bg_enable_color__hover=\u00a0\u00bboff\u00a0\u00bb][\/et_pb_button][\/et_pb_column][et_pb_column type=\u00a0\u00bb2_5&Prime; _builder_version=\u00a0\u00bb4.20.4&Prime; _module_preset=\u00a0\u00bbdefault\u00a0\u00bb global_colors_info=\u00a0\u00bb{}\u00a0\u00bb][et_pb_image src=\u00a0\u00bbhttps:\/\/www.les-grands-moulins.fr\/V4\/wp-content\/uploads\/2023\/04\/plaquette-ligue.jpg\u00a0\u00bb title_text=\u00a0\u00bbplaquette-ligue\u00a0\u00bb url=\u00a0\u00bbhttps:\/\/www.laliguedelenseignement-18.fr\/wp-content\/uploads\/sites\/10\/2022\/12\/Plaquette_ligue_2022.pdf\u00a0\u00bb url_new_window=\u00a0\u00bbon\u00a0\u00bb _builder_version=\u00a0\u00bb4.20.4&Prime; _module_preset=\u00a0\u00bbdefault\u00a0\u00bb width=\u00a0\u00bb50%\u00a0\u00bb max_width=\u00a0\u00bb50%\u00a0\u00bb min_height=\u00a0\u00bb237.3px\u00a0\u00bb custom_margin=\u00a0\u00bb0px||0px||false|false\u00a0\u00bb custom_padding=\u00a0\u00bb0px||0px||false|false\u00a0\u00bb global_colors_info=\u00a0\u00bb{}\u00a0\u00bb transform_styles__hover_enabled=\u00a0\u00bbon|desktop\u00a0\u00bb transform_scale__hover_enabled=\u00a0\u00bbon|desktop\u00a0\u00bb transform_translate__hover_enabled=\u00a0\u00bbon|desktop\u00a0\u00bb transform_rotate__hover_enabled=\u00a0\u00bbon|desktop\u00a0\u00bb transform_skew__hover_enabled=\u00a0\u00bbon|desktop\u00a0\u00bb transform_origin__hover_enabled=\u00a0\u00bbon|desktop\u00a0\u00bb][\/et_pb_image][\/et_pb_column][\/et_pb_row][\/et_pb_section][et_pb_section fb_built=\u00a0\u00bb1&Prime; _builder_version=\u00a0\u00bb4.19.4&Prime; _module_preset=\u00a0\u00bbdefault\u00a0\u00bb background_color=\u00a0\u00bbrgba(195,239,50,0.35)\u00a0\u00bb min_height=\u00a0\u00bb257.8px\u00a0\u00bb custom_margin=\u00a0\u00bb||-66px|||\u00a0\u00bb custom_padding=\u00a0\u00bb4px||4px||true|false\u00a0\u00bb global_module=\u00a0\u00bb105&Prime; global_colors_info=\u00a0\u00bb{}\u00a0\u00bb][et_pb_row column_structure=\u00a0\u00bb1_4,1_4,1_4,1_4&Prime; _builder_version=\u00a0\u00bb4.20.4&Prime; _module_preset=\u00a0\u00bbdefault\u00a0\u00bb min_height=\u00a0\u00bb123.5px\u00a0\u00bb custom_margin=\u00a0\u00bb0px|auto|0px|auto|false|false\u00a0\u00bb custom_padding=\u00a0\u00bb0px||0px||false|false\u00a0\u00bb global_colors_info=\u00a0\u00bb{}\u00a0\u00bb][et_pb_column type=\u00a0\u00bb1_4&Prime; _builder_version=\u00a0\u00bb4.19.4&Prime; _module_preset=\u00a0\u00bbdefault\u00a0\u00bb global_colors_info=\u00a0\u00bb{}\u00a0\u00bb][et_pb_text _builder_version=\u00a0\u00bb4.21.0&Prime; _module_preset=\u00a0\u00bbdefault\u00a0\u00bb min_height=\u00a0\u00bb19px\u00a0\u00bb custom_margin=\u00a0\u00bb50px||||false|false\u00a0\u00bb custom_padding=\u00a0\u00bb||6px|||\u00a0\u00bb global_colors_info=\u00a0\u00bb{}\u00a0\u00bb]<\/p>\n<p><span style=\"font-size: 1.2em; font-weight: bold;\">Les Grands Moulins<\/span><br \/>5, Rue Jean Jaur\u00e8s<br \/>18310 GRA\u00c7AY<br \/>02 48 51 29 96<\/p>\n<p>[\/et_pb_text][\/et_pb_column][et_pb_column type=\u00a0\u00bb1_4&Prime; _builder_version=\u00a0\u00bb4.19.4&Prime; _module_preset=\u00a0\u00bbdefault\u00a0\u00bb global_colors_info=\u00a0\u00bb{}\u00a0\u00bb][et_pb_image src=\u00a0\u00bbhttps:\/\/www.les-grands-moulins.fr\/V4\/wp-content\/uploads\/2023\/01\/Grands-Moulins-Maison-des-energies-PNG.png\u00a0\u00bb title_text=\u00a0\u00bbGrands-Moulins-Maison-des-energies-PNG\u00a0\u00bb url=\u00a0\u00bbhttps:\/\/www.les-grands-moulins.fr\u00a0\u00bb _builder_version=\u00a0\u00bb4.21.0&Prime; _module_preset=\u00a0\u00bbdefault\u00a0\u00bb transform_scale=\u00a0\u00bb50%|50%\u00a0\u00bb custom_margin=\u00a0\u00bb||||false|false\u00a0\u00bb custom_padding=\u00a0\u00bb||||false|false\u00a0\u00bb box_shadow_style=\u00a0\u00bbpreset1&Prime; global_colors_info=\u00a0\u00bb{}\u00a0\u00bb transform_styles__hover_enabled=\u00a0\u00bbon|hover\u00a0\u00bb transform_scale__hover_enabled=\u00a0\u00bbon|hover\u00a0\u00bb transform_translate__hover_enabled=\u00a0\u00bbon|desktop\u00a0\u00bb transform_rotate__hover_enabled=\u00a0\u00bbon|desktop\u00a0\u00bb transform_skew__hover_enabled=\u00a0\u00bbon|desktop\u00a0\u00bb transform_origin__hover_enabled=\u00a0\u00bbon|desktop\u00a0\u00bb transform_scale__hover=\u00a0\u00bb50%|50%\u00a0\u00bb][\/et_pb_image][\/et_pb_column][et_pb_column type=\u00a0\u00bb1_4&Prime; _builder_version=\u00a0\u00bb4.19.4&Prime; _module_preset=\u00a0\u00bbdefault\u00a0\u00bb global_colors_info=\u00a0\u00bb{}\u00a0\u00bb][et_pb_image src=\u00a0\u00bbhttps:\/\/www.les-grands-moulins.fr\/V4\/wp-content\/uploads\/2023\/04\/ligue18_png.png\u00a0\u00bb title_text=\u00a0\u00bbligue18_png\u00a0\u00bb url=\u00a0\u00bbhttps:\/\/www.laliguedelenseignement-18.fr\/\u00a0\u00bb url_new_window=\u00a0\u00bbon\u00a0\u00bb _builder_version=\u00a0\u00bb4.20.4&Prime; _module_preset=\u00a0\u00bbdefault\u00a0\u00bb transform_scale=\u00a0\u00bb90%|90%\u00a0\u00bb custom_margin=\u00a0\u00bb47px|0px||0px|false|false\u00a0\u00bb custom_padding=\u00a0\u00bb|0px||0px|false|false\u00a0\u00bb box_shadow_style=\u00a0\u00bbpreset1&Prime; global_colors_info=\u00a0\u00bb{}\u00a0\u00bb][\/et_pb_image][\/et_pb_column][et_pb_column type=\u00a0\u00bb1_4&Prime; _builder_version=\u00a0\u00bb4.19.4&Prime; _module_preset=\u00a0\u00bbdefault\u00a0\u00bb global_colors_info=\u00a0\u00bb{}\u00a0\u00bb][et_pb_image src=\u00a0\u00bbhttps:\/\/www.les-grands-moulins.fr\/V4\/wp-content\/uploads\/2023\/04\/label-gites-de-france.png\u00a0\u00bb title_text=\u00a0\u00bblabel-g\u00eetes-de-france\u00a0\u00bb url=\u00a0\u00bbhttps:\/\/www.gites-de-france.com\/fr\u00a0\u00bb url_new_window=\u00a0\u00bbon\u00a0\u00bb show_bottom_space=\u00a0\u00bboff\u00a0\u00bb _builder_version=\u00a0\u00bb4.20.4&Prime; _module_preset=\u00a0\u00bbdefault\u00a0\u00bb transform_scale=\u00a0\u00bb53%|53%\u00a0\u00bb custom_margin=\u00a0\u00bb||||false|false\u00a0\u00bb custom_padding=\u00a0\u00bb||||false|false\u00a0\u00bb box_shadow_style=\u00a0\u00bbpreset1&Prime; global_colors_info=\u00a0\u00bb{}\u00a0\u00bb transform_styles__hover_enabled=\u00a0\u00bbon|hover\u00a0\u00bb transform_scale__hover_enabled=\u00a0\u00bbon|hover\u00a0\u00bb transform_translate__hover_enabled=\u00a0\u00bbon|desktop\u00a0\u00bb transform_rotate__hover_enabled=\u00a0\u00bbon|desktop\u00a0\u00bb transform_skew__hover_enabled=\u00a0\u00bbon|desktop\u00a0\u00bb transform_origin__hover_enabled=\u00a0\u00bbon|desktop\u00a0\u00bb transform_scale__hover=\u00a0\u00bb53%|53%\u00a0\u00bb][\/et_pb_image][\/et_pb_column][\/et_pb_row][et_pb_row _builder_version=\u00a0\u00bb4.20.4&Prime; _module_preset=\u00a0\u00bbdefault\u00a0\u00bb custom_margin=\u00a0\u00bb0px||0px||false|false\u00a0\u00bb custom_padding=\u00a0\u00bb0px||0px||false|false\u00a0\u00bb global_colors_info=\u00a0\u00bb{}\u00a0\u00bb][et_pb_column type=\u00a0\u00bb4_4&Prime; _builder_version=\u00a0\u00bb4.19.4&Prime; _module_preset=\u00a0\u00bbdefault\u00a0\u00bb global_colors_info=\u00a0\u00bb{}\u00a0\u00bb][et_pb_text _builder_version=\u00a0\u00bb4.20.4&Prime; _module_preset=\u00a0\u00bbdefault\u00a0\u00bb min_height=\u00a0\u00bb37.8px\u00a0\u00bb link_option_url=\u00a0\u00bbhttps:\/\/www.les-grands-moulins.fr\/V4\/mentions-legales\/\u00a0\u00bb global_colors_info=\u00a0\u00bb{}\u00a0\u00bb]<\/p>\n<p style=\"text-align: center;\"><a style=\"height: 45px;\" href=\"https:\/\/www.les-grands-moulins.fr\/V4\/mentions-legales\/\"><span style=\"color: #ccffcc;\">\u00a9 Les Grands Moulins de Gra\u00e7ay &#8211; Tous droits r\u00e9serv\u00e9s<\/span><\/a><\/p>\n<p>[\/et_pb_text][\/et_pb_column][\/et_pb_row][\/et_pb_section]<\/p>\n","protected":false},"excerpt":{"rendered":"<p>La Ligue de l\u2019enseignement est reconnue d\u2019utilit\u00e9 publique \u00e0 travers sa conf\u00e9d\u00e9ration. Elle est titulaire de l\u2019agr\u00e9ment Education populaire, de la licence d\u2019entrepreneur de spectacles et de l\u2019agr\u00e9ment formation. Premier organisateur en France et cr\u00e9ateur d\u00e8s 1948 de classes de d\u00e9couvertes, la Ligue de l\u2019enseignement d\u00e9fend des valeurs d\u00e9mocratiques telles que la Libert\u00e9, l\u2019\u00e9galit\u00e9 des [&hellip;]<\/p>\n","protected":false},"author":1,"featured_media":0,"parent":0,"menu_order":0,"comment_status":"closed","ping_status":"closed","template":"","meta":{"_et_pb_use_builder":"on","_et_pb_old_content":"","_et_gb_content_width":"","footnotes":""},"class_list":["post-39","page","type-page","status-publish","hentry"],"_links":{"self":[{"href":"https:\/\/www.les-grands-moulins.fr\/V4\/wp-json\/wp\/v2\/pages\/39","targetHints":{"allow":["GET"]}}],"collection":[{"href":"https:\/\/www.les-grands-moulins.fr\/V4\/wp-json\/wp\/v2\/pages"}],"about":[{"href":"https:\/\/www.les-grands-moulins.fr\/V4\/wp-json\/wp\/v2\/types\/page"}],"author":[{"embeddable":true,"href":"https:\/\/www.les-grands-moulins.fr\/V4\/wp-json\/wp\/v2\/users\/1"}],"replies":[{"embeddable":true,"href":"https:\/\/www.les-grands-moulins.fr\/V4\/wp-json\/wp\/v2\/comments?post=39"}],"version-history":[{"count":18,"href":"https:\/\/www.les-grands-moulins.fr\/V4\/wp-json\/wp\/v2\/pages\/39\/revisions"}],"predecessor-version":[{"id":600,"href":"https:\/\/www.les-grands-moulins.fr\/V4\/wp-json\/wp\/v2\/pages\/39\/revisions\/600"}],"wp:attachment":[{"href":"https:\/\/www.les-grands-moulins.fr\/V4\/wp-json\/wp\/v2\/media?parent=39"}],"curies":[{"name":"wp","href":"https:\/\/api.w.org\/{rel}","templated":true}]}}