{"id":31,"date":"2023-01-25T12:49:01","date_gmt":"2023-01-25T12:49:01","guid":{"rendered":"https:\/\/www.les-grands-moulins.fr\/V4\/?page_id=31"},"modified":"2025-01-03T09:35:21","modified_gmt":"2025-01-03T09:35:21","slug":"seminaires","status":"publish","type":"page","link":"https:\/\/www.les-grands-moulins.fr\/V4\/seminaires\/","title":{"rendered":"S\u00e9minaires"},"content":{"rendered":"<p>[et_pb_section fb_built=\u00a0\u00bb1&Prime; _builder_version=\u00a0\u00bb4.19.4&Prime; _module_preset=\u00a0\u00bbdefault\u00a0\u00bb global_colors_info=\u00a0\u00bb{}\u00a0\u00bb][et_pb_row _builder_version=\u00a0\u00bb4.19.4&Prime; _module_preset=\u00a0\u00bbdefault\u00a0\u00bb global_colors_info=\u00a0\u00bb{}\u00a0\u00bb][et_pb_column type=\u00a0\u00bb4_4&Prime; _builder_version=\u00a0\u00bb4.19.4&Prime; _module_preset=\u00a0\u00bbdefault\u00a0\u00bb global_colors_info=\u00a0\u00bb{}\u00a0\u00bb][et_pb_text _builder_version=\u00a0\u00bb4.23.4&Prime; _module_preset=\u00a0\u00bbdefault\u00a0\u00bb global_colors_info=\u00a0\u00bb{}\u00a0\u00bb]Vous \u00eates un organisme de formation, une entreprise, un syndicat ou une comit\u00e9s d\u2019entreprise et vous recherchez des s\u00e9jours de groupe conviviaux, vivants, culturels ?<\/p>\n<p>Vous cherchez un lieu pour organiser un s\u00e9minaire et vous souhaitez limiter autant que possible votre impact environnemental ?<\/p>\n<p>Les Grands Moulins est le lieu exceptionnel pour les rencontres professionnel ou amicale, dans un endroit calme et agr\u00e9able o\u00f9 vos \u00e9quipes appr\u00e9cieront notre cadre vert. De plus, nous mettons \u00e0 votre disposition les salles, le mat\u00e9riel et aussi notre savoir-faire pour vous aider \u00e0 organiser un s\u00e9jour constructif.<\/p>\n<p>Une conf\u00e9rence sur les enjeux plan\u00e9taires \u00e9nerg\u00e9tiques, la visite du marais ou des ateliers interactifs sur l&rsquo;\u00e9nergie pourront compl\u00e9ter intelligemment vos travaux internes.<\/p>\n<p>Les Grands Moulins vous proposent des diff\u00e9rentes prestations sur mesure.[\/et_pb_text][\/et_pb_column][\/et_pb_row][et_pb_row column_structure=\u00a0\u00bb1_3,1_3,1_3&Prime; _builder_version=\u00a0\u00bb4.23.4&Prime; _module_preset=\u00a0\u00bbdefault\u00a0\u00bb global_colors_info=\u00a0\u00bb{}\u00a0\u00bb][et_pb_column type=\u00a0\u00bb1_3&Prime; _builder_version=\u00a0\u00bb4.23.4&Prime; _module_preset=\u00a0\u00bbdefault\u00a0\u00bb global_colors_info=\u00a0\u00bb{}\u00a0\u00bb][et_pb_image src=\u00a0\u00bbhttps:\/\/www.les-grands-moulins.fr\/V4\/wp-content\/uploads\/2024\/01\/gite-image-7.jpg\u00a0\u00bb title_text=\u00a0\u00bbOLYMPUS DIGITAL CAMERA\u00a0\u00bb _builder_version=\u00a0\u00bb4.23.4&Prime; _module_preset=\u00a0\u00bbdefault\u00a0\u00bb global_colors_info=\u00a0\u00bb{}\u00a0\u00bb][\/et_pb_image][\/et_pb_column][et_pb_column type=\u00a0\u00bb1_3&Prime; _builder_version=\u00a0\u00bb4.23.4&Prime; _module_preset=\u00a0\u00bbdefault\u00a0\u00bb global_colors_info=\u00a0\u00bb{}\u00a0\u00bb][et_pb_image src=\u00a0\u00bbhttps:\/\/www.les-grands-moulins.fr\/V4\/wp-content\/uploads\/2024\/01\/gite-image-10.jpg\u00a0\u00bb title_text=\u00a0\u00bbKONICA MINOLTA DIGITAL CAMERA\u00a0\u00bb _builder_version=\u00a0\u00bb4.23.4&Prime; _module_preset=\u00a0\u00bbdefault\u00a0\u00bb global_colors_info=\u00a0\u00bb{}\u00a0\u00bb][\/et_pb_image][\/et_pb_column][et_pb_column type=\u00a0\u00bb1_3&Prime; _builder_version=\u00a0\u00bb4.23.4&Prime; _module_preset=\u00a0\u00bbdefault\u00a0\u00bb global_colors_info=\u00a0\u00bb{}\u00a0\u00bb][et_pb_image src=\u00a0\u00bbhttps:\/\/www.les-grands-moulins.fr\/V4\/wp-content\/uploads\/2024\/01\/gite-image-2.jpg\u00a0\u00bb title_text=\u00a0\u00bbSONY DSC\u00a0\u00bb _builder_version=\u00a0\u00bb4.23.4&Prime; _module_preset=\u00a0\u00bbdefault\u00a0\u00bb global_colors_info=\u00a0\u00bb{}\u00a0\u00bb][\/et_pb_image][\/et_pb_column][\/et_pb_row][et_pb_row _builder_version=\u00a0\u00bb4.20.4&Prime; _module_preset=\u00a0\u00bbdefault\u00a0\u00bb global_colors_info=\u00a0\u00bb{}\u00a0\u00bb][et_pb_column type=\u00a0\u00bb4_4&Prime; _builder_version=\u00a0\u00bb4.20.4&Prime; _module_preset=\u00a0\u00bbdefault\u00a0\u00bb global_colors_info=\u00a0\u00bb{}\u00a0\u00bb][et_pb_accordion _builder_version=\u00a0\u00bb4.27.4&Prime; _module_preset=\u00a0\u00bbdefault\u00a0\u00bb hover_enabled=\u00a0\u00bb0&Prime; global_colors_info=\u00a0\u00bb{}\u00a0\u00bb sticky_enabled=\u00a0\u00bb0&Prime;][et_pb_accordion_item title=\u00a0\u00bbNos \u00e9quipements :\u00a0\u00bb open=\u00a0\u00bboff\u00a0\u00bb _builder_version=\u00a0\u00bb4.20.4&Prime; _module_preset=\u00a0\u00bbdefault\u00a0\u00bb global_colors_info=\u00a0\u00bb{}\u00a0\u00bb]<\/p>\n<ul>\n<li><span> <\/span><span>2 b\u00e2timents d\u2019h\u00e9bergement (Capacite d&rsquo;accueil 58 lits)<\/span><\/li>\n<li><span> <\/span><span>20 chambres avec sanitaires complets<\/span><\/li>\n<li><span> <\/span><span>2 salles de restauration \u00e9quip\u00e9es<\/span><\/li>\n<li><span> <\/span><span>1 cuisine \u00e9quip\u00e9e<\/span><\/li>\n<li><span> <\/span><span>2 salles polyvalentes<\/span><\/li>\n<li><span> <\/span><span>1 salle de r\u00e9union 50 places<\/span><\/li>\n<\/ul>\n<p>[\/et_pb_accordion_item][et_pb_accordion_item title=\u00a0\u00bbR\u00e9partition couchages \/ chambres \/ b\u00e2timents :\u00a0\u00bb _builder_version=\u00a0\u00bb4.27.4&Prime; _module_preset=\u00a0\u00bbdefault\u00a0\u00bb global_colors_info=\u00a0\u00bb{}\u00a0\u00bb open=\u00a0\u00bboff\u00a0\u00bb]<\/p>\n<p><a href=\"https:\/\/www.les-grands-moulins.fr\/V4\/wp-content\/uploads\/2024\/12\/tableau-repartition-des-chambre-GM_1900x1200.jpg\" target=\"_blank\" rel=\"noopener\">R\u00e9partition des couchages par chambre &#8211; Les Grands Moulins<\/a><\/p>\n<p><img decoding=\"async\" id=\"image-24-2468\" alt=\"\" src=\"https:\/\/www.les-grands-moulins.fr\/V4\/wp-content\/uploads\/2024\/12\/tableau-repartition-des-chambre-GM_1900x1200.jpg\" class=\"ct-image\" \/><\/p>\n<p>[\/et_pb_accordion_item][et_pb_accordion_item title=\u00a0\u00bbEn ext\u00e9rieur :\u00a0\u00bb _builder_version=\u00a0\u00bb4.20.4&Prime; _module_preset=\u00a0\u00bbdefault\u00a0\u00bb global_colors_info=\u00a0\u00bb{}\u00a0\u00bb open=\u00a0\u00bboff\u00a0\u00bb]<\/p>\n<ul>\n<li><span> <\/span><span>Une table de ping-pong<\/span><\/li>\n<li><span> <\/span><span>5 tables de pique-nique situ\u00e9es sur une terrasse<\/span><\/li>\n<li><span> <\/span><span>2 bancs<\/span><\/li>\n<li><span> <\/span><span>Une cour devant chacun des b\u00e2timents<\/span><\/li>\n<\/ul>\n<p>[\/et_pb_accordion_item][et_pb_accordion_item title=\u00a0\u00bbParkings \u00e0 proximit\u00e9 de la structure :\u00a0\u00bb _builder_version=\u00a0\u00bb4.27.4&Prime; _module_preset=\u00a0\u00bbdefault\u00a0\u00bb hover_enabled=\u00a0\u00bb0&Prime; global_colors_info=\u00a0\u00bb{}\u00a0\u00bb open=\u00a0\u00bboff\u00a0\u00bb sticky_enabled=\u00a0\u00bb0&Prime;]<\/p>\n<ul>\n<li><span> <\/span><span>La place des Grands Moulins avec 7 places<br \/><\/span><\/li>\n<li><span> <\/span><span>Place Jean Chaudron avec 18 places<\/span><\/li>\n<li><span>Place du march\u00e9 (250m)<\/span><\/li>\n<li><span>Place du Gapion (300m)<\/span><\/li>\n<\/ul>\n<p>[\/et_pb_accordion_item][et_pb_accordion_item title=\u00a0\u00bbItin\u00e9raire\u00a0\u00bb _builder_version=\u00a0\u00bb4.20.4&Prime; _module_preset=\u00a0\u00bbdefault\u00a0\u00bb global_colors_info=\u00a0\u00bb{}\u00a0\u00bb open=\u00a0\u00bboff\u00a0\u00bb]<iframe src=\"https:\/\/www.google.com\/maps\/embed?pb=!1m18!1m12!1m3!1d1356.8769993815406!2d1.8466808359991844!3d47.143085393423874!2m3!1f0!2f0!3f0!3m2!1i1024!2i768!4f13.1!3m3!1m2!1s0x47fb22f505e70f8b%3A0x6ea8c279764e65d4!2sLes%20Grands%20Moulins%20de%20Gra%C3%A7ay!5e0!3m2!1sfr!2sfr!4v1653407794923!5m2!1sfr!2sfr\" width=\"1200\" height=\"450\" style=\"border:0;\" allowfullscreen=\"\" loading=\"lazy\" referrerpolicy=\"no-referrer-when-downgrade\"><\/iframe>[\/et_pb_accordion_item][et_pb_accordion_item title=\u00a0\u00bbSant\u00e9 et urgence\u00a0\u00bb _builder_version=\u00a0\u00bb4.27.4&Prime; _module_preset=\u00a0\u00bbdefault\u00a0\u00bb hover_enabled=\u00a0\u00bb0&Prime; global_colors_info=\u00a0\u00bb{}\u00a0\u00bb open=\u00a0\u00bbon\u00a0\u00bb sticky_enabled=\u00a0\u00bb0&Prime;]<\/p>\n<ul>\n<li><span>M\u00e9decin<br \/>\nDocteur LEMIRE Nadine<br \/>\nT\u00e9l : 02 48 51 26 42<br \/>\nDocteur ENE Florentina<br \/>\nT\u00e9l : 02 48 52 21 05<\/span><span><\/span><span><\/span><\/li>\n<li>Ost\u00e9opathe<br \/>\nXavier Khrimian<br \/>\nT\u00e9l : 07 77 26 90 17<\/li>\n<li>Infirmi\u00e8res<br \/>\nPESTEL Fr\u00e9d\u00e9rique \/ PENNERON Fanny \/ Claire DUCHENE<br \/>\nT\u00e9l : 02 48 51 46 53\n<\/li>\n<li>Pharmacie<br \/>\nPlace Jean Chaudron<br \/>\nT\u00e9l : 02 48 51 42 16<\/li>\n<\/ul>\n<p><span><\/span><\/p>\n<p><span>La liste des professionnels et specialistes de sant\u00e9 \u00e0 proximit\u00e9 sur : <\/span><a href=\"https:\/\/www.gracay.info\/sante\/\">https:\/\/www.gracay.info\/sante\/<\/a>[\/et_pb_accordion_item][et_pb_accordion_item title=\u00a0\u00bbClinique V\u00e9t\u00e9rinaire\u00a0\u00bb _builder_version=\u00a0\u00bb4.20.4&Prime; _module_preset=\u00a0\u00bbdefault\u00a0\u00bb global_colors_info=\u00a0\u00bb{}\u00a0\u00bb open=\u00a0\u00bboff\u00a0\u00bb]<\/p>\n<ul>\n<li><span> <\/span><span>1 Espace des Petits Foss\u00e9s, 18310 Gra\u00e7ay<\/span><\/li>\n<li><span> <\/span><span>T\u00e9l\u00a0: <\/span><a href=\"https:\/\/www.google.com\/search?q=veterinaire+gracay&amp;client=firefox-b-d&amp;sxsrf=ALiCzsZ227aADKdq9viPKwxozgn7bJzbZA%3A1653314392653&amp;ei=WJOLYtGzJ8yElwST24bIBQ&amp;ved=0ahUKEwjRv82I5PX3AhVMwoUKHZOtAVkQ4dUDCA0&amp;uact=5&amp;oq=veterinaire+gracay&amp;gs_lcp=Cgdnd3Mtd2l6EAMyCwguEIAEEMcBEK8BMgYIABAeEBYyBggAEB4QFjIGCAAQHhAWOgcIABBHELADOgcIABCwAxBDOgoIABDkAhCwAxgBOhIILhDHARCjAhDIAxCwAxBDGAI6DQgAELEDEIMBEMkDEEM6BQgAEJIDOgUIABCABDoFCCEQoAFKBAhBGABKBAhGGAFQqAJYuhVgnhhoAnABeACAAXiIAdQFkgEDNS4zmAEAoAEByAESuAEDwAEB2gEGCAEQARgJ2gEGCAIQARgI&amp;sclient=gws-wiz\"><span>02 48 53 14 95<\/span><\/a><\/li>\n<\/ul>\n<p>[\/et_pb_accordion_item][et_pb_accordion_item title=\u00a0\u00bbCommerces de proximit\u00e9\u00a0\u00bb _builder_version=\u00a0\u00bb4.20.4&Prime; _module_preset=\u00a0\u00bbdefault\u00a0\u00bb global_colors_info=\u00a0\u00bb{}\u00a0\u00bb open=\u00a0\u00bboff\u00a0\u00bb]<\/p>\n<ul>\n<li><a href=\"https:\/\/www.gracay.info\/commercants\/\" target=\"_blank\" rel=\"noopener\">Liste des commer\u00e7ants<\/a><\/li>\n<li><a href=\"https:\/\/www.gracay.info\/artisans\/\" target=\"_blank\" rel=\"noopener\">Liste des artisants<\/a><\/li>\n<\/ul>\n<p>[\/et_pb_accordion_item][et_pb_accordion_item title=\u00a0\u00bbOffice de Tourisme :\u00a0\u00bb _builder_version=\u00a0\u00bb4.20.4&Prime; _module_preset=\u00a0\u00bbdefault\u00a0\u00bb global_colors_info=\u00a0\u00bb{}\u00a0\u00bb open=\u00a0\u00bboff\u00a0\u00bb]<\/p>\n<ul>\n<li><span> <\/span><span>4 place du march\u00e9. 18310 Gra\u00e7ay<\/span><\/li>\n<li><span> <\/span><span>T\u00e9l :\u00a0 02 48 51 22 83<\/span><\/li>\n<li><span> <\/span><span>E-mail : <\/span><a href=\"mailto:gracay@berrysolognetourisme.com\"><span>gracay@berrysolognetourisme.com<\/span><\/a><\/li>\n<li><span> <\/span><span>Web :<\/span> <a href=\"https:\/\/www.berrysolognetourisme.com\/\">berrysolognetourisme.com<\/a><\/li>\n<\/ul>\n<p>[\/et_pb_accordion_item][et_pb_accordion_item title=\u00a0\u00bbA visiter :\u00a0\u00bb _builder_version=\u00a0\u00bb4.20.4&Prime; _module_preset=\u00a0\u00bbdefault\u00a0\u00bb global_colors_info=\u00a0\u00bb{}\u00a0\u00bb open=\u00a0\u00bboff\u00a0\u00bb]<\/p>\n<ul>\n<li><span> <\/span><span>Circuit des marais et des lavoirs de Gra\u00e7ay <\/span><\/li>\n<\/ul>\n<p><span>&gt; lien vers\u00a0: <\/span><a href=\"https:\/\/www.berryprovince.com\/activite\/le-marais-du-fouzon-gracay\/\">https:\/\/www.berryprovince.com\/activite\/le-marais-du-fouzon-gracay\/<\/a><\/p>\n<ul>\n<li><span> <\/span><span>Mus\u00e9e de la photo<\/span><\/li>\n<\/ul>\n<p><span>&gt; lien vers\u00a0: <\/span><a href=\"https:\/\/www.berryprovince.com\/patrimoine-culturel\/musee-de-la-photo-gracay\/\">https:\/\/www.berryprovince.com\/patrimoine-culturel\/musee-de-la-photo-gracay\/<\/a><\/p>\n<ul>\n<li><span> <\/span><span>Galerie de l\u2019abside Saint-Martin <\/span><\/li>\n<\/ul>\n<ul>\n<li><span> <\/span><span>Eglise Notre-Dame et ces 122 beaux vitraux class\u00e9s<\/span><\/li>\n<\/ul>\n<p><span>&gt; lien vers\u00a0: <\/span><a href=\"https:\/\/www.facebook.com\/groups\/335396704139255\">https:\/\/www.facebook.com\/groups\/335396704139255<\/a><\/p>\n<ul>\n<li><span> <\/span><span>Coll\u00e9giale Saint-Outrille et son clocher tors<\/span><\/li>\n<\/ul>\n<p><span>&gt; lien vers\u00a0: <\/span><a href=\"https:\/\/www.berryprovince.com\/patrimoine-culturel\/eglise-saint-austregesile-berry-roman-saint-outrille\/\">https:\/\/www.berryprovince.com\/patrimoine-culturel\/eglise-saint-austregesile-berry-roman-saint-outrille\/<\/a><\/p>\n<ul>\n<li><span> <\/span><span>Jardin des Chanoines<\/span><\/li>\n<\/ul>\n<p><span>&gt; lien vers\u00a0: <\/span><a href=\"https:\/\/www.berryprovince.com\/patrimoine-culturel\/jardin-des-chanoines-saint-outrille-2\/\">https:\/\/www.berryprovince.com\/patrimoine-culturel\/jardin-des-chanoines-saint-outrille-2\/<\/a><\/p>\n<ul>\n<li><span> <\/span><span>Paradiso Circus Parc (5min) <\/span><\/li>\n<\/ul>\n<p><span>&gt; lien vers\u00a0: <\/span><a href=\"https:\/\/www.berryprovince.com\/loisir\/paradiso-circus-parc-genouilly\/\">https:\/\/www.berryprovince.com\/loisir\/paradiso-circus-parc-genouilly\/<\/a><\/p>\n<ul>\n<li><span> <\/span><span>Prieur\u00e9 de Grandmont (8min)<\/span><\/li>\n<\/ul>\n<p><span>&gt; lien vers\u00a0: <\/span><a href=\"https:\/\/www.berryprovince.com\/patrimoine-culturel\/prieure-de-grandmont-genouilly\/\">https:\/\/www.berryprovince.com\/patrimoine-culturel\/prieure-de-grandmont-genouilly\/<\/a><\/p>\n<ul>\n<li><span> <\/span><span>Mus\u00e9e de l&rsquo;ocre<\/span><\/li>\n<\/ul>\n<p><span>&gt; lien vers\u00a0: <\/span><a href=\"https:\/\/www.berryprovince.com\/patrimoine-culturel\/musee-de-locre-saint-georges-sur-la-pree\/\">https:\/\/www.berryprovince.com\/patrimoine-culturel\/musee-de-locre-saint-georges-sur-la-pree\/<\/a><\/p>\n<ul>\n<li><span> <\/span><span>Ch\u00e2teau de Valen\u00e7ay (25min) et ch\u00e2teau de Bouges (15min)<\/span><\/li>\n<\/ul>\n<ul>\n<li><span> <\/span><span>Bapt\u00eames de l\u2019air des Ailes Vierzonnaises (25min) <\/span><\/li>\n<\/ul>\n<p><span>&gt; lien vers\u00a0: <\/span><a href=\"https:\/\/www.berryprovince.com\/activite\/baptemes-de-lair-des-ailes-vierzonnaises-vierzon\/\">https:\/\/www.berryprovince.com\/activite\/baptemes-de-lair-des-ailes-vierzonnaises-vierzon\/<\/a><\/p>\n<ul>\n<li><span> <\/span><span>Mus\u00e9e de Vierzon (25 min)<\/span><\/li>\n<\/ul>\n<p><span>&gt; lien vers\u00a0: <\/span><a href=\"https:\/\/www.berryprovince.com\/patrimoine-culturel\/musee-de-vierzon-vierzon\/\">https:\/\/www.berryprovince.com\/patrimoine-culturel\/musee-de-vierzon-vierzon\/<\/a><\/p>\n<ul>\n<li><span> <\/span><span>Bateau le Cher (Visite du canal du Berry) (25min)<\/span><\/li>\n<\/ul>\n<p><span>&gt; lien vers\u00a0: <\/span><span><a href=\"https:\/\/www.berryprovince.com\/patrimoine-culturel\/bateau-le-cher-vierzon\/\">https:\/\/www.berryprovince.com\/patrimoine-culturel\/bateau-le-cher-vierzon\/<\/a><\/span><span><\/span><\/p>\n<ul>\n<li><span> <\/span><span>Circuit du Berry roman<\/span><\/li>\n<\/ul>\n<p><span>&gt; lien vers\u00a0: <\/span><a href=\"https:\/\/berry-aucoeurdefrance.com\/art-roman-en-berry-2\/\">https:\/\/berry-aucoeurdefrance.com\/art-roman-en-berry-2\/<\/a><\/p>\n<ul>\n<li><span> <\/span><span>Visite de la ville de Bourges<\/span><\/li>\n<\/ul>\n<p><span>&gt; lien vers\u00a0: <\/span><a href=\"https:\/\/www.bourgesberrytourisme.com\/destination-bourges\/best-of\/\">https:\/\/www.bourgesberrytourisme.com\/destination-bourges\/best-of\/<\/a><\/p>\n<p>[\/et_pb_accordion_item][et_pb_accordion_item title=\u00a0\u00bbInstallations municipales\u00a0\u00bb _builder_version=\u00a0\u00bb4.20.4&Prime; _module_preset=\u00a0\u00bbdefault\u00a0\u00bb global_colors_info=\u00a0\u00bb{}\u00a0\u00bb open=\u00a0\u00bboff\u00a0\u00bb]<\/p>\n<ul>\n<li><span> <\/span><a href=\"https:\/\/www.berryprovince.com\/hotellerie-plein-air\/camping-saint-phalier-gracay\/\" target=\"_blank\" rel=\"noopener\"><span>Camping<\/span><\/a><\/li>\n<li><span>Etang avec un espace de jeu<\/span><\/li>\n<li><span> <\/span><span>Gymnase avec un Dojo et une salle de Tennis de Table<\/span><\/li>\n<li>Terrain de foot<span><\/span><\/li>\n<li><span>Deux courts de tennis<\/span><\/li>\n<li><span>Terrains de p\u00e9tanque<\/span><\/li>\n<li><span> <\/span><a href=\"https:\/\/www.cc-vierzon.fr\/sports-et-loisirs\/piscine-intercommunale-a-gracay\/\" target=\"_blank\" rel=\"noopener\"><span>Piscine avec 3 bassins en plein air<\/span><\/a><\/li>\n<li><span> <\/span><a href=\"https:\/\/www.gracay.info\/centre-socioculturel\/\" target=\"_blank\" rel=\"noopener\"><span>Centre socioculturel<\/span><\/a><\/li>\n<li><span> <\/span><span><a href=\"https:\/\/www.gracay.info\/cinemobile\/\" target=\"_blank\" rel=\"noopener\">Cin\u00e9mobile<\/a><\/span><\/li>\n<li><span> <\/span><a href=\"https:\/\/fr.chargemap.com\/place-du-gapion-gracay.html\" target=\"_blank\" rel=\"noopener\"><span>Borne \u00e9lectrique<\/span><\/a><\/li>\n<li><span> <\/span><span>March\u00e9 le jeudi<\/span><\/li>\n<li><span> <\/span><a href=\"https:\/\/www.gracay.info\/decheterie-intercommunale\/\" target=\"_blank\" rel=\"noopener\"><span>D\u00e9ch\u00e8terie<\/span><\/a><\/li>\n<li><span> <\/span><a href=\"https:\/\/www.gracay.info\/la-poste\/\" target=\"_blank\" rel=\"noopener\"><span>Bureau de poste<\/span><\/a><\/li>\n<li><a href=\"https:\/\/www.gracay.info\/bibliotheque\/\" target=\"_blank\" rel=\"noopener\"><span>Biblioth\u00e8que<\/span><\/a><\/li>\n<li><a href=\"https:\/\/www.gracay.info\/maison-de-service-public\/\" target=\"_blank\" rel=\"noopener\"><span>Maison France Services<\/span><\/a><\/li>\n<li><span>Jeux enfants en plein air<\/span><\/li>\n<\/ul>\n<p>[\/et_pb_accordion_item][et_pb_accordion_item title=\u00a0\u00bbMairie de Gra\u00e7ay :\u00a0\u00bb _builder_version=\u00a0\u00bb4.20.4&Prime; _module_preset=\u00a0\u00bbdefault\u00a0\u00bb global_colors_info=\u00a0\u00bb{}\u00a0\u00bb open=\u00a0\u00bboff\u00a0\u00bb]<\/p>\n<ul>\n<li><span> <\/span><span>Place du March\u00e9, 18310 Gra\u00e7ay<\/span><\/li>\n<li><span> <\/span><span>T\u00e9l : 02 48 51 42 07<\/span><\/li>\n<li><span> <\/span><span>E-mail : <\/span><a href=\"mailto:mairiedegracay@orange.fr\">mairiedegracay@orange.fr<\/a><\/li>\n<li><span> <\/span><span>Web\u00a0: <\/span><a href=\"http:\/\/www.gracay.info\">gracay.info<\/a><\/li>\n<\/ul>\n<p>[\/et_pb_accordion_item][et_pb_accordion_item title=\u00a0\u00bbNum\u00e9ros d&rsquo;appel d&rsquo;urgence\u00a0\u00bb _builder_version=\u00a0\u00bb4.27.4&Prime; _module_preset=\u00a0\u00bbdefault\u00a0\u00bb global_colors_info=\u00a0\u00bb{}\u00a0\u00bb open=\u00a0\u00bboff\u00a0\u00bb]<\/p>\n<p><a href=\"https:\/\/www.gracay.info\/numeros-durgence\/\" target=\"_blank\" rel=\"noopener\">Num\u00e9ros d&rsquo;appel d&rsquo;urgence<\/a><\/p>\n<p><img decoding=\"async\" id=\"image-24-2468\" alt=\"\" src=\"https:\/\/www.gracay.info\/wp-content\/uploads\/2021\/10\/numeros-urgence.jpg\" class=\"ct-image\" \/><\/p>\n<p>[\/et_pb_accordion_item][\/et_pb_accordion][\/et_pb_column][\/et_pb_row][et_pb_row column_structure=\u00a0\u00bb1_3,1_3,1_3&Prime; _builder_version=\u00a0\u00bb4.23.4&Prime; _module_preset=\u00a0\u00bbdefault\u00a0\u00bb custom_margin=\u00a0\u00bb-22px|auto||auto||\u00a0\u00bb global_colors_info=\u00a0\u00bb{}\u00a0\u00bb][et_pb_column type=\u00a0\u00bb1_3&Prime; _builder_version=\u00a0\u00bb4.23.4&Prime; _module_preset=\u00a0\u00bbdefault\u00a0\u00bb global_colors_info=\u00a0\u00bb{}\u00a0\u00bb][et_pb_image src=\u00a0\u00bbhttps:\/\/www.les-grands-moulins.fr\/V4\/wp-content\/uploads\/2024\/01\/grands-moulins-image-1.jpg\u00a0\u00bb title_text=\u00a0\u00bbgrands-moulins-image-1&Prime; _builder_version=\u00a0\u00bb4.23.4&Prime; _module_preset=\u00a0\u00bbdefault\u00a0\u00bb global_colors_info=\u00a0\u00bb{}\u00a0\u00bb][\/et_pb_image][et_pb_text _builder_version=\u00a0\u00bb4.20.4&Prime; _module_preset=\u00a0\u00bbdefault\u00a0\u00bb min_height=\u00a0\u00bb110.4px\u00a0\u00bb custom_padding=\u00a0\u00bb||0px|||\u00a0\u00bb global_colors_info=\u00a0\u00bb{}\u00a0\u00bb]<\/p>\n<p>Contactez-nous pour toute demande d&rsquo;information ou de devis.<\/p>\n<p>T\u00e9l : 02.48.51.29.96<br \/><a href=\"mailto:fol18@les-grands-moulins.fr\" title=\"contactez-nous\" target=\"_blank\" rel=\"noopener\">fol18@les-grands-moulins.fr<\/a><\/p>\n<p>[\/et_pb_text][\/et_pb_column][et_pb_column type=\u00a0\u00bb1_3&Prime; _builder_version=\u00a0\u00bb4.23.4&Prime; _module_preset=\u00a0\u00bbdefault\u00a0\u00bb global_colors_info=\u00a0\u00bb{}\u00a0\u00bb][et_pb_image src=\u00a0\u00bbhttps:\/\/www.les-grands-moulins.fr\/V4\/wp-content\/uploads\/2024\/01\/gite-image-3.jpg\u00a0\u00bb title_text=\u00a0\u00bbgite-image-3&Prime; _builder_version=\u00a0\u00bb4.23.4&Prime; _module_preset=\u00a0\u00bbdefault\u00a0\u00bb global_colors_info=\u00a0\u00bb{}\u00a0\u00bb][\/et_pb_image][\/et_pb_column][et_pb_column type=\u00a0\u00bb1_3&Prime; _builder_version=\u00a0\u00bb4.23.4&Prime; _module_preset=\u00a0\u00bbdefault\u00a0\u00bb global_colors_info=\u00a0\u00bb{}\u00a0\u00bb][et_pb_image src=\u00a0\u00bbhttps:\/\/www.les-grands-moulins.fr\/V4\/wp-content\/uploads\/2024\/01\/gite-image-6.jpg\u00a0\u00bb title_text=\u00a0\u00bbgite-image-6&Prime; _builder_version=\u00a0\u00bb4.23.4&Prime; _module_preset=\u00a0\u00bbdefault\u00a0\u00bb global_colors_info=\u00a0\u00bb{}\u00a0\u00bb][\/et_pb_image][\/et_pb_column][\/et_pb_row][et_pb_row column_structure=\u00a0\u00bb1_5,1_5,1_5,1_5,1_5&Prime; _builder_version=\u00a0\u00bb4.21.0&Prime; _module_preset=\u00a0\u00bbdefault\u00a0\u00bb height=\u00a0\u00bb200px\u00a0\u00bb custom_margin=\u00a0\u00bb-43px|auto|-45px|auto||\u00a0\u00bb global_colors_info=\u00a0\u00bb{}\u00a0\u00bb][et_pb_column type=\u00a0\u00bb1_5&Prime; _builder_version=\u00a0\u00bb4.21.0&Prime; _module_preset=\u00a0\u00bbdefault\u00a0\u00bb global_colors_info=\u00a0\u00bb{}\u00a0\u00bb][et_pb_image src=\u00a0\u00bbhttps:\/\/www.les-grands-moulins.fr\/V4\/wp-content\/uploads\/2023\/04\/gite-grands-moulins.jpg\u00a0\u00bb title_text=\u00a0\u00bbgite-grands-moulins\u00a0\u00bb show_in_lightbox=\u00a0\u00bbon\u00a0\u00bb _builder_version=\u00a0\u00bb4.21.0&Prime; _module_preset=\u00a0\u00bbdefault\u00a0\u00bb global_colors_info=\u00a0\u00bb{}\u00a0\u00bb][\/et_pb_image][\/et_pb_column][et_pb_column type=\u00a0\u00bb1_5&Prime; _builder_version=\u00a0\u00bb4.21.0&Prime; _module_preset=\u00a0\u00bbdefault\u00a0\u00bb global_colors_info=\u00a0\u00bb{}\u00a0\u00bb][et_pb_image src=\u00a0\u00bbhttps:\/\/www.les-grands-moulins.fr\/V4\/wp-content\/uploads\/2023\/04\/moulins-depuis-fouzon.jpg\u00a0\u00bb title_text=\u00a0\u00bbmoulins-depuis-fouzon\u00a0\u00bb show_in_lightbox=\u00a0\u00bbon\u00a0\u00bb _builder_version=\u00a0\u00bb4.21.0&Prime; _module_preset=\u00a0\u00bbdefault\u00a0\u00bb height=\u00a0\u00bb127px\u00a0\u00bb global_colors_info=\u00a0\u00bb{}\u00a0\u00bb][\/et_pb_image][\/et_pb_column][et_pb_column type=\u00a0\u00bb1_5&Prime; _builder_version=\u00a0\u00bb4.21.0&Prime; _module_preset=\u00a0\u00bbdefault\u00a0\u00bb global_colors_info=\u00a0\u00bb{}\u00a0\u00bb][et_pb_image src=\u00a0\u00bbhttps:\/\/www.les-grands-moulins.fr\/V4\/wp-content\/uploads\/2023\/04\/interieur-grands-moulins.jpg\u00a0\u00bb title_text=\u00a0\u00bbinterieur-grands-moulins\u00a0\u00bb show_in_lightbox=\u00a0\u00bbon\u00a0\u00bb _builder_version=\u00a0\u00bb4.21.0&Prime; _module_preset=\u00a0\u00bbdefault\u00a0\u00bb height=\u00a0\u00bb127px\u00a0\u00bb global_colors_info=\u00a0\u00bb{}\u00a0\u00bb][\/et_pb_image][\/et_pb_column][et_pb_column type=\u00a0\u00bb1_5&Prime; _builder_version=\u00a0\u00bb4.21.0&Prime; _module_preset=\u00a0\u00bbdefault\u00a0\u00bb global_colors_info=\u00a0\u00bb{}\u00a0\u00bb][et_pb_image src=\u00a0\u00bbhttps:\/\/www.les-grands-moulins.fr\/V4\/wp-content\/uploads\/2023\/04\/lavoir-marais.jpg\u00a0\u00bb title_text=\u00a0\u00bblavoir marais\u00a0\u00bb show_in_lightbox=\u00a0\u00bbon\u00a0\u00bb _builder_version=\u00a0\u00bb4.21.0&Prime; _module_preset=\u00a0\u00bbdefault\u00a0\u00bb height=\u00a0\u00bb127px\u00a0\u00bb global_colors_info=\u00a0\u00bb{}\u00a0\u00bb][\/et_pb_image][\/et_pb_column][et_pb_column type=\u00a0\u00bb1_5&Prime; _builder_version=\u00a0\u00bb4.21.0&Prime; _module_preset=\u00a0\u00bbdefault\u00a0\u00bb global_colors_info=\u00a0\u00bb{}\u00a0\u00bb][et_pb_image src=\u00a0\u00bbhttps:\/\/www.les-grands-moulins.fr\/V4\/wp-content\/uploads\/2023\/04\/sentier-marais.jpg\u00a0\u00bb title_text=\u00a0\u00bbsentier-marais\u00a0\u00bb show_in_lightbox=\u00a0\u00bbon\u00a0\u00bb _builder_version=\u00a0\u00bb4.21.0&Prime; _module_preset=\u00a0\u00bbdefault\u00a0\u00bb height=\u00a0\u00bb127px\u00a0\u00bb global_colors_info=\u00a0\u00bb{}\u00a0\u00bb][\/et_pb_image][\/et_pb_column][\/et_pb_row][\/et_pb_section][et_pb_section fb_built=\u00a0\u00bb1&Prime; _builder_version=\u00a0\u00bb4.19.4&Prime; _module_preset=\u00a0\u00bbdefault\u00a0\u00bb background_color=\u00a0\u00bbrgba(195,239,50,0.35)\u00a0\u00bb min_height=\u00a0\u00bb248.8px\u00a0\u00bb custom_margin=\u00a0\u00bb||-74px|||\u00a0\u00bb custom_padding=\u00a0\u00bb0px||0px||true|false\u00a0\u00bb global_module=\u00a0\u00bb105&Prime; global_colors_info=\u00a0\u00bb{}\u00a0\u00bb][et_pb_row column_structure=\u00a0\u00bb1_5,1_5,1_5,1_5,1_5&Prime; _builder_version=\u00a0\u00bb4.21.0&Prime; _module_preset=\u00a0\u00bbdefault\u00a0\u00bb min_height=\u00a0\u00bb123.5px\u00a0\u00bb custom_margin=\u00a0\u00bb0px|auto|0px|auto|false|false\u00a0\u00bb custom_padding=\u00a0\u00bb0px||0px||false|false\u00a0\u00bb global_colors_info=\u00a0\u00bb{}\u00a0\u00bb][et_pb_column type=\u00a0\u00bb1_5&Prime; _builder_version=\u00a0\u00bb4.19.4&Prime; _module_preset=\u00a0\u00bbdefault\u00a0\u00bb global_colors_info=\u00a0\u00bb{}\u00a0\u00bb][et_pb_text _builder_version=\u00a0\u00bb4.24.3&Prime; _module_preset=\u00a0\u00bbdefault\u00a0\u00bb width=\u00a0\u00bb100%\u00a0\u00bb min_height=\u00a0\u00bb19px\u00a0\u00bb custom_margin=\u00a0\u00bb29px|25px|-6px||false|false\u00a0\u00bb custom_padding=\u00a0\u00bb4px|1px|5px||false|false\u00a0\u00bb global_colors_info=\u00a0\u00bb{}\u00a0\u00bb]<\/p>\n<p><strong>Les Grands Moulins<\/strong><br \/>5, Rue Jean Jaur\u00e8s<br \/>18310 GRA\u00c7AY<br \/>02 48 51 29 96<\/p>\n<h6 style=\"font-size: 0.9em;\">fol18@les-grands-moulins.fr<\/h6>\n<p>[\/et_pb_text][\/et_pb_column][et_pb_column type=\u00a0\u00bb1_5&Prime; _builder_version=\u00a0\u00bb4.19.4&Prime; _module_preset=\u00a0\u00bbdefault\u00a0\u00bb global_colors_info=\u00a0\u00bb{}\u00a0\u00bb][et_pb_image src=\u00a0\u00bbhttps:\/\/www.les-grands-moulins.fr\/V4\/wp-content\/uploads\/2023\/01\/Grands-Moulins-Maison-des-energies-PNG.png\u00a0\u00bb title_text=\u00a0\u00bbGrands-Moulins-Maison-des-energies-PNG\u00a0\u00bb url=\u00a0\u00bbhttps:\/\/www.les-grands-moulins.fr\u00a0\u00bb _builder_version=\u00a0\u00bb4.22.2&Prime; _module_preset=\u00a0\u00bbdefault\u00a0\u00bb transform_scale=\u00a0\u00bb50%|50%\u00a0\u00bb min_height=\u00a0\u00bb170px\u00a0\u00bb height=\u00a0\u00bb100px\u00a0\u00bb custom_margin=\u00a0\u00bb||||false|false\u00a0\u00bb custom_padding=\u00a0\u00bb||||false|false\u00a0\u00bb box_shadow_style=\u00a0\u00bbpreset1&Prime; global_colors_info=\u00a0\u00bb{}\u00a0\u00bb transform_styles__hover_enabled=\u00a0\u00bbon|hover\u00a0\u00bb transform_scale__hover_enabled=\u00a0\u00bbon|hover\u00a0\u00bb transform_translate__hover_enabled=\u00a0\u00bbon|desktop\u00a0\u00bb transform_rotate__hover_enabled=\u00a0\u00bbon|desktop\u00a0\u00bb transform_skew__hover_enabled=\u00a0\u00bbon|desktop\u00a0\u00bb transform_origin__hover_enabled=\u00a0\u00bbon|desktop\u00a0\u00bb transform_scale__hover=\u00a0\u00bb50%|50%\u00a0\u00bb][\/et_pb_image][\/et_pb_column][et_pb_column type=\u00a0\u00bb1_5&Prime; _builder_version=\u00a0\u00bb4.19.4&Prime; _module_preset=\u00a0\u00bbdefault\u00a0\u00bb global_colors_info=\u00a0\u00bb{}\u00a0\u00bb][et_pb_image src=\u00a0\u00bbhttps:\/\/www.les-grands-moulins.fr\/V4\/wp-content\/uploads\/2023\/04\/ligue18_png.png\u00a0\u00bb title_text=\u00a0\u00bbligue18_png\u00a0\u00bb url=\u00a0\u00bbhttps:\/\/www.laliguedelenseignement-18.fr\/\u00a0\u00bb url_new_window=\u00a0\u00bbon\u00a0\u00bb _builder_version=\u00a0\u00bb4.22.2&Prime; _module_preset=\u00a0\u00bbdefault\u00a0\u00bb transform_scale=\u00a0\u00bb90%|90%\u00a0\u00bb min_height=\u00a0\u00bb100px\u00a0\u00bb custom_margin=\u00a0\u00bb34px|0px||0px|false|false\u00a0\u00bb custom_padding=\u00a0\u00bb|0px||0px|false|false\u00a0\u00bb box_shadow_style=\u00a0\u00bbpreset1&Prime; global_colors_info=\u00a0\u00bb{}\u00a0\u00bb][\/et_pb_image][\/et_pb_column][et_pb_column type=\u00a0\u00bb1_5&Prime; _builder_version=\u00a0\u00bb4.19.4&Prime; _module_preset=\u00a0\u00bbdefault\u00a0\u00bb global_colors_info=\u00a0\u00bb{}\u00a0\u00bb][et_pb_image src=\u00a0\u00bbhttps:\/\/www.les-grands-moulins.fr\/V4\/wp-content\/uploads\/2023\/07\/eu-ecolabel-fr-051-477.png\u00a0\u00bb title_text=\u00a0\u00bbeu-ecolabel-fr-051-477&Prime; url=\u00a0\u00bbhttps:\/\/www.gites-de-france.com\/fr\u00a0\u00bb url_new_window=\u00a0\u00bbon\u00a0\u00bb show_bottom_space=\u00a0\u00bboff\u00a0\u00bb _builder_version=\u00a0\u00bb4.21.0&Prime; _module_preset=\u00a0\u00bbdefault\u00a0\u00bb transform_scale=\u00a0\u00bb53%|53%\u00a0\u00bb custom_margin=\u00a0\u00bb-19px||||false|false\u00a0\u00bb custom_padding=\u00a0\u00bb||||false|false\u00a0\u00bb box_shadow_style=\u00a0\u00bbpreset1&Prime; global_colors_info=\u00a0\u00bb{}\u00a0\u00bb transform_styles__hover_enabled=\u00a0\u00bbon|hover\u00a0\u00bb transform_scale__hover_enabled=\u00a0\u00bbon|hover\u00a0\u00bb transform_translate__hover_enabled=\u00a0\u00bbon|desktop\u00a0\u00bb transform_rotate__hover_enabled=\u00a0\u00bbon|desktop\u00a0\u00bb transform_skew__hover_enabled=\u00a0\u00bbon|desktop\u00a0\u00bb transform_origin__hover_enabled=\u00a0\u00bbon|desktop\u00a0\u00bb transform_scale__hover=\u00a0\u00bb53%|53%\u00a0\u00bb][\/et_pb_image][\/et_pb_column][et_pb_column type=\u00a0\u00bb1_5&Prime; _builder_version=\u00a0\u00bb4.21.0&Prime; _module_preset=\u00a0\u00bbdefault\u00a0\u00bb global_colors_info=\u00a0\u00bb{}\u00a0\u00bb][et_pb_image src=\u00a0\u00bbhttps:\/\/www.les-grands-moulins.fr\/V4\/wp-content\/uploads\/2023\/04\/label-gites-de-france.png\u00a0\u00bb title_text=\u00a0\u00bblabel-g\u00eetes-de-france\u00a0\u00bb url=\u00a0\u00bbhttps:\/\/www.gites-de-france.com\/fr\u00a0\u00bb url_new_window=\u00a0\u00bbon\u00a0\u00bb show_bottom_space=\u00a0\u00bboff\u00a0\u00bb _builder_version=\u00a0\u00bb4.20.4&Prime; _module_preset=\u00a0\u00bbdefault\u00a0\u00bb transform_scale=\u00a0\u00bb53%|53%\u00a0\u00bb custom_margin=\u00a0\u00bb||||false|false\u00a0\u00bb custom_padding=\u00a0\u00bb||||false|false\u00a0\u00bb box_shadow_style=\u00a0\u00bbpreset1&Prime; global_colors_info=\u00a0\u00bb{}\u00a0\u00bb transform_styles__hover_enabled=\u00a0\u00bbon|hover\u00a0\u00bb transform_scale__hover_enabled=\u00a0\u00bbon|hover\u00a0\u00bb transform_translate__hover_enabled=\u00a0\u00bbon|desktop\u00a0\u00bb transform_rotate__hover_enabled=\u00a0\u00bbon|desktop\u00a0\u00bb transform_skew__hover_enabled=\u00a0\u00bbon|desktop\u00a0\u00bb transform_origin__hover_enabled=\u00a0\u00bbon|desktop\u00a0\u00bb transform_scale__hover=\u00a0\u00bb53%|53%\u00a0\u00bb][\/et_pb_image][\/et_pb_column][\/et_pb_row][et_pb_row _builder_version=\u00a0\u00bb4.21.0&Prime; _module_preset=\u00a0\u00bbdefault\u00a0\u00bb min_height=\u00a0\u00bb35.8px\u00a0\u00bb custom_margin=\u00a0\u00bb0px|auto|5px|auto|false|false\u00a0\u00bb custom_padding=\u00a0\u00bb0px||0px||false|false\u00a0\u00bb link_option_url=\u00a0\u00bbhttps:\/\/www.facebook.com\/lesgrandsmoulins18\/\u00a0\u00bb global_colors_info=\u00a0\u00bb{}\u00a0\u00bb][et_pb_column type=\u00a0\u00bb4_4&Prime; _builder_version=\u00a0\u00bb4.19.4&Prime; _module_preset=\u00a0\u00bbdefault\u00a0\u00bb global_colors_info=\u00a0\u00bb{}\u00a0\u00bb][et_pb_text _builder_version=\u00a0\u00bb4.21.0&Prime; _module_preset=\u00a0\u00bbdefault\u00a0\u00bb min_height=\u00a0\u00bb37.8px\u00a0\u00bb custom_margin=\u00a0\u00bb6px||-45px||false|false\u00a0\u00bb custom_padding=\u00a0\u00bb||0px||false|false\u00a0\u00bb link_option_url=\u00a0\u00bbhttps:\/\/www.les-grands-moulins.fr\/V4\/mentions-legales\/\u00a0\u00bb global_colors_info=\u00a0\u00bb{}\u00a0\u00bb]<\/p>\n<p style=\"text-align: center;\"><a style=\"height: 45px;\" href=\"https:\/\/www.les-grands-moulins.fr\/V4\/mentions-legales\/\"><span style=\"color: #ccffcc;\">\u00a9 Les Grands Moulins de Gra\u00e7ay<\/span><\/a><\/p>\n<p>[\/et_pb_text][\/et_pb_column][\/et_pb_row][\/et_pb_section]<\/p>\n","protected":false},"excerpt":{"rendered":"<p>Vous \u00eates un organisme de formation, une entreprise, un syndicat ou une comit\u00e9s d\u2019entreprise et vous recherchez des s\u00e9jours de groupe conviviaux, vivants, culturels ? Vous cherchez un lieu pour organiser un s\u00e9minaire et vous souhaitez limiter autant que possible votre impact environnemental ? Les Grands Moulins est le lieu exceptionnel pour les rencontres professionnel [&hellip;]<\/p>\n","protected":false},"author":1,"featured_media":0,"parent":0,"menu_order":0,"comment_status":"closed","ping_status":"closed","template":"","meta":{"_et_pb_use_builder":"on","_et_pb_old_content":"","_et_gb_content_width":"","footnotes":""},"class_list":["post-31","page","type-page","status-publish","hentry"],"_links":{"self":[{"href":"https:\/\/www.les-grands-moulins.fr\/V4\/wp-json\/wp\/v2\/pages\/31","targetHints":{"allow":["GET"]}}],"collection":[{"href":"https:\/\/www.les-grands-moulins.fr\/V4\/wp-json\/wp\/v2\/pages"}],"about":[{"href":"https:\/\/www.les-grands-moulins.fr\/V4\/wp-json\/wp\/v2\/types\/page"}],"author":[{"embeddable":true,"href":"https:\/\/www.les-grands-moulins.fr\/V4\/wp-json\/wp\/v2\/users\/1"}],"replies":[{"embeddable":true,"href":"https:\/\/www.les-grands-moulins.fr\/V4\/wp-json\/wp\/v2\/comments?post=31"}],"version-history":[{"count":26,"href":"https:\/\/www.les-grands-moulins.fr\/V4\/wp-json\/wp\/v2\/pages\/31\/revisions"}],"predecessor-version":[{"id":1458,"href":"https:\/\/www.les-grands-moulins.fr\/V4\/wp-json\/wp\/v2\/pages\/31\/revisions\/1458"}],"wp:attachment":[{"href":"https:\/\/www.les-grands-moulins.fr\/V4\/wp-json\/wp\/v2\/media?parent=31"}],"curies":[{"name":"wp","href":"https:\/\/api.w.org\/{rel}","templated":true}]}}