{"id":27,"date":"2023-01-25T12:48:28","date_gmt":"2023-01-25T12:48:28","guid":{"rendered":"https:\/\/www.les-grands-moulins.fr\/V4\/?page_id=27"},"modified":"2026-03-30T13:10:22","modified_gmt":"2026-03-30T13:10:22","slug":"gite-de-groupe","status":"publish","type":"page","link":"https:\/\/www.les-grands-moulins.fr\/V4\/gite-de-groupe\/","title":{"rendered":"G\u00eete de groupe"},"content":{"rendered":"<p>[et_pb_section fb_built=\u00a0\u00bb1&Prime; _builder_version=\u00a0\u00bb4.19.4&Prime; _module_preset=\u00a0\u00bbdefault\u00a0\u00bb custom_padding=\u00a0\u00bb||0px|||\u00a0\u00bb global_colors_info=\u00a0\u00bb{}\u00a0\u00bb][et_pb_row _builder_version=\u00a0\u00bb4.19.4&Prime; _module_preset=\u00a0\u00bbdefault\u00a0\u00bb min_height=\u00a0\u00bb101.6px\u00a0\u00bb custom_padding=\u00a0\u00bb7px||30px|0px||\u00a0\u00bb global_colors_info=\u00a0\u00bb{}\u00a0\u00bb][et_pb_column type=\u00a0\u00bb4_4&Prime; _builder_version=\u00a0\u00bb4.19.4&Prime; _module_preset=\u00a0\u00bbdefault\u00a0\u00bb global_colors_info=\u00a0\u00bb{}\u00a0\u00bb][et_pb_text _builder_version=\u00a0\u00bb4.21.0&Prime; _module_preset=\u00a0\u00bbdefault\u00a0\u00bb custom_margin=\u00a0\u00bb||-4px|||\u00a0\u00bb inline_fonts=\u00a0\u00bbABeeZee\u00a0\u00bb global_colors_info=\u00a0\u00bb{}\u00a0\u00bb]Les Grands Moulins vous proposent de vous h\u00e9berger dans des conditions de qualit\u00e9. Toute manifestation de groupe constitu\u00e9 peut faire l&rsquo;objet d&rsquo;un s\u00e9jour dans notre centre.<\/p>\n<h2 align=\"center\"><span style=\"color: #008000;\"><strong><span style=\"font-family: ABeeZee;\"><br \/>\n<em>Notre centre est certifi\u00e9 Ecolabel et reconnu G\u00eetes de France !<\/em><\/span><\/strong><\/span><strong><span style=\"color: #669966; font-family: ABeeZee;\"><em><\/em><\/span><\/strong><strong><span style=\"color: #669966; font-family: ABeeZee;\"><em><\/em><\/span><\/strong><strong><\/strong><span style=\"color: #ff3366;\"><\/span><\/h2>\n<p>[\/et_pb_text][\/et_pb_column][\/et_pb_row][et_pb_row column_structure=\u00a0\u00bb1_4,1_4,1_4,1_4&Prime; _builder_version=\u00a0\u00bb4.19.4&Prime; _module_preset=\u00a0\u00bbdefault\u00a0\u00bb min_height=\u00a0\u00bb269.6px\u00a0\u00bb custom_padding=\u00a0\u00bb7px||30px|0px||\u00a0\u00bb global_colors_info=\u00a0\u00bb{}\u00a0\u00bb][et_pb_column type=\u00a0\u00bb1_4&Prime; _builder_version=\u00a0\u00bb4.19.4&Prime; _module_preset=\u00a0\u00bbdefault\u00a0\u00bb global_colors_info=\u00a0\u00bb{}\u00a0\u00bb][\/et_pb_column][et_pb_column type=\u00a0\u00bb1_4&Prime; _builder_version=\u00a0\u00bb4.19.4&Prime; _module_preset=\u00a0\u00bbdefault\u00a0\u00bb global_colors_info=\u00a0\u00bb{}\u00a0\u00bb][et_pb_image src=\u00a0\u00bbhttps:\/\/www.les-grands-moulins.fr\/V4\/wp-content\/uploads\/2023\/07\/eu-ecolabel-fr-051-477.png\u00a0\u00bb title_text=\u00a0\u00bbeu-ecolabel-fr-051-477&Prime; _builder_version=\u00a0\u00bb4.21.0&Prime; _module_preset=\u00a0\u00bbdefault\u00a0\u00bb global_colors_info=\u00a0\u00bb{}\u00a0\u00bb][\/et_pb_image][\/et_pb_column][et_pb_column type=\u00a0\u00bb1_4&Prime; _builder_version=\u00a0\u00bb4.19.4&Prime; _module_preset=\u00a0\u00bbdefault\u00a0\u00bb global_colors_info=\u00a0\u00bb{}\u00a0\u00bb][et_pb_image src=\u00a0\u00bbhttps:\/\/www.les-grands-moulins.fr\/V4\/wp-content\/uploads\/2023\/04\/label-gites-de-france_epi.png\u00a0\u00bb title_text=\u00a0\u00bblabel-g\u00eetes-de-france_epi\u00a0\u00bb _builder_version=\u00a0\u00bb4.21.0&Prime; _module_preset=\u00a0\u00bbdefault\u00a0\u00bb width=\u00a0\u00bb88%\u00a0\u00bb custom_margin=\u00a0\u00bb-6px||||false|false\u00a0\u00bb global_colors_info=\u00a0\u00bb{}\u00a0\u00bb][\/et_pb_image][\/et_pb_column][et_pb_column type=\u00a0\u00bb1_4&Prime; _builder_version=\u00a0\u00bb4.19.4&Prime; _module_preset=\u00a0\u00bbdefault\u00a0\u00bb global_colors_info=\u00a0\u00bb{}\u00a0\u00bb][\/et_pb_column][\/et_pb_row][et_pb_row _builder_version=\u00a0\u00bb4.19.4&Prime; _module_preset=\u00a0\u00bbdefault\u00a0\u00bb min_height=\u00a0\u00bb149.6px\u00a0\u00bb custom_padding=\u00a0\u00bb7px||28px|0px||\u00a0\u00bb global_colors_info=\u00a0\u00bb{}\u00a0\u00bb][et_pb_column type=\u00a0\u00bb4_4&Prime; _builder_version=\u00a0\u00bb4.19.4&Prime; _module_preset=\u00a0\u00bbdefault\u00a0\u00bb global_colors_info=\u00a0\u00bb{}\u00a0\u00bb][et_pb_text _builder_version=\u00a0\u00bb4.27.6&Prime; _module_preset=\u00a0\u00bbdefault\u00a0\u00bb custom_margin=\u00a0\u00bb||3px|||\u00a0\u00bb hover_enabled=\u00a0\u00bb0&Prime; inline_fonts=\u00a0\u00bbABeeZee\u00a0\u00bb global_colors_info=\u00a0\u00bb{}\u00a0\u00bb sticky_enabled=\u00a0\u00bb0&Prime;]<\/p>\n<h1 class=\"font-claude-response-title mt-1 text-text-100\">Les Grands Moulins \u00e0 Gra\u00e7ay : Votre Refuge au C\u0153ur du Cher<\/h1>\n<p class=\"font-claude-response-body whitespace-normal break-words\">\u00c0 pied, \u00e0 v\u00e9lo, les Vall\u00e9es Vertes du Cher vous offrent un territoire de prairies et de vallons, travers\u00e9 de cours d&rsquo;eau tranquilles, \u00e0 parcourir \u00e0 votre rythme. Et c&rsquo;est pr\u00e9cis\u00e9ment dans ce cadre idyllique que s&rsquo;inscrit le G\u00eete des Grands Moulins, une invitation \u00e0 ralentir, \u00e0 respirer, \u00e0 red\u00e9couvrir les vraies richesses d&rsquo;un territoire naturel charg\u00e9e de charmes discrets.<\/p>\n<h2 class=\"font-claude-response-heading text-text-100 mt-1 -mb-0.5\">Un havre de paix aux portes de la Vall\u00e9e<\/h2>\n<p>Nich\u00e9 \u00e0 Gra\u00e7ay, le G\u00eete des Grands Moulins incarne cette harmonie parfaite entre authenticit\u00e9 et accueil chaleureux. Son architecture, respectueuse du patrimoine local, cr\u00e9e une atmosph\u00e8re o\u00f9 il fait bon se laisser porter par le temps pass\u00e9, loin de l\u2019agitation urbaine.<\/p>\n<p>Que vous arriviez en famille, entre amis ou coll\u00e8gues, vous d\u00e9couvrirez un lieu pens\u00e9 pour votre bien-\u00eatre, avec tous les am\u00e9nagements n\u00e9cessaires pour un s\u00e9jour m\u00e9morable.<\/p>\n<p class=\"font-claude-response-body whitespace-normal break-words\">Les espaces communs invitent \u00e0 la convivialit\u00e9 : terrasse donnant sur la nature, espaces de d\u00e9tente, \u00e9quipements bien pens\u00e9s. C&rsquo;est l&rsquo;endroit parfait pour d\u00e9buter vos explorations ou finir vos journ\u00e9es de promenade.<\/p>\n<h2 class=\"font-claude-response-body whitespace-normal break-words\">Id\u00e9al pour vos explorations<\/h2>\n<p class=\"font-claude-response-body whitespace-normal break-words\">Le g\u00eete de groupe des Grands Moulins est le point de d\u00e9part parfait pour d\u00e9couvrir la richesse de la r\u00e9gion ou le havre de paix id\u00e9al pour terminer vos journ\u00e9es de promenade. Explorez le patrimoine local, les paysages naturels environnants ou profitez simplement d&rsquo;un s\u00e9jour reposant en groupe.<\/p>\n<p><span style=\"color: #ff3366;\"><img loading=\"lazy\" decoding=\"async\" src=\"https:\/\/www.les-grands-moulins.fr\/V4\/wp-content\/uploads\/2023\/05\/icon-non-reservation-rge-48x48-1.png\" alt=\"\" class=\"wp-image-591 alignnone size-full\" width=\"29\" height=\"32\" \/> Pas de r\u00e9servation possible du 1er juillet au 31 ao\u00fbt et du 15 d\u00e9cembre au 15 janvier.<\/span><\/p>\n<p>[\/et_pb_text][\/et_pb_column][\/et_pb_row][\/et_pb_section][et_pb_section fb_built=\u00a0\u00bb1&Prime; _builder_version=\u00a0\u00bb4.19.4&Prime; _module_preset=\u00a0\u00bbdefault\u00a0\u00bb custom_margin=\u00a0\u00bb-16px|||||\u00a0\u00bb custom_padding=\u00a0\u00bb12px|||||\u00a0\u00bb locked=\u00a0\u00bboff\u00a0\u00bb global_colors_info=\u00a0\u00bb{}\u00a0\u00bb][et_pb_row column_structure=\u00a0\u00bb1_3,1_3,1_3&Prime; _builder_version=\u00a0\u00bb4.23.4&Prime; _module_preset=\u00a0\u00bbdefault\u00a0\u00bb custom_padding=\u00a0\u00bb9px|||||\u00a0\u00bb global_colors_info=\u00a0\u00bb{}\u00a0\u00bb][et_pb_column type=\u00a0\u00bb1_3&Prime; _builder_version=\u00a0\u00bb4.23.4&Prime; _module_preset=\u00a0\u00bbdefault\u00a0\u00bb global_colors_info=\u00a0\u00bb{}\u00a0\u00bb][et_pb_image src=\u00a0\u00bbhttps:\/\/www.les-grands-moulins.fr\/V4\/wp-content\/uploads\/2024\/01\/gite-image-3.jpg\u00a0\u00bb title_text=\u00a0\u00bbgite-image-3&Prime; _builder_version=\u00a0\u00bb4.23.4&Prime; _module_preset=\u00a0\u00bbdefault\u00a0\u00bb global_colors_info=\u00a0\u00bb{}\u00a0\u00bb][\/et_pb_image][\/et_pb_column][et_pb_column type=\u00a0\u00bb1_3&Prime; _builder_version=\u00a0\u00bb4.23.4&Prime; _module_preset=\u00a0\u00bbdefault\u00a0\u00bb global_colors_info=\u00a0\u00bb{}\u00a0\u00bb][et_pb_image src=\u00a0\u00bbhttps:\/\/www.les-grands-moulins.fr\/V4\/wp-content\/uploads\/2024\/01\/gite-image-5.jpg\u00a0\u00bb title_text=\u00a0\u00bbgite-image-5&Prime; _builder_version=\u00a0\u00bb4.23.4&Prime; _module_preset=\u00a0\u00bbdefault\u00a0\u00bb global_colors_info=\u00a0\u00bb{}\u00a0\u00bb][\/et_pb_image][\/et_pb_column][et_pb_column type=\u00a0\u00bb1_3&Prime; _builder_version=\u00a0\u00bb4.23.4&Prime; _module_preset=\u00a0\u00bbdefault\u00a0\u00bb global_colors_info=\u00a0\u00bb{}\u00a0\u00bb][et_pb_image src=\u00a0\u00bbhttps:\/\/www.les-grands-moulins.fr\/V4\/wp-content\/uploads\/2024\/01\/gite-image-6.jpg\u00a0\u00bb title_text=\u00a0\u00bbgite-image-6&Prime; _builder_version=\u00a0\u00bb4.23.4&Prime; _module_preset=\u00a0\u00bbdefault\u00a0\u00bb global_colors_info=\u00a0\u00bb{}\u00a0\u00bb][\/et_pb_image][\/et_pb_column][\/et_pb_row][et_pb_row _builder_version=\u00a0\u00bb4.20.4&Prime; _module_preset=\u00a0\u00bbdefault\u00a0\u00bb min_height=\u00a0\u00bb1317.1px\u00a0\u00bb custom_padding=\u00a0\u00bb0px|||||\u00a0\u00bb global_colors_info=\u00a0\u00bb{}\u00a0\u00bb][et_pb_column type=\u00a0\u00bb4_4&Prime; _builder_version=\u00a0\u00bb4.20.4&Prime; _module_preset=\u00a0\u00bbdefault\u00a0\u00bb global_colors_info=\u00a0\u00bb{}\u00a0\u00bb][et_pb_accordion _builder_version=\u00a0\u00bb4.27.4&Prime; _module_preset=\u00a0\u00bbdefault\u00a0\u00bb global_colors_info=\u00a0\u00bb{}\u00a0\u00bb][et_pb_accordion_item title=\u00a0\u00bbNos \u00e9quipements :\u00a0\u00bb open=\u00a0\u00bboff\u00a0\u00bb _builder_version=\u00a0\u00bb4.21.0&Prime; _module_preset=\u00a0\u00bbdefault\u00a0\u00bb global_colors_info=\u00a0\u00bb{}\u00a0\u00bb]<\/p>\n<ul>\n<li><span>2 b\u00e2timents d\u2019h\u00e9bergement<br \/><\/span><\/li>\n<li><span> <\/span><span>20 chambres avec sanitaires complets (56 couchages en lits simples dont une chambre PMR)<br \/><\/span><\/li>\n<li><span> <\/span><span>2 salles de restauration \u00e9quip\u00e9es<\/span><\/li>\n<li><span> <\/span><span><span>1 cuisine \u00e9quip\u00e9e (<\/span><\/span>de r\u00e9chauffe + une plonge)<\/li>\n<li><span> <\/span><span>2 salles polyvalentes<\/span><\/li>\n<li><span> <\/span><span>1 salle de r\u00e9union 50 places<\/span><\/li>\n<\/ul>\n<p>[\/et_pb_accordion_item][et_pb_accordion_item title=\u00a0\u00bbR\u00e9partition couchages \/ chambres \/ b\u00e2timents :\u00a0\u00bb _builder_version=\u00a0\u00bb4.27.4&Prime; _module_preset=\u00a0\u00bbdefault\u00a0\u00bb global_colors_info=\u00a0\u00bb{}\u00a0\u00bb open=\u00a0\u00bboff\u00a0\u00bb]<\/p>\n<p><a href=\"https:\/\/www.les-grands-moulins.fr\/V4\/wp-content\/uploads\/2024\/12\/tableau-repartition-des-chambre-GM_1900x1200.jpg\" target=\"_blank\" rel=\"noopener\">R\u00e9partition des couchages par chambre &#8211; Les Grands Moulins<\/a><\/p>\n<p><img decoding=\"async\" id=\"image-24-2468\" alt=\"\" src=\"https:\/\/www.les-grands-moulins.fr\/V4\/wp-content\/uploads\/2024\/12\/tableau-repartition-des-chambre-GM_1900x1200.jpg\" class=\"ct-image\" \/><\/p>\n<p>[\/et_pb_accordion_item][et_pb_accordion_item title=\u00a0\u00bbEn ext\u00e9rieur :\u00a0\u00bb _builder_version=\u00a0\u00bb4.20.4&Prime; _module_preset=\u00a0\u00bbdefault\u00a0\u00bb global_colors_info=\u00a0\u00bb{}\u00a0\u00bb open=\u00a0\u00bbon\u00a0\u00bb]<\/p>\n<ul>\n<li><span> <\/span><span>Une table de ping-pong<\/span><\/li>\n<li><span> <\/span><span>5 tables de pique-nique situ\u00e9es sur une terrasse<\/span><\/li>\n<li><span> <\/span><span>2 bancs<\/span><\/li>\n<li><span> <\/span><span>Une cour devant chacun des b\u00e2timents<\/span><\/li>\n<\/ul>\n<p>[\/et_pb_accordion_item][et_pb_accordion_item title=\u00a0\u00bbParkings \u00e0 proximit\u00e9 de la structure :\u00a0\u00bb _builder_version=\u00a0\u00bb4.21.0&Prime; _module_preset=\u00a0\u00bbdefault\u00a0\u00bb global_colors_info=\u00a0\u00bb{}\u00a0\u00bb open=\u00a0\u00bboff\u00a0\u00bb]<\/p>\n<ul>\n<li><span>Place Jean Chaudron avec 18 places (Cot\u00e9 pharmacie)<br \/><\/span><\/li>\n<li><span>Possibilit\u00e9 de 6 places de stationnement \u00e0 l&rsquo;interieur des Grands Moulins.<br \/><\/span><\/li>\n<\/ul>\n<p>[\/et_pb_accordion_item][et_pb_accordion_item title=\u00a0\u00bbItin\u00e9raire\u00a0\u00bb _builder_version=\u00a0\u00bb4.20.4&Prime; _module_preset=\u00a0\u00bbdefault\u00a0\u00bb global_colors_info=\u00a0\u00bb{}\u00a0\u00bb open=\u00a0\u00bboff\u00a0\u00bb]<iframe src=\"https:\/\/www.google.com\/maps\/embed?pb=!1m18!1m12!1m3!1d1356.8769993815406!2d1.8466808359991844!3d47.143085393423874!2m3!1f0!2f0!3f0!3m2!1i1024!2i768!4f13.1!3m3!1m2!1s0x47fb22f505e70f8b%3A0x6ea8c279764e65d4!2sLes%20Grands%20Moulins%20de%20Gra%C3%A7ay!5e0!3m2!1sfr!2sfr!4v1653407794923!5m2!1sfr!2sfr\" width=\"1100\" height=\"450\" style=\"border:0;\" allowfullscreen=\"\" loading=\"lazy\" referrerpolicy=\"no-referrer-when-downgrade\"><\/iframe>[\/et_pb_accordion_item][et_pb_accordion_item title=\u00a0\u00bbSant\u00e9 et urgence\u00a0\u00bb _builder_version=\u00a0\u00bb4.21.0&Prime; _module_preset=\u00a0\u00bbdefault\u00a0\u00bb global_colors_info=\u00a0\u00bb{}\u00a0\u00bb open=\u00a0\u00bboff\u00a0\u00bb]M\u00e9decin<br \/>\nDocteur LEMIRE Nadine. T\u00e9l : 02 48 51 26 42<br \/>\nDocteur ENE Florentina. T\u00e9l : 02 48 52 21 05<\/p>\n<p>Infirmi\u00e8res<br \/>\nPESTEL Fr\u00e9d\u00e9rique \/ PENNERON Fanny. T\u00e9l : 02 48 51 46 53<br \/>\nLucie Gomme. T\u00e9l : 06 59 15 02 64<\/p>\n<p>Pharmacie<br \/>\nPlace Jean Chaudron. T\u00e9l : 02 48 51 42 16<\/p>\n<p>Ost\u00e9opathe<br \/>\nXavier Khrimian. T\u00e9l : 07 77 26 90 17<\/p>\n<p><span>La liste des professionnels et specialistes de sant\u00e9 \u00e0 proximit\u00e9 sur : <\/span><a href=\"https:\/\/www.gracay.info\/sante\/\">https:\/\/www.gracay.info\/sante\/<\/a>[\/et_pb_accordion_item][et_pb_accordion_item title=\u00a0\u00bbAnimaux\u00a0\u00bb _builder_version=\u00a0\u00bb4.21.0&Prime; _module_preset=\u00a0\u00bbdefault\u00a0\u00bb global_colors_info=\u00a0\u00bb{}\u00a0\u00bb open=\u00a0\u00bboff\u00a0\u00bb]- Pas plus de 2 chiens accept\u00e9s.<br \/>\n&#8211; 10\u20ac par animal.[\/et_pb_accordion_item][et_pb_accordion_item title=\u00a0\u00bbClinique V\u00e9t\u00e9rinaire\u00a0\u00bb _builder_version=\u00a0\u00bb4.20.4&Prime; _module_preset=\u00a0\u00bbdefault\u00a0\u00bb global_colors_info=\u00a0\u00bb{}\u00a0\u00bb open=\u00a0\u00bboff\u00a0\u00bb]<\/p>\n<ul>\n<li><span> <\/span><span>1 Espace des Petits Foss\u00e9s, 18310 Gra\u00e7ay<\/span><\/li>\n<li><span> <\/span><span>T\u00e9l\u00a0: <\/span><a href=\"https:\/\/www.google.com\/search?q=veterinaire+gracay&amp;client=firefox-b-d&amp;sxsrf=ALiCzsZ227aADKdq9viPKwxozgn7bJzbZA%3A1653314392653&amp;ei=WJOLYtGzJ8yElwST24bIBQ&amp;ved=0ahUKEwjRv82I5PX3AhVMwoUKHZOtAVkQ4dUDCA0&amp;uact=5&amp;oq=veterinaire+gracay&amp;gs_lcp=Cgdnd3Mtd2l6EAMyCwguEIAEEMcBEK8BMgYIABAeEBYyBggAEB4QFjIGCAAQHhAWOgcIABBHELADOgcIABCwAxBDOgoIABDkAhCwAxgBOhIILhDHARCjAhDIAxCwAxBDGAI6DQgAELEDEIMBEMkDEEM6BQgAEJIDOgUIABCABDoFCCEQoAFKBAhBGABKBAhGGAFQqAJYuhVgnhhoAnABeACAAXiIAdQFkgEDNS4zmAEAoAEByAESuAEDwAEB2gEGCAEQARgJ2gEGCAIQARgI&amp;sclient=gws-wiz\"><span>02 48 53 14 95<\/span><\/a><\/li>\n<\/ul>\n<p>[\/et_pb_accordion_item][et_pb_accordion_item title=\u00a0\u00bbCommerces de proximit\u00e9\u00a0\u00bb _builder_version=\u00a0\u00bb4.20.4&Prime; _module_preset=\u00a0\u00bbdefault\u00a0\u00bb global_colors_info=\u00a0\u00bb{}\u00a0\u00bb open=\u00a0\u00bboff\u00a0\u00bb]<\/p>\n<ul>\n<li><a href=\"https:\/\/www.gracay.info\/commercants\/\" target=\"_blank\" rel=\"noopener\">Liste des commer\u00e7ants<\/a><\/li>\n<li><a href=\"https:\/\/www.gracay.info\/artisans\/\" target=\"_blank\" rel=\"noopener\">Liste des artisants<\/a><\/li>\n<\/ul>\n<p>[\/et_pb_accordion_item][et_pb_accordion_item title=\u00a0\u00bbOffice de Tourisme :\u00a0\u00bb _builder_version=\u00a0\u00bb4.20.4&Prime; _module_preset=\u00a0\u00bbdefault\u00a0\u00bb global_colors_info=\u00a0\u00bb{}\u00a0\u00bb open=\u00a0\u00bboff\u00a0\u00bb]<\/p>\n<ul>\n<li><span> <\/span><span>4 place du march\u00e9. 18310 Gra\u00e7ay<\/span><\/li>\n<li><span> <\/span><span>T\u00e9l :\u00a0 02 48 51 22 83<\/span><\/li>\n<li><span> <\/span><span>E-mail : <\/span><a href=\"mailto:gracay@berrysolognetourisme.com\"><span>gracay@berrysolognetourisme.com<\/span><\/a><\/li>\n<li><span> <\/span><span>Web :<\/span> <a href=\"https:\/\/www.berrysolognetourisme.com\/\">berrysolognetourisme.com<\/a><\/li>\n<\/ul>\n<p>[\/et_pb_accordion_item][et_pb_accordion_item title=\u00a0\u00bbA visiter :\u00a0\u00bb _builder_version=\u00a0\u00bb4.21.0&Prime; _module_preset=\u00a0\u00bbdefault\u00a0\u00bb global_colors_info=\u00a0\u00bb{}\u00a0\u00bb open=\u00a0\u00bboff\u00a0\u00bb]<\/p>\n<ul>\n<li><a href=\"https:\/\/www.berryprovince.com\/activite\/le-marais-du-fouzon-gracay\/\" target=\"_blank\" rel=\"noopener\" title=\"Santier marais du Fouzon Gra\u00e7ay\">Circuit des marais et des lavoirs de Gra\u00e7ay<\/a><\/li>\n<li><a href=\"https:\/\/www.berryprovince.com\/patrimoine-culturel\/visite-guidee-de-gracay-gracay\/\" target=\"_blank\" rel=\"noopener\" title=\"Visite guid\u00e9e Gra\u00e7ay\">Visite guid\u00e9e de Gra\u00e7ay<\/a><\/li>\n<li><a href=\"https:\/\/www.berryprovince.com\/patrimoine-culturel\/musee-de-la-photo-gracay\/\" target=\"_blank\" rel=\"noopener\" title=\"Mus\u00e9e de la photo\">Mus\u00e9e de la photo<\/a><\/li>\n<li>Galerie de l\u2019abside Saint-Martin<\/li>\n<li><a href=\"\/\/www.facebook.com\/groups\/335396704139255\" target=\"_blank\" rel=\"noopener\" title=\"\u00c9glise Notre-Dame de Gra\u00e7ay\">\u00c9glise Notre-Dame et ces 122 beaux vitraux class\u00e9s<\/a><\/li>\n<li><a href=\"http:\/\/www.lemaraisdufouzon.fr\/\" target=\"_blank\" rel=\"noopener\" title=\"Sentier du marais du Fouzon Gra\u00e7ay\">Sentier p\u00e9dagogique du marais du Fouzon<\/a><\/li>\n<li>Plan d&rsquo;eau \u00e0 Gra\u00e7ay (P\u00eache &#8211; Balade &#8211; Jeux enfants)<\/li>\n<li><a href=\"https:\/\/www.berryprovince.com\/patrimoine-culturel\/eglise-saint-austregesile-berry-roman-saint-outrille\/&quot;&gt;https:\/\/www.berryprovince.com\/patrimoine-culturel\/eglise-saint-austregesile-berry-roman-saint-outrille\/\" target=\"_blank\" rel=\"noopener\" title=\"Coll\u00e9giale de Saint-Outrille\">Coll\u00e9giale Saint-Outrille et son clocher tors<\/a><\/li>\n<li><a href=\"https:\/\/www.berryprovince.com\/patrimoine-culturel\/jardin-des-chanoines-saint-outrille-2\" target=\"_blank\" rel=\"noopener\" title=\"Jardin des Chanoines Gra\u00e7ay-Saint-Outrille\">Jardin des Chanoines<\/a><\/li>\n<li><a href=\"https:\/\/www.berryprovince.com\/loisir\/paradiso-circus-parc-genouilly\/\" target=\"_blank\" rel=\"noopener\" title=\"Cirque Paradiso\">Paradiso Circus Parc<\/a> (5min)<\/li>\n<li><a href=\"https:\/\/www.berryprovince.com\/patrimoine-culturel\/prieure-de-grandmont-genouilly\/\" target=\"_blank\" rel=\"noopener\" title=\"Prieur\u00e9 de Grandmont Genouilly\">Prieur\u00e9 de Grandmont<\/a> (8min)<\/li>\n<li><a href=\"https:\/\/www.berryprovince.com\/patrimoine-naturel\/sentier-botanique-genouilly\/\" target=\"_blank\" rel=\"noopener\" title=\"\u00c9tang des sceps Genouilly\">\u00c9tang des sceps<\/a> (10min)<\/li>\n<li><a href=\"https:\/\/www.berryprovince.com\/patrimoine-culturel\/musee-de-locre-saint-georges-sur-la-pree\/\" target=\"_blank\" rel=\"noopener\" title=\"Mus\u00e9e de l'ocre Saint-G\u00e9orges-sur-la-Pr\u00e9e\">Mus\u00e9e de l&rsquo;ocre<\/a> (10 min)<\/li>\n<li><a href=\"https:\/\/www.berryprovince.com\/patrimoine-culturel\/musee-des-ponts-et-chaussees-guilly\/\" target=\"_blank\" rel=\"noopener\" title=\"Mus\u00e9e des Ponts et Chauss\u00e9es\">Mus\u00e9e des Ponts et Chauss\u00e9es<\/a> (12min)<\/li>\n<li><a href=\"https:\/\/www.chateau-bouges.fr\/\" target=\"_blank\" rel=\"noopener\" title=\"Ch\u00e2teau de Bouges - Bouges-le-Ch\u00e2teau\">Ch\u00e2teau de Bouges<\/a> (15min)<\/li>\n<li><a href=\"https:\/\/www.chateau-valencay.fr\/\" target=\"_blank\" rel=\"noopener\" title=\"Ch\u00e2teau de Valen\u00e7ay\">Ch\u00e2teau de Valen\u00e7ay<\/a> (20min)<\/li>\n<li><a href=\"\/\/www.berryprovince.com\/activite\/baptemes-de-lair-des-ailes-vierzonnaises-vierzon\/\" target=\"_blank\" rel=\"noopener\" title=\"Bapt\u00eames de l\u2019air des Ailes Vierzonnaises\">Bapt\u00eames de l\u2019air des Ailes Vierzonnaises<\/a> (25min)<\/li>\n<li><a href=\"http:\/\/www.ville-vierzon.fr\/musee.html\" target=\"_blank\" rel=\"noopener\" title=\"Mus\u00e9e de Vierzon\">Mus\u00e9e de Vierzon<\/a> (25min)<\/li>\n<li><a href=\"https:\/\/www.berryprovince.com\/patrimoine-culturel\/bateau-le-cher-vierzon\/\" target=\"_blank\" rel=\"noopener\" title=\"Bateau le Cher - Vierzon\">Bateau le Cher<\/a> (Visite du canal du Berry) (25min)<\/li>\n<li><a href=\"https:\/\/berry-aucoeurdefrance.com\/art-roman-en-berry-2\/\" target=\"_blank\" rel=\"noopener\" title=\"Circuit du Berry roman - Cher &amp; Indre\">Circuit du Berry roman<\/a> (Cher &amp; Indre)<\/li>\n<li><a href=\"https:\/\/www.bourgesberrytourisme.com\/destination-bourges\/best-of\/\" target=\"_blank\" rel=\"noopener\" title=\"Visite de la ville de Bourges\">Visite de la ville de Bourges<\/a> (50min)<\/li>\n<li><a href=\"https:\/\/www.printemps-bourges.com\/\" target=\"_blank\" rel=\"noopener\" title=\"Festival Printemps de Bourges\">Festival Printemps de Bourges<\/a> (50min)<\/li>\n<\/ul>\n<p>[\/et_pb_accordion_item][et_pb_accordion_item title=\u00a0\u00bbInstallations municipales\u00a0\u00bb _builder_version=\u00a0\u00bb4.20.4&Prime; _module_preset=\u00a0\u00bbdefault\u00a0\u00bb global_colors_info=\u00a0\u00bb{}\u00a0\u00bb open=\u00a0\u00bboff\u00a0\u00bb]<\/p>\n<ul>\n<li><span> <\/span><a href=\"https:\/\/www.berryprovince.com\/hotellerie-plein-air\/camping-saint-phalier-gracay\/\" target=\"_blank\" rel=\"noopener\"><span>Camping<\/span><\/a><\/li>\n<li><span>Etang avec un espace de jeu<\/span><\/li>\n<li><span> <\/span><span>Gymnase avec un Dojo et une salle de Tennis de Table<\/span><\/li>\n<li>Terrain de foot<span><\/span><\/li>\n<li><span>Deux courts de tennis<\/span><\/li>\n<li><span>Terrains de p\u00e9tanque<\/span><\/li>\n<li><span> <\/span><a href=\"https:\/\/www.cc-vierzon.fr\/sports-et-loisirs\/piscine-intercommunale-a-gracay\/\" target=\"_blank\" rel=\"noopener\"><span>Piscine avec 3 bassins en plein air<\/span><\/a><\/li>\n<li><span> <\/span><a href=\"https:\/\/www.gracay.info\/centre-socioculturel\/\" target=\"_blank\" rel=\"noopener\"><span>Centre socioculturel<\/span><\/a><\/li>\n<li><span> <\/span><span><a href=\"https:\/\/www.gracay.info\/cinemobile\/\" target=\"_blank\" rel=\"noopener\">Cin\u00e9mobile<\/a><\/span><\/li>\n<li><span> <\/span><a href=\"https:\/\/fr.chargemap.com\/place-du-gapion-gracay.html\" target=\"_blank\" rel=\"noopener\"><span>Borne \u00e9lectrique<\/span><\/a><\/li>\n<li><span> <\/span><span>March\u00e9 le jeudi<\/span><\/li>\n<li><span> <\/span><a href=\"https:\/\/www.gracay.info\/decheterie-intercommunale\/\" target=\"_blank\" rel=\"noopener\"><span>D\u00e9ch\u00e8terie<\/span><\/a><\/li>\n<li><span> <\/span><a href=\"https:\/\/www.gracay.info\/la-poste\/\" target=\"_blank\" rel=\"noopener\"><span>Bureau de poste<\/span><\/a><\/li>\n<li><a href=\"https:\/\/www.gracay.info\/bibliotheque\/\" target=\"_blank\" rel=\"noopener\"><span>Biblioth\u00e8que<\/span><\/a><\/li>\n<li><a href=\"https:\/\/www.gracay.info\/maison-de-service-public\/\" target=\"_blank\" rel=\"noopener\"><span>Maison France Services<\/span><\/a><\/li>\n<li><span>Jeux enfants en plein air<\/span><\/li>\n<\/ul>\n<p>[\/et_pb_accordion_item][et_pb_accordion_item title=\u00a0\u00bbMairie de Gra\u00e7ay :\u00a0\u00bb _builder_version=\u00a0\u00bb4.20.4&Prime; _module_preset=\u00a0\u00bbdefault\u00a0\u00bb global_colors_info=\u00a0\u00bb{}\u00a0\u00bb open=\u00a0\u00bboff\u00a0\u00bb]<\/p>\n<ul>\n<li><span> <\/span><span>Place du March\u00e9, 18310 Gra\u00e7ay<\/span><\/li>\n<li><span> <\/span><span>T\u00e9l : 02 48 51 42 07<\/span><\/li>\n<li><span> <\/span><span>E-mail : <\/span><a href=\"mailto:mairiedegracay@orange.fr\">mairiedegracay@orange.fr<\/a><\/li>\n<li><span> <\/span><span>Web\u00a0: <\/span><a href=\"http:\/\/www.gracay.info\">gracay.info<\/a><\/li>\n<\/ul>\n<p>[\/et_pb_accordion_item][et_pb_accordion_item title=\u00a0\u00bbNum\u00e9ros d&rsquo;appel d&rsquo;urgence\u00a0\u00bb _builder_version=\u00a0\u00bb4.20.4&Prime; _module_preset=\u00a0\u00bbdefault\u00a0\u00bb global_colors_info=\u00a0\u00bb{}\u00a0\u00bb open=\u00a0\u00bboff\u00a0\u00bb]<\/p>\n<p><a href=\"https:\/\/www.gracay.info\/numeros-durgence\/\" target=\"_blank\" rel=\"noopener\">Num\u00e9ros d&rsquo;appel d&rsquo;urgence<\/a><\/p>\n<p><img decoding=\"async\" id=\"image-24-2468\" alt=\"\" src=\"https:\/\/www.gracay.info\/wp-content\/uploads\/2021\/10\/numeros-urgence.jpg\" class=\"ct-image\" \/><\/p>\n<p>[\/et_pb_accordion_item][\/et_pb_accordion][et_pb_text _builder_version=\u00a0\u00bb4.20.4&Prime; _module_preset=\u00a0\u00bbdefault\u00a0\u00bb custom_padding=\u00a0\u00bb||0px|||\u00a0\u00bb global_colors_info=\u00a0\u00bb{}\u00a0\u00bb]<\/p>\n<p>Contactez-nous pour toute demande d&rsquo;information ou de devis.<\/p>\n<p>T\u00e9l : 02.48.51.29.96<br \/><a href=\"mailto:fol18@les-grands-moulins.fr\" title=\"contactez-nous\" target=\"_blank\" rel=\"noopener\">fol18@les-grands-moulins.fr<\/a><\/p>\n<p>&#8212;&#8212;&#8212;&#8212;&#8212;&#8212;&#8212;&#8212;&#8212;&#8212;&#8212;&#8212;&#8212;&#8212;&#8212;&#8212;&#8212;&#8212;&#8212;&#8212;&#8212;&#8212;&#8212;&#8212;&#8212;&#8212;&#8212;&#8212;&#8212;&#8211;<\/p>\n<p>[\/et_pb_text][\/et_pb_column][\/et_pb_row][et_pb_row column_structure=\u00a0\u00bb1_3,1_3,1_3&Prime; _builder_version=\u00a0\u00bb4.23.4&Prime; _module_preset=\u00a0\u00bbdefault\u00a0\u00bb global_colors_info=\u00a0\u00bb{}\u00a0\u00bb][et_pb_column type=\u00a0\u00bb1_3&Prime; _builder_version=\u00a0\u00bb4.23.4&Prime; _module_preset=\u00a0\u00bbdefault\u00a0\u00bb global_colors_info=\u00a0\u00bb{}\u00a0\u00bb][et_pb_image src=\u00a0\u00bbhttps:\/\/www.les-grands-moulins.fr\/V4\/wp-content\/uploads\/2024\/01\/gite-image-7.jpg\u00a0\u00bb title_text=\u00a0\u00bbOLYMPUS DIGITAL CAMERA\u00a0\u00bb _builder_version=\u00a0\u00bb4.23.4&Prime; _module_preset=\u00a0\u00bbdefault\u00a0\u00bb global_colors_info=\u00a0\u00bb{}\u00a0\u00bb][\/et_pb_image][\/et_pb_column][et_pb_column type=\u00a0\u00bb1_3&Prime; _builder_version=\u00a0\u00bb4.23.4&Prime; _module_preset=\u00a0\u00bbdefault\u00a0\u00bb global_colors_info=\u00a0\u00bb{}\u00a0\u00bb][et_pb_image src=\u00a0\u00bbhttps:\/\/www.les-grands-moulins.fr\/V4\/wp-content\/uploads\/2024\/01\/gite-image-12.jpg\u00a0\u00bb title_text=\u00a0\u00bbKONICA MINOLTA DIGITAL CAMERA\u00a0\u00bb _builder_version=\u00a0\u00bb4.23.4&Prime; _module_preset=\u00a0\u00bbdefault\u00a0\u00bb global_colors_info=\u00a0\u00bb{}\u00a0\u00bb][\/et_pb_image][\/et_pb_column][et_pb_column type=\u00a0\u00bb1_3&Prime; _builder_version=\u00a0\u00bb4.23.4&Prime; _module_preset=\u00a0\u00bbdefault\u00a0\u00bb global_colors_info=\u00a0\u00bb{}\u00a0\u00bb][et_pb_image src=\u00a0\u00bbhttps:\/\/www.les-grands-moulins.fr\/V4\/wp-content\/uploads\/2024\/01\/gite-image-11.jpg\u00a0\u00bb title_text=\u00a0\u00bbKONICA MINOLTA DIGITAL CAMERA\u00a0\u00bb _builder_version=\u00a0\u00bb4.23.4&Prime; _module_preset=\u00a0\u00bbdefault\u00a0\u00bb global_colors_info=\u00a0\u00bb{}\u00a0\u00bb][\/et_pb_image][\/et_pb_column][\/et_pb_row][et_pb_row column_structure=\u00a0\u00bb1_3,1_3,1_3&Prime; _builder_version=\u00a0\u00bb4.23.4&Prime; _module_preset=\u00a0\u00bbdefault\u00a0\u00bb global_colors_info=\u00a0\u00bb{}\u00a0\u00bb][et_pb_column type=\u00a0\u00bb1_3&Prime; _builder_version=\u00a0\u00bb4.23.4&Prime; _module_preset=\u00a0\u00bbdefault\u00a0\u00bb global_colors_info=\u00a0\u00bb{}\u00a0\u00bb][et_pb_image src=\u00a0\u00bbhttps:\/\/www.les-grands-moulins.fr\/V4\/wp-content\/uploads\/2024\/01\/gite-image-4.jpg\u00a0\u00bb title_text=\u00a0\u00bbgite-image-4&Prime; _builder_version=\u00a0\u00bb4.23.4&Prime; _module_preset=\u00a0\u00bbdefault\u00a0\u00bb global_colors_info=\u00a0\u00bb{}\u00a0\u00bb][\/et_pb_image][\/et_pb_column][et_pb_column type=\u00a0\u00bb1_3&Prime; _builder_version=\u00a0\u00bb4.23.4&Prime; _module_preset=\u00a0\u00bbdefault\u00a0\u00bb global_colors_info=\u00a0\u00bb{}\u00a0\u00bb][et_pb_image src=\u00a0\u00bbhttps:\/\/www.les-grands-moulins.fr\/V4\/wp-content\/uploads\/2024\/01\/marais-image-1.jpg\u00a0\u00bb title_text=\u00a0\u00bbSONY DSC\u00a0\u00bb _builder_version=\u00a0\u00bb4.23.4&Prime; _module_preset=\u00a0\u00bbdefault\u00a0\u00bb global_colors_info=\u00a0\u00bb{}\u00a0\u00bb][\/et_pb_image][\/et_pb_column][et_pb_column type=\u00a0\u00bb1_3&Prime; _builder_version=\u00a0\u00bb4.23.4&Prime; _module_preset=\u00a0\u00bbdefault\u00a0\u00bb global_colors_info=\u00a0\u00bb{}\u00a0\u00bb][et_pb_image src=\u00a0\u00bbhttps:\/\/www.les-grands-moulins.fr\/V4\/wp-content\/uploads\/2024\/01\/marais-image-3.jpg\u00a0\u00bb title_text=\u00a0\u00bbmarais-image-3&Prime; _builder_version=\u00a0\u00bb4.23.4&Prime; _module_preset=\u00a0\u00bbdefault\u00a0\u00bb global_colors_info=\u00a0\u00bb{}\u00a0\u00bb][\/et_pb_image][\/et_pb_column][\/et_pb_row][et_pb_row column_structure=\u00a0\u00bb3_4,1_4&Prime; _builder_version=\u00a0\u00bb4.19.4&Prime; _module_preset=\u00a0\u00bbdefault\u00a0\u00bb min_height=\u00a0\u00bb625.4px\u00a0\u00bb custom_margin=\u00a0\u00bb|auto|-46px|auto||\u00a0\u00bb custom_padding=\u00a0\u00bb0px||0px|||\u00a0\u00bb global_colors_info=\u00a0\u00bb{}\u00a0\u00bb][et_pb_column type=\u00a0\u00bb3_4&Prime; _builder_version=\u00a0\u00bb4.19.4&Prime; _module_preset=\u00a0\u00bbdefault\u00a0\u00bb global_colors_info=\u00a0\u00bb{}\u00a0\u00bb][et_pb_text _builder_version=\u00a0\u00bb4.27.4&Prime; _module_preset=\u00a0\u00bbdefault\u00a0\u00bb global_colors_info=\u00a0\u00bb{}\u00a0\u00bb]<\/p>\n<p>Au c\u0153ur de la Sologne berrichonne, en plein centre de la France, se niche le charmant village de Gra\u00e7ay. Cette commune du Cher, riche d&rsquo;un patrimoine architectural et culturel exceptionnel, m\u00e9rite une visite approfondie pour qui souhaite d\u00e9couvrir la beaut\u00e9 du Berry.<\/p>\n<p>Gra\u00e7ay s\u00e9duit par son authenticit\u00e9 pr\u00e9serv\u00e9e et la richesse de son patrimoine. Ce village offre un condens\u00e9 remarquable de l&rsquo;histoire berrichonne, depuis l&rsquo;\u00e9poque romane jusqu&rsquo;\u00e0 l&rsquo;\u00e8re industrielle. Les amateurs d&rsquo;architecture, d&rsquo;histoire et de photographie y trouveront mati\u00e8re \u00e0 \u00e9merveillement, tandis que ceux en qu\u00eate de tranquillit\u00e9 appr\u00e9cieront l&rsquo;atmosph\u00e8re sereine de ce bourg solognot.<\/p>\n<p>La diversit\u00e9 des \u00e9poques repr\u00e9sent\u00e9es, des remparts m\u00e9di\u00e9vaux aux collections photographiques contemporaines, fait de Gra\u00e7ay une destination culturelle surprenante, loin des circuits touristiques traditionnels. Une visite qui r\u00e9v\u00e8le les tr\u00e9sors cach\u00e9s du Berry et offre une exp\u00e9rience authentique au c\u0153ur de la France rurale.<\/p>\n<p>T\u00e9moins d&rsquo;un pass\u00e9 glorieux, les remparts du XIIIe si\u00e8cle de Gra\u00e7ay constituent l&rsquo;un des joyaux architecturaux du village. Ces fortifications anciennes rappellent l&rsquo;importance strat\u00e9gique de cette cit\u00e9 au Moyen \u00c2ge et offrent aux visiteurs un voyage dans le temps fascinant.<\/p>\n<p>Plus ancienne encore, l&rsquo;abside Saint-Martin du XIe si\u00e8cle repr\u00e9sente un vestige exceptionnel de l&rsquo;art roman en Berry. Cette construction mill\u00e9naire t\u00e9moigne de la continuit\u00e9 religieuse et architecturale de Gra\u00e7ay \u00e0 travers les si\u00e8cles.<\/p>\n<p>L&rsquo;\u00e9glise Notre-Dame de Gra\u00e7ay, v\u00e9ritable chef-d&rsquo;\u0153uvre de l&rsquo;art religieux du XIXe si\u00e8cle, \u00e9blouit par ses 122 vitraux class\u00e9s monuments historiques. Les vitraux ont \u00e9t\u00e9 r\u00e9alis\u00e9s par Lucien-L\u00e9opold Lobin (1837-1892), de Tours, ma\u00eetre verrier renomm\u00e9 de l&rsquo;\u00e9poque. Cette \u00e9glise t\u00e9moigne du r\u00e9veil de la d\u00e9votion mariale en Berry au XIXe si\u00e8cle et constitue un ensemble d\u00e9coratif d&rsquo;une rare coh\u00e9rence.<\/p>\n<p>Le mus\u00e9e de la photographie de Gra\u00e7ay, \u00e9galement d\u00e9nomm\u00e9 mus\u00e9e Lucien Pr\u00e9vost, est situ\u00e9 dans la commune de Gra\u00e7ay et constitue une attraction culturelle majeure. Ce mus\u00e9e unique rend hommage \u00e0 Lucien Pr\u00e9vost (1875-1911), enfant du pays et pionnier du cin\u00e9matographe fran\u00e7ais. Les collections expos\u00e9es retracent l&rsquo;\u00e9volution de la photographie depuis les daguerr\u00e9otypes jusqu&rsquo;aux appareils num\u00e9riques, faisant de ce lieu une v\u00e9ritable encyclop\u00e9die de l&rsquo;image.<\/p>\n<p>[\/et_pb_text][\/et_pb_column][et_pb_column type=\u00a0\u00bb1_4&Prime; _builder_version=\u00a0\u00bb4.19.4&Prime; _module_preset=\u00a0\u00bbdefault\u00a0\u00bb global_colors_info=\u00a0\u00bb{}\u00a0\u00bb][et_pb_gallery gallery_ids=\u00a0\u00bb278,279,280,281,282,283&Prime; gallery_orderby=\u00a0\u00bbrand\u00a0\u00bb posts_number=\u00a0\u00bb3&Prime; show_title_and_caption=\u00a0\u00bboff\u00a0\u00bb show_pagination=\u00a0\u00bboff\u00a0\u00bb _builder_version=\u00a0\u00bb4.20.4&Prime; _module_preset=\u00a0\u00bbdefault\u00a0\u00bb global_colors_info=\u00a0\u00bb{}\u00a0\u00bb][\/et_pb_gallery][\/et_pb_column][\/et_pb_row][\/et_pb_section][et_pb_section fb_built=\u00a0\u00bb1&Prime; _builder_version=\u00a0\u00bb4.19.4&Prime; _module_preset=\u00a0\u00bbdefault\u00a0\u00bb background_color=\u00a0\u00bbrgba(195,239,50,0.35)\u00a0\u00bb min_height=\u00a0\u00bb248.8px\u00a0\u00bb custom_margin=\u00a0\u00bb||-74px|||\u00a0\u00bb custom_padding=\u00a0\u00bb0px||0px||true|false\u00a0\u00bb global_module=\u00a0\u00bb105&Prime; global_colors_info=\u00a0\u00bb{}\u00a0\u00bb][et_pb_row column_structure=\u00a0\u00bb1_5,1_5,1_5,1_5,1_5&Prime; _builder_version=\u00a0\u00bb4.21.0&Prime; _module_preset=\u00a0\u00bbdefault\u00a0\u00bb min_height=\u00a0\u00bb123.5px\u00a0\u00bb custom_margin=\u00a0\u00bb0px|auto|0px|auto|false|false\u00a0\u00bb custom_padding=\u00a0\u00bb0px||0px||false|false\u00a0\u00bb global_colors_info=\u00a0\u00bb{}\u00a0\u00bb][et_pb_column type=\u00a0\u00bb1_5&Prime; _builder_version=\u00a0\u00bb4.19.4&Prime; _module_preset=\u00a0\u00bbdefault\u00a0\u00bb global_colors_info=\u00a0\u00bb{}\u00a0\u00bb][et_pb_text _builder_version=\u00a0\u00bb4.24.3&Prime; _module_preset=\u00a0\u00bbdefault\u00a0\u00bb width=\u00a0\u00bb100%\u00a0\u00bb min_height=\u00a0\u00bb19px\u00a0\u00bb custom_margin=\u00a0\u00bb29px|25px|-6px||false|false\u00a0\u00bb custom_padding=\u00a0\u00bb4px|1px|5px||false|false\u00a0\u00bb global_colors_info=\u00a0\u00bb{}\u00a0\u00bb]<\/p>\n<p><strong>Les Grands Moulins<\/strong><br \/>5, Rue Jean Jaur\u00e8s<br \/>18310 GRA\u00c7AY<br \/>02 48 51 29 96<\/p>\n<h6 style=\"font-size: 0.9em;\">fol18@les-grands-moulins.fr<\/h6>\n<p>[\/et_pb_text][\/et_pb_column][et_pb_column type=\u00a0\u00bb1_5&Prime; _builder_version=\u00a0\u00bb4.19.4&Prime; _module_preset=\u00a0\u00bbdefault\u00a0\u00bb global_colors_info=\u00a0\u00bb{}\u00a0\u00bb][et_pb_image src=\u00a0\u00bbhttps:\/\/www.les-grands-moulins.fr\/V4\/wp-content\/uploads\/2023\/01\/Grands-Moulins-Maison-des-energies-PNG.png\u00a0\u00bb title_text=\u00a0\u00bbGrands-Moulins-Maison-des-energies-PNG\u00a0\u00bb url=\u00a0\u00bbhttps:\/\/www.les-grands-moulins.fr\u00a0\u00bb _builder_version=\u00a0\u00bb4.22.2&Prime; _module_preset=\u00a0\u00bbdefault\u00a0\u00bb transform_scale=\u00a0\u00bb50%|50%\u00a0\u00bb min_height=\u00a0\u00bb170px\u00a0\u00bb height=\u00a0\u00bb100px\u00a0\u00bb custom_margin=\u00a0\u00bb||||false|false\u00a0\u00bb custom_padding=\u00a0\u00bb||||false|false\u00a0\u00bb box_shadow_style=\u00a0\u00bbpreset1&Prime; global_colors_info=\u00a0\u00bb{}\u00a0\u00bb transform_styles__hover_enabled=\u00a0\u00bbon|hover\u00a0\u00bb transform_scale__hover_enabled=\u00a0\u00bbon|hover\u00a0\u00bb transform_translate__hover_enabled=\u00a0\u00bbon|desktop\u00a0\u00bb transform_rotate__hover_enabled=\u00a0\u00bbon|desktop\u00a0\u00bb transform_skew__hover_enabled=\u00a0\u00bbon|desktop\u00a0\u00bb transform_origin__hover_enabled=\u00a0\u00bbon|desktop\u00a0\u00bb transform_scale__hover=\u00a0\u00bb50%|50%\u00a0\u00bb][\/et_pb_image][\/et_pb_column][et_pb_column type=\u00a0\u00bb1_5&Prime; _builder_version=\u00a0\u00bb4.19.4&Prime; _module_preset=\u00a0\u00bbdefault\u00a0\u00bb global_colors_info=\u00a0\u00bb{}\u00a0\u00bb][et_pb_image src=\u00a0\u00bbhttps:\/\/www.les-grands-moulins.fr\/V4\/wp-content\/uploads\/2023\/04\/ligue18_png.png\u00a0\u00bb title_text=\u00a0\u00bbligue18_png\u00a0\u00bb url=\u00a0\u00bbhttps:\/\/www.laliguedelenseignement-18.fr\/\u00a0\u00bb url_new_window=\u00a0\u00bbon\u00a0\u00bb _builder_version=\u00a0\u00bb4.22.2&Prime; _module_preset=\u00a0\u00bbdefault\u00a0\u00bb transform_scale=\u00a0\u00bb90%|90%\u00a0\u00bb min_height=\u00a0\u00bb100px\u00a0\u00bb custom_margin=\u00a0\u00bb34px|0px||0px|false|false\u00a0\u00bb custom_padding=\u00a0\u00bb|0px||0px|false|false\u00a0\u00bb box_shadow_style=\u00a0\u00bbpreset1&Prime; global_colors_info=\u00a0\u00bb{}\u00a0\u00bb][\/et_pb_image][\/et_pb_column][et_pb_column type=\u00a0\u00bb1_5&Prime; _builder_version=\u00a0\u00bb4.19.4&Prime; _module_preset=\u00a0\u00bbdefault\u00a0\u00bb global_colors_info=\u00a0\u00bb{}\u00a0\u00bb][et_pb_image src=\u00a0\u00bbhttps:\/\/www.les-grands-moulins.fr\/V4\/wp-content\/uploads\/2023\/07\/eu-ecolabel-fr-051-477.png\u00a0\u00bb title_text=\u00a0\u00bbeu-ecolabel-fr-051-477&Prime; url=\u00a0\u00bbhttps:\/\/www.ecolabels.fr\/quest-ce-quun-ecolabel\/\u00a0\u00bb url_new_window=\u00a0\u00bbon\u00a0\u00bb show_bottom_space=\u00a0\u00bboff\u00a0\u00bb _builder_version=\u00a0\u00bb4.27.5&Prime; _module_preset=\u00a0\u00bbdefault\u00a0\u00bb transform_scale=\u00a0\u00bb53%|53%\u00a0\u00bb custom_margin=\u00a0\u00bb-19px||||false|false\u00a0\u00bb custom_padding=\u00a0\u00bb||||false|false\u00a0\u00bb box_shadow_style=\u00a0\u00bbpreset1&Prime; global_colors_info=\u00a0\u00bb{}\u00a0\u00bb transform_styles__hover_enabled=\u00a0\u00bbon|hover\u00a0\u00bb transform_scale__hover_enabled=\u00a0\u00bbon|hover\u00a0\u00bb transform_translate__hover_enabled=\u00a0\u00bbon|desktop\u00a0\u00bb transform_rotate__hover_enabled=\u00a0\u00bbon|desktop\u00a0\u00bb transform_skew__hover_enabled=\u00a0\u00bbon|desktop\u00a0\u00bb transform_origin__hover_enabled=\u00a0\u00bbon|desktop\u00a0\u00bb transform_scale__hover=\u00a0\u00bb53%|53%\u00a0\u00bb][\/et_pb_image][\/et_pb_column][et_pb_column type=\u00a0\u00bb1_5&Prime; _builder_version=\u00a0\u00bb4.21.0&Prime; _module_preset=\u00a0\u00bbdefault\u00a0\u00bb global_colors_info=\u00a0\u00bb{}\u00a0\u00bb][et_pb_image src=\u00a0\u00bbhttps:\/\/www.les-grands-moulins.fr\/V4\/wp-content\/uploads\/2023\/04\/label-gites-de-france.png\u00a0\u00bb title_text=\u00a0\u00bblabel-g\u00eetes-de-france\u00a0\u00bb url=\u00a0\u00bbhttps:\/\/www.gites-de-france.com\/fr\u00a0\u00bb url_new_window=\u00a0\u00bbon\u00a0\u00bb show_bottom_space=\u00a0\u00bboff\u00a0\u00bb _builder_version=\u00a0\u00bb4.20.4&Prime; _module_preset=\u00a0\u00bbdefault\u00a0\u00bb transform_scale=\u00a0\u00bb53%|53%\u00a0\u00bb custom_margin=\u00a0\u00bb||||false|false\u00a0\u00bb custom_padding=\u00a0\u00bb||||false|false\u00a0\u00bb box_shadow_style=\u00a0\u00bbpreset1&Prime; global_colors_info=\u00a0\u00bb{}\u00a0\u00bb transform_styles__hover_enabled=\u00a0\u00bbon|hover\u00a0\u00bb transform_scale__hover_enabled=\u00a0\u00bbon|hover\u00a0\u00bb transform_translate__hover_enabled=\u00a0\u00bbon|desktop\u00a0\u00bb transform_rotate__hover_enabled=\u00a0\u00bbon|desktop\u00a0\u00bb transform_skew__hover_enabled=\u00a0\u00bbon|desktop\u00a0\u00bb transform_origin__hover_enabled=\u00a0\u00bbon|desktop\u00a0\u00bb transform_scale__hover=\u00a0\u00bb53%|53%\u00a0\u00bb][\/et_pb_image][\/et_pb_column][\/et_pb_row][et_pb_row _builder_version=\u00a0\u00bb4.21.0&Prime; _module_preset=\u00a0\u00bbdefault\u00a0\u00bb min_height=\u00a0\u00bb35.8px\u00a0\u00bb custom_margin=\u00a0\u00bb0px|auto|5px|auto|false|false\u00a0\u00bb custom_padding=\u00a0\u00bb0px||0px||false|false\u00a0\u00bb link_option_url=\u00a0\u00bbhttps:\/\/www.facebook.com\/lesgrandsmoulins18\/\u00a0\u00bb global_colors_info=\u00a0\u00bb{}\u00a0\u00bb][et_pb_column type=\u00a0\u00bb4_4&Prime; _builder_version=\u00a0\u00bb4.19.4&Prime; _module_preset=\u00a0\u00bbdefault\u00a0\u00bb global_colors_info=\u00a0\u00bb{}\u00a0\u00bb][et_pb_text _builder_version=\u00a0\u00bb4.27.4&Prime; _module_preset=\u00a0\u00bbdefault\u00a0\u00bb width=\u00a0\u00bb62%\u00a0\u00bb max_width=\u00a0\u00bb61%\u00a0\u00bb module_alignment=\u00a0\u00bbcenter\u00a0\u00bb min_height=\u00a0\u00bb37.8px\u00a0\u00bb custom_margin=\u00a0\u00bb6px||-45px||false|false\u00a0\u00bb custom_padding=\u00a0\u00bb||0px||false|false\u00a0\u00bb link_option_url=\u00a0\u00bbhttps:\/\/www.les-grands-moulins.fr\/V4\/mentions-legales\/\u00a0\u00bb global_colors_info=\u00a0\u00bb{}\u00a0\u00bb]<\/p>\n<p style=\"text-align: center;\"><a style=\"height: 45px;\" href=\"https:\/\/www.les-grands-moulins.fr\/V4\/mentions-legales\/\"><span style=\"color: #ccffcc;\">\u00a9 Les Grands Moulins de Gra\u00e7ay<\/span><\/a><\/p>\n<p>[\/et_pb_text][\/et_pb_column][\/et_pb_row][\/et_pb_section]<\/p>\n","protected":false},"excerpt":{"rendered":"<p>Les Grands Moulins vous proposent de vous h\u00e9berger dans des conditions de qualit\u00e9. Toute manifestation de groupe constitu\u00e9 peut faire l&rsquo;objet d&rsquo;un s\u00e9jour dans notre centre. Notre centre est certifi\u00e9 Ecolabel et reconnu G\u00eetes de France !Les Grands Moulins \u00e0 Gra\u00e7ay : Votre Refuge au C\u0153ur du Cher \u00c0 pied, \u00e0 v\u00e9lo, les Vall\u00e9es Vertes [&hellip;]<\/p>\n","protected":false},"author":1,"featured_media":0,"parent":0,"menu_order":0,"comment_status":"closed","ping_status":"closed","template":"","meta":{"_et_pb_use_builder":"on","_et_pb_old_content":"","_et_gb_content_width":"","footnotes":""},"class_list":["post-27","page","type-page","status-publish","hentry"],"_links":{"self":[{"href":"https:\/\/www.les-grands-moulins.fr\/V4\/wp-json\/wp\/v2\/pages\/27","targetHints":{"allow":["GET"]}}],"collection":[{"href":"https:\/\/www.les-grands-moulins.fr\/V4\/wp-json\/wp\/v2\/pages"}],"about":[{"href":"https:\/\/www.les-grands-moulins.fr\/V4\/wp-json\/wp\/v2\/types\/page"}],"author":[{"embeddable":true,"href":"https:\/\/www.les-grands-moulins.fr\/V4\/wp-json\/wp\/v2\/users\/1"}],"replies":[{"embeddable":true,"href":"https:\/\/www.les-grands-moulins.fr\/V4\/wp-json\/wp\/v2\/comments?post=27"}],"version-history":[{"count":32,"href":"https:\/\/www.les-grands-moulins.fr\/V4\/wp-json\/wp\/v2\/pages\/27\/revisions"}],"predecessor-version":[{"id":1720,"href":"https:\/\/www.les-grands-moulins.fr\/V4\/wp-json\/wp\/v2\/pages\/27\/revisions\/1720"}],"wp:attachment":[{"href":"https:\/\/www.les-grands-moulins.fr\/V4\/wp-json\/wp\/v2\/media?parent=27"}],"curies":[{"name":"wp","href":"https:\/\/api.w.org\/{rel}","templated":true}]}}