{"id":1213,"date":"2024-03-06T17:34:45","date_gmt":"2024-03-06T17:34:45","guid":{"rendered":"https:\/\/www.les-grands-moulins.fr\/V4\/?page_id=1213"},"modified":"2024-03-18T11:46:22","modified_gmt":"2024-03-18T11:46:22","slug":"formation-eco-delegue-es","status":"publish","type":"page","link":"https:\/\/www.les-grands-moulins.fr\/V4\/formation-eco-delegue-es\/","title":{"rendered":"Formation Eco-d\u00e9l\u00e9gu\u00e9.es"},"content":{"rendered":"<p>[et_pb_section fb_built=\u00a0\u00bb1&Prime; _builder_version=\u00a0\u00bb4.19.4&Prime; _module_preset=\u00a0\u00bbdefault\u00a0\u00bb custom_padding=\u00a0\u00bb||22px|||\u00a0\u00bb global_colors_info=\u00a0\u00bb{}\u00a0\u00bb][et_pb_row _builder_version=\u00a0\u00bb4.19.4&Prime; _module_preset=\u00a0\u00bbdefault\u00a0\u00bb global_colors_info=\u00a0\u00bb{}\u00a0\u00bb][et_pb_column type=\u00a0\u00bb4_4&Prime; _builder_version=\u00a0\u00bb4.19.4&Prime; _module_preset=\u00a0\u00bbdefault\u00a0\u00bb global_colors_info=\u00a0\u00bb{}\u00a0\u00bb][et_pb_text _builder_version=\u00a0\u00bb4.24.2&Prime; _module_preset=\u00a0\u00bbdefault\u00a0\u00bb custom_margin=\u00a0\u00bb-23px|||||\u00a0\u00bb custom_padding=\u00a0\u00bb||27px|||\u00a0\u00bb global_colors_info=\u00a0\u00bb{}\u00a0\u00bb]<\/p>\n<p><strong>Vous avez au sein de votre \u00e9tablissement, un comit\u00e9 de pilotage sur le d\u00e9veloppement durable et vous d\u00e9sirez former vos \u00e9co-d\u00e9l\u00e9gu\u00e9s nouvellement \u00e9lus, nous vous proposons une journ\u00e9e de formation en partenariat avec le Conseil d\u00e9partemental du Cher.<\/strong><\/p>\n<p>Des propositions d\u2019ateliers suivant l\u2019attente de l\u2019\u00e9quipe encadrante :<br \/>&#8211; L\u2019empreinte \u00e9cologique \u00e0 travers le jeu \u00ab\u00a0Plan\u00e8te en jeu\u00a0\u00bb<br \/>&#8211; Qu\u2019est ce qu\u2019un \u00e9co-d\u00e9l\u00e9gu\u00e9 et son r\u00f4le<br \/>&#8211; Le d\u00e9veloppement durable au coll\u00e8ge<br \/>&#8211; \u00c9laboration d&rsquo;un \u00e9tat des lieux de son coll\u00e8ge<br \/>&#8211; Pr\u00e9paration du cahier des charges et des actions \u00e0 mettre en place sur l\u2019ann\u00e9e scolaire<\/p>\n<p>[\/et_pb_text][et_pb_text _builder_version=\u00a0\u00bb4.24.2&Prime; _module_preset=\u00a0\u00bbdefault\u00a0\u00bb custom_margin=\u00a0\u00bb-16px||-16px|||\u00a0\u00bb custom_padding=\u00a0\u00bb||0px|||\u00a0\u00bb hover_enabled=\u00a0\u00bb0&Prime; global_colors_info=\u00a0\u00bb{}\u00a0\u00bb sticky_enabled=\u00a0\u00bb0&Prime;]<\/p>\n<blockquote>\n<h4><span style=\"color: #000000;\"><b>\u00c0 destination des <\/b><b>cycles 2 et 3<\/b><\/span><\/h4>\n<h5>Nombre d\u2019\u00e9l\u00e8ves accueillis par \u00e9tablissement : 25 maximum<\/h5>\n<\/blockquote>\n<p>[\/et_pb_text][et_pb_text _builder_version=\u00a0\u00bb4.24.2&Prime; _module_preset=\u00a0\u00bbdefault\u00a0\u00bb min_height=\u00a0\u00bb312.2px\u00a0\u00bb custom_margin=\u00a0\u00bb-23px|||||\u00a0\u00bb custom_padding=\u00a0\u00bb20px|||||\u00a0\u00bb global_colors_info=\u00a0\u00bb{}\u00a0\u00bb]Cette journ\u00e9e d\u2019animation, encadr\u00e9e par des animateurs professionnels, se d\u00e9roule directement dans votre \u00e9tablissement et comprend 4 ateliers (2 par demi-journ\u00e9e) au choix :<\/p>\n<p>&#8211; Qu\u2019est ce qu\u2019un marais ? : d\u00e9couverte \u00e0 travers les sens<\/p>\n<p>&#8211; La faune aquatique : pr\u00e9l\u00e8vements et observations de petites b\u00eates aquatiques<\/p>\n<p>&#8211; La flore du marais : enqu\u00eate autour des arbres<\/p>\n<p>&#8211; Le sentier d\u2019interpr\u00e9tation : anim\u00e9 \u00e0 l\u2019aide d\u2019un livret donn\u00e9 \u00e0 chaque  enfant (sur une demi-journ\u00e9e)<\/p>\n<p>&#8211; D\u00e9couvrir les diverses traces laiss\u00e9es par les animaux du marais<\/p>\n<p>&#8211; Qu\u2019est ce que la biodiversit\u00e9 ? : d\u00e9couverte \u00e0 travers le jeu<\/p>\n<p>&#8211; D\u00e9couverte des oiseaux du marais : becs, morphologie,&#8230;[\/et_pb_text][et_pb_text _builder_version=\u00a0\u00bb4.24.2&Prime; _module_preset=\u00a0\u00bbdefault\u00a0\u00bb custom_margin=\u00a0\u00bb-16px|||||\u00a0\u00bb global_colors_info=\u00a0\u00bb{}\u00a0\u00bb]<\/p>\n<blockquote>\n<p style=\"text-align: left;\"><b>Financ\u00e9e par le Conseil d\u00e9partemental<\/b><\/p>\n<\/blockquote>\n<p><strong><a href=\"https:\/\/www.les-grands-moulins.fr\/V4\/228-2\/#\"><\/a><\/strong><\/p>\n<p>[\/et_pb_text][\/et_pb_column][\/et_pb_row][\/et_pb_section][et_pb_section fb_built=\u00a0\u00bb1&Prime; _builder_version=\u00a0\u00bb4.19.4&Prime; _module_preset=\u00a0\u00bbdefault\u00a0\u00bb background_color=\u00a0\u00bbrgba(195,239,50,0.35)\u00a0\u00bb min_height=\u00a0\u00bb248.8px\u00a0\u00bb custom_margin=\u00a0\u00bb||-74px|||\u00a0\u00bb custom_padding=\u00a0\u00bb0px||0px||true|false\u00a0\u00bb global_module=\u00a0\u00bb105&Prime; global_colors_info=\u00a0\u00bb{}\u00a0\u00bb][et_pb_row column_structure=\u00a0\u00bb1_5,1_5,1_5,1_5,1_5&Prime; _builder_version=\u00a0\u00bb4.21.0&Prime; _module_preset=\u00a0\u00bbdefault\u00a0\u00bb min_height=\u00a0\u00bb123.5px\u00a0\u00bb custom_margin=\u00a0\u00bb0px|auto|0px|auto|false|false\u00a0\u00bb custom_padding=\u00a0\u00bb0px||0px||false|false\u00a0\u00bb global_colors_info=\u00a0\u00bb{}\u00a0\u00bb][et_pb_column type=\u00a0\u00bb1_5&Prime; _builder_version=\u00a0\u00bb4.19.4&Prime; _module_preset=\u00a0\u00bbdefault\u00a0\u00bb global_colors_info=\u00a0\u00bb{}\u00a0\u00bb][et_pb_text _builder_version=\u00a0\u00bb4.21.0&Prime; _module_preset=\u00a0\u00bbdefault\u00a0\u00bb min_height=\u00a0\u00bb19px\u00a0\u00bb custom_margin=\u00a0\u00bb50px||||false|false\u00a0\u00bb custom_padding=\u00a0\u00bb||6px|||\u00a0\u00bb global_colors_info=\u00a0\u00bb{}\u00a0\u00bb]<\/p>\n<p><span style=\"font-size: 1.2em; font-weight: bold;\">Les Grands Moulins<\/span><br \/>5, Rue Jean Jaur\u00e8s<br \/>18310 GRA\u00c7AY<br \/>02 48 51 29 96<\/p>\n<p>[\/et_pb_text][\/et_pb_column][et_pb_column type=\u00a0\u00bb1_5&Prime; _builder_version=\u00a0\u00bb4.19.4&Prime; _module_preset=\u00a0\u00bbdefault\u00a0\u00bb global_colors_info=\u00a0\u00bb{}\u00a0\u00bb][et_pb_image src=\u00a0\u00bbhttps:\/\/www.les-grands-moulins.fr\/V4\/wp-content\/uploads\/2023\/01\/Grands-Moulins-Maison-des-energies-PNG.png\u00a0\u00bb title_text=\u00a0\u00bbGrands-Moulins-Maison-des-energies-PNG\u00a0\u00bb url=\u00a0\u00bbhttps:\/\/www.les-grands-moulins.fr\u00a0\u00bb _builder_version=\u00a0\u00bb4.22.2&Prime; _module_preset=\u00a0\u00bbdefault\u00a0\u00bb transform_scale=\u00a0\u00bb50%|50%\u00a0\u00bb min_height=\u00a0\u00bb170px\u00a0\u00bb height=\u00a0\u00bb100px\u00a0\u00bb custom_margin=\u00a0\u00bb||||false|false\u00a0\u00bb custom_padding=\u00a0\u00bb||||false|false\u00a0\u00bb box_shadow_style=\u00a0\u00bbpreset1&Prime; global_colors_info=\u00a0\u00bb{}\u00a0\u00bb transform_styles__hover_enabled=\u00a0\u00bbon|hover\u00a0\u00bb transform_scale__hover_enabled=\u00a0\u00bbon|hover\u00a0\u00bb transform_translate__hover_enabled=\u00a0\u00bbon|desktop\u00a0\u00bb transform_rotate__hover_enabled=\u00a0\u00bbon|desktop\u00a0\u00bb transform_skew__hover_enabled=\u00a0\u00bbon|desktop\u00a0\u00bb transform_origin__hover_enabled=\u00a0\u00bbon|desktop\u00a0\u00bb transform_scale__hover=\u00a0\u00bb50%|50%\u00a0\u00bb][\/et_pb_image][\/et_pb_column][et_pb_column type=\u00a0\u00bb1_5&Prime; _builder_version=\u00a0\u00bb4.19.4&Prime; _module_preset=\u00a0\u00bbdefault\u00a0\u00bb global_colors_info=\u00a0\u00bb{}\u00a0\u00bb][et_pb_image src=\u00a0\u00bbhttps:\/\/www.les-grands-moulins.fr\/V4\/wp-content\/uploads\/2023\/04\/ligue18_png.png\u00a0\u00bb title_text=\u00a0\u00bbligue18_png\u00a0\u00bb url=\u00a0\u00bbhttps:\/\/www.laliguedelenseignement-18.fr\/\u00a0\u00bb url_new_window=\u00a0\u00bbon\u00a0\u00bb _builder_version=\u00a0\u00bb4.22.2&Prime; _module_preset=\u00a0\u00bbdefault\u00a0\u00bb transform_scale=\u00a0\u00bb90%|90%\u00a0\u00bb min_height=\u00a0\u00bb100px\u00a0\u00bb custom_margin=\u00a0\u00bb34px|0px||0px|false|false\u00a0\u00bb custom_padding=\u00a0\u00bb|0px||0px|false|false\u00a0\u00bb box_shadow_style=\u00a0\u00bbpreset1&Prime; global_colors_info=\u00a0\u00bb{}\u00a0\u00bb][\/et_pb_image][\/et_pb_column][et_pb_column type=\u00a0\u00bb1_5&Prime; _builder_version=\u00a0\u00bb4.19.4&Prime; _module_preset=\u00a0\u00bbdefault\u00a0\u00bb global_colors_info=\u00a0\u00bb{}\u00a0\u00bb][et_pb_image src=\u00a0\u00bbhttps:\/\/www.les-grands-moulins.fr\/V4\/wp-content\/uploads\/2023\/07\/eu-ecolabel-fr-051-477.png\u00a0\u00bb title_text=\u00a0\u00bbeu-ecolabel-fr-051-477&Prime; url=\u00a0\u00bbhttps:\/\/www.gites-de-france.com\/fr\u00a0\u00bb url_new_window=\u00a0\u00bbon\u00a0\u00bb show_bottom_space=\u00a0\u00bboff\u00a0\u00bb _builder_version=\u00a0\u00bb4.21.0&Prime; _module_preset=\u00a0\u00bbdefault\u00a0\u00bb transform_scale=\u00a0\u00bb53%|53%\u00a0\u00bb custom_margin=\u00a0\u00bb-19px||||false|false\u00a0\u00bb custom_padding=\u00a0\u00bb||||false|false\u00a0\u00bb box_shadow_style=\u00a0\u00bbpreset1&Prime; global_colors_info=\u00a0\u00bb{}\u00a0\u00bb transform_styles__hover_enabled=\u00a0\u00bbon|hover\u00a0\u00bb transform_scale__hover_enabled=\u00a0\u00bbon|hover\u00a0\u00bb transform_translate__hover_enabled=\u00a0\u00bbon|desktop\u00a0\u00bb transform_rotate__hover_enabled=\u00a0\u00bbon|desktop\u00a0\u00bb transform_skew__hover_enabled=\u00a0\u00bbon|desktop\u00a0\u00bb transform_origin__hover_enabled=\u00a0\u00bbon|desktop\u00a0\u00bb transform_scale__hover=\u00a0\u00bb53%|53%\u00a0\u00bb][\/et_pb_image][\/et_pb_column][et_pb_column type=\u00a0\u00bb1_5&Prime; _builder_version=\u00a0\u00bb4.21.0&Prime; _module_preset=\u00a0\u00bbdefault\u00a0\u00bb global_colors_info=\u00a0\u00bb{}\u00a0\u00bb][et_pb_image src=\u00a0\u00bbhttps:\/\/www.les-grands-moulins.fr\/V4\/wp-content\/uploads\/2023\/04\/label-gites-de-france.png\u00a0\u00bb title_text=\u00a0\u00bblabel-g\u00eetes-de-france\u00a0\u00bb url=\u00a0\u00bbhttps:\/\/www.gites-de-france.com\/fr\u00a0\u00bb url_new_window=\u00a0\u00bbon\u00a0\u00bb show_bottom_space=\u00a0\u00bboff\u00a0\u00bb _builder_version=\u00a0\u00bb4.20.4&Prime; _module_preset=\u00a0\u00bbdefault\u00a0\u00bb transform_scale=\u00a0\u00bb53%|53%\u00a0\u00bb custom_margin=\u00a0\u00bb||||false|false\u00a0\u00bb custom_padding=\u00a0\u00bb||||false|false\u00a0\u00bb box_shadow_style=\u00a0\u00bbpreset1&Prime; global_colors_info=\u00a0\u00bb{}\u00a0\u00bb transform_styles__hover_enabled=\u00a0\u00bbon|hover\u00a0\u00bb transform_scale__hover_enabled=\u00a0\u00bbon|hover\u00a0\u00bb transform_translate__hover_enabled=\u00a0\u00bbon|desktop\u00a0\u00bb transform_rotate__hover_enabled=\u00a0\u00bbon|desktop\u00a0\u00bb transform_skew__hover_enabled=\u00a0\u00bbon|desktop\u00a0\u00bb transform_origin__hover_enabled=\u00a0\u00bbon|desktop\u00a0\u00bb transform_scale__hover=\u00a0\u00bb53%|53%\u00a0\u00bb][\/et_pb_image][\/et_pb_column][\/et_pb_row][et_pb_row _builder_version=\u00a0\u00bb4.21.0&Prime; _module_preset=\u00a0\u00bbdefault\u00a0\u00bb min_height=\u00a0\u00bb35.8px\u00a0\u00bb custom_margin=\u00a0\u00bb0px|auto|5px|auto|false|false\u00a0\u00bb custom_padding=\u00a0\u00bb0px||0px||false|false\u00a0\u00bb link_option_url=\u00a0\u00bbhttps:\/\/www.facebook.com\/lesgrandsmoulins18\/\u00a0\u00bb global_colors_info=\u00a0\u00bb{}\u00a0\u00bb][et_pb_column type=\u00a0\u00bb4_4&Prime; _builder_version=\u00a0\u00bb4.19.4&Prime; _module_preset=\u00a0\u00bbdefault\u00a0\u00bb global_colors_info=\u00a0\u00bb{}\u00a0\u00bb][et_pb_text _builder_version=\u00a0\u00bb4.21.0&Prime; _module_preset=\u00a0\u00bbdefault\u00a0\u00bb min_height=\u00a0\u00bb37.8px\u00a0\u00bb custom_margin=\u00a0\u00bb6px||-45px||false|false\u00a0\u00bb custom_padding=\u00a0\u00bb||0px||false|false\u00a0\u00bb link_option_url=\u00a0\u00bbhttps:\/\/www.les-grands-moulins.fr\/V4\/mentions-legales\/\u00a0\u00bb global_colors_info=\u00a0\u00bb{}\u00a0\u00bb]<\/p>\n<p style=\"text-align: center;\"><a style=\"height: 45px;\" href=\"https:\/\/www.les-grands-moulins.fr\/V4\/mentions-legales\/\"><span style=\"color: #ccffcc;\">\u00a9 Les Grands Moulins de Gra\u00e7ay &#8211; Tous droits r\u00e9serv\u00e9s<\/span><\/a><\/p>\n<p>[\/et_pb_text][\/et_pb_column][\/et_pb_row][\/et_pb_section]<\/p>\n","protected":false},"excerpt":{"rendered":"<p>Vous avez au sein de votre \u00e9tablissement, un comit\u00e9 de pilotage sur le d\u00e9veloppement durable et vous d\u00e9sirez former vos \u00e9co-d\u00e9l\u00e9gu\u00e9s nouvellement \u00e9lus, nous vous proposons une journ\u00e9e de formation en partenariat avec le Conseil d\u00e9partemental du Cher. Des propositions d\u2019ateliers suivant l\u2019attente de l\u2019\u00e9quipe encadrante :- L\u2019empreinte \u00e9cologique \u00e0 travers le jeu \u00ab\u00a0Plan\u00e8te en [&hellip;]<\/p>\n","protected":false},"author":2,"featured_media":0,"parent":0,"menu_order":0,"comment_status":"closed","ping_status":"closed","template":"","meta":{"_et_pb_use_builder":"on","_et_pb_old_content":"","_et_gb_content_width":"","footnotes":""},"class_list":["post-1213","page","type-page","status-publish","hentry"],"_links":{"self":[{"href":"https:\/\/www.les-grands-moulins.fr\/V4\/wp-json\/wp\/v2\/pages\/1213","targetHints":{"allow":["GET"]}}],"collection":[{"href":"https:\/\/www.les-grands-moulins.fr\/V4\/wp-json\/wp\/v2\/pages"}],"about":[{"href":"https:\/\/www.les-grands-moulins.fr\/V4\/wp-json\/wp\/v2\/types\/page"}],"author":[{"embeddable":true,"href":"https:\/\/www.les-grands-moulins.fr\/V4\/wp-json\/wp\/v2\/users\/2"}],"replies":[{"embeddable":true,"href":"https:\/\/www.les-grands-moulins.fr\/V4\/wp-json\/wp\/v2\/comments?post=1213"}],"version-history":[{"count":7,"href":"https:\/\/www.les-grands-moulins.fr\/V4\/wp-json\/wp\/v2\/pages\/1213\/revisions"}],"predecessor-version":[{"id":1260,"href":"https:\/\/www.les-grands-moulins.fr\/V4\/wp-json\/wp\/v2\/pages\/1213\/revisions\/1260"}],"wp:attachment":[{"href":"https:\/\/www.les-grands-moulins.fr\/V4\/wp-json\/wp\/v2\/media?parent=1213"}],"curies":[{"name":"wp","href":"https:\/\/api.w.org\/{rel}","templated":true}]}}